{"id":74694,"date":"2026-04-27T04:43:50","date_gmt":"2026-04-27T04:43:50","guid":{"rendered":""},"modified":"2026-04-27T04:43:50","modified_gmt":"2026-04-27T04:43:50","slug":"akce-bohemit-allen-antracit-dub-41-x-25-cm-74694","status":"publish","type":"product","link":"https:\/\/www.domkraftpro.com\/index.php\/produkt\/akce-bohemit-allen-antracit-dub-41-x-25-cm-74694\/","title":{"rendered":"Akce Bohemit Allen antracit \/ dub 41 x 25 cm"},"content":{"rendered":"<div class=\"detail-description__right\">\n<div class=\"parameters\">\n<div class=\"table table--simple\">\n<table>\n<tbody>\n<tr>\n<td colspan=\"2\">\n<h4>Vlastnosti<\/h4>\n<\/td>\n<\/tr>\n<tr>\n<td>Celkov\u00e1 v\u00fd\u0161ka<\/td>\n<td>410 mm<\/td>\n<\/tr>\n<tr>\n<td>Hmotnost<\/td>\n<td>20 kg<\/td>\n<\/tr>\n<tr>\n<td colspan=\"2\">\n<h4>Konstrukce<\/h4>\n<\/td>\n<\/tr>\n<tr>\n<td>Materi\u00e1l<\/td>\n<td>ocel<\/td>\n<\/tr>\n<tr>\n<td>Tlou\u0161\u0165ka<\/td>\n<td>3 mm<\/td>\n<\/tr>\n<tr>\n<td>Lak<\/td>\n<td>ano<\/td>\n<\/tr>\n<tr>\n<td>Barva<\/td>\n<td>hn\u011bd\u00e1<\/td>\n<\/tr>\n<tr>\n<td>D\u00e9lka<\/td>\n<td>400 mm<\/td>\n<\/tr>\n<tr>\n<td>\u0160\u00ed\u0159ka<\/td>\n<td>250 mm<\/td>\n<\/tr>\n<tr>\n<td>V\u00fd\u0161ka<\/td>\n<td>250 mm<\/td>\n<\/tr>\n<tr>\n<td>Podru\u010dky<\/td>\n<td>ne<\/td>\n<\/tr>\n<tr>\n<td>Kotven\u00ed<\/td>\n<td>&#8211;<\/td>\n<\/tr>\n<tr>\n<td colspan=\"2\">\n<h4>Sed\u00e1k<\/h4>\n<\/td>\n<\/tr>\n<tr>\n<td>Materi\u00e1l<\/td>\n<td>dubov\u00e9 d\u0159evo<\/td>\n<\/tr>\n<tr>\n<td>Povrchov\u00e1 \u00faprava<\/td>\n<td>brou\u0161en\u00ed<\/td>\n<\/tr>\n<tr>\n<td>Lak<\/td>\n<td>ano<\/td>\n<\/tr>\n<tr>\n<td>Barva<\/td>\n<td>dub<\/td>\n<\/tr>\n<tr>\n<td>Po\u010det m\u00edst<\/td>\n<td>1<\/td>\n<\/tr>\n<tr>\n<td>Nosnost<\/td>\n<td>cca 150\u00a0kg<\/td>\n<\/tr>\n<tr>\n<td>D\u00e9lka<\/td>\n<td>400 mm<\/td>\n<\/tr>\n<tr>\n<td>\u0160\u00ed\u0159ka<\/td>\n<td>250 mm<\/td>\n<\/tr>\n<tr>\n<td>Tlou\u0161\u0165ka<\/td>\n<td>100 mm<\/td>\n<\/tr>\n<tr>\n<td colspan=\"2\">\n<h4>Parametry<\/h4>\n<\/td>\n<\/tr>\n<tr>\n<td>P\u016fvod<\/td>\n<td>Vyrobeno v\u00a0\u010cR<\/td>\n<\/tr>\n<tr>\n<td>Z\u00e1ruka<\/td>\n<td>2 roky<\/td>\n<\/tr>\n<tr>\n<td>Zna\u010dka<\/td>\n<td>Bohemit<\/td>\n<\/tr>\n<\/tbody>\n<\/table><\/div>\n<\/div><\/div>\n<div class=\"detail-description__top\">\t\t\t\t<\/div>\n<div class=\"detail-description__left\">\n<div class=\"detail-description__left__overflow\">\n<div class=\"detail-description__left__head\">\t\t\t\t\t\tPopis:\t\t\t\t\t<\/div>\n<div class=\"ul-style ul-style--check\">\n<p>D\u00edlo poctiv\u00e9 \u010desk\u00e9 ru\u010dn\u00ed v\u00fdroby, stoli\u010dka Allen\u00a0neboli tak\u00e9 &#8222;bobek&#8220;, je pro milovn\u00edky industri\u00e1ln\u00edho designu dokonale\u00a0<strong>vkusn\u00fdm a funk\u010dn\u00edm dopl\u0148kem do exteri\u00e9ru i interi\u00e9ru<\/strong>\u00a0\u00a0&#8211; a\u0165 u\u017e modern\u00edch z\u00e1staveb tak i venkovsk\u00fdch chatek. Na prvn\u00ed pohled zaujme \u010dist\u00fdm designem. Posedov\u00fd tr\u00e1m je vyroben z\u00a0d\u0159eviny kr\u00e1l\u016f, dubu.<\/p>\n<ul class=\"plusminus\">\n<li><i class=\"fas fa-check\"><\/i><span>\u010cesk\u00e1 ru\u010dn\u00ed v\u00fdroba<\/span><\/li>\n<li><i class=\"fas fa-check\"><\/i><span>Brou\u0161en\u00fd dubov\u00fd masiv<\/span><\/li>\n<li><i class=\"fas fa-check\"><\/i><span>\u010cist\u00fd industri\u00e1ln\u00ed design<\/span><\/li>\n<li><i class=\"fas fa-check\"><\/i><span>Surov\u011b p\u016fsob\u00edc\u00ed p\u0159\u00edrodn\u00ed materi\u00e1ly<\/span><\/li>\n<\/ul>\n<p>Sed\u00e1k je tvo\u0159en\u00fd hou\u017eevnat\u00fdm,\u00a0oschl\u00fdm a\u00a0<strong>hladce brou\u0161en\u00fdm dubov\u00fdm masivem o tlou\u0161\u0165ce 10 cm<\/strong>\u00a0s\u00a0autentickou p\u0159irozenou kresbou. Ve\u0161ker\u00e9 hrany a rohy jsou zbrou\u0161eny do prav\u00fdch \u00fahl\u016f. Pro dokonalou ochranu a k\u00a0podtr\u017een\u00ed p\u0159irozen\u00e9ho vzhledu byl tr\u00e1m namo\u0159en ekologicky \u0161etrnou sm\u011bs\u00ed p\u0159\u00edrodn\u00edch olej\u016f a vosk\u016f zna\u010dky PNZ.<\/p>\n<p>Nosnou z\u00e1kladnu konstrukce tvo\u0159\u00ed<strong>\u00a0stabiln\u00ed ocelov\u00e9 podno\u017ee.\u00a0<\/strong>Extr\u00e9mn\u011b pevn\u00e9 spojen\u00ed se sed\u00e1kem je zaji\u0161t\u011bno pomoc\u00ed nerezov\u00fdch vrut\u016f.<\/p>\n<div class='videoWrapper'><\/div>\n<p>Dubov\u00e9 d\u0159evo se postupem \u010dasu vlivem pov\u011btrnostn\u00edch podm\u00ednek p\u0159irozen\u011b zbarvuje a<strong>\u00a0p\u0159ech\u00e1z\u00ed do typick\u00fdch \u0161edav\u00fdch odst\u00edn\u016f<\/strong>\u00a0se studen\u00fdm n\u00e1dechem. Z\u00a0estetick\u00e9ho hlediska se jedn\u00e1 o v\u00edtan\u00fd a \u017e\u00e1douc\u00ed projev patiny. Pro zachov\u00e1n\u00ed p\u016fvodn\u00edho tepl\u00e9ho odst\u00ednu je vhodn\u00e9 opakovat jednou a\u017e dvakr\u00e1t do roka n\u00e1t\u011br sm\u011bs\u00ed olej\u016f a vosk\u016f, p\u0159\u00edpadn\u011b posedov\u00fd tr\u00e1m p\u0159ebrousit.<\/p>\n<\/div>\n<div class=\"detail-description__left__more\">\t\t\t\t\t\t<span> <\/span><span> <\/span>\t\t\t\t\t<\/div>\n<\/p><\/div>\n<\/p><\/div>\n<div class=\"detail-description__more\"><span> <\/span><span> <\/span><\/div>\n<\/p><\/div>\n<\/p><\/div>\n","protected":false},"excerpt":{"rendered":"<p>Vlastnosti Celkov\u00e1 v\u00fd\u0161ka 410 mm Hmotnost 20 kg Konstrukce Materi\u00e1l ocel Tlou\u0161\u0165ka 3 mm Lak ano Barva hn\u011bd\u00e1 D\u00e9lka 400 mm \u0160\u00ed\u0159ka 250 mm V\u00fd\u0161ka 250 mm Podru\u010dky ne Kotven\u00ed &#8211; Sed\u00e1k Materi\u00e1l dubov\u00e9 d\u0159evo Povrchov\u00e1 \u00faprava brou\u0161en\u00ed Lak ano Barva dub Po\u010det m\u00edst 1 Nosnost cca 150\u00a0kg D\u00e9lka 400 mm \u0160\u00ed\u0159ka 250 mm Tlou\u0161\u0165ka [&hellip;]<\/p>\n","protected":false},"featured_media":74794,"comment_status":"open","ping_status":"open","template":"","meta":[],"product_brand":[],"product_cat":[47],"product_tag":[],"class_list":{"0":"post-74694","1":"product","2":"type-product","3":"status-publish","4":"has-post-thumbnail","6":"product_cat-zahrada","8":"first","9":"instock","10":"sale","11":"shipping-taxable","12":"purchasable","13":"product-type-simple"},"yoast_head":"<!-- This site is optimized with the Yoast SEO plugin v26.8 - https:\/\/yoast.com\/product\/yoast-seo-wordpress\/ -->\n<title>Akce Bohemit Allen antracit \/ dub 41 x 25 cm -<\/title>\n<meta name=\"robots\" content=\"index, follow, max-snippet:-1, max-image-preview:large, max-video-preview:-1\" \/>\n<link rel=\"canonical\" href=\"https:\/\/www.domkraftpro.com\/index.php\/produkt\/akce-bohemit-allen-antracit-dub-41-x-25-cm-74694\/\" \/>\n<meta property=\"og:locale\" content=\"cs_CZ\" \/>\n<meta property=\"og:type\" content=\"article\" \/>\n<meta property=\"og:title\" content=\"Akce Bohemit Allen antracit \/ dub 41 x 25 cm -\" \/>\n<meta property=\"og:description\" content=\"Vlastnosti Celkov\u00e1 v\u00fd\u0161ka 410 mm Hmotnost 20 kg Konstrukce Materi\u00e1l ocel Tlou\u0161\u0165ka 3 mm Lak ano Barva hn\u011bd\u00e1 D\u00e9lka 400 mm \u0160\u00ed\u0159ka 250 mm V\u00fd\u0161ka 250 mm Podru\u010dky ne Kotven\u00ed &#8211; Sed\u00e1k Materi\u00e1l dubov\u00e9 d\u0159evo Povrchov\u00e1 \u00faprava brou\u0161en\u00ed Lak ano Barva dub Po\u010det m\u00edst 1 Nosnost cca 150\u00a0kg D\u00e9lka 400 mm \u0160\u00ed\u0159ka 250 mm Tlou\u0161\u0165ka [&hellip;]\" \/>\n<meta property=\"og:url\" content=\"https:\/\/www.domkraftpro.com\/index.php\/produkt\/akce-bohemit-allen-antracit-dub-41-x-25-cm-74694\/\" \/>\n<meta property=\"og:image\" content=\"https:\/\/www.domkraftpro.com\/wp-content\/uploads\/2026\/SK0011618-CZ20260425-091936-0-1777079982-sedak-bohemit-allen-w1200-h628-f8-6e1b4afdb36ea0dbc7348a8fc.webp\" \/>\n\t<meta property=\"og:image:width\" content=\"1000\" \/>\n\t<meta property=\"og:image:height\" content=\"523\" \/>\n\t<meta property=\"og:image:type\" content=\"image\/webp\" \/>\n<meta name=\"twitter:card\" content=\"summary_large_image\" \/>\n<meta name=\"twitter:label1\" content=\"Odhadovan\u00e1 doba \u010dten\u00ed\" \/>\n\t<meta name=\"twitter:data1\" content=\"1 minuta\" \/>\n<script type=\"application\/ld+json\" class=\"yoast-schema-graph\">{\"@context\":\"https:\/\/schema.org\",\"@graph\":[{\"@type\":\"WebPage\",\"@id\":\"https:\/\/www.domkraftpro.com\/index.php\/produkt\/akce-bohemit-allen-antracit-dub-41-x-25-cm-74694\/\",\"url\":\"https:\/\/www.domkraftpro.com\/index.php\/produkt\/akce-bohemit-allen-antracit-dub-41-x-25-cm-74694\/\",\"name\":\"Akce Bohemit Allen antracit \/ dub 41 x 25 cm -\",\"isPartOf\":{\"@id\":\"https:\/\/www.domkraftpro.com\/#website\"},\"primaryImageOfPage\":{\"@id\":\"https:\/\/www.domkraftpro.com\/index.php\/produkt\/akce-bohemit-allen-antracit-dub-41-x-25-cm-74694\/#primaryimage\"},\"image\":{\"@id\":\"https:\/\/www.domkraftpro.com\/index.php\/produkt\/akce-bohemit-allen-antracit-dub-41-x-25-cm-74694\/#primaryimage\"},\"thumbnailUrl\":\"https:\/\/www.domkraftpro.com\/wp-content\/uploads\/2026\/SK0011618-CZ20260425-091936-0-1777079982-sedak-bohemit-allen-w1200-h628-f8-6e1b4afdb36ea0dbc7348a8fc.webp\",\"datePublished\":\"2026-04-27T04:43:50+00:00\",\"breadcrumb\":{\"@id\":\"https:\/\/www.domkraftpro.com\/index.php\/produkt\/akce-bohemit-allen-antracit-dub-41-x-25-cm-74694\/#breadcrumb\"},\"inLanguage\":\"cs\",\"potentialAction\":[{\"@type\":\"ReadAction\",\"target\":[\"https:\/\/www.domkraftpro.com\/index.php\/produkt\/akce-bohemit-allen-antracit-dub-41-x-25-cm-74694\/\"]}]},{\"@type\":\"ImageObject\",\"inLanguage\":\"cs\",\"@id\":\"https:\/\/www.domkraftpro.com\/index.php\/produkt\/akce-bohemit-allen-antracit-dub-41-x-25-cm-74694\/#primaryimage\",\"url\":\"https:\/\/www.domkraftpro.com\/wp-content\/uploads\/2026\/SK0011618-CZ20260425-091936-0-1777079982-sedak-bohemit-allen-w1200-h628-f8-6e1b4afdb36ea0dbc7348a8fc.webp\",\"contentUrl\":\"https:\/\/www.domkraftpro.com\/wp-content\/uploads\/2026\/SK0011618-CZ20260425-091936-0-1777079982-sedak-bohemit-allen-w1200-h628-f8-6e1b4afdb36ea0dbc7348a8fc.webp\",\"width\":1000,\"height\":523},{\"@type\":\"BreadcrumbList\",\"@id\":\"https:\/\/www.domkraftpro.com\/index.php\/produkt\/akce-bohemit-allen-antracit-dub-41-x-25-cm-74694\/#breadcrumb\",\"itemListElement\":[{\"@type\":\"ListItem\",\"position\":1,\"name\":\"Home\",\"item\":\"https:\/\/www.domkraftpro.com\/\"},{\"@type\":\"ListItem\",\"position\":2,\"name\":\"Products\",\"item\":\"https:\/\/www.domkraftpro.com\/index.php\/products\/\"},{\"@type\":\"ListItem\",\"position\":3,\"name\":\"Akce Bohemit Allen antracit \/ dub 41 x 25 cm\"}]},{\"@type\":\"WebSite\",\"@id\":\"https:\/\/www.domkraftpro.com\/#website\",\"url\":\"https:\/\/www.domkraftpro.com\/\",\"name\":\"\",\"description\":\"\",\"potentialAction\":[{\"@type\":\"SearchAction\",\"target\":{\"@type\":\"EntryPoint\",\"urlTemplate\":\"https:\/\/www.domkraftpro.com\/?s={search_term_string}\"},\"query-input\":{\"@type\":\"PropertyValueSpecification\",\"valueRequired\":true,\"valueName\":\"search_term_string\"}}],\"inLanguage\":\"cs\"}]}<\/script>\n<!-- \/ Yoast SEO plugin. -->","yoast_head_json":{"title":"Akce Bohemit Allen antracit \/ dub 41 x 25 cm -","robots":{"index":"index","follow":"follow","max-snippet":"max-snippet:-1","max-image-preview":"max-image-preview:large","max-video-preview":"max-video-preview:-1"},"canonical":"https:\/\/www.domkraftpro.com\/index.php\/produkt\/akce-bohemit-allen-antracit-dub-41-x-25-cm-74694\/","og_locale":"cs_CZ","og_type":"article","og_title":"Akce Bohemit Allen antracit \/ dub 41 x 25 cm -","og_description":"Vlastnosti Celkov\u00e1 v\u00fd\u0161ka 410 mm Hmotnost 20 kg Konstrukce Materi\u00e1l ocel Tlou\u0161\u0165ka 3 mm Lak ano Barva hn\u011bd\u00e1 D\u00e9lka 400 mm \u0160\u00ed\u0159ka 250 mm V\u00fd\u0161ka 250 mm Podru\u010dky ne Kotven\u00ed &#8211; Sed\u00e1k Materi\u00e1l dubov\u00e9 d\u0159evo Povrchov\u00e1 \u00faprava brou\u0161en\u00ed Lak ano Barva dub Po\u010det m\u00edst 1 Nosnost cca 150\u00a0kg D\u00e9lka 400 mm \u0160\u00ed\u0159ka 250 mm Tlou\u0161\u0165ka [&hellip;]","og_url":"https:\/\/www.domkraftpro.com\/index.php\/produkt\/akce-bohemit-allen-antracit-dub-41-x-25-cm-74694\/","og_image":[{"width":1000,"height":523,"url":"https:\/\/www.domkraftpro.com\/wp-content\/uploads\/2026\/SK0011618-CZ20260425-091936-0-1777079982-sedak-bohemit-allen-w1200-h628-f8-6e1b4afdb36ea0dbc7348a8fc.webp","type":"image\/webp"}],"twitter_card":"summary_large_image","twitter_misc":{"Odhadovan\u00e1 doba \u010dten\u00ed":"1 minuta"},"schema":{"@context":"https:\/\/schema.org","@graph":[{"@type":"WebPage","@id":"https:\/\/www.domkraftpro.com\/index.php\/produkt\/akce-bohemit-allen-antracit-dub-41-x-25-cm-74694\/","url":"https:\/\/www.domkraftpro.com\/index.php\/produkt\/akce-bohemit-allen-antracit-dub-41-x-25-cm-74694\/","name":"Akce Bohemit Allen antracit \/ dub 41 x 25 cm -","isPartOf":{"@id":"https:\/\/www.domkraftpro.com\/#website"},"primaryImageOfPage":{"@id":"https:\/\/www.domkraftpro.com\/index.php\/produkt\/akce-bohemit-allen-antracit-dub-41-x-25-cm-74694\/#primaryimage"},"image":{"@id":"https:\/\/www.domkraftpro.com\/index.php\/produkt\/akce-bohemit-allen-antracit-dub-41-x-25-cm-74694\/#primaryimage"},"thumbnailUrl":"https:\/\/www.domkraftpro.com\/wp-content\/uploads\/2026\/SK0011618-CZ20260425-091936-0-1777079982-sedak-bohemit-allen-w1200-h628-f8-6e1b4afdb36ea0dbc7348a8fc.webp","datePublished":"2026-04-27T04:43:50+00:00","breadcrumb":{"@id":"https:\/\/www.domkraftpro.com\/index.php\/produkt\/akce-bohemit-allen-antracit-dub-41-x-25-cm-74694\/#breadcrumb"},"inLanguage":"cs","potentialAction":[{"@type":"ReadAction","target":["https:\/\/www.domkraftpro.com\/index.php\/produkt\/akce-bohemit-allen-antracit-dub-41-x-25-cm-74694\/"]}]},{"@type":"ImageObject","inLanguage":"cs","@id":"https:\/\/www.domkraftpro.com\/index.php\/produkt\/akce-bohemit-allen-antracit-dub-41-x-25-cm-74694\/#primaryimage","url":"https:\/\/www.domkraftpro.com\/wp-content\/uploads\/2026\/SK0011618-CZ20260425-091936-0-1777079982-sedak-bohemit-allen-w1200-h628-f8-6e1b4afdb36ea0dbc7348a8fc.webp","contentUrl":"https:\/\/www.domkraftpro.com\/wp-content\/uploads\/2026\/SK0011618-CZ20260425-091936-0-1777079982-sedak-bohemit-allen-w1200-h628-f8-6e1b4afdb36ea0dbc7348a8fc.webp","width":1000,"height":523},{"@type":"BreadcrumbList","@id":"https:\/\/www.domkraftpro.com\/index.php\/produkt\/akce-bohemit-allen-antracit-dub-41-x-25-cm-74694\/#breadcrumb","itemListElement":[{"@type":"ListItem","position":1,"name":"Home","item":"https:\/\/www.domkraftpro.com\/"},{"@type":"ListItem","position":2,"name":"Products","item":"https:\/\/www.domkraftpro.com\/index.php\/products\/"},{"@type":"ListItem","position":3,"name":"Akce Bohemit Allen antracit \/ dub 41 x 25 cm"}]},{"@type":"WebSite","@id":"https:\/\/www.domkraftpro.com\/#website","url":"https:\/\/www.domkraftpro.com\/","name":"","description":"","potentialAction":[{"@type":"SearchAction","target":{"@type":"EntryPoint","urlTemplate":"https:\/\/www.domkraftpro.com\/?s={search_term_string}"},"query-input":{"@type":"PropertyValueSpecification","valueRequired":true,"valueName":"search_term_string"}}],"inLanguage":"cs"}]}},"_links":{"self":[{"href":"https:\/\/www.domkraftpro.com\/index.php\/wp-json\/wp\/v2\/product\/74694","targetHints":{"allow":["GET"]}}],"collection":[{"href":"https:\/\/www.domkraftpro.com\/index.php\/wp-json\/wp\/v2\/product"}],"about":[{"href":"https:\/\/www.domkraftpro.com\/index.php\/wp-json\/wp\/v2\/types\/product"}],"replies":[{"embeddable":true,"href":"https:\/\/www.domkraftpro.com\/index.php\/wp-json\/wp\/v2\/comments?post=74694"}],"wp:featuredmedia":[{"embeddable":true,"href":"https:\/\/www.domkraftpro.com\/index.php\/wp-json\/wp\/v2\/media\/74794"}],"wp:attachment":[{"href":"https:\/\/www.domkraftpro.com\/index.php\/wp-json\/wp\/v2\/media?parent=74694"}],"wp:term":[{"taxonomy":"product_brand","embeddable":true,"href":"https:\/\/www.domkraftpro.com\/index.php\/wp-json\/wp\/v2\/product_brand?post=74694"},{"taxonomy":"product_cat","embeddable":true,"href":"https:\/\/www.domkraftpro.com\/index.php\/wp-json\/wp\/v2\/product_cat?post=74694"},{"taxonomy":"product_tag","embeddable":true,"href":"https:\/\/www.domkraftpro.com\/index.php\/wp-json\/wp\/v2\/product_tag?post=74694"}],"curies":[{"name":"wp","href":"https:\/\/api.w.org\/{rel}","templated":true}]}}