{"id":74353,"date":"2026-04-27T04:43:49","date_gmt":"2026-04-27T04:43:49","guid":{"rendered":""},"modified":"2026-04-27T04:43:49","modified_gmt":"2026-04-27T04:43:49","slug":"akce-ledinestra-1p-50-stmivatelna-matna-230v-s14d-led-9w-2700k-design-rendl-74353","status":"publish","type":"product","link":"https:\/\/www.domkraftpro.com\/index.php\/produkt\/akce-ledinestra-1p-50-stmivatelna-matna-230v-s14d-led-9w-2700k-design-rendl-74353\/","title":{"rendered":"Akce LEDINESTRA 1P 50 stm\u00edvateln\u00e1 matn\u00e1 230V S14d LED 9W 2700K &#8211; DESIGN &#8211; RENDL"},"content":{"rendered":"<p><\/p>\n<div class=\"top-params\">\n<h3 class=\"product-h3 collapse-header \" data-toggle=\"collapse\" data-target=\"#collapseOne\" aria-expanded=\"true\" aria-controls=\"collapseOne\">Parametry<\/h3>\n<div id=\"collapseOne\" class=\"collapse show\" aria-labelledby=\"headingOne\" data-parent=\"#product-info-accordion1\">\n<table class=\"table-striped\">\n<tr>\n<td>                Typ sv\u011bteln\u00e9ho zdroje            <\/td>\n<td>                LED            <\/td>\n<\/tr>\n<tr>\n<td>                V\u010detn\u011b sv\u011bteln\u00e9ho zdroje            <\/td>\n<td>                ano            <\/td>\n<\/tr>\n<tr>\n<td>                Po\u010det sv\u011bteln\u00fdch zdroj\u016f            <\/td>\n<td>                1            <\/td>\n<\/tr>\n<tr>\n<td>                Teplota barvy sv\u011btla            <\/td>\n<td>                2700K            <\/td>\n<\/tr>\n<tr>\n<td>                Patice            <\/td>\n<td>                S14d            <\/td>\n<\/tr>\n<tr>\n<td>                Nap\u00e1jec\u00ed nap\u011bt\u00ed            <\/td>\n<td>                230V            <\/td>\n<\/tr>\n<tr>\n<td>                V\u00fdrobce            <\/td>\n<td>                RED &#8211; DESIGN RENDL            <\/td>\n<\/tr>\n<tr>\n<td>                D\u00e9lka v mm            <\/td>\n<td>                500            <\/td>\n<\/tr>\n<tr>\n<td>                Barva            <\/td>\n<td>                matn\u00e1            <\/td>\n<\/tr>\n<tr>\n<td>                Sv\u011bteln\u00fd tok            <\/td>\n<td>                470lm            <\/td>\n<\/tr>\n<tr>\n<td>                V\u00fdkon            <\/td>\n<td>                7W            <\/td>\n<\/tr>\n<tr>\n<td>                Max. p\u0159\u00edkon sv\u011bteln\u00e9ho zdroje            <\/td>\n<td>                7W            <\/td>\n<\/tr>\n<tr>\n<td>                Energetick\u00e1 \u00fa\u010dinnost            <\/td>\n<td>                F            <\/td>\n<\/tr>\n<tr>\n<td>                U v\u00fdrobce dostupn\u00fdch            <\/td>\n<td>                2                    ks            <\/td>\n<\/tr>\n<\/table>\n<\/div><\/div>\n<\/div>\n<div class=\"accordion\" id=\"product-info-accordion2\">\n","protected":false},"excerpt":{"rendered":"<p>Parametry Typ sv\u011bteln\u00e9ho zdroje LED V\u010detn\u011b sv\u011bteln\u00e9ho zdroje ano Po\u010det sv\u011bteln\u00fdch zdroj\u016f 1 Teplota barvy sv\u011btla 2700K Patice S14d Nap\u00e1jec\u00ed nap\u011bt\u00ed 230V V\u00fdrobce RED &#8211; DESIGN RENDL D\u00e9lka v mm 500 Barva matn\u00e1 Sv\u011bteln\u00fd tok 470lm V\u00fdkon 7W Max. p\u0159\u00edkon sv\u011bteln\u00e9ho zdroje 7W Energetick\u00e1 \u00fa\u010dinnost F U v\u00fdrobce dostupn\u00fdch 2 ks<\/p>\n","protected":false},"featured_media":74453,"comment_status":"open","ping_status":"open","template":"","meta":[],"product_brand":[],"product_cat":[36],"product_tag":[],"class_list":{"0":"post-74353","1":"product","2":"type-product","3":"status-publish","4":"has-post-thumbnail","6":"product_cat-zarovky","8":"first","9":"instock","10":"sale","11":"shipping-taxable","12":"purchasable","13":"product-type-simple"},"yoast_head":"<!-- This site is optimized with the Yoast SEO plugin v26.8 - https:\/\/yoast.com\/product\/yoast-seo-wordpress\/ -->\n<title>Akce LEDINESTRA 1P 50 stm\u00edvateln\u00e1 matn\u00e1 230V S14d LED 9W 2700K - DESIGN - RENDL -<\/title>\n<meta name=\"robots\" content=\"index, follow, max-snippet:-1, max-image-preview:large, max-video-preview:-1\" \/>\n<link rel=\"canonical\" href=\"https:\/\/www.domkraftpro.com\/index.php\/produkt\/akce-ledinestra-1p-50-stmivatelna-matna-230v-s14d-led-9w-2700k-design-rendl-74353\/\" \/>\n<meta property=\"og:locale\" content=\"cs_CZ\" \/>\n<meta property=\"og:type\" content=\"article\" \/>\n<meta property=\"og:title\" content=\"Akce LEDINESTRA 1P 50 stm\u00edvateln\u00e1 matn\u00e1 230V S14d LED 9W 2700K - DESIGN - RENDL -\" \/>\n<meta property=\"og:description\" content=\"Parametry Typ sv\u011bteln\u00e9ho zdroje LED V\u010detn\u011b sv\u011bteln\u00e9ho zdroje ano Po\u010det sv\u011bteln\u00fdch zdroj\u016f 1 Teplota barvy sv\u011btla 2700K Patice S14d Nap\u00e1jec\u00ed nap\u011bt\u00ed 230V V\u00fdrobce RED &#8211; DESIGN RENDL D\u00e9lka v mm 500 Barva matn\u00e1 Sv\u011bteln\u00fd tok 470lm V\u00fdkon 7W Max. p\u0159\u00edkon sv\u011bteln\u00e9ho zdroje 7W Energetick\u00e1 \u00fa\u010dinnost F U v\u00fdrobce dostupn\u00fdch 2 ks\" \/>\n<meta property=\"og:url\" content=\"https:\/\/www.domkraftpro.com\/index.php\/produkt\/akce-ledinestra-1p-50-stmivatelna-matna-230v-s14d-led-9w-2700k-design-rendl-74353\/\" \/>\n<meta property=\"og:image\" content=\"https:\/\/www.domkraftpro.com\/wp-content\/uploads\/2026\/SK0057652-CZ20260425-091535-0-1777079744-RED-G11862.webp\" \/>\n\t<meta property=\"og:image:width\" content=\"700\" \/>\n\t<meta property=\"og:image:height\" content=\"700\" \/>\n\t<meta property=\"og:image:type\" content=\"image\/webp\" \/>\n<meta name=\"twitter:card\" content=\"summary_large_image\" \/>\n<script type=\"application\/ld+json\" class=\"yoast-schema-graph\">{\"@context\":\"https:\/\/schema.org\",\"@graph\":[{\"@type\":\"WebPage\",\"@id\":\"https:\/\/www.domkraftpro.com\/index.php\/produkt\/akce-ledinestra-1p-50-stmivatelna-matna-230v-s14d-led-9w-2700k-design-rendl-74353\/\",\"url\":\"https:\/\/www.domkraftpro.com\/index.php\/produkt\/akce-ledinestra-1p-50-stmivatelna-matna-230v-s14d-led-9w-2700k-design-rendl-74353\/\",\"name\":\"Akce LEDINESTRA 1P 50 stm\u00edvateln\u00e1 matn\u00e1 230V S14d LED 9W 2700K - DESIGN - RENDL -\",\"isPartOf\":{\"@id\":\"https:\/\/www.domkraftpro.com\/#website\"},\"primaryImageOfPage\":{\"@id\":\"https:\/\/www.domkraftpro.com\/index.php\/produkt\/akce-ledinestra-1p-50-stmivatelna-matna-230v-s14d-led-9w-2700k-design-rendl-74353\/#primaryimage\"},\"image\":{\"@id\":\"https:\/\/www.domkraftpro.com\/index.php\/produkt\/akce-ledinestra-1p-50-stmivatelna-matna-230v-s14d-led-9w-2700k-design-rendl-74353\/#primaryimage\"},\"thumbnailUrl\":\"https:\/\/www.domkraftpro.com\/wp-content\/uploads\/2026\/SK0057652-CZ20260425-091535-0-1777079744-RED-G11862.webp\",\"datePublished\":\"2026-04-27T04:43:49+00:00\",\"breadcrumb\":{\"@id\":\"https:\/\/www.domkraftpro.com\/index.php\/produkt\/akce-ledinestra-1p-50-stmivatelna-matna-230v-s14d-led-9w-2700k-design-rendl-74353\/#breadcrumb\"},\"inLanguage\":\"cs\",\"potentialAction\":[{\"@type\":\"ReadAction\",\"target\":[\"https:\/\/www.domkraftpro.com\/index.php\/produkt\/akce-ledinestra-1p-50-stmivatelna-matna-230v-s14d-led-9w-2700k-design-rendl-74353\/\"]}]},{\"@type\":\"ImageObject\",\"inLanguage\":\"cs\",\"@id\":\"https:\/\/www.domkraftpro.com\/index.php\/produkt\/akce-ledinestra-1p-50-stmivatelna-matna-230v-s14d-led-9w-2700k-design-rendl-74353\/#primaryimage\",\"url\":\"https:\/\/www.domkraftpro.com\/wp-content\/uploads\/2026\/SK0057652-CZ20260425-091535-0-1777079744-RED-G11862.webp\",\"contentUrl\":\"https:\/\/www.domkraftpro.com\/wp-content\/uploads\/2026\/SK0057652-CZ20260425-091535-0-1777079744-RED-G11862.webp\",\"width\":700,\"height\":700},{\"@type\":\"BreadcrumbList\",\"@id\":\"https:\/\/www.domkraftpro.com\/index.php\/produkt\/akce-ledinestra-1p-50-stmivatelna-matna-230v-s14d-led-9w-2700k-design-rendl-74353\/#breadcrumb\",\"itemListElement\":[{\"@type\":\"ListItem\",\"position\":1,\"name\":\"Home\",\"item\":\"https:\/\/www.domkraftpro.com\/\"},{\"@type\":\"ListItem\",\"position\":2,\"name\":\"Products\",\"item\":\"https:\/\/www.domkraftpro.com\/index.php\/products\/\"},{\"@type\":\"ListItem\",\"position\":3,\"name\":\"Akce LEDINESTRA 1P 50 stm\u00edvateln\u00e1 matn\u00e1 230V S14d LED 9W 2700K &#8211; DESIGN &#8211; RENDL\"}]},{\"@type\":\"WebSite\",\"@id\":\"https:\/\/www.domkraftpro.com\/#website\",\"url\":\"https:\/\/www.domkraftpro.com\/\",\"name\":\"\",\"description\":\"\",\"potentialAction\":[{\"@type\":\"SearchAction\",\"target\":{\"@type\":\"EntryPoint\",\"urlTemplate\":\"https:\/\/www.domkraftpro.com\/?s={search_term_string}\"},\"query-input\":{\"@type\":\"PropertyValueSpecification\",\"valueRequired\":true,\"valueName\":\"search_term_string\"}}],\"inLanguage\":\"cs\"}]}<\/script>\n<!-- \/ Yoast SEO plugin. -->","yoast_head_json":{"title":"Akce LEDINESTRA 1P 50 stm\u00edvateln\u00e1 matn\u00e1 230V S14d LED 9W 2700K - DESIGN - RENDL -","robots":{"index":"index","follow":"follow","max-snippet":"max-snippet:-1","max-image-preview":"max-image-preview:large","max-video-preview":"max-video-preview:-1"},"canonical":"https:\/\/www.domkraftpro.com\/index.php\/produkt\/akce-ledinestra-1p-50-stmivatelna-matna-230v-s14d-led-9w-2700k-design-rendl-74353\/","og_locale":"cs_CZ","og_type":"article","og_title":"Akce LEDINESTRA 1P 50 stm\u00edvateln\u00e1 matn\u00e1 230V S14d LED 9W 2700K - DESIGN - RENDL -","og_description":"Parametry Typ sv\u011bteln\u00e9ho zdroje LED V\u010detn\u011b sv\u011bteln\u00e9ho zdroje ano Po\u010det sv\u011bteln\u00fdch zdroj\u016f 1 Teplota barvy sv\u011btla 2700K Patice S14d Nap\u00e1jec\u00ed nap\u011bt\u00ed 230V V\u00fdrobce RED &#8211; DESIGN RENDL D\u00e9lka v mm 500 Barva matn\u00e1 Sv\u011bteln\u00fd tok 470lm V\u00fdkon 7W Max. p\u0159\u00edkon sv\u011bteln\u00e9ho zdroje 7W Energetick\u00e1 \u00fa\u010dinnost F U v\u00fdrobce dostupn\u00fdch 2 ks","og_url":"https:\/\/www.domkraftpro.com\/index.php\/produkt\/akce-ledinestra-1p-50-stmivatelna-matna-230v-s14d-led-9w-2700k-design-rendl-74353\/","og_image":[{"width":700,"height":700,"url":"https:\/\/www.domkraftpro.com\/wp-content\/uploads\/2026\/SK0057652-CZ20260425-091535-0-1777079744-RED-G11862.webp","type":"image\/webp"}],"twitter_card":"summary_large_image","schema":{"@context":"https:\/\/schema.org","@graph":[{"@type":"WebPage","@id":"https:\/\/www.domkraftpro.com\/index.php\/produkt\/akce-ledinestra-1p-50-stmivatelna-matna-230v-s14d-led-9w-2700k-design-rendl-74353\/","url":"https:\/\/www.domkraftpro.com\/index.php\/produkt\/akce-ledinestra-1p-50-stmivatelna-matna-230v-s14d-led-9w-2700k-design-rendl-74353\/","name":"Akce LEDINESTRA 1P 50 stm\u00edvateln\u00e1 matn\u00e1 230V S14d LED 9W 2700K - DESIGN - RENDL -","isPartOf":{"@id":"https:\/\/www.domkraftpro.com\/#website"},"primaryImageOfPage":{"@id":"https:\/\/www.domkraftpro.com\/index.php\/produkt\/akce-ledinestra-1p-50-stmivatelna-matna-230v-s14d-led-9w-2700k-design-rendl-74353\/#primaryimage"},"image":{"@id":"https:\/\/www.domkraftpro.com\/index.php\/produkt\/akce-ledinestra-1p-50-stmivatelna-matna-230v-s14d-led-9w-2700k-design-rendl-74353\/#primaryimage"},"thumbnailUrl":"https:\/\/www.domkraftpro.com\/wp-content\/uploads\/2026\/SK0057652-CZ20260425-091535-0-1777079744-RED-G11862.webp","datePublished":"2026-04-27T04:43:49+00:00","breadcrumb":{"@id":"https:\/\/www.domkraftpro.com\/index.php\/produkt\/akce-ledinestra-1p-50-stmivatelna-matna-230v-s14d-led-9w-2700k-design-rendl-74353\/#breadcrumb"},"inLanguage":"cs","potentialAction":[{"@type":"ReadAction","target":["https:\/\/www.domkraftpro.com\/index.php\/produkt\/akce-ledinestra-1p-50-stmivatelna-matna-230v-s14d-led-9w-2700k-design-rendl-74353\/"]}]},{"@type":"ImageObject","inLanguage":"cs","@id":"https:\/\/www.domkraftpro.com\/index.php\/produkt\/akce-ledinestra-1p-50-stmivatelna-matna-230v-s14d-led-9w-2700k-design-rendl-74353\/#primaryimage","url":"https:\/\/www.domkraftpro.com\/wp-content\/uploads\/2026\/SK0057652-CZ20260425-091535-0-1777079744-RED-G11862.webp","contentUrl":"https:\/\/www.domkraftpro.com\/wp-content\/uploads\/2026\/SK0057652-CZ20260425-091535-0-1777079744-RED-G11862.webp","width":700,"height":700},{"@type":"BreadcrumbList","@id":"https:\/\/www.domkraftpro.com\/index.php\/produkt\/akce-ledinestra-1p-50-stmivatelna-matna-230v-s14d-led-9w-2700k-design-rendl-74353\/#breadcrumb","itemListElement":[{"@type":"ListItem","position":1,"name":"Home","item":"https:\/\/www.domkraftpro.com\/"},{"@type":"ListItem","position":2,"name":"Products","item":"https:\/\/www.domkraftpro.com\/index.php\/products\/"},{"@type":"ListItem","position":3,"name":"Akce LEDINESTRA 1P 50 stm\u00edvateln\u00e1 matn\u00e1 230V S14d LED 9W 2700K &#8211; DESIGN &#8211; RENDL"}]},{"@type":"WebSite","@id":"https:\/\/www.domkraftpro.com\/#website","url":"https:\/\/www.domkraftpro.com\/","name":"","description":"","potentialAction":[{"@type":"SearchAction","target":{"@type":"EntryPoint","urlTemplate":"https:\/\/www.domkraftpro.com\/?s={search_term_string}"},"query-input":{"@type":"PropertyValueSpecification","valueRequired":true,"valueName":"search_term_string"}}],"inLanguage":"cs"}]}},"_links":{"self":[{"href":"https:\/\/www.domkraftpro.com\/index.php\/wp-json\/wp\/v2\/product\/74353","targetHints":{"allow":["GET"]}}],"collection":[{"href":"https:\/\/www.domkraftpro.com\/index.php\/wp-json\/wp\/v2\/product"}],"about":[{"href":"https:\/\/www.domkraftpro.com\/index.php\/wp-json\/wp\/v2\/types\/product"}],"replies":[{"embeddable":true,"href":"https:\/\/www.domkraftpro.com\/index.php\/wp-json\/wp\/v2\/comments?post=74353"}],"wp:featuredmedia":[{"embeddable":true,"href":"https:\/\/www.domkraftpro.com\/index.php\/wp-json\/wp\/v2\/media\/74453"}],"wp:attachment":[{"href":"https:\/\/www.domkraftpro.com\/index.php\/wp-json\/wp\/v2\/media?parent=74353"}],"wp:term":[{"taxonomy":"product_brand","embeddable":true,"href":"https:\/\/www.domkraftpro.com\/index.php\/wp-json\/wp\/v2\/product_brand?post=74353"},{"taxonomy":"product_cat","embeddable":true,"href":"https:\/\/www.domkraftpro.com\/index.php\/wp-json\/wp\/v2\/product_cat?post=74353"},{"taxonomy":"product_tag","embeddable":true,"href":"https:\/\/www.domkraftpro.com\/index.php\/wp-json\/wp\/v2\/product_tag?post=74353"}],"curies":[{"name":"wp","href":"https:\/\/api.w.org\/{rel}","templated":true}]}}