{"id":73099,"date":"2026-04-27T04:43:45","date_gmt":"2026-04-27T04:43:45","guid":{"rendered":""},"modified":"2026-04-27T04:43:45","modified_gmt":"2026-04-27T04:43:45","slug":"abuja-stojaci-svitidlo-matka-perel-kvetiny-afrika-design-snurovy-vypinac-e27-paul-neuhaus-specialni-cena-73099","status":"publish","type":"product","link":"https:\/\/www.domkraftpro.com\/index.php\/produkt\/abuja-stojaci-svitidlo-matka-perel-kvetiny-afrika-design-snurovy-vypinac-e27-paul-neuhaus-specialni-cena-73099\/","title":{"rendered":"ABUJA Stojac\u00ed sv\u00edtidlo, matka perel, kv\u011btiny, Afrika design, \u0161\u0148\u016frov\u00fd vyp\u00edna\u010d, E27 &#8211; PAUL NEUHAUS Speci\u00e1ln\u00ed Cena"},"content":{"rendered":"<h3 class=\"product-h3\">Popis produktu<\/h3>\n<p><p>Vneste do sv\u00e9ho domova africkou atmosf\u00e9ru. Stojac\u00ed lampa byla pro v\u00e1s ru\u010dn\u011b vyrobena z vysoce kvalitn\u00edch materi\u00e1l\u016f s l\u00e1skou a p\u00e9\u010d\u00ed. D\u00edky skv\u011bl\u00e9 kombinaci perleti, sv\u011btl\u00e9 l\u00e1tky a plastu p\u016fsob\u00ed stojac\u00ed lampa p\u0159irozen\u011b noblesn\u011b. Pou\u017eit\u00edm obnoviteln\u00fdch p\u0159\u00edrodn\u00edch produkt\u016f je ka\u017ed\u00e1 lampa individu\u00e1ln\u00ed. Lampu m\u00e1te mo\u017enost osadit dv\u011bma klasick\u00fdmi \u017e\u00e1rovkami E27 do maxim\u00e1ln\u00edho v\u00fdkonu 40 watt\u016f. \u017d\u00e1rovky nejsou sou\u010d\u00e1st\u00ed dod\u00e1vky. Zkombinujte si lampu s \u017e\u00e1rovkami podle sv\u00e9ho vkusu. Lze ji snadno zapnout a vypnout pomoc\u00ed kabelov\u00e9ho vyp\u00edna\u010de. Dekorativn\u00ed vzor se kr\u00e1sn\u011b vine kolem lampy, kter\u00e1 je kr\u00e1sn\u00e1 i zhasnut\u00e1. <\/p>\n<\/p><\/div>\n<div class=\"product-left-popis-vyrobce\">\n<div class='col-xs-12'>\n<h1>Paul Neuhaus &ndash; modern&iacute; sv&iacute;tidla<\/h1>\n<p>Firma Paul Neuhaus nab&iacute;z&iacute; &scaron;irok&yacute; sortiment dom&aacute;c&iacute;ch sv&iacute;tidel a dokazuje, \u017ee kvalita a atraktivn&iacute; ceny se nevylu\u010duj&iacute;. Ve st\u0159edu pozornosti jsou v\u017edy z&aacute;kazn&iacute;ci a zbo\u017e&iacute;, kter&eacute; spl\u0148uje jejich nejr\u016fzn\u011bj&scaron;&iacute; po\u017eadavky. Optim&aacute;ln&iacute; v&yacute;choz&iacute; pozici pak poskytuje synergie zna\u010dek Paul Neuhaus a Leuchten Direkt v&nbsp;oblasti designu produkt\u016f, n&aacute;vrhu vzork\u016f, konstrukce a zaji&scaron;t\u011bn&iacute; kvality.<\/p>\n<p>V sortimentu naleznete interi&eacute;rov&aacute; sv&iacute;tidla (stropn&iacute;, z&aacute;v\u011bsn&aacute;, n&aacute;st\u011bnn&aacute;, LED panely, stoln&iacute; a stojac&iacute; lampy, kolejnicov&eacute; syst&eacute;my, lustry) a venkovn&iacute; sv&iacute;tidla (n&aacute;st\u011bnn&aacute;, stropn&iacute;, sloupkov&aacute;, sol&aacute;rn&iacute; a dekorativn&iacute;). Velkou rodinu sv&iacute;tidel tvo\u0159&iacute; zna\u010dka Q&reg; Smart Home Lights, co\u017e jsou sv&iacute;tidla kompatibiln&iacute; s inteligentn&iacute;m syst&eacute;mem ovl&aacute;d&aacute;n&iacute; Smart Home, nap\u0159. pro kancel&aacute;\u0159e, funk\u010dn&iacute; sv&iacute;tidla, univerz&aacute;ln\u011b pou\u017eiteln&eacute; kolejnicov&eacute; a li&scaron;tov&eacute; syst&eacute;my a\u017e po LED sv\u011bteln&eacute; zdroje pro osazen&iacute; st&aacute;vaj&iacute;c&iacute;ch sv&iacute;tidel.<\/p>\n<p><strong>AULIX &#8211; v\u00fdhradn\u00ed z\u00e1stupce a p\u0159\u00edm\u00fd dovozce sv\u00edtidel PAUL NEUHAUS do \u010cR<\/strong><\/p>\n<\/p><\/div>\n<\/p><\/div>\n<\/p><\/div>\n<p><\/p>\n<div class=\"top-params\">\n<h3 class=\"product-h3 collapse-header \" data-toggle=\"collapse\" data-target=\"#collapseOne\" aria-expanded=\"true\" aria-controls=\"collapseOne\">Parametry<\/h3>\n<div id=\"collapseOne\" class=\"collapse show\" aria-labelledby=\"headingOne\" data-parent=\"#product-info-accordion1\">\n<table class=\"table-striped\">\n<tr>\n<td>                V\u00fd\u0161ka v mm            <\/td>\n<td>                1500            <\/td>\n<\/tr>\n<tr>\n<td>                Hmotnost g            <\/td>\n<td>                3520            <\/td>\n<\/tr>\n<tr>\n<td>                \u0160\u00ed\u0159ka v mm            <\/td>\n<td>                220            <\/td>\n<\/tr>\n<tr>\n<td>                D\u00e9lka v mm            <\/td>\n<td>                220            <\/td>\n<\/tr>\n<tr>\n<td>                Ochrana IP            <\/td>\n<td>                IP20            <\/td>\n<\/tr>\n<tr>\n<td>                Max. p\u0159\u00edkon sv\u011bteln\u00e9ho zdroje            <\/td>\n<td>                120W            <\/td>\n<\/tr>\n<tr>\n<td>                V\u00fdkon            <\/td>\n<td>                120W            <\/td>\n<\/tr>\n<tr>\n<td>                Patice            <\/td>\n<td>                E27            <\/td>\n<\/tr>\n<tr>\n<td>                V\u010detn\u011b sv\u011bteln\u00e9ho zdroje            <\/td>\n<td>                ano            <\/td>\n<\/tr>\n<tr>\n<td>                Barva            <\/td>\n<td>                v\u00edcebarevn\u00e1            <\/td>\n<\/tr>\n<tr>\n<td>                Kolekce            <\/td>\n<td>                ABUJA            <\/td>\n<\/tr>\n<tr>\n<td>                V\u00fdrobce            <\/td>\n<td>                PAUL NEUHAUS            <\/td>\n<\/tr>\n<tr>\n<td>                Z\u00e1ru\u010dn\u00ed doba            <\/td>\n<td>                5 let            <\/td>\n<\/tr>\n<\/table>\n<\/div><\/div>\n<\/div>\n<div class=\"accordion\" id=\"product-info-accordion2\">\n","protected":false},"excerpt":{"rendered":"<p>Popis produktu Vneste do sv\u00e9ho domova africkou atmosf\u00e9ru. Stojac\u00ed lampa byla pro v\u00e1s ru\u010dn\u011b vyrobena z vysoce kvalitn\u00edch materi\u00e1l\u016f s l\u00e1skou a p\u00e9\u010d\u00ed. D\u00edky skv\u011bl\u00e9 kombinaci perleti, sv\u011btl\u00e9 l\u00e1tky a plastu p\u016fsob\u00ed stojac\u00ed lampa p\u0159irozen\u011b noblesn\u011b. Pou\u017eit\u00edm obnoviteln\u00fdch p\u0159\u00edrodn\u00edch produkt\u016f je ka\u017ed\u00e1 lampa individu\u00e1ln\u00ed. Lampu m\u00e1te mo\u017enost osadit dv\u011bma klasick\u00fdmi \u017e\u00e1rovkami E27 do maxim\u00e1ln\u00edho v\u00fdkonu [&hellip;]<\/p>\n","protected":false},"featured_media":73199,"comment_status":"open","ping_status":"open","template":"","meta":[],"product_brand":[],"product_cat":[31],"product_tag":[],"class_list":{"0":"post-73099","1":"product","2":"type-product","3":"status-publish","4":"has-post-thumbnail","6":"product_cat-interierova-svitidla","8":"first","9":"instock","10":"sale","11":"shipping-taxable","12":"purchasable","13":"product-type-simple"},"yoast_head":"<!-- This site is optimized with the Yoast SEO plugin v26.8 - https:\/\/yoast.com\/product\/yoast-seo-wordpress\/ -->\n<title>ABUJA Stojac\u00ed sv\u00edtidlo, matka perel, kv\u011btiny, Afrika design, \u0161\u0148\u016frov\u00fd vyp\u00edna\u010d, E27 - PAUL NEUHAUS Speci\u00e1ln\u00ed Cena -<\/title>\n<meta name=\"robots\" content=\"index, follow, max-snippet:-1, max-image-preview:large, max-video-preview:-1\" \/>\n<link rel=\"canonical\" href=\"https:\/\/www.domkraftpro.com\/index.php\/produkt\/abuja-stojaci-svitidlo-matka-perel-kvetiny-afrika-design-snurovy-vypinac-e27-paul-neuhaus-specialni-cena-73099\/\" \/>\n<meta property=\"og:locale\" content=\"cs_CZ\" \/>\n<meta property=\"og:type\" content=\"article\" \/>\n<meta property=\"og:title\" content=\"ABUJA Stojac\u00ed sv\u00edtidlo, matka perel, kv\u011btiny, Afrika design, \u0161\u0148\u016frov\u00fd vyp\u00edna\u010d, E27 - PAUL NEUHAUS Speci\u00e1ln\u00ed Cena -\" \/>\n<meta property=\"og:description\" content=\"Popis produktu Vneste do sv\u00e9ho domova africkou atmosf\u00e9ru. Stojac\u00ed lampa byla pro v\u00e1s ru\u010dn\u011b vyrobena z vysoce kvalitn\u00edch materi\u00e1l\u016f s l\u00e1skou a p\u00e9\u010d\u00ed. D\u00edky skv\u011bl\u00e9 kombinaci perleti, sv\u011btl\u00e9 l\u00e1tky a plastu p\u016fsob\u00ed stojac\u00ed lampa p\u0159irozen\u011b noblesn\u011b. Pou\u017eit\u00edm obnoviteln\u00fdch p\u0159\u00edrodn\u00edch produkt\u016f je ka\u017ed\u00e1 lampa individu\u00e1ln\u00ed. Lampu m\u00e1te mo\u017enost osadit dv\u011bma klasick\u00fdmi \u017e\u00e1rovkami E27 do maxim\u00e1ln\u00edho v\u00fdkonu [&hellip;]\" \/>\n<meta property=\"og:url\" content=\"https:\/\/www.domkraftpro.com\/index.php\/produkt\/abuja-stojaci-svitidlo-matka-perel-kvetiny-afrika-design-snurovy-vypinac-e27-paul-neuhaus-specialni-cena-73099\/\" \/>\n<meta property=\"og:image\" content=\"https:\/\/www.domkraftpro.com\/wp-content\/uploads\/2026\/SK0056933-CZ20260425-091535-0-1777079744-PN-1928.webp\" \/>\n\t<meta property=\"og:image:width\" content=\"676\" \/>\n\t<meta property=\"og:image:height\" content=\"676\" \/>\n\t<meta property=\"og:image:type\" content=\"image\/webp\" \/>\n<meta name=\"twitter:card\" content=\"summary_large_image\" \/>\n<meta name=\"twitter:label1\" content=\"Odhadovan\u00e1 doba \u010dten\u00ed\" \/>\n\t<meta name=\"twitter:data1\" content=\"2 minuty\" \/>\n<script type=\"application\/ld+json\" class=\"yoast-schema-graph\">{\"@context\":\"https:\/\/schema.org\",\"@graph\":[{\"@type\":\"WebPage\",\"@id\":\"https:\/\/www.domkraftpro.com\/index.php\/produkt\/abuja-stojaci-svitidlo-matka-perel-kvetiny-afrika-design-snurovy-vypinac-e27-paul-neuhaus-specialni-cena-73099\/\",\"url\":\"https:\/\/www.domkraftpro.com\/index.php\/produkt\/abuja-stojaci-svitidlo-matka-perel-kvetiny-afrika-design-snurovy-vypinac-e27-paul-neuhaus-specialni-cena-73099\/\",\"name\":\"ABUJA Stojac\u00ed sv\u00edtidlo, matka perel, kv\u011btiny, Afrika design, \u0161\u0148\u016frov\u00fd vyp\u00edna\u010d, E27 - PAUL NEUHAUS Speci\u00e1ln\u00ed Cena -\",\"isPartOf\":{\"@id\":\"https:\/\/www.domkraftpro.com\/#website\"},\"primaryImageOfPage\":{\"@id\":\"https:\/\/www.domkraftpro.com\/index.php\/produkt\/abuja-stojaci-svitidlo-matka-perel-kvetiny-afrika-design-snurovy-vypinac-e27-paul-neuhaus-specialni-cena-73099\/#primaryimage\"},\"image\":{\"@id\":\"https:\/\/www.domkraftpro.com\/index.php\/produkt\/abuja-stojaci-svitidlo-matka-perel-kvetiny-afrika-design-snurovy-vypinac-e27-paul-neuhaus-specialni-cena-73099\/#primaryimage\"},\"thumbnailUrl\":\"https:\/\/www.domkraftpro.com\/wp-content\/uploads\/2026\/SK0056933-CZ20260425-091535-0-1777079744-PN-1928.webp\",\"datePublished\":\"2026-04-27T04:43:45+00:00\",\"breadcrumb\":{\"@id\":\"https:\/\/www.domkraftpro.com\/index.php\/produkt\/abuja-stojaci-svitidlo-matka-perel-kvetiny-afrika-design-snurovy-vypinac-e27-paul-neuhaus-specialni-cena-73099\/#breadcrumb\"},\"inLanguage\":\"cs\",\"potentialAction\":[{\"@type\":\"ReadAction\",\"target\":[\"https:\/\/www.domkraftpro.com\/index.php\/produkt\/abuja-stojaci-svitidlo-matka-perel-kvetiny-afrika-design-snurovy-vypinac-e27-paul-neuhaus-specialni-cena-73099\/\"]}]},{\"@type\":\"ImageObject\",\"inLanguage\":\"cs\",\"@id\":\"https:\/\/www.domkraftpro.com\/index.php\/produkt\/abuja-stojaci-svitidlo-matka-perel-kvetiny-afrika-design-snurovy-vypinac-e27-paul-neuhaus-specialni-cena-73099\/#primaryimage\",\"url\":\"https:\/\/www.domkraftpro.com\/wp-content\/uploads\/2026\/SK0056933-CZ20260425-091535-0-1777079744-PN-1928.webp\",\"contentUrl\":\"https:\/\/www.domkraftpro.com\/wp-content\/uploads\/2026\/SK0056933-CZ20260425-091535-0-1777079744-PN-1928.webp\",\"width\":676,\"height\":676},{\"@type\":\"BreadcrumbList\",\"@id\":\"https:\/\/www.domkraftpro.com\/index.php\/produkt\/abuja-stojaci-svitidlo-matka-perel-kvetiny-afrika-design-snurovy-vypinac-e27-paul-neuhaus-specialni-cena-73099\/#breadcrumb\",\"itemListElement\":[{\"@type\":\"ListItem\",\"position\":1,\"name\":\"Home\",\"item\":\"https:\/\/www.domkraftpro.com\/\"},{\"@type\":\"ListItem\",\"position\":2,\"name\":\"Products\",\"item\":\"https:\/\/www.domkraftpro.com\/index.php\/products\/\"},{\"@type\":\"ListItem\",\"position\":3,\"name\":\"ABUJA Stojac\u00ed sv\u00edtidlo, matka perel, kv\u011btiny, Afrika design, \u0161\u0148\u016frov\u00fd vyp\u00edna\u010d, E27 &#8211; PAUL NEUHAUS Speci\u00e1ln\u00ed Cena\"}]},{\"@type\":\"WebSite\",\"@id\":\"https:\/\/www.domkraftpro.com\/#website\",\"url\":\"https:\/\/www.domkraftpro.com\/\",\"name\":\"\",\"description\":\"\",\"potentialAction\":[{\"@type\":\"SearchAction\",\"target\":{\"@type\":\"EntryPoint\",\"urlTemplate\":\"https:\/\/www.domkraftpro.com\/?s={search_term_string}\"},\"query-input\":{\"@type\":\"PropertyValueSpecification\",\"valueRequired\":true,\"valueName\":\"search_term_string\"}}],\"inLanguage\":\"cs\"}]}<\/script>\n<!-- \/ Yoast SEO plugin. -->","yoast_head_json":{"title":"ABUJA Stojac\u00ed sv\u00edtidlo, matka perel, kv\u011btiny, Afrika design, \u0161\u0148\u016frov\u00fd vyp\u00edna\u010d, E27 - PAUL NEUHAUS Speci\u00e1ln\u00ed Cena -","robots":{"index":"index","follow":"follow","max-snippet":"max-snippet:-1","max-image-preview":"max-image-preview:large","max-video-preview":"max-video-preview:-1"},"canonical":"https:\/\/www.domkraftpro.com\/index.php\/produkt\/abuja-stojaci-svitidlo-matka-perel-kvetiny-afrika-design-snurovy-vypinac-e27-paul-neuhaus-specialni-cena-73099\/","og_locale":"cs_CZ","og_type":"article","og_title":"ABUJA Stojac\u00ed sv\u00edtidlo, matka perel, kv\u011btiny, Afrika design, \u0161\u0148\u016frov\u00fd vyp\u00edna\u010d, E27 - PAUL NEUHAUS Speci\u00e1ln\u00ed Cena -","og_description":"Popis produktu Vneste do sv\u00e9ho domova africkou atmosf\u00e9ru. Stojac\u00ed lampa byla pro v\u00e1s ru\u010dn\u011b vyrobena z vysoce kvalitn\u00edch materi\u00e1l\u016f s l\u00e1skou a p\u00e9\u010d\u00ed. D\u00edky skv\u011bl\u00e9 kombinaci perleti, sv\u011btl\u00e9 l\u00e1tky a plastu p\u016fsob\u00ed stojac\u00ed lampa p\u0159irozen\u011b noblesn\u011b. Pou\u017eit\u00edm obnoviteln\u00fdch p\u0159\u00edrodn\u00edch produkt\u016f je ka\u017ed\u00e1 lampa individu\u00e1ln\u00ed. Lampu m\u00e1te mo\u017enost osadit dv\u011bma klasick\u00fdmi \u017e\u00e1rovkami E27 do maxim\u00e1ln\u00edho v\u00fdkonu [&hellip;]","og_url":"https:\/\/www.domkraftpro.com\/index.php\/produkt\/abuja-stojaci-svitidlo-matka-perel-kvetiny-afrika-design-snurovy-vypinac-e27-paul-neuhaus-specialni-cena-73099\/","og_image":[{"width":676,"height":676,"url":"https:\/\/www.domkraftpro.com\/wp-content\/uploads\/2026\/SK0056933-CZ20260425-091535-0-1777079744-PN-1928.webp","type":"image\/webp"}],"twitter_card":"summary_large_image","twitter_misc":{"Odhadovan\u00e1 doba \u010dten\u00ed":"2 minuty"},"schema":{"@context":"https:\/\/schema.org","@graph":[{"@type":"WebPage","@id":"https:\/\/www.domkraftpro.com\/index.php\/produkt\/abuja-stojaci-svitidlo-matka-perel-kvetiny-afrika-design-snurovy-vypinac-e27-paul-neuhaus-specialni-cena-73099\/","url":"https:\/\/www.domkraftpro.com\/index.php\/produkt\/abuja-stojaci-svitidlo-matka-perel-kvetiny-afrika-design-snurovy-vypinac-e27-paul-neuhaus-specialni-cena-73099\/","name":"ABUJA Stojac\u00ed sv\u00edtidlo, matka perel, kv\u011btiny, Afrika design, \u0161\u0148\u016frov\u00fd vyp\u00edna\u010d, E27 - PAUL NEUHAUS Speci\u00e1ln\u00ed Cena -","isPartOf":{"@id":"https:\/\/www.domkraftpro.com\/#website"},"primaryImageOfPage":{"@id":"https:\/\/www.domkraftpro.com\/index.php\/produkt\/abuja-stojaci-svitidlo-matka-perel-kvetiny-afrika-design-snurovy-vypinac-e27-paul-neuhaus-specialni-cena-73099\/#primaryimage"},"image":{"@id":"https:\/\/www.domkraftpro.com\/index.php\/produkt\/abuja-stojaci-svitidlo-matka-perel-kvetiny-afrika-design-snurovy-vypinac-e27-paul-neuhaus-specialni-cena-73099\/#primaryimage"},"thumbnailUrl":"https:\/\/www.domkraftpro.com\/wp-content\/uploads\/2026\/SK0056933-CZ20260425-091535-0-1777079744-PN-1928.webp","datePublished":"2026-04-27T04:43:45+00:00","breadcrumb":{"@id":"https:\/\/www.domkraftpro.com\/index.php\/produkt\/abuja-stojaci-svitidlo-matka-perel-kvetiny-afrika-design-snurovy-vypinac-e27-paul-neuhaus-specialni-cena-73099\/#breadcrumb"},"inLanguage":"cs","potentialAction":[{"@type":"ReadAction","target":["https:\/\/www.domkraftpro.com\/index.php\/produkt\/abuja-stojaci-svitidlo-matka-perel-kvetiny-afrika-design-snurovy-vypinac-e27-paul-neuhaus-specialni-cena-73099\/"]}]},{"@type":"ImageObject","inLanguage":"cs","@id":"https:\/\/www.domkraftpro.com\/index.php\/produkt\/abuja-stojaci-svitidlo-matka-perel-kvetiny-afrika-design-snurovy-vypinac-e27-paul-neuhaus-specialni-cena-73099\/#primaryimage","url":"https:\/\/www.domkraftpro.com\/wp-content\/uploads\/2026\/SK0056933-CZ20260425-091535-0-1777079744-PN-1928.webp","contentUrl":"https:\/\/www.domkraftpro.com\/wp-content\/uploads\/2026\/SK0056933-CZ20260425-091535-0-1777079744-PN-1928.webp","width":676,"height":676},{"@type":"BreadcrumbList","@id":"https:\/\/www.domkraftpro.com\/index.php\/produkt\/abuja-stojaci-svitidlo-matka-perel-kvetiny-afrika-design-snurovy-vypinac-e27-paul-neuhaus-specialni-cena-73099\/#breadcrumb","itemListElement":[{"@type":"ListItem","position":1,"name":"Home","item":"https:\/\/www.domkraftpro.com\/"},{"@type":"ListItem","position":2,"name":"Products","item":"https:\/\/www.domkraftpro.com\/index.php\/products\/"},{"@type":"ListItem","position":3,"name":"ABUJA Stojac\u00ed sv\u00edtidlo, matka perel, kv\u011btiny, Afrika design, \u0161\u0148\u016frov\u00fd vyp\u00edna\u010d, E27 &#8211; PAUL NEUHAUS Speci\u00e1ln\u00ed Cena"}]},{"@type":"WebSite","@id":"https:\/\/www.domkraftpro.com\/#website","url":"https:\/\/www.domkraftpro.com\/","name":"","description":"","potentialAction":[{"@type":"SearchAction","target":{"@type":"EntryPoint","urlTemplate":"https:\/\/www.domkraftpro.com\/?s={search_term_string}"},"query-input":{"@type":"PropertyValueSpecification","valueRequired":true,"valueName":"search_term_string"}}],"inLanguage":"cs"}]}},"_links":{"self":[{"href":"https:\/\/www.domkraftpro.com\/index.php\/wp-json\/wp\/v2\/product\/73099","targetHints":{"allow":["GET"]}}],"collection":[{"href":"https:\/\/www.domkraftpro.com\/index.php\/wp-json\/wp\/v2\/product"}],"about":[{"href":"https:\/\/www.domkraftpro.com\/index.php\/wp-json\/wp\/v2\/types\/product"}],"replies":[{"embeddable":true,"href":"https:\/\/www.domkraftpro.com\/index.php\/wp-json\/wp\/v2\/comments?post=73099"}],"wp:featuredmedia":[{"embeddable":true,"href":"https:\/\/www.domkraftpro.com\/index.php\/wp-json\/wp\/v2\/media\/73199"}],"wp:attachment":[{"href":"https:\/\/www.domkraftpro.com\/index.php\/wp-json\/wp\/v2\/media?parent=73099"}],"wp:term":[{"taxonomy":"product_brand","embeddable":true,"href":"https:\/\/www.domkraftpro.com\/index.php\/wp-json\/wp\/v2\/product_brand?post=73099"},{"taxonomy":"product_cat","embeddable":true,"href":"https:\/\/www.domkraftpro.com\/index.php\/wp-json\/wp\/v2\/product_cat?post=73099"},{"taxonomy":"product_tag","embeddable":true,"href":"https:\/\/www.domkraftpro.com\/index.php\/wp-json\/wp\/v2\/product_tag?post=73099"}],"curies":[{"name":"wp","href":"https:\/\/api.w.org\/{rel}","templated":true}]}}