{"id":64580,"date":"2026-04-27T04:43:20","date_gmt":"2026-04-27T04:43:20","guid":{"rendered":""},"modified":"2026-04-27T04:43:20","modified_gmt":"2026-04-27T04:43:20","slug":"specialni-cena-easy-wc-kombi-spodni-odpad-vcetne-sedatka-64580","status":"publish","type":"product","link":"https:\/\/www.domkraftpro.com\/index.php\/produkt\/specialni-cena-easy-wc-kombi-spodni-odpad-vcetne-sedatka-64580\/","title":{"rendered":"Speci\u00e1ln\u00ed Cena EASY WC kombi spodn\u00ed odpad &#8211; v\u010detn\u011b sed\u00e1tka"},"content":{"rendered":"<div id=\"e21000028\" class=\"pages\">\n<div>\n<div id=\"PDDescription\" class=\"UserContentView userContent v1a v1 bs-view dcon dc159 PDDescription\" ><dc-con><dc-con><bs-empty><\/bs-empty><\/dc-con><dc-con>        <\/p>\n<div class=\"customDescription\">                    <\/div>\n<p><\/dc-con><dc-con><\/p>\n<div>TENTO PRODUKT SE JI\u017d NEPROD\u00c1V\u00c1. JEHO N\u00c1HRADA JE PRODUKT S OBJEDNAC\u00cdM K\u00d3DEM VSD80N.<\/p>\n<p>WC kombi se spodn\u00edm odpadem s armaturou m\u00e1 dvojit\u00e9 splachov\u00e1n\u00ed. Hlavn\u00ed p\u0159ednost\u00ed t\u00e9to s\u00e9rie je funk\u010dnost a l\u00edbiv\u00fd design. <\/p>\n<p>WC kombi je dod\u00e1v\u00e1no v\u010detn\u011b sed\u00e1tka.<\/p><\/div>\n<table class='techparam_table'>\n<tr>\n<td>Typ<\/td>\n<td>WC kombi<\/td>\n<\/tr>\n<tr>\n<td>Tvar<\/td>\n<td>Obl\u00fd<\/td>\n<\/tr>\n<tr>\n<td>Barva<\/td>\n<td>B\u00edl\u00e1<\/td>\n<\/tr>\n<tr>\n<td>Odpad<\/td>\n<td>Spodn\u00ed<\/td>\n<\/tr>\n<tr>\n<td>\u0160\u00ed\u0159ka<\/td>\n<td>370 mm<\/td>\n<\/tr>\n<tr>\n<td>Oplach<\/td>\n<td>Standart<\/td>\n<\/tr>\n<tr>\n<td>Hloubka<\/td>\n<td>400 mm<\/td>\n<\/tr>\n<tr>\n<td>Materi\u00e1l<\/td>\n<td>Keramika<\/td>\n<\/tr>\n<tr>\n<td>D\u00e9lka\/V\u00fd\u0161ka<\/td>\n<td>780 mm<\/td>\n<\/tr>\n<\/table>\n<p><\/dc-con><\/dc-con><\/div>\n<\/p><\/div>\n<div id=\"PDTable3\" class=\"ProductDetailTableView v3a v3 bs-view dcon dc180 PDTable3\" >\n<table>\n<thead><\/thead>\n<tbody>\n<tr class=\"attribute attr_Odpad\">\n<td class=\"caption\">Odpad<\/td>\n<td class=\"value\">Spodn\u00ed<\/td>\n<\/tr>\n<tr class=\"attribute attr_Splachovacinadrz\">\n<td class=\"caption\">Splachovac\u00ed n\u00e1dr\u017e<\/td>\n<td class=\"value\">V\u010detn\u011b n\u00e1dr\u017ee<\/td>\n<\/tr>\n<tr class=\"attribute attr_Sedatko\">\n<td class=\"caption\">Sed\u00e1tko<\/td>\n<td class=\"value\">V\u010detn\u011b sed\u00e1tka<\/td>\n<\/tr>\n<\/tbody>\n<\/table>\n<\/div>\n<div id=\"ProductMedia\" class=\"ProductMediaView MediaViewBase v1a v1 bs-view dcon dc404 ProductMedia\" ><bs-empty><\/bs-empty><\/p>\n<div class=\"files\">\n<div class=\"title sub\">Soubory<\/div>\n<p><a href=\"\/media\/29078\/vsd-70-80-90.pdf?&amp;key=ZGpmIyQwNUZfMjkwNzg=\" class=\"pdf\">VSD 70,80,90.pdf<\/a><a href=\"\/media\/29121\/vsd70-80-90.pdf?&amp;key=ZGpmIyQwNUZfMjkxMjE=\" class=\"pdf\">VSD70_80_90.pdf<\/a><a href=\"\/media\/42918\/667564838e8f1f-vsd70-80-90-pdf-2024-01-31-06-29-37.pdf?&amp;key=ZGpmIyQwNUZfNDI5MTg=\" class=\"pdf\">667564838e8f1f-vsd70-80-90-pdf-2024-01-31-06-29-37.pdf<\/a><\/div>\n<p><bs-empty><\/bs-empty><\/div>\n<\/div>\n<div id=\"e21000029\" class=\"tabs\">\n","protected":false},"excerpt":{"rendered":"<p>TENTO PRODUKT SE JI\u017d NEPROD\u00c1V\u00c1. JEHO N\u00c1HRADA JE PRODUKT S OBJEDNAC\u00cdM K\u00d3DEM VSD80N. WC kombi se spodn\u00edm odpadem s armaturou m\u00e1 dvojit\u00e9 splachov\u00e1n\u00ed. Hlavn\u00ed p\u0159ednost\u00ed t\u00e9to s\u00e9rie je funk\u010dnost a l\u00edbiv\u00fd design. WC kombi je dod\u00e1v\u00e1no v\u010detn\u011b sed\u00e1tka. Typ WC kombi Tvar Obl\u00fd Barva B\u00edl\u00e1 Odpad Spodn\u00ed \u0160\u00ed\u0159ka 370 mm Oplach Standart Hloubka 400 mm [&hellip;]<\/p>\n","protected":false},"featured_media":64680,"comment_status":"open","ping_status":"open","template":"","meta":[],"product_brand":[],"product_cat":[101],"product_tag":[],"class_list":{"0":"post-64580","1":"product","2":"type-product","3":"status-publish","4":"has-post-thumbnail","6":"product_cat-vybaven-237-koupelny","8":"first","9":"instock","10":"sale","11":"shipping-taxable","12":"purchasable","13":"product-type-simple"},"yoast_head":"<!-- This site is optimized with the Yoast SEO plugin v26.8 - https:\/\/yoast.com\/product\/yoast-seo-wordpress\/ -->\n<title>Speci\u00e1ln\u00ed Cena EASY WC kombi spodn\u00ed odpad - v\u010detn\u011b sed\u00e1tka -<\/title>\n<meta name=\"robots\" content=\"index, follow, max-snippet:-1, max-image-preview:large, max-video-preview:-1\" \/>\n<link rel=\"canonical\" href=\"https:\/\/www.domkraftpro.com\/index.php\/produkt\/specialni-cena-easy-wc-kombi-spodni-odpad-vcetne-sedatka-64580\/\" \/>\n<meta property=\"og:locale\" content=\"cs_CZ\" \/>\n<meta property=\"og:type\" content=\"article\" \/>\n<meta property=\"og:title\" content=\"Speci\u00e1ln\u00ed Cena EASY WC kombi spodn\u00ed odpad - v\u010detn\u011b sed\u00e1tka -\" \/>\n<meta property=\"og:description\" content=\"TENTO PRODUKT SE JI\u017d NEPROD\u00c1V\u00c1. JEHO N\u00c1HRADA JE PRODUKT S OBJEDNAC\u00cdM K\u00d3DEM VSD80N. WC kombi se spodn\u00edm odpadem s armaturou m\u00e1 dvojit\u00e9 splachov\u00e1n\u00ed. Hlavn\u00ed p\u0159ednost\u00ed t\u00e9to s\u00e9rie je funk\u010dnost a l\u00edbiv\u00fd design. WC kombi je dod\u00e1v\u00e1no v\u010detn\u011b sed\u00e1tka. Typ WC kombi Tvar Obl\u00fd Barva B\u00edl\u00e1 Odpad Spodn\u00ed \u0160\u00ed\u0159ka 370 mm Oplach Standart Hloubka 400 mm [&hellip;]\" \/>\n<meta property=\"og:url\" content=\"https:\/\/www.domkraftpro.com\/index.php\/produkt\/specialni-cena-easy-wc-kombi-spodni-odpad-vcetne-sedatka-64580\/\" \/>\n<meta property=\"og:image\" content=\"https:\/\/www.domkraftpro.com\/wp-content\/uploads\/2026\/SK0007245-CZ20260425-093449-0-1777080895-easy-wc-kombi-spodni-odpad-vcetne-sedatka.webp\" \/>\n\t<meta property=\"og:image:width\" content=\"1000\" \/>\n\t<meta property=\"og:image:height\" content=\"525\" \/>\n\t<meta property=\"og:image:type\" content=\"image\/webp\" \/>\n<meta name=\"twitter:card\" content=\"summary_large_image\" \/>\n<script type=\"application\/ld+json\" class=\"yoast-schema-graph\">{\"@context\":\"https:\/\/schema.org\",\"@graph\":[{\"@type\":\"WebPage\",\"@id\":\"https:\/\/www.domkraftpro.com\/index.php\/produkt\/specialni-cena-easy-wc-kombi-spodni-odpad-vcetne-sedatka-64580\/\",\"url\":\"https:\/\/www.domkraftpro.com\/index.php\/produkt\/specialni-cena-easy-wc-kombi-spodni-odpad-vcetne-sedatka-64580\/\",\"name\":\"Speci\u00e1ln\u00ed Cena EASY WC kombi spodn\u00ed odpad - v\u010detn\u011b sed\u00e1tka -\",\"isPartOf\":{\"@id\":\"https:\/\/www.domkraftpro.com\/#website\"},\"primaryImageOfPage\":{\"@id\":\"https:\/\/www.domkraftpro.com\/index.php\/produkt\/specialni-cena-easy-wc-kombi-spodni-odpad-vcetne-sedatka-64580\/#primaryimage\"},\"image\":{\"@id\":\"https:\/\/www.domkraftpro.com\/index.php\/produkt\/specialni-cena-easy-wc-kombi-spodni-odpad-vcetne-sedatka-64580\/#primaryimage\"},\"thumbnailUrl\":\"https:\/\/www.domkraftpro.com\/wp-content\/uploads\/2026\/SK0007245-CZ20260425-093449-0-1777080895-easy-wc-kombi-spodni-odpad-vcetne-sedatka.webp\",\"datePublished\":\"2026-04-27T04:43:20+00:00\",\"breadcrumb\":{\"@id\":\"https:\/\/www.domkraftpro.com\/index.php\/produkt\/specialni-cena-easy-wc-kombi-spodni-odpad-vcetne-sedatka-64580\/#breadcrumb\"},\"inLanguage\":\"cs\",\"potentialAction\":[{\"@type\":\"ReadAction\",\"target\":[\"https:\/\/www.domkraftpro.com\/index.php\/produkt\/specialni-cena-easy-wc-kombi-spodni-odpad-vcetne-sedatka-64580\/\"]}]},{\"@type\":\"ImageObject\",\"inLanguage\":\"cs\",\"@id\":\"https:\/\/www.domkraftpro.com\/index.php\/produkt\/specialni-cena-easy-wc-kombi-spodni-odpad-vcetne-sedatka-64580\/#primaryimage\",\"url\":\"https:\/\/www.domkraftpro.com\/wp-content\/uploads\/2026\/SK0007245-CZ20260425-093449-0-1777080895-easy-wc-kombi-spodni-odpad-vcetne-sedatka.webp\",\"contentUrl\":\"https:\/\/www.domkraftpro.com\/wp-content\/uploads\/2026\/SK0007245-CZ20260425-093449-0-1777080895-easy-wc-kombi-spodni-odpad-vcetne-sedatka.webp\",\"width\":1000,\"height\":525},{\"@type\":\"BreadcrumbList\",\"@id\":\"https:\/\/www.domkraftpro.com\/index.php\/produkt\/specialni-cena-easy-wc-kombi-spodni-odpad-vcetne-sedatka-64580\/#breadcrumb\",\"itemListElement\":[{\"@type\":\"ListItem\",\"position\":1,\"name\":\"Home\",\"item\":\"https:\/\/www.domkraftpro.com\/\"},{\"@type\":\"ListItem\",\"position\":2,\"name\":\"Products\",\"item\":\"https:\/\/www.domkraftpro.com\/index.php\/products\/\"},{\"@type\":\"ListItem\",\"position\":3,\"name\":\"Speci\u00e1ln\u00ed Cena EASY WC kombi spodn\u00ed odpad &#8211; v\u010detn\u011b sed\u00e1tka\"}]},{\"@type\":\"WebSite\",\"@id\":\"https:\/\/www.domkraftpro.com\/#website\",\"url\":\"https:\/\/www.domkraftpro.com\/\",\"name\":\"\",\"description\":\"\",\"potentialAction\":[{\"@type\":\"SearchAction\",\"target\":{\"@type\":\"EntryPoint\",\"urlTemplate\":\"https:\/\/www.domkraftpro.com\/?s={search_term_string}\"},\"query-input\":{\"@type\":\"PropertyValueSpecification\",\"valueRequired\":true,\"valueName\":\"search_term_string\"}}],\"inLanguage\":\"cs\"}]}<\/script>\n<!-- \/ Yoast SEO plugin. -->","yoast_head_json":{"title":"Speci\u00e1ln\u00ed Cena EASY WC kombi spodn\u00ed odpad - v\u010detn\u011b sed\u00e1tka -","robots":{"index":"index","follow":"follow","max-snippet":"max-snippet:-1","max-image-preview":"max-image-preview:large","max-video-preview":"max-video-preview:-1"},"canonical":"https:\/\/www.domkraftpro.com\/index.php\/produkt\/specialni-cena-easy-wc-kombi-spodni-odpad-vcetne-sedatka-64580\/","og_locale":"cs_CZ","og_type":"article","og_title":"Speci\u00e1ln\u00ed Cena EASY WC kombi spodn\u00ed odpad - v\u010detn\u011b sed\u00e1tka -","og_description":"TENTO PRODUKT SE JI\u017d NEPROD\u00c1V\u00c1. JEHO N\u00c1HRADA JE PRODUKT S OBJEDNAC\u00cdM K\u00d3DEM VSD80N. WC kombi se spodn\u00edm odpadem s armaturou m\u00e1 dvojit\u00e9 splachov\u00e1n\u00ed. Hlavn\u00ed p\u0159ednost\u00ed t\u00e9to s\u00e9rie je funk\u010dnost a l\u00edbiv\u00fd design. WC kombi je dod\u00e1v\u00e1no v\u010detn\u011b sed\u00e1tka. Typ WC kombi Tvar Obl\u00fd Barva B\u00edl\u00e1 Odpad Spodn\u00ed \u0160\u00ed\u0159ka 370 mm Oplach Standart Hloubka 400 mm [&hellip;]","og_url":"https:\/\/www.domkraftpro.com\/index.php\/produkt\/specialni-cena-easy-wc-kombi-spodni-odpad-vcetne-sedatka-64580\/","og_image":[{"width":1000,"height":525,"url":"https:\/\/www.domkraftpro.com\/wp-content\/uploads\/2026\/SK0007245-CZ20260425-093449-0-1777080895-easy-wc-kombi-spodni-odpad-vcetne-sedatka.webp","type":"image\/webp"}],"twitter_card":"summary_large_image","schema":{"@context":"https:\/\/schema.org","@graph":[{"@type":"WebPage","@id":"https:\/\/www.domkraftpro.com\/index.php\/produkt\/specialni-cena-easy-wc-kombi-spodni-odpad-vcetne-sedatka-64580\/","url":"https:\/\/www.domkraftpro.com\/index.php\/produkt\/specialni-cena-easy-wc-kombi-spodni-odpad-vcetne-sedatka-64580\/","name":"Speci\u00e1ln\u00ed Cena EASY WC kombi spodn\u00ed odpad - v\u010detn\u011b sed\u00e1tka -","isPartOf":{"@id":"https:\/\/www.domkraftpro.com\/#website"},"primaryImageOfPage":{"@id":"https:\/\/www.domkraftpro.com\/index.php\/produkt\/specialni-cena-easy-wc-kombi-spodni-odpad-vcetne-sedatka-64580\/#primaryimage"},"image":{"@id":"https:\/\/www.domkraftpro.com\/index.php\/produkt\/specialni-cena-easy-wc-kombi-spodni-odpad-vcetne-sedatka-64580\/#primaryimage"},"thumbnailUrl":"https:\/\/www.domkraftpro.com\/wp-content\/uploads\/2026\/SK0007245-CZ20260425-093449-0-1777080895-easy-wc-kombi-spodni-odpad-vcetne-sedatka.webp","datePublished":"2026-04-27T04:43:20+00:00","breadcrumb":{"@id":"https:\/\/www.domkraftpro.com\/index.php\/produkt\/specialni-cena-easy-wc-kombi-spodni-odpad-vcetne-sedatka-64580\/#breadcrumb"},"inLanguage":"cs","potentialAction":[{"@type":"ReadAction","target":["https:\/\/www.domkraftpro.com\/index.php\/produkt\/specialni-cena-easy-wc-kombi-spodni-odpad-vcetne-sedatka-64580\/"]}]},{"@type":"ImageObject","inLanguage":"cs","@id":"https:\/\/www.domkraftpro.com\/index.php\/produkt\/specialni-cena-easy-wc-kombi-spodni-odpad-vcetne-sedatka-64580\/#primaryimage","url":"https:\/\/www.domkraftpro.com\/wp-content\/uploads\/2026\/SK0007245-CZ20260425-093449-0-1777080895-easy-wc-kombi-spodni-odpad-vcetne-sedatka.webp","contentUrl":"https:\/\/www.domkraftpro.com\/wp-content\/uploads\/2026\/SK0007245-CZ20260425-093449-0-1777080895-easy-wc-kombi-spodni-odpad-vcetne-sedatka.webp","width":1000,"height":525},{"@type":"BreadcrumbList","@id":"https:\/\/www.domkraftpro.com\/index.php\/produkt\/specialni-cena-easy-wc-kombi-spodni-odpad-vcetne-sedatka-64580\/#breadcrumb","itemListElement":[{"@type":"ListItem","position":1,"name":"Home","item":"https:\/\/www.domkraftpro.com\/"},{"@type":"ListItem","position":2,"name":"Products","item":"https:\/\/www.domkraftpro.com\/index.php\/products\/"},{"@type":"ListItem","position":3,"name":"Speci\u00e1ln\u00ed Cena EASY WC kombi spodn\u00ed odpad &#8211; v\u010detn\u011b sed\u00e1tka"}]},{"@type":"WebSite","@id":"https:\/\/www.domkraftpro.com\/#website","url":"https:\/\/www.domkraftpro.com\/","name":"","description":"","potentialAction":[{"@type":"SearchAction","target":{"@type":"EntryPoint","urlTemplate":"https:\/\/www.domkraftpro.com\/?s={search_term_string}"},"query-input":{"@type":"PropertyValueSpecification","valueRequired":true,"valueName":"search_term_string"}}],"inLanguage":"cs"}]}},"_links":{"self":[{"href":"https:\/\/www.domkraftpro.com\/index.php\/wp-json\/wp\/v2\/product\/64580","targetHints":{"allow":["GET"]}}],"collection":[{"href":"https:\/\/www.domkraftpro.com\/index.php\/wp-json\/wp\/v2\/product"}],"about":[{"href":"https:\/\/www.domkraftpro.com\/index.php\/wp-json\/wp\/v2\/types\/product"}],"replies":[{"embeddable":true,"href":"https:\/\/www.domkraftpro.com\/index.php\/wp-json\/wp\/v2\/comments?post=64580"}],"wp:featuredmedia":[{"embeddable":true,"href":"https:\/\/www.domkraftpro.com\/index.php\/wp-json\/wp\/v2\/media\/64680"}],"wp:attachment":[{"href":"https:\/\/www.domkraftpro.com\/index.php\/wp-json\/wp\/v2\/media?parent=64580"}],"wp:term":[{"taxonomy":"product_brand","embeddable":true,"href":"https:\/\/www.domkraftpro.com\/index.php\/wp-json\/wp\/v2\/product_brand?post=64580"},{"taxonomy":"product_cat","embeddable":true,"href":"https:\/\/www.domkraftpro.com\/index.php\/wp-json\/wp\/v2\/product_cat?post=64580"},{"taxonomy":"product_tag","embeddable":true,"href":"https:\/\/www.domkraftpro.com\/index.php\/wp-json\/wp\/v2\/product_tag?post=64580"}],"curies":[{"name":"wp","href":"https:\/\/api.w.org\/{rel}","templated":true}]}}