{"id":60548,"date":"2026-04-27T04:43:09","date_gmt":"2026-04-27T04:43:09","guid":{"rendered":""},"modified":"2026-04-27T04:43:09","modified_gmt":"2026-04-27T04:43:09","slug":"znackovy-creavit-handicap-wc-misa-kombi-zvyseny-sedak-spodni-odpad-36-5x67-2cm-bila-bd305-60548","status":"publish","type":"product","link":"https:\/\/www.domkraftpro.com\/index.php\/produkt\/znackovy-creavit-handicap-wc-misa-kombi-zvyseny-sedak-spodni-odpad-36-5x67-2cm-bila-bd305-60548\/","title":{"rendered":"Zna\u010dkov\u00fd CREAVIT HANDICAP WC m\u00edsa kombi, zv\u00fd\u0161en\u00fd sed\u00e1k, spodn\u00ed odpad, 36, 5&#215;67, 2cm, b\u00edl\u00e1 BD305"},"content":{"rendered":"<h3>Dopl\u0148kov\u00e9 parametry<\/h3>\n<table class=\"detail-parameters\">\n<tbody>\n<tr>\n<th>        <span class=\"row-header-label\">            Kategorie<span class=\"row-header-label-colon\">:<\/span>        <\/span>    <\/th>\n<td>        Sanit\u00e1rn\u00ed keramika    <\/td>\n<\/tr>\n<tr>\n<th>            <span class=\"row-header-label\">                Hmotnost<span class=\"row-header-label-colon\">:<\/span>            <\/span>        <\/th>\n<td>            30.2 kg        <\/td>\n<\/tr>\n<tr class=\"productEan\">\n<th>          <span class=\"row-header-label productEan__label\">              EAN<span class=\"row-header-label-colon\">:<\/span>          <\/span>      <\/th>\n<td>          <span class=\"productEan__value\">8698531160496<\/span>      <\/td>\n<\/tr>\n<tr>\n<th>                <span class=\"row-header-label\">                                            Balen\u00ed<span class=\"row-header-label-colon\">:<\/span>                                    <\/span>            <\/th>\n<td>                                                            1 ks                                                <\/td>\n<\/tr>\n<tr>\n<th>                <span class=\"row-header-label\">                                            Balen\u00ed neobsahuje<span class=\"row-header-label-colon\">:<\/span>                                    <\/span>            <\/th>\n<td>                                                            WC sed\u00e1tko,                                                                                 Kotv\u00edc\u00ed sada                                                <\/td>\n<\/tr>\n<tr>\n<th>                <span class=\"row-header-label\">                                            Barva<span class=\"row-header-label-colon\">:<\/span>                                    <\/span>            <\/th>\n<td>                                                            B\u00edl\u00e1                                                <\/td>\n<\/tr>\n<tr>\n<th>                <span class=\"row-header-label\">                                            Hloubka<span class=\"row-header-label-colon\">:<\/span>                                    <\/span>            <\/th>\n<td>                                                            672 mm                                                <\/td>\n<\/tr>\n<tr>\n<th>                <span class=\"row-header-label\">                                            Hmotnost<span class=\"row-header-label-colon\">:<\/span>                                    <\/span>            <\/th>\n<td>                                                            30.2 kg                                                <\/td>\n<\/tr>\n<tr>\n<th>                <span class=\"row-header-label\">                                            Materi\u00e1l<span class=\"row-header-label-colon\">:<\/span>                                    <\/span>            <\/th>\n<td>                                                            Keramika                                                <\/td>\n<\/tr>\n<tr>\n<th>                <span class=\"row-header-label\">                                            Ostatn\u00ed<span class=\"row-header-label-colon\">:<\/span>                                    <\/span>            <\/th>\n<td>                                                            Odpad spodn\u00ed                                                <\/td>\n<\/tr>\n<tr>\n<th>                <span class=\"row-header-label\">                                            Rozm\u011br<span class=\"row-header-label-colon\">:<\/span>                                    <\/span>            <\/th>\n<td>                                                            36,5&#215;45,5&#215;67,2 cm                                                <\/td>\n<\/tr>\n<tr>\n<th>                <span class=\"row-header-label\">                                            \u0160\u00ed\u0159ka<span class=\"row-header-label-colon\">:<\/span>                                    <\/span>            <\/th>\n<td>                                                            365 mm                                                <\/td>\n<\/tr>\n<tr>\n<th>                <span class=\"row-header-label\">                                            Technologie splachov\u00e1n\u00ed<span class=\"row-header-label-colon\">:<\/span>                                    <\/span>            <\/th>\n<td>                                                            Standard                                                <\/td>\n<\/tr>\n<tr>\n<th>                <span class=\"row-header-label\">                                            Tvar<span class=\"row-header-label-colon\">:<\/span>                                    <\/span>            <\/th>\n<td>                                                            Klasik                                                <\/td>\n<\/tr>\n<tr>\n<th>                <span class=\"row-header-label\">                                            V\u00fd\u0161ka<span class=\"row-header-label-colon\">:<\/span>                                    <\/span>            <\/th>\n<td>                                                            455 mm                                                <\/td>\n<\/tr>\n<tr>\n<th>                <span class=\"row-header-label\">                                            Z\u00e1ru\u010dn\u00ed doba<span class=\"row-header-label-colon\">:<\/span>                                    <\/span>            <\/th>\n<td>                                                            2 roky                                                <\/td>\n<\/tr>\n<tr>\n<th>                <span class=\"row-header-label\">                                            Balen\u00ed &#8211; hmotnost<span class=\"row-header-label-colon\">:<\/span>                                    <\/span>            <\/th>\n<td>                                                            30.200 kg                                                <\/td>\n<\/tr>\n<tr>\n<th>                <span class=\"row-header-label\">                                            Balen\u00ed &#8211; \u0161\u00ed\u0159ka<span class=\"row-header-label-colon\">:<\/span>                                    <\/span>            <\/th>\n<td>                                                            370 mm                                                <\/td>\n<\/tr>\n<tr>\n<th>                <span class=\"row-header-label\">                                            Balen\u00ed &#8211; tlou\u0161\u0165ka<span class=\"row-header-label-colon\">:<\/span>                                    <\/span>            <\/th>\n<td>                                                            480 mm                                                <\/td>\n<\/tr>\n<tr>\n<th>                <span class=\"row-header-label\">                                            Balen\u00ed &#8211; v\u00fd\u0161ka<span class=\"row-header-label-colon\">:<\/span>                                    <\/span>            <\/th>\n<td>                                                            680 mm                                                <\/td>\n<\/tr>\n<\/tbody>\n<\/table><\/div>\n<\/p><\/div>\n<\/p><\/div>\n","protected":false},"excerpt":{"rendered":"<p>Dopl\u0148kov\u00e9 parametry Kategorie: Sanit\u00e1rn\u00ed keramika Hmotnost: 30.2 kg EAN: 8698531160496 Balen\u00ed: 1 ks Balen\u00ed neobsahuje: WC sed\u00e1tko, Kotv\u00edc\u00ed sada Barva: B\u00edl\u00e1 Hloubka: 672 mm Hmotnost: 30.2 kg Materi\u00e1l: Keramika Ostatn\u00ed: Odpad spodn\u00ed Rozm\u011br: 36,5&#215;45,5&#215;67,2 cm \u0160\u00ed\u0159ka: 365 mm Technologie splachov\u00e1n\u00ed: Standard Tvar: Klasik V\u00fd\u0161ka: 455 mm Z\u00e1ru\u010dn\u00ed doba: 2 roky Balen\u00ed &#8211; hmotnost: 30.200 kg [&hellip;]<\/p>\n","protected":false},"featured_media":60648,"comment_status":"open","ping_status":"open","template":"","meta":[],"product_brand":[],"product_cat":[90],"product_tag":[],"class_list":{"0":"post-60548","1":"product","2":"type-product","3":"status-publish","4":"has-post-thumbnail","6":"product_cat-koupelny","8":"first","9":"instock","10":"sale","11":"shipping-taxable","12":"purchasable","13":"product-type-simple"},"yoast_head":"<!-- This site is optimized with the Yoast SEO plugin v26.8 - https:\/\/yoast.com\/product\/yoast-seo-wordpress\/ -->\n<title>Zna\u010dkov\u00fd CREAVIT HANDICAP WC m\u00edsa kombi, zv\u00fd\u0161en\u00fd sed\u00e1k, spodn\u00ed odpad, 36, 5x67, 2cm, b\u00edl\u00e1 BD305 -<\/title>\n<meta name=\"robots\" content=\"index, follow, max-snippet:-1, max-image-preview:large, max-video-preview:-1\" \/>\n<link rel=\"canonical\" href=\"https:\/\/www.domkraftpro.com\/index.php\/produkt\/znackovy-creavit-handicap-wc-misa-kombi-zvyseny-sedak-spodni-odpad-36-5x67-2cm-bila-bd305-60548\/\" \/>\n<meta property=\"og:locale\" content=\"cs_CZ\" \/>\n<meta property=\"og:type\" content=\"article\" \/>\n<meta property=\"og:title\" content=\"Zna\u010dkov\u00fd CREAVIT HANDICAP WC m\u00edsa kombi, zv\u00fd\u0161en\u00fd sed\u00e1k, spodn\u00ed odpad, 36, 5x67, 2cm, b\u00edl\u00e1 BD305 -\" \/>\n<meta property=\"og:description\" content=\"Dopl\u0148kov\u00e9 parametry Kategorie: Sanit\u00e1rn\u00ed keramika Hmotnost: 30.2 kg EAN: 8698531160496 Balen\u00ed: 1 ks Balen\u00ed neobsahuje: WC sed\u00e1tko, Kotv\u00edc\u00ed sada Barva: B\u00edl\u00e1 Hloubka: 672 mm Hmotnost: 30.2 kg Materi\u00e1l: Keramika Ostatn\u00ed: Odpad spodn\u00ed Rozm\u011br: 36,5&#215;45,5&#215;67,2 cm \u0160\u00ed\u0159ka: 365 mm Technologie splachov\u00e1n\u00ed: Standard Tvar: Klasik V\u00fd\u0161ka: 455 mm Z\u00e1ru\u010dn\u00ed doba: 2 roky Balen\u00ed &#8211; hmotnost: 30.200 kg [&hellip;]\" \/>\n<meta property=\"og:url\" content=\"https:\/\/www.domkraftpro.com\/index.php\/produkt\/znackovy-creavit-handicap-wc-misa-kombi-zvyseny-sedak-spodni-odpad-36-5x67-2cm-bila-bd305-60548\/\" \/>\n<meta property=\"og:image\" content=\"https:\/\/www.domkraftpro.com\/wp-content\/uploads\/2026\/SK0007891-CZ20260425-093136-0-1777080698-27723_bd305-226211632513319.webp\" \/>\n\t<meta property=\"og:image:width\" content=\"1000\" \/>\n\t<meta property=\"og:image:height\" content=\"750\" \/>\n\t<meta property=\"og:image:type\" content=\"image\/webp\" \/>\n<meta name=\"twitter:card\" content=\"summary_large_image\" \/>\n<script type=\"application\/ld+json\" class=\"yoast-schema-graph\">{\"@context\":\"https:\/\/schema.org\",\"@graph\":[{\"@type\":\"WebPage\",\"@id\":\"https:\/\/www.domkraftpro.com\/index.php\/produkt\/znackovy-creavit-handicap-wc-misa-kombi-zvyseny-sedak-spodni-odpad-36-5x67-2cm-bila-bd305-60548\/\",\"url\":\"https:\/\/www.domkraftpro.com\/index.php\/produkt\/znackovy-creavit-handicap-wc-misa-kombi-zvyseny-sedak-spodni-odpad-36-5x67-2cm-bila-bd305-60548\/\",\"name\":\"Zna\u010dkov\u00fd CREAVIT HANDICAP WC m\u00edsa kombi, zv\u00fd\u0161en\u00fd sed\u00e1k, spodn\u00ed odpad, 36, 5x67, 2cm, b\u00edl\u00e1 BD305 -\",\"isPartOf\":{\"@id\":\"https:\/\/www.domkraftpro.com\/#website\"},\"primaryImageOfPage\":{\"@id\":\"https:\/\/www.domkraftpro.com\/index.php\/produkt\/znackovy-creavit-handicap-wc-misa-kombi-zvyseny-sedak-spodni-odpad-36-5x67-2cm-bila-bd305-60548\/#primaryimage\"},\"image\":{\"@id\":\"https:\/\/www.domkraftpro.com\/index.php\/produkt\/znackovy-creavit-handicap-wc-misa-kombi-zvyseny-sedak-spodni-odpad-36-5x67-2cm-bila-bd305-60548\/#primaryimage\"},\"thumbnailUrl\":\"https:\/\/www.domkraftpro.com\/wp-content\/uploads\/2026\/SK0007891-CZ20260425-093136-0-1777080698-27723_bd305-226211632513319.webp\",\"datePublished\":\"2026-04-27T04:43:09+00:00\",\"breadcrumb\":{\"@id\":\"https:\/\/www.domkraftpro.com\/index.php\/produkt\/znackovy-creavit-handicap-wc-misa-kombi-zvyseny-sedak-spodni-odpad-36-5x67-2cm-bila-bd305-60548\/#breadcrumb\"},\"inLanguage\":\"cs\",\"potentialAction\":[{\"@type\":\"ReadAction\",\"target\":[\"https:\/\/www.domkraftpro.com\/index.php\/produkt\/znackovy-creavit-handicap-wc-misa-kombi-zvyseny-sedak-spodni-odpad-36-5x67-2cm-bila-bd305-60548\/\"]}]},{\"@type\":\"ImageObject\",\"inLanguage\":\"cs\",\"@id\":\"https:\/\/www.domkraftpro.com\/index.php\/produkt\/znackovy-creavit-handicap-wc-misa-kombi-zvyseny-sedak-spodni-odpad-36-5x67-2cm-bila-bd305-60548\/#primaryimage\",\"url\":\"https:\/\/www.domkraftpro.com\/wp-content\/uploads\/2026\/SK0007891-CZ20260425-093136-0-1777080698-27723_bd305-226211632513319.webp\",\"contentUrl\":\"https:\/\/www.domkraftpro.com\/wp-content\/uploads\/2026\/SK0007891-CZ20260425-093136-0-1777080698-27723_bd305-226211632513319.webp\",\"width\":1000,\"height\":750},{\"@type\":\"BreadcrumbList\",\"@id\":\"https:\/\/www.domkraftpro.com\/index.php\/produkt\/znackovy-creavit-handicap-wc-misa-kombi-zvyseny-sedak-spodni-odpad-36-5x67-2cm-bila-bd305-60548\/#breadcrumb\",\"itemListElement\":[{\"@type\":\"ListItem\",\"position\":1,\"name\":\"Home\",\"item\":\"https:\/\/www.domkraftpro.com\/\"},{\"@type\":\"ListItem\",\"position\":2,\"name\":\"Products\",\"item\":\"https:\/\/www.domkraftpro.com\/index.php\/products\/\"},{\"@type\":\"ListItem\",\"position\":3,\"name\":\"Zna\u010dkov\u00fd CREAVIT HANDICAP WC m\u00edsa kombi, zv\u00fd\u0161en\u00fd sed\u00e1k, spodn\u00ed odpad, 36, 5&#215;67, 2cm, b\u00edl\u00e1 BD305\"}]},{\"@type\":\"WebSite\",\"@id\":\"https:\/\/www.domkraftpro.com\/#website\",\"url\":\"https:\/\/www.domkraftpro.com\/\",\"name\":\"\",\"description\":\"\",\"potentialAction\":[{\"@type\":\"SearchAction\",\"target\":{\"@type\":\"EntryPoint\",\"urlTemplate\":\"https:\/\/www.domkraftpro.com\/?s={search_term_string}\"},\"query-input\":{\"@type\":\"PropertyValueSpecification\",\"valueRequired\":true,\"valueName\":\"search_term_string\"}}],\"inLanguage\":\"cs\"}]}<\/script>\n<!-- \/ Yoast SEO plugin. -->","yoast_head_json":{"title":"Zna\u010dkov\u00fd CREAVIT HANDICAP WC m\u00edsa kombi, zv\u00fd\u0161en\u00fd sed\u00e1k, spodn\u00ed odpad, 36, 5x67, 2cm, b\u00edl\u00e1 BD305 -","robots":{"index":"index","follow":"follow","max-snippet":"max-snippet:-1","max-image-preview":"max-image-preview:large","max-video-preview":"max-video-preview:-1"},"canonical":"https:\/\/www.domkraftpro.com\/index.php\/produkt\/znackovy-creavit-handicap-wc-misa-kombi-zvyseny-sedak-spodni-odpad-36-5x67-2cm-bila-bd305-60548\/","og_locale":"cs_CZ","og_type":"article","og_title":"Zna\u010dkov\u00fd CREAVIT HANDICAP WC m\u00edsa kombi, zv\u00fd\u0161en\u00fd sed\u00e1k, spodn\u00ed odpad, 36, 5x67, 2cm, b\u00edl\u00e1 BD305 -","og_description":"Dopl\u0148kov\u00e9 parametry Kategorie: Sanit\u00e1rn\u00ed keramika Hmotnost: 30.2 kg EAN: 8698531160496 Balen\u00ed: 1 ks Balen\u00ed neobsahuje: WC sed\u00e1tko, Kotv\u00edc\u00ed sada Barva: B\u00edl\u00e1 Hloubka: 672 mm Hmotnost: 30.2 kg Materi\u00e1l: Keramika Ostatn\u00ed: Odpad spodn\u00ed Rozm\u011br: 36,5&#215;45,5&#215;67,2 cm \u0160\u00ed\u0159ka: 365 mm Technologie splachov\u00e1n\u00ed: Standard Tvar: Klasik V\u00fd\u0161ka: 455 mm Z\u00e1ru\u010dn\u00ed doba: 2 roky Balen\u00ed &#8211; hmotnost: 30.200 kg [&hellip;]","og_url":"https:\/\/www.domkraftpro.com\/index.php\/produkt\/znackovy-creavit-handicap-wc-misa-kombi-zvyseny-sedak-spodni-odpad-36-5x67-2cm-bila-bd305-60548\/","og_image":[{"width":1000,"height":750,"url":"https:\/\/www.domkraftpro.com\/wp-content\/uploads\/2026\/SK0007891-CZ20260425-093136-0-1777080698-27723_bd305-226211632513319.webp","type":"image\/webp"}],"twitter_card":"summary_large_image","schema":{"@context":"https:\/\/schema.org","@graph":[{"@type":"WebPage","@id":"https:\/\/www.domkraftpro.com\/index.php\/produkt\/znackovy-creavit-handicap-wc-misa-kombi-zvyseny-sedak-spodni-odpad-36-5x67-2cm-bila-bd305-60548\/","url":"https:\/\/www.domkraftpro.com\/index.php\/produkt\/znackovy-creavit-handicap-wc-misa-kombi-zvyseny-sedak-spodni-odpad-36-5x67-2cm-bila-bd305-60548\/","name":"Zna\u010dkov\u00fd CREAVIT HANDICAP WC m\u00edsa kombi, zv\u00fd\u0161en\u00fd sed\u00e1k, spodn\u00ed odpad, 36, 5x67, 2cm, b\u00edl\u00e1 BD305 -","isPartOf":{"@id":"https:\/\/www.domkraftpro.com\/#website"},"primaryImageOfPage":{"@id":"https:\/\/www.domkraftpro.com\/index.php\/produkt\/znackovy-creavit-handicap-wc-misa-kombi-zvyseny-sedak-spodni-odpad-36-5x67-2cm-bila-bd305-60548\/#primaryimage"},"image":{"@id":"https:\/\/www.domkraftpro.com\/index.php\/produkt\/znackovy-creavit-handicap-wc-misa-kombi-zvyseny-sedak-spodni-odpad-36-5x67-2cm-bila-bd305-60548\/#primaryimage"},"thumbnailUrl":"https:\/\/www.domkraftpro.com\/wp-content\/uploads\/2026\/SK0007891-CZ20260425-093136-0-1777080698-27723_bd305-226211632513319.webp","datePublished":"2026-04-27T04:43:09+00:00","breadcrumb":{"@id":"https:\/\/www.domkraftpro.com\/index.php\/produkt\/znackovy-creavit-handicap-wc-misa-kombi-zvyseny-sedak-spodni-odpad-36-5x67-2cm-bila-bd305-60548\/#breadcrumb"},"inLanguage":"cs","potentialAction":[{"@type":"ReadAction","target":["https:\/\/www.domkraftpro.com\/index.php\/produkt\/znackovy-creavit-handicap-wc-misa-kombi-zvyseny-sedak-spodni-odpad-36-5x67-2cm-bila-bd305-60548\/"]}]},{"@type":"ImageObject","inLanguage":"cs","@id":"https:\/\/www.domkraftpro.com\/index.php\/produkt\/znackovy-creavit-handicap-wc-misa-kombi-zvyseny-sedak-spodni-odpad-36-5x67-2cm-bila-bd305-60548\/#primaryimage","url":"https:\/\/www.domkraftpro.com\/wp-content\/uploads\/2026\/SK0007891-CZ20260425-093136-0-1777080698-27723_bd305-226211632513319.webp","contentUrl":"https:\/\/www.domkraftpro.com\/wp-content\/uploads\/2026\/SK0007891-CZ20260425-093136-0-1777080698-27723_bd305-226211632513319.webp","width":1000,"height":750},{"@type":"BreadcrumbList","@id":"https:\/\/www.domkraftpro.com\/index.php\/produkt\/znackovy-creavit-handicap-wc-misa-kombi-zvyseny-sedak-spodni-odpad-36-5x67-2cm-bila-bd305-60548\/#breadcrumb","itemListElement":[{"@type":"ListItem","position":1,"name":"Home","item":"https:\/\/www.domkraftpro.com\/"},{"@type":"ListItem","position":2,"name":"Products","item":"https:\/\/www.domkraftpro.com\/index.php\/products\/"},{"@type":"ListItem","position":3,"name":"Zna\u010dkov\u00fd CREAVIT HANDICAP WC m\u00edsa kombi, zv\u00fd\u0161en\u00fd sed\u00e1k, spodn\u00ed odpad, 36, 5&#215;67, 2cm, b\u00edl\u00e1 BD305"}]},{"@type":"WebSite","@id":"https:\/\/www.domkraftpro.com\/#website","url":"https:\/\/www.domkraftpro.com\/","name":"","description":"","potentialAction":[{"@type":"SearchAction","target":{"@type":"EntryPoint","urlTemplate":"https:\/\/www.domkraftpro.com\/?s={search_term_string}"},"query-input":{"@type":"PropertyValueSpecification","valueRequired":true,"valueName":"search_term_string"}}],"inLanguage":"cs"}]}},"_links":{"self":[{"href":"https:\/\/www.domkraftpro.com\/index.php\/wp-json\/wp\/v2\/product\/60548","targetHints":{"allow":["GET"]}}],"collection":[{"href":"https:\/\/www.domkraftpro.com\/index.php\/wp-json\/wp\/v2\/product"}],"about":[{"href":"https:\/\/www.domkraftpro.com\/index.php\/wp-json\/wp\/v2\/types\/product"}],"replies":[{"embeddable":true,"href":"https:\/\/www.domkraftpro.com\/index.php\/wp-json\/wp\/v2\/comments?post=60548"}],"wp:featuredmedia":[{"embeddable":true,"href":"https:\/\/www.domkraftpro.com\/index.php\/wp-json\/wp\/v2\/media\/60648"}],"wp:attachment":[{"href":"https:\/\/www.domkraftpro.com\/index.php\/wp-json\/wp\/v2\/media?parent=60548"}],"wp:term":[{"taxonomy":"product_brand","embeddable":true,"href":"https:\/\/www.domkraftpro.com\/index.php\/wp-json\/wp\/v2\/product_brand?post=60548"},{"taxonomy":"product_cat","embeddable":true,"href":"https:\/\/www.domkraftpro.com\/index.php\/wp-json\/wp\/v2\/product_cat?post=60548"},{"taxonomy":"product_tag","embeddable":true,"href":"https:\/\/www.domkraftpro.com\/index.php\/wp-json\/wp\/v2\/product_tag?post=60548"}],"curies":[{"name":"wp","href":"https:\/\/api.w.org\/{rel}","templated":true}]}}