{"id":58097,"date":"2026-04-27T04:43:02","date_gmt":"2026-04-27T04:43:02","guid":{"rendered":""},"modified":"2026-04-27T04:43:02","modified_gmt":"2026-04-27T04:43:02","slug":"znackovy-polysan-cleo-obdelnikova-vana-160x70x48cm-cerna-mat-73611-21-58097","status":"publish","type":"product","link":"https:\/\/www.domkraftpro.com\/index.php\/produkt\/znackovy-polysan-cleo-obdelnikova-vana-160x70x48cm-cerna-mat-73611-21-58097\/","title":{"rendered":"Zna\u010dkov\u00fd Polysan CLEO obd\u00e9ln\u00edkov\u00e1 vana 160x70x48cm, \u010dern\u00e1 mat 73611.21"},"content":{"rendered":"<div class=\"tabs__content-outer\" id=\"tab_description\" data-hash=\"description\" data-tabindex=\"-1\">\n<div class=\"tabs__content toggle_description\" id=\"content_description\">\n<div class=\"wysiwyg-content\">\n<div class=\"product__tab product__description full-width\">\n<div class=\"container\">\n<div >\n<h3>Polysan CLEO obd\u00e9ln\u00edkov\u00e1 vana 160x70x48cm, \u010dern\u00e1 mat 73611.21<\/h3>\n<div>\n<p>D\u00edky jednoduch\u00fdm a modern\u00edm tvar\u016fm je kolekce van CLEO od \u010desk\u00e9ho v\u00fdrobce Polysan jednou z nejobl\u00edben\u011bj\u0161\u00edch a nejprod\u00e1van\u011bj\u0161\u00edch. Pro svoji \u0161irokou \u0159adu rozm\u011br\u016f jsou vany CLEO vhodn\u00e9 prakticky do ka\u017ed\u00e9ho interi\u00e9ru. Velmi poveden\u00fd vnit\u0159n\u00ed prostor (hloubka vany 48 cm) umo\u017e\u0148uje pohodlnou koupel pro v\u0161echny, kte\u0159\u00ed si r\u00e1di ve van\u011b pole\u017e\u00ed del\u0161\u00ed dobu. V kombinaci s vanovou z\u00e1st\u011bnou z\u00edsk\u00e1te pohodln\u00fd sprchovac\u00ed kout. Na \u0161irok\u00fd rovn\u00fd okraj vany je mo\u017eno instalovat v\u011bt\u0161inu komponent\u016f jak pro napou\u0161t\u011bn\u00ed, tak i pro p\u0159\u00edpadn\u00e9 ovl\u00e1d\u00e1n\u00ed hydromas\u00e1\u017en\u00edho syst\u00e9mu.<\/p>\n<ul>\n<li>K van\u011b je nutno pou\u017e\u00edt p\u0159epadovou soupravu o d\u00e9lce min. 775 mm.<\/li>\n<li>Podm\u00ednkou z\u00e1ruky na produkt je pou\u017eit\u00ed doporu\u010den\u00e9ho typu podstavce.<\/li>\n<li>S ohledem na strukturu barevn\u00e9ho proveden\u00ed akryl\u00e1tu je v p\u0159\u00edpad\u011b po\u0161kozen\u00ed tento materi\u00e1l neopraviteln\u00fd. <\/li>\n<\/ul>\n<\/div>\n<div class=\"product-explanation-item\">\n<h3>Akryl\u00e1t<\/h3>\n<p style=\"text-align: justify;\">Akryl\u00e1tov\u00e9 vany a vani\u010dky jsou vyr\u00e1b\u011bny ze zna\u010dkov\u00e9ho akryl\u00e1tu. Na rozd\u00edl od koextrudovan\u00fdch akryl\u00e1tov\u00fdch desek, kter\u00e9 maj\u00ed m\u011bk\u010d\u00ed povrch a men\u0161\u00ed chemickou odolnost, se vyr\u00e1b\u00ed lit\u00edm. To mj. znamen\u00e1, \u017ee je probarven\u00fd v cel\u00e9 tlou\u0161\u0165ce, pln\u011b st\u00e1lobarevn\u00fd, nepor\u00e9zn\u00ed a s vysokou povrchovou pevnost\u00ed. M\u00e1 hladk\u00fd povrch s minim\u00e1ln\u00ed mo\u017enost\u00ed uklouznut\u00ed a dob\u0159e tlum\u00ed hluk dopadaj\u00edc\u00ed vody.<\/p>\n<\/p><\/div>\n<p><\/p>\n<p><b>Vlastnosti<\/b><\/p>\n<ul>\n<li><span>Materi\u00e1l:<\/span> Akryl\u00e1t<\/li>\n<li><span>Barva:<\/span> \u010cern\u00e1 mat<\/li>\n<li><span>Instalace:<\/span> Vestavn\u00e1 (k obezd\u011bn\u00ed)<\/li>\n<li><span>Vlastnosti:<\/span> V\u00fd\u0161ka okraje 40 mm (Standard)<\/li>\n<li><span>Tvar:<\/span> Obd\u00e9ln\u00edkov\u00e9<\/li>\n<li><span>Rozm\u011br:<\/span> 160x70x48 cm<\/li>\n<li><span>\u0160\u00ed\u0159ka:<\/span> 700 mm<\/li>\n<li><span>V\u00fd\u0161ka:<\/span> 480 mm<\/li>\n<li><span>Pr\u016fm\u011br odpadu:<\/span> 52 mm<\/li>\n<li><span>D\u00e9lka:<\/span> 1600 mm<\/li>\n<li><span>Objem:<\/span> 225 l<\/li>\n<li><span>Balen\u00ed neobsahuje:<\/span> Vanov\u00e1 souprava<\/li>\n<\/ul>\n<\/div><\/div>\n<\/p><\/div>\n<\/p><\/div>\n<\/p><\/div>\n","protected":false},"excerpt":{"rendered":"<p>Polysan CLEO obd\u00e9ln\u00edkov\u00e1 vana 160x70x48cm, \u010dern\u00e1 mat 73611.21 D\u00edky jednoduch\u00fdm a modern\u00edm tvar\u016fm je kolekce van CLEO od \u010desk\u00e9ho v\u00fdrobce Polysan jednou z nejobl\u00edben\u011bj\u0161\u00edch a nejprod\u00e1van\u011bj\u0161\u00edch. Pro svoji \u0161irokou \u0159adu rozm\u011br\u016f jsou vany CLEO vhodn\u00e9 prakticky do ka\u017ed\u00e9ho interi\u00e9ru. Velmi poveden\u00fd vnit\u0159n\u00ed prostor (hloubka vany 48 cm) umo\u017e\u0148uje pohodlnou koupel pro v\u0161echny, kte\u0159\u00ed si r\u00e1di [&hellip;]<\/p>\n","protected":false},"featured_media":58197,"comment_status":"open","ping_status":"open","template":"","meta":[],"product_brand":[],"product_cat":[95],"product_tag":[],"class_list":{"0":"post-58097","1":"product","2":"type-product","3":"status-publish","4":"has-post-thumbnail","6":"product_cat-koupelna","8":"first","9":"instock","10":"sale","11":"shipping-taxable","12":"purchasable","13":"product-type-simple"},"yoast_head":"<!-- This site is optimized with the Yoast SEO plugin v26.8 - https:\/\/yoast.com\/product\/yoast-seo-wordpress\/ -->\n<title>Zna\u010dkov\u00fd Polysan CLEO obd\u00e9ln\u00edkov\u00e1 vana 160x70x48cm, \u010dern\u00e1 mat 73611.21 -<\/title>\n<meta name=\"robots\" content=\"index, follow, max-snippet:-1, max-image-preview:large, max-video-preview:-1\" \/>\n<link rel=\"canonical\" href=\"https:\/\/www.domkraftpro.com\/index.php\/produkt\/znackovy-polysan-cleo-obdelnikova-vana-160x70x48cm-cerna-mat-73611-21-58097\/\" \/>\n<meta property=\"og:locale\" content=\"cs_CZ\" \/>\n<meta property=\"og:type\" content=\"article\" \/>\n<meta property=\"og:title\" content=\"Zna\u010dkov\u00fd Polysan CLEO obd\u00e9ln\u00edkov\u00e1 vana 160x70x48cm, \u010dern\u00e1 mat 73611.21 -\" \/>\n<meta property=\"og:description\" content=\"Polysan CLEO obd\u00e9ln\u00edkov\u00e1 vana 160x70x48cm, \u010dern\u00e1 mat 73611.21 D\u00edky jednoduch\u00fdm a modern\u00edm tvar\u016fm je kolekce van CLEO od \u010desk\u00e9ho v\u00fdrobce Polysan jednou z nejobl\u00edben\u011bj\u0161\u00edch a nejprod\u00e1van\u011bj\u0161\u00edch. Pro svoji \u0161irokou \u0159adu rozm\u011br\u016f jsou vany CLEO vhodn\u00e9 prakticky do ka\u017ed\u00e9ho interi\u00e9ru. Velmi poveden\u00fd vnit\u0159n\u00ed prostor (hloubka vany 48 cm) umo\u017e\u0148uje pohodlnou koupel pro v\u0161echny, kte\u0159\u00ed si r\u00e1di [&hellip;]\" \/>\n<meta property=\"og:url\" content=\"https:\/\/www.domkraftpro.com\/index.php\/produkt\/znackovy-polysan-cleo-obdelnikova-vana-160x70x48cm-cerna-mat-73611-21-58097\/\" \/>\n<meta property=\"og:image\" content=\"https:\/\/www.domkraftpro.com\/wp-content\/uploads\/2026\/SK0009051-CZ20260425-093041-0-1777080643-8e0dddf99f1bd5aad1264ff055f8651d.webp\" \/>\n\t<meta property=\"og:image:width\" content=\"1000\" \/>\n\t<meta property=\"og:image:height\" content=\"441\" \/>\n\t<meta property=\"og:image:type\" content=\"image\/webp\" \/>\n<meta name=\"twitter:card\" content=\"summary_large_image\" \/>\n<meta name=\"twitter:label1\" content=\"Odhadovan\u00e1 doba \u010dten\u00ed\" \/>\n\t<meta name=\"twitter:data1\" content=\"1 minuta\" \/>\n<script type=\"application\/ld+json\" class=\"yoast-schema-graph\">{\"@context\":\"https:\/\/schema.org\",\"@graph\":[{\"@type\":\"WebPage\",\"@id\":\"https:\/\/www.domkraftpro.com\/index.php\/produkt\/znackovy-polysan-cleo-obdelnikova-vana-160x70x48cm-cerna-mat-73611-21-58097\/\",\"url\":\"https:\/\/www.domkraftpro.com\/index.php\/produkt\/znackovy-polysan-cleo-obdelnikova-vana-160x70x48cm-cerna-mat-73611-21-58097\/\",\"name\":\"Zna\u010dkov\u00fd Polysan CLEO obd\u00e9ln\u00edkov\u00e1 vana 160x70x48cm, \u010dern\u00e1 mat 73611.21 -\",\"isPartOf\":{\"@id\":\"https:\/\/www.domkraftpro.com\/#website\"},\"primaryImageOfPage\":{\"@id\":\"https:\/\/www.domkraftpro.com\/index.php\/produkt\/znackovy-polysan-cleo-obdelnikova-vana-160x70x48cm-cerna-mat-73611-21-58097\/#primaryimage\"},\"image\":{\"@id\":\"https:\/\/www.domkraftpro.com\/index.php\/produkt\/znackovy-polysan-cleo-obdelnikova-vana-160x70x48cm-cerna-mat-73611-21-58097\/#primaryimage\"},\"thumbnailUrl\":\"https:\/\/www.domkraftpro.com\/wp-content\/uploads\/2026\/SK0009051-CZ20260425-093041-0-1777080643-8e0dddf99f1bd5aad1264ff055f8651d.webp\",\"datePublished\":\"2026-04-27T04:43:02+00:00\",\"breadcrumb\":{\"@id\":\"https:\/\/www.domkraftpro.com\/index.php\/produkt\/znackovy-polysan-cleo-obdelnikova-vana-160x70x48cm-cerna-mat-73611-21-58097\/#breadcrumb\"},\"inLanguage\":\"cs\",\"potentialAction\":[{\"@type\":\"ReadAction\",\"target\":[\"https:\/\/www.domkraftpro.com\/index.php\/produkt\/znackovy-polysan-cleo-obdelnikova-vana-160x70x48cm-cerna-mat-73611-21-58097\/\"]}]},{\"@type\":\"ImageObject\",\"inLanguage\":\"cs\",\"@id\":\"https:\/\/www.domkraftpro.com\/index.php\/produkt\/znackovy-polysan-cleo-obdelnikova-vana-160x70x48cm-cerna-mat-73611-21-58097\/#primaryimage\",\"url\":\"https:\/\/www.domkraftpro.com\/wp-content\/uploads\/2026\/SK0009051-CZ20260425-093041-0-1777080643-8e0dddf99f1bd5aad1264ff055f8651d.webp\",\"contentUrl\":\"https:\/\/www.domkraftpro.com\/wp-content\/uploads\/2026\/SK0009051-CZ20260425-093041-0-1777080643-8e0dddf99f1bd5aad1264ff055f8651d.webp\",\"width\":1000,\"height\":441},{\"@type\":\"BreadcrumbList\",\"@id\":\"https:\/\/www.domkraftpro.com\/index.php\/produkt\/znackovy-polysan-cleo-obdelnikova-vana-160x70x48cm-cerna-mat-73611-21-58097\/#breadcrumb\",\"itemListElement\":[{\"@type\":\"ListItem\",\"position\":1,\"name\":\"Home\",\"item\":\"https:\/\/www.domkraftpro.com\/\"},{\"@type\":\"ListItem\",\"position\":2,\"name\":\"Products\",\"item\":\"https:\/\/www.domkraftpro.com\/index.php\/products\/\"},{\"@type\":\"ListItem\",\"position\":3,\"name\":\"Zna\u010dkov\u00fd Polysan CLEO obd\u00e9ln\u00edkov\u00e1 vana 160x70x48cm, \u010dern\u00e1 mat 73611.21\"}]},{\"@type\":\"WebSite\",\"@id\":\"https:\/\/www.domkraftpro.com\/#website\",\"url\":\"https:\/\/www.domkraftpro.com\/\",\"name\":\"\",\"description\":\"\",\"potentialAction\":[{\"@type\":\"SearchAction\",\"target\":{\"@type\":\"EntryPoint\",\"urlTemplate\":\"https:\/\/www.domkraftpro.com\/?s={search_term_string}\"},\"query-input\":{\"@type\":\"PropertyValueSpecification\",\"valueRequired\":true,\"valueName\":\"search_term_string\"}}],\"inLanguage\":\"cs\"}]}<\/script>\n<!-- \/ Yoast SEO plugin. -->","yoast_head_json":{"title":"Zna\u010dkov\u00fd Polysan CLEO obd\u00e9ln\u00edkov\u00e1 vana 160x70x48cm, \u010dern\u00e1 mat 73611.21 -","robots":{"index":"index","follow":"follow","max-snippet":"max-snippet:-1","max-image-preview":"max-image-preview:large","max-video-preview":"max-video-preview:-1"},"canonical":"https:\/\/www.domkraftpro.com\/index.php\/produkt\/znackovy-polysan-cleo-obdelnikova-vana-160x70x48cm-cerna-mat-73611-21-58097\/","og_locale":"cs_CZ","og_type":"article","og_title":"Zna\u010dkov\u00fd Polysan CLEO obd\u00e9ln\u00edkov\u00e1 vana 160x70x48cm, \u010dern\u00e1 mat 73611.21 -","og_description":"Polysan CLEO obd\u00e9ln\u00edkov\u00e1 vana 160x70x48cm, \u010dern\u00e1 mat 73611.21 D\u00edky jednoduch\u00fdm a modern\u00edm tvar\u016fm je kolekce van CLEO od \u010desk\u00e9ho v\u00fdrobce Polysan jednou z nejobl\u00edben\u011bj\u0161\u00edch a nejprod\u00e1van\u011bj\u0161\u00edch. Pro svoji \u0161irokou \u0159adu rozm\u011br\u016f jsou vany CLEO vhodn\u00e9 prakticky do ka\u017ed\u00e9ho interi\u00e9ru. Velmi poveden\u00fd vnit\u0159n\u00ed prostor (hloubka vany 48 cm) umo\u017e\u0148uje pohodlnou koupel pro v\u0161echny, kte\u0159\u00ed si r\u00e1di [&hellip;]","og_url":"https:\/\/www.domkraftpro.com\/index.php\/produkt\/znackovy-polysan-cleo-obdelnikova-vana-160x70x48cm-cerna-mat-73611-21-58097\/","og_image":[{"width":1000,"height":441,"url":"https:\/\/www.domkraftpro.com\/wp-content\/uploads\/2026\/SK0009051-CZ20260425-093041-0-1777080643-8e0dddf99f1bd5aad1264ff055f8651d.webp","type":"image\/webp"}],"twitter_card":"summary_large_image","twitter_misc":{"Odhadovan\u00e1 doba \u010dten\u00ed":"1 minuta"},"schema":{"@context":"https:\/\/schema.org","@graph":[{"@type":"WebPage","@id":"https:\/\/www.domkraftpro.com\/index.php\/produkt\/znackovy-polysan-cleo-obdelnikova-vana-160x70x48cm-cerna-mat-73611-21-58097\/","url":"https:\/\/www.domkraftpro.com\/index.php\/produkt\/znackovy-polysan-cleo-obdelnikova-vana-160x70x48cm-cerna-mat-73611-21-58097\/","name":"Zna\u010dkov\u00fd Polysan CLEO obd\u00e9ln\u00edkov\u00e1 vana 160x70x48cm, \u010dern\u00e1 mat 73611.21 -","isPartOf":{"@id":"https:\/\/www.domkraftpro.com\/#website"},"primaryImageOfPage":{"@id":"https:\/\/www.domkraftpro.com\/index.php\/produkt\/znackovy-polysan-cleo-obdelnikova-vana-160x70x48cm-cerna-mat-73611-21-58097\/#primaryimage"},"image":{"@id":"https:\/\/www.domkraftpro.com\/index.php\/produkt\/znackovy-polysan-cleo-obdelnikova-vana-160x70x48cm-cerna-mat-73611-21-58097\/#primaryimage"},"thumbnailUrl":"https:\/\/www.domkraftpro.com\/wp-content\/uploads\/2026\/SK0009051-CZ20260425-093041-0-1777080643-8e0dddf99f1bd5aad1264ff055f8651d.webp","datePublished":"2026-04-27T04:43:02+00:00","breadcrumb":{"@id":"https:\/\/www.domkraftpro.com\/index.php\/produkt\/znackovy-polysan-cleo-obdelnikova-vana-160x70x48cm-cerna-mat-73611-21-58097\/#breadcrumb"},"inLanguage":"cs","potentialAction":[{"@type":"ReadAction","target":["https:\/\/www.domkraftpro.com\/index.php\/produkt\/znackovy-polysan-cleo-obdelnikova-vana-160x70x48cm-cerna-mat-73611-21-58097\/"]}]},{"@type":"ImageObject","inLanguage":"cs","@id":"https:\/\/www.domkraftpro.com\/index.php\/produkt\/znackovy-polysan-cleo-obdelnikova-vana-160x70x48cm-cerna-mat-73611-21-58097\/#primaryimage","url":"https:\/\/www.domkraftpro.com\/wp-content\/uploads\/2026\/SK0009051-CZ20260425-093041-0-1777080643-8e0dddf99f1bd5aad1264ff055f8651d.webp","contentUrl":"https:\/\/www.domkraftpro.com\/wp-content\/uploads\/2026\/SK0009051-CZ20260425-093041-0-1777080643-8e0dddf99f1bd5aad1264ff055f8651d.webp","width":1000,"height":441},{"@type":"BreadcrumbList","@id":"https:\/\/www.domkraftpro.com\/index.php\/produkt\/znackovy-polysan-cleo-obdelnikova-vana-160x70x48cm-cerna-mat-73611-21-58097\/#breadcrumb","itemListElement":[{"@type":"ListItem","position":1,"name":"Home","item":"https:\/\/www.domkraftpro.com\/"},{"@type":"ListItem","position":2,"name":"Products","item":"https:\/\/www.domkraftpro.com\/index.php\/products\/"},{"@type":"ListItem","position":3,"name":"Zna\u010dkov\u00fd Polysan CLEO obd\u00e9ln\u00edkov\u00e1 vana 160x70x48cm, \u010dern\u00e1 mat 73611.21"}]},{"@type":"WebSite","@id":"https:\/\/www.domkraftpro.com\/#website","url":"https:\/\/www.domkraftpro.com\/","name":"","description":"","potentialAction":[{"@type":"SearchAction","target":{"@type":"EntryPoint","urlTemplate":"https:\/\/www.domkraftpro.com\/?s={search_term_string}"},"query-input":{"@type":"PropertyValueSpecification","valueRequired":true,"valueName":"search_term_string"}}],"inLanguage":"cs"}]}},"_links":{"self":[{"href":"https:\/\/www.domkraftpro.com\/index.php\/wp-json\/wp\/v2\/product\/58097","targetHints":{"allow":["GET"]}}],"collection":[{"href":"https:\/\/www.domkraftpro.com\/index.php\/wp-json\/wp\/v2\/product"}],"about":[{"href":"https:\/\/www.domkraftpro.com\/index.php\/wp-json\/wp\/v2\/types\/product"}],"replies":[{"embeddable":true,"href":"https:\/\/www.domkraftpro.com\/index.php\/wp-json\/wp\/v2\/comments?post=58097"}],"wp:featuredmedia":[{"embeddable":true,"href":"https:\/\/www.domkraftpro.com\/index.php\/wp-json\/wp\/v2\/media\/58197"}],"wp:attachment":[{"href":"https:\/\/www.domkraftpro.com\/index.php\/wp-json\/wp\/v2\/media?parent=58097"}],"wp:term":[{"taxonomy":"product_brand","embeddable":true,"href":"https:\/\/www.domkraftpro.com\/index.php\/wp-json\/wp\/v2\/product_brand?post=58097"},{"taxonomy":"product_cat","embeddable":true,"href":"https:\/\/www.domkraftpro.com\/index.php\/wp-json\/wp\/v2\/product_cat?post=58097"},{"taxonomy":"product_tag","embeddable":true,"href":"https:\/\/www.domkraftpro.com\/index.php\/wp-json\/wp\/v2\/product_tag?post=58097"}],"curies":[{"name":"wp","href":"https:\/\/api.w.org\/{rel}","templated":true}]}}