{"id":5761,"date":"2026-04-27T04:40:35","date_gmt":"2026-04-27T04:40:35","guid":{"rendered":""},"modified":"2026-04-27T04:40:35","modified_gmt":"2026-04-27T04:40:35","slug":"zvlhcovaci-hadice-sensorie-7-5-m-1-2-tovarni-cena-5761","status":"publish","type":"product","link":"https:\/\/www.domkraftpro.com\/index.php\/produkt\/zvlhcovaci-hadice-sensorie-7-5-m-1-2-tovarni-cena-5761\/","title":{"rendered":"Zvlh\u010dovac\u00ed hadice Sensorie 7,5 m 1\/2&#8220; Tov\u00e1rn\u00ed Cena"},"content":{"rendered":"<div class=\"detail-description__right\">\n<div class=\"parameters\">\n<div class=\"table table--simple\">\n<table>\n<tbody>\n<tr>\n<td colspan=\"2\">\n<h4>Vlastnosti<\/h4>\n<\/td>\n<\/tr>\n<tr>\n<td>Celkov\u00e1 d\u00e9lka<\/td>\n<td>7,5\u00a0m<\/td>\n<\/tr>\n<tr>\n<td>D\u00e9lka<\/td>\n<td>6 m<\/td>\n<\/tr>\n<tr>\n<td>P\u0159\u00edvod<\/td>\n<td>1,5\u00a0m<\/td>\n<\/tr>\n<tr>\n<td>Kovov\u00e9 zaml\u017eovac\u00ed trysky<\/td>\n<td>5 ks<\/td>\n<\/tr>\n<tr>\n<td>Z\u00e1v\u011bsn\u00e9 klipsy<\/td>\n<td>5 ks<\/td>\n<\/tr>\n<tr>\n<td colspan=\"2\">\n<h4>Parametry<\/h4>\n<\/td>\n<\/tr>\n<tr>\n<td>Z\u00e1ruka<\/td>\n<td>2 roky<\/td>\n<\/tr>\n<tr>\n<td>Zna\u010dka<\/td>\n<td>Sensorie<\/td>\n<\/tr>\n<\/tbody>\n<\/table><\/div>\n<\/div><\/div>\n<div class=\"detail-description__top\">\t\t\t\t<\/div>\n<div class=\"detail-description__left\">\n<div class=\"detail-description__left__overflow\">\n<div class=\"detail-description__left__head\">\t\t\t\t\t\tPopis:\t\t\t\t\t<\/div>\n<div class=\"ul-style ul-style--check\">\n<p>Zvlh\u010dovac\u00ed hadice neboli <strong>vodn\u00ed mlha je\u00a0vhodn\u00e1 pro ochlazen\u00ed sklen\u00edku a zaji\u0161t\u011bn\u00ed nezbytn\u00e9 vlhkosti vzduchu<\/strong> v hork\u00fdch letn\u00edch dnech.\u00a0Hadici lze snadno napojit na modul s ventily pomoc\u00ed\u00a0adapt\u00e9ru, kter\u00fd je sou\u010d\u00e1st\u00ed balen\u00ed. Hadici lze vyu\u017e\u00edvat i v p\u0159\u00edpad\u011b napojen\u00ed sklen\u00edku na zdroj de\u0161\u0165ov\u00e9 vody, doporu\u010den\u00e9 \u010derpadlo zajist\u00ed dostate\u010dn\u00fd tlak pro spr\u00e1vnou funkci.<\/p>\n<ul class=\"plusminus\">\n<li><i class=\"fas fa-check\"><\/i><span>Ochlazen\u00ed prostoru a\u017e o 10 \u2013 12 \u00b0C<\/span><\/li>\n<li><i class=\"far fa-minus\"><\/i><span> Vhodn\u00e9 i k zavla\u017eov\u00e1n\u00ed kv\u011btin\u00e1\u010d\u016f<\/span><\/li>\n<\/ul>\n<p>Zvlh\u010dovac\u00ed hadice se obvykle instaluje do \u0161t\u00edtu sklen\u00edku a nejlep\u0161\u00edho v\u00fdsledku je dosa\u017eeno p\u0159i sm\u011brov\u00e1n\u00ed trysek na betonovou cestu uprost\u0159ed sklen\u00edku.\u00a0Efekt ochlazen\u00ed je umocn\u011bn sm\u011brov\u00e1n\u00edm ventil\u00e1toru na zvlh\u010dovanou cestu. Jedn\u00e1 se o vysoce \u00fa\u010dinn\u00fd a <strong>ekologick\u00fd zp\u016fsob regulace teploty<\/strong>.<\/p>\n<\/div>\n<div class=\"detail-description__left__more\">\t\t\t\t\t\t<span> <\/span><span> <\/span>\t\t\t\t\t<\/div>\n<\/p><\/div>\n<\/p><\/div>\n<div class=\"detail-description__more\"><span> <\/span><span> <\/span><\/div>\n<\/p><\/div>\n<\/p><\/div>\n","protected":false},"excerpt":{"rendered":"<p>Vlastnosti Celkov\u00e1 d\u00e9lka 7,5\u00a0m D\u00e9lka 6 m P\u0159\u00edvod 1,5\u00a0m Kovov\u00e9 zaml\u017eovac\u00ed trysky 5 ks Z\u00e1v\u011bsn\u00e9 klipsy 5 ks Parametry Z\u00e1ruka 2 roky Zna\u010dka Sensorie Popis: Zvlh\u010dovac\u00ed hadice neboli vodn\u00ed mlha je\u00a0vhodn\u00e1 pro ochlazen\u00ed sklen\u00edku a zaji\u0161t\u011bn\u00ed nezbytn\u00e9 vlhkosti vzduchu v hork\u00fdch letn\u00edch dnech.\u00a0Hadici lze snadno napojit na modul s ventily pomoc\u00ed\u00a0adapt\u00e9ru, kter\u00fd je sou\u010d\u00e1st\u00ed balen\u00ed. [&hellip;]<\/p>\n","protected":false},"featured_media":5861,"comment_status":"open","ping_status":"open","template":"","meta":[],"product_brand":[],"product_cat":[47],"product_tag":[],"class_list":{"0":"post-5761","1":"product","2":"type-product","3":"status-publish","4":"has-post-thumbnail","6":"product_cat-zahrada","8":"first","9":"instock","10":"sale","11":"shipping-taxable","12":"purchasable","13":"product-type-simple"},"yoast_head":"<!-- This site is optimized with the Yoast SEO plugin v26.8 - https:\/\/yoast.com\/product\/yoast-seo-wordpress\/ -->\n<title>Zvlh\u010dovac\u00ed hadice Sensorie 7,5 m 1\/2&#039;&#039; Tov\u00e1rn\u00ed Cena -<\/title>\n<meta name=\"robots\" content=\"index, follow, max-snippet:-1, max-image-preview:large, max-video-preview:-1\" \/>\n<link rel=\"canonical\" href=\"https:\/\/www.domkraftpro.com\/index.php\/produkt\/zvlhcovaci-hadice-sensorie-7-5-m-1-2-tovarni-cena-5761\/\" \/>\n<meta property=\"og:locale\" content=\"cs_CZ\" \/>\n<meta property=\"og:type\" content=\"article\" \/>\n<meta property=\"og:title\" content=\"Zvlh\u010dovac\u00ed hadice Sensorie 7,5 m 1\/2&#039;&#039; Tov\u00e1rn\u00ed Cena -\" \/>\n<meta property=\"og:description\" content=\"Vlastnosti Celkov\u00e1 d\u00e9lka 7,5\u00a0m D\u00e9lka 6 m P\u0159\u00edvod 1,5\u00a0m Kovov\u00e9 zaml\u017eovac\u00ed trysky 5 ks Z\u00e1v\u011bsn\u00e9 klipsy 5 ks Parametry Z\u00e1ruka 2 roky Zna\u010dka Sensorie Popis: Zvlh\u010dovac\u00ed hadice neboli vodn\u00ed mlha je\u00a0vhodn\u00e1 pro ochlazen\u00ed sklen\u00edku a zaji\u0161t\u011bn\u00ed nezbytn\u00e9 vlhkosti vzduchu v hork\u00fdch letn\u00edch dnech.\u00a0Hadici lze snadno napojit na modul s ventily pomoc\u00ed\u00a0adapt\u00e9ru, kter\u00fd je sou\u010d\u00e1st\u00ed balen\u00ed. [&hellip;]\" \/>\n<meta property=\"og:url\" content=\"https:\/\/www.domkraftpro.com\/index.php\/produkt\/zvlhcovaci-hadice-sensorie-7-5-m-1-2-tovarni-cena-5761\/\" \/>\n<meta property=\"og:image\" content=\"https:\/\/www.domkraftpro.com\/wp-content\/uploads\/2026\/SK0009619-CZ20260425-091936-0-1777079982-zvlhcovaci-hadice-sensorie-w1200-h628-f8-22a7a2622f9b2770ff.webp\" \/>\n\t<meta property=\"og:image:width\" content=\"1000\" \/>\n\t<meta property=\"og:image:height\" content=\"523\" \/>\n\t<meta property=\"og:image:type\" content=\"image\/webp\" \/>\n<meta name=\"twitter:card\" content=\"summary_large_image\" \/>\n<meta name=\"twitter:label1\" content=\"Odhadovan\u00e1 doba \u010dten\u00ed\" \/>\n\t<meta name=\"twitter:data1\" content=\"1 minuta\" \/>\n<script type=\"application\/ld+json\" class=\"yoast-schema-graph\">{\"@context\":\"https:\/\/schema.org\",\"@graph\":[{\"@type\":\"WebPage\",\"@id\":\"https:\/\/www.domkraftpro.com\/index.php\/produkt\/zvlhcovaci-hadice-sensorie-7-5-m-1-2-tovarni-cena-5761\/\",\"url\":\"https:\/\/www.domkraftpro.com\/index.php\/produkt\/zvlhcovaci-hadice-sensorie-7-5-m-1-2-tovarni-cena-5761\/\",\"name\":\"Zvlh\u010dovac\u00ed hadice Sensorie 7,5 m 1\/2'' Tov\u00e1rn\u00ed Cena -\",\"isPartOf\":{\"@id\":\"https:\/\/www.domkraftpro.com\/#website\"},\"primaryImageOfPage\":{\"@id\":\"https:\/\/www.domkraftpro.com\/index.php\/produkt\/zvlhcovaci-hadice-sensorie-7-5-m-1-2-tovarni-cena-5761\/#primaryimage\"},\"image\":{\"@id\":\"https:\/\/www.domkraftpro.com\/index.php\/produkt\/zvlhcovaci-hadice-sensorie-7-5-m-1-2-tovarni-cena-5761\/#primaryimage\"},\"thumbnailUrl\":\"https:\/\/www.domkraftpro.com\/wp-content\/uploads\/2026\/SK0009619-CZ20260425-091936-0-1777079982-zvlhcovaci-hadice-sensorie-w1200-h628-f8-22a7a2622f9b2770ff.webp\",\"datePublished\":\"2026-04-27T04:40:35+00:00\",\"breadcrumb\":{\"@id\":\"https:\/\/www.domkraftpro.com\/index.php\/produkt\/zvlhcovaci-hadice-sensorie-7-5-m-1-2-tovarni-cena-5761\/#breadcrumb\"},\"inLanguage\":\"cs\",\"potentialAction\":[{\"@type\":\"ReadAction\",\"target\":[\"https:\/\/www.domkraftpro.com\/index.php\/produkt\/zvlhcovaci-hadice-sensorie-7-5-m-1-2-tovarni-cena-5761\/\"]}]},{\"@type\":\"ImageObject\",\"inLanguage\":\"cs\",\"@id\":\"https:\/\/www.domkraftpro.com\/index.php\/produkt\/zvlhcovaci-hadice-sensorie-7-5-m-1-2-tovarni-cena-5761\/#primaryimage\",\"url\":\"https:\/\/www.domkraftpro.com\/wp-content\/uploads\/2026\/SK0009619-CZ20260425-091936-0-1777079982-zvlhcovaci-hadice-sensorie-w1200-h628-f8-22a7a2622f9b2770ff.webp\",\"contentUrl\":\"https:\/\/www.domkraftpro.com\/wp-content\/uploads\/2026\/SK0009619-CZ20260425-091936-0-1777079982-zvlhcovaci-hadice-sensorie-w1200-h628-f8-22a7a2622f9b2770ff.webp\",\"width\":1000,\"height\":523},{\"@type\":\"BreadcrumbList\",\"@id\":\"https:\/\/www.domkraftpro.com\/index.php\/produkt\/zvlhcovaci-hadice-sensorie-7-5-m-1-2-tovarni-cena-5761\/#breadcrumb\",\"itemListElement\":[{\"@type\":\"ListItem\",\"position\":1,\"name\":\"Home\",\"item\":\"https:\/\/www.domkraftpro.com\/\"},{\"@type\":\"ListItem\",\"position\":2,\"name\":\"Products\",\"item\":\"https:\/\/www.domkraftpro.com\/index.php\/products\/\"},{\"@type\":\"ListItem\",\"position\":3,\"name\":\"Zvlh\u010dovac\u00ed hadice Sensorie 7,5 m 1\/2&#8220; Tov\u00e1rn\u00ed Cena\"}]},{\"@type\":\"WebSite\",\"@id\":\"https:\/\/www.domkraftpro.com\/#website\",\"url\":\"https:\/\/www.domkraftpro.com\/\",\"name\":\"\",\"description\":\"\",\"potentialAction\":[{\"@type\":\"SearchAction\",\"target\":{\"@type\":\"EntryPoint\",\"urlTemplate\":\"https:\/\/www.domkraftpro.com\/?s={search_term_string}\"},\"query-input\":{\"@type\":\"PropertyValueSpecification\",\"valueRequired\":true,\"valueName\":\"search_term_string\"}}],\"inLanguage\":\"cs\"}]}<\/script>\n<!-- \/ Yoast SEO plugin. -->","yoast_head_json":{"title":"Zvlh\u010dovac\u00ed hadice Sensorie 7,5 m 1\/2'' Tov\u00e1rn\u00ed Cena -","robots":{"index":"index","follow":"follow","max-snippet":"max-snippet:-1","max-image-preview":"max-image-preview:large","max-video-preview":"max-video-preview:-1"},"canonical":"https:\/\/www.domkraftpro.com\/index.php\/produkt\/zvlhcovaci-hadice-sensorie-7-5-m-1-2-tovarni-cena-5761\/","og_locale":"cs_CZ","og_type":"article","og_title":"Zvlh\u010dovac\u00ed hadice Sensorie 7,5 m 1\/2'' Tov\u00e1rn\u00ed Cena -","og_description":"Vlastnosti Celkov\u00e1 d\u00e9lka 7,5\u00a0m D\u00e9lka 6 m P\u0159\u00edvod 1,5\u00a0m Kovov\u00e9 zaml\u017eovac\u00ed trysky 5 ks Z\u00e1v\u011bsn\u00e9 klipsy 5 ks Parametry Z\u00e1ruka 2 roky Zna\u010dka Sensorie Popis: Zvlh\u010dovac\u00ed hadice neboli vodn\u00ed mlha je\u00a0vhodn\u00e1 pro ochlazen\u00ed sklen\u00edku a zaji\u0161t\u011bn\u00ed nezbytn\u00e9 vlhkosti vzduchu v hork\u00fdch letn\u00edch dnech.\u00a0Hadici lze snadno napojit na modul s ventily pomoc\u00ed\u00a0adapt\u00e9ru, kter\u00fd je sou\u010d\u00e1st\u00ed balen\u00ed. [&hellip;]","og_url":"https:\/\/www.domkraftpro.com\/index.php\/produkt\/zvlhcovaci-hadice-sensorie-7-5-m-1-2-tovarni-cena-5761\/","og_image":[{"width":1000,"height":523,"url":"https:\/\/www.domkraftpro.com\/wp-content\/uploads\/2026\/SK0009619-CZ20260425-091936-0-1777079982-zvlhcovaci-hadice-sensorie-w1200-h628-f8-22a7a2622f9b2770ff.webp","type":"image\/webp"}],"twitter_card":"summary_large_image","twitter_misc":{"Odhadovan\u00e1 doba \u010dten\u00ed":"1 minuta"},"schema":{"@context":"https:\/\/schema.org","@graph":[{"@type":"WebPage","@id":"https:\/\/www.domkraftpro.com\/index.php\/produkt\/zvlhcovaci-hadice-sensorie-7-5-m-1-2-tovarni-cena-5761\/","url":"https:\/\/www.domkraftpro.com\/index.php\/produkt\/zvlhcovaci-hadice-sensorie-7-5-m-1-2-tovarni-cena-5761\/","name":"Zvlh\u010dovac\u00ed hadice Sensorie 7,5 m 1\/2'' Tov\u00e1rn\u00ed Cena -","isPartOf":{"@id":"https:\/\/www.domkraftpro.com\/#website"},"primaryImageOfPage":{"@id":"https:\/\/www.domkraftpro.com\/index.php\/produkt\/zvlhcovaci-hadice-sensorie-7-5-m-1-2-tovarni-cena-5761\/#primaryimage"},"image":{"@id":"https:\/\/www.domkraftpro.com\/index.php\/produkt\/zvlhcovaci-hadice-sensorie-7-5-m-1-2-tovarni-cena-5761\/#primaryimage"},"thumbnailUrl":"https:\/\/www.domkraftpro.com\/wp-content\/uploads\/2026\/SK0009619-CZ20260425-091936-0-1777079982-zvlhcovaci-hadice-sensorie-w1200-h628-f8-22a7a2622f9b2770ff.webp","datePublished":"2026-04-27T04:40:35+00:00","breadcrumb":{"@id":"https:\/\/www.domkraftpro.com\/index.php\/produkt\/zvlhcovaci-hadice-sensorie-7-5-m-1-2-tovarni-cena-5761\/#breadcrumb"},"inLanguage":"cs","potentialAction":[{"@type":"ReadAction","target":["https:\/\/www.domkraftpro.com\/index.php\/produkt\/zvlhcovaci-hadice-sensorie-7-5-m-1-2-tovarni-cena-5761\/"]}]},{"@type":"ImageObject","inLanguage":"cs","@id":"https:\/\/www.domkraftpro.com\/index.php\/produkt\/zvlhcovaci-hadice-sensorie-7-5-m-1-2-tovarni-cena-5761\/#primaryimage","url":"https:\/\/www.domkraftpro.com\/wp-content\/uploads\/2026\/SK0009619-CZ20260425-091936-0-1777079982-zvlhcovaci-hadice-sensorie-w1200-h628-f8-22a7a2622f9b2770ff.webp","contentUrl":"https:\/\/www.domkraftpro.com\/wp-content\/uploads\/2026\/SK0009619-CZ20260425-091936-0-1777079982-zvlhcovaci-hadice-sensorie-w1200-h628-f8-22a7a2622f9b2770ff.webp","width":1000,"height":523},{"@type":"BreadcrumbList","@id":"https:\/\/www.domkraftpro.com\/index.php\/produkt\/zvlhcovaci-hadice-sensorie-7-5-m-1-2-tovarni-cena-5761\/#breadcrumb","itemListElement":[{"@type":"ListItem","position":1,"name":"Home","item":"https:\/\/www.domkraftpro.com\/"},{"@type":"ListItem","position":2,"name":"Products","item":"https:\/\/www.domkraftpro.com\/index.php\/products\/"},{"@type":"ListItem","position":3,"name":"Zvlh\u010dovac\u00ed hadice Sensorie 7,5 m 1\/2&#8220; Tov\u00e1rn\u00ed Cena"}]},{"@type":"WebSite","@id":"https:\/\/www.domkraftpro.com\/#website","url":"https:\/\/www.domkraftpro.com\/","name":"","description":"","potentialAction":[{"@type":"SearchAction","target":{"@type":"EntryPoint","urlTemplate":"https:\/\/www.domkraftpro.com\/?s={search_term_string}"},"query-input":{"@type":"PropertyValueSpecification","valueRequired":true,"valueName":"search_term_string"}}],"inLanguage":"cs"}]}},"_links":{"self":[{"href":"https:\/\/www.domkraftpro.com\/index.php\/wp-json\/wp\/v2\/product\/5761","targetHints":{"allow":["GET"]}}],"collection":[{"href":"https:\/\/www.domkraftpro.com\/index.php\/wp-json\/wp\/v2\/product"}],"about":[{"href":"https:\/\/www.domkraftpro.com\/index.php\/wp-json\/wp\/v2\/types\/product"}],"replies":[{"embeddable":true,"href":"https:\/\/www.domkraftpro.com\/index.php\/wp-json\/wp\/v2\/comments?post=5761"}],"wp:featuredmedia":[{"embeddable":true,"href":"https:\/\/www.domkraftpro.com\/index.php\/wp-json\/wp\/v2\/media\/5861"}],"wp:attachment":[{"href":"https:\/\/www.domkraftpro.com\/index.php\/wp-json\/wp\/v2\/media?parent=5761"}],"wp:term":[{"taxonomy":"product_brand","embeddable":true,"href":"https:\/\/www.domkraftpro.com\/index.php\/wp-json\/wp\/v2\/product_brand?post=5761"},{"taxonomy":"product_cat","embeddable":true,"href":"https:\/\/www.domkraftpro.com\/index.php\/wp-json\/wp\/v2\/product_cat?post=5761"},{"taxonomy":"product_tag","embeddable":true,"href":"https:\/\/www.domkraftpro.com\/index.php\/wp-json\/wp\/v2\/product_tag?post=5761"}],"curies":[{"name":"wp","href":"https:\/\/api.w.org\/{rel}","templated":true}]}}