{"id":5727,"date":"2026-04-27T04:40:35","date_gmt":"2026-04-27T04:40:35","guid":{"rendered":""},"modified":"2026-04-27T04:40:35","modified_gmt":"2026-04-27T04:40:35","slug":"akce-covernit-policka-pro-zahradni-skleniky-covertec-75-x-42-cm-5727","status":"publish","type":"product","link":"https:\/\/www.domkraftpro.com\/index.php\/produkt\/akce-covernit-policka-pro-zahradni-skleniky-covertec-75-x-42-cm-5727\/","title":{"rendered":"Akce Covernit Poli\u010dka pro zahradn\u00ed sklen\u00edky Covertec 75 x 42 cm"},"content":{"rendered":"<div class=\"detail-description__right\">\n<div class=\"parameters\">\n<div class=\"table table--simple\">\n<table>\n<tbody>\n<tr>\n<td colspan=\"2\">\n<h4>Vlastnosti<\/h4>\n<\/td>\n<\/tr>\n<tr>\n<td>Materi\u00e1l konstrukce<\/td>\n<td>hlin\u00edk<\/td>\n<\/tr>\n<tr>\n<td>Materi\u00e1l zasklen\u00ed<\/td>\n<td>polykarbon\u00e1t<\/td>\n<\/tr>\n<tr>\n<td>Tlou\u0161\u0165ka zasklen\u00ed<\/td>\n<td>6 mm<\/td>\n<\/tr>\n<tr>\n<td>\u0160\u00ed\u0159ka<\/td>\n<td>750 mm<\/td>\n<\/tr>\n<tr>\n<td>Hloubka<\/td>\n<td>42 mm<\/td>\n<\/tr>\n<tr>\n<td>Hmotnost<\/td>\n<td>1 kg<\/td>\n<\/tr>\n<tr>\n<td colspan=\"2\">\n<h4>Parametry<\/h4>\n<\/td>\n<\/tr>\n<tr>\n<td>Z\u00e1ruka<\/td>\n<td>2 roky<\/td>\n<\/tr>\n<tr>\n<td>Zna\u010dka<\/td>\n<td>Covernit<\/td>\n<\/tr>\n<\/tbody>\n<\/table><\/div>\n<\/div><\/div>\n<div class=\"detail-description__top\">\t\t\t\t<\/div>\n<div class=\"detail-description__left\">\n<div class=\"detail-description__left__overflow\">\n<div class=\"detail-description__left__head\">\t\t\t\t\t\tPopis:\t\t\t\t\t<\/div>\n<div class=\"ul-style ul-style--check\">\n<p>Poli\u010dka z hlin\u00edkov\u00e9ho r\u00e1mu a 6 mm dutinkov\u00e9ho polykarbon\u00e1tu <strong>pro odkl\u00e1d\u00e1n\u00ed drobn\u00fdch a lehk\u00fdch p\u0159edm\u011bt\u016f<\/strong>. Je mo\u017en\u00e9 ji pou\u017e\u00edt do model\u016f Covertec House, Standard a Classic. Nelze pou\u017e\u00edt pro sklen\u00edk Covertec Baltik.<\/p>\n<\/div>\n<div class=\"detail-description__left__more\">\t\t\t\t\t\t<span> <\/span><span> <\/span>\t\t\t\t\t<\/div>\n<\/p><\/div>\n<\/p><\/div>\n<div class=\"detail-description__more\"><span> <\/span><span> <\/span><\/div>\n<\/p><\/div>\n<\/p><\/div>\n","protected":false},"excerpt":{"rendered":"<p>Vlastnosti Materi\u00e1l konstrukce hlin\u00edk Materi\u00e1l zasklen\u00ed polykarbon\u00e1t Tlou\u0161\u0165ka zasklen\u00ed 6 mm \u0160\u00ed\u0159ka 750 mm Hloubka 42 mm Hmotnost 1 kg Parametry Z\u00e1ruka 2 roky Zna\u010dka Covernit Popis: Poli\u010dka z hlin\u00edkov\u00e9ho r\u00e1mu a 6 mm dutinkov\u00e9ho polykarbon\u00e1tu pro odkl\u00e1d\u00e1n\u00ed drobn\u00fdch a lehk\u00fdch p\u0159edm\u011bt\u016f. Je mo\u017en\u00e9 ji pou\u017e\u00edt do model\u016f Covertec House, Standard a Classic. Nelze pou\u017e\u00edt [&hellip;]<\/p>\n","protected":false},"featured_media":5827,"comment_status":"open","ping_status":"open","template":"","meta":[],"product_brand":[],"product_cat":[47],"product_tag":[],"class_list":{"0":"post-5727","1":"product","2":"type-product","3":"status-publish","4":"has-post-thumbnail","6":"product_cat-zahrada","8":"first","9":"instock","10":"sale","11":"shipping-taxable","12":"purchasable","13":"product-type-simple"},"yoast_head":"<!-- This site is optimized with the Yoast SEO plugin v26.8 - https:\/\/yoast.com\/product\/yoast-seo-wordpress\/ -->\n<title>Akce Covernit Poli\u010dka pro zahradn\u00ed sklen\u00edky Covertec 75 x 42 cm -<\/title>\n<meta name=\"robots\" content=\"index, follow, max-snippet:-1, max-image-preview:large, max-video-preview:-1\" \/>\n<link rel=\"canonical\" href=\"https:\/\/www.domkraftpro.com\/index.php\/produkt\/akce-covernit-policka-pro-zahradni-skleniky-covertec-75-x-42-cm-5727\/\" \/>\n<meta property=\"og:locale\" content=\"cs_CZ\" \/>\n<meta property=\"og:type\" content=\"article\" \/>\n<meta property=\"og:title\" content=\"Akce Covernit Poli\u010dka pro zahradn\u00ed sklen\u00edky Covertec 75 x 42 cm -\" \/>\n<meta property=\"og:description\" content=\"Vlastnosti Materi\u00e1l konstrukce hlin\u00edk Materi\u00e1l zasklen\u00ed polykarbon\u00e1t Tlou\u0161\u0165ka zasklen\u00ed 6 mm \u0160\u00ed\u0159ka 750 mm Hloubka 42 mm Hmotnost 1 kg Parametry Z\u00e1ruka 2 roky Zna\u010dka Covernit Popis: Poli\u010dka z hlin\u00edkov\u00e9ho r\u00e1mu a 6 mm dutinkov\u00e9ho polykarbon\u00e1tu pro odkl\u00e1d\u00e1n\u00ed drobn\u00fdch a lehk\u00fdch p\u0159edm\u011bt\u016f. Je mo\u017en\u00e9 ji pou\u017e\u00edt do model\u016f Covertec House, Standard a Classic. Nelze pou\u017e\u00edt [&hellip;]\" \/>\n<meta property=\"og:url\" content=\"https:\/\/www.domkraftpro.com\/index.php\/produkt\/akce-covernit-policka-pro-zahradni-skleniky-covertec-75-x-42-cm-5727\/\" \/>\n<meta property=\"og:image\" content=\"https:\/\/www.domkraftpro.com\/wp-content\/uploads\/2026\/SK0009583-CZ20260425-091936-0-1777079982-policka-covernit-w1200-h628-f8-370830e4f869216021817df56827.webp\" \/>\n\t<meta property=\"og:image:width\" content=\"1000\" \/>\n\t<meta property=\"og:image:height\" content=\"523\" \/>\n\t<meta property=\"og:image:type\" content=\"image\/webp\" \/>\n<meta name=\"twitter:card\" content=\"summary_large_image\" \/>\n<script type=\"application\/ld+json\" class=\"yoast-schema-graph\">{\"@context\":\"https:\/\/schema.org\",\"@graph\":[{\"@type\":\"WebPage\",\"@id\":\"https:\/\/www.domkraftpro.com\/index.php\/produkt\/akce-covernit-policka-pro-zahradni-skleniky-covertec-75-x-42-cm-5727\/\",\"url\":\"https:\/\/www.domkraftpro.com\/index.php\/produkt\/akce-covernit-policka-pro-zahradni-skleniky-covertec-75-x-42-cm-5727\/\",\"name\":\"Akce Covernit Poli\u010dka pro zahradn\u00ed sklen\u00edky Covertec 75 x 42 cm -\",\"isPartOf\":{\"@id\":\"https:\/\/www.domkraftpro.com\/#website\"},\"primaryImageOfPage\":{\"@id\":\"https:\/\/www.domkraftpro.com\/index.php\/produkt\/akce-covernit-policka-pro-zahradni-skleniky-covertec-75-x-42-cm-5727\/#primaryimage\"},\"image\":{\"@id\":\"https:\/\/www.domkraftpro.com\/index.php\/produkt\/akce-covernit-policka-pro-zahradni-skleniky-covertec-75-x-42-cm-5727\/#primaryimage\"},\"thumbnailUrl\":\"https:\/\/www.domkraftpro.com\/wp-content\/uploads\/2026\/SK0009583-CZ20260425-091936-0-1777079982-policka-covernit-w1200-h628-f8-370830e4f869216021817df56827.webp\",\"datePublished\":\"2026-04-27T04:40:35+00:00\",\"breadcrumb\":{\"@id\":\"https:\/\/www.domkraftpro.com\/index.php\/produkt\/akce-covernit-policka-pro-zahradni-skleniky-covertec-75-x-42-cm-5727\/#breadcrumb\"},\"inLanguage\":\"cs\",\"potentialAction\":[{\"@type\":\"ReadAction\",\"target\":[\"https:\/\/www.domkraftpro.com\/index.php\/produkt\/akce-covernit-policka-pro-zahradni-skleniky-covertec-75-x-42-cm-5727\/\"]}]},{\"@type\":\"ImageObject\",\"inLanguage\":\"cs\",\"@id\":\"https:\/\/www.domkraftpro.com\/index.php\/produkt\/akce-covernit-policka-pro-zahradni-skleniky-covertec-75-x-42-cm-5727\/#primaryimage\",\"url\":\"https:\/\/www.domkraftpro.com\/wp-content\/uploads\/2026\/SK0009583-CZ20260425-091936-0-1777079982-policka-covernit-w1200-h628-f8-370830e4f869216021817df56827.webp\",\"contentUrl\":\"https:\/\/www.domkraftpro.com\/wp-content\/uploads\/2026\/SK0009583-CZ20260425-091936-0-1777079982-policka-covernit-w1200-h628-f8-370830e4f869216021817df56827.webp\",\"width\":1000,\"height\":523},{\"@type\":\"BreadcrumbList\",\"@id\":\"https:\/\/www.domkraftpro.com\/index.php\/produkt\/akce-covernit-policka-pro-zahradni-skleniky-covertec-75-x-42-cm-5727\/#breadcrumb\",\"itemListElement\":[{\"@type\":\"ListItem\",\"position\":1,\"name\":\"Home\",\"item\":\"https:\/\/www.domkraftpro.com\/\"},{\"@type\":\"ListItem\",\"position\":2,\"name\":\"Products\",\"item\":\"https:\/\/www.domkraftpro.com\/index.php\/products\/\"},{\"@type\":\"ListItem\",\"position\":3,\"name\":\"Akce Covernit Poli\u010dka pro zahradn\u00ed sklen\u00edky Covertec 75 x 42 cm\"}]},{\"@type\":\"WebSite\",\"@id\":\"https:\/\/www.domkraftpro.com\/#website\",\"url\":\"https:\/\/www.domkraftpro.com\/\",\"name\":\"\",\"description\":\"\",\"potentialAction\":[{\"@type\":\"SearchAction\",\"target\":{\"@type\":\"EntryPoint\",\"urlTemplate\":\"https:\/\/www.domkraftpro.com\/?s={search_term_string}\"},\"query-input\":{\"@type\":\"PropertyValueSpecification\",\"valueRequired\":true,\"valueName\":\"search_term_string\"}}],\"inLanguage\":\"cs\"}]}<\/script>\n<!-- \/ Yoast SEO plugin. -->","yoast_head_json":{"title":"Akce Covernit Poli\u010dka pro zahradn\u00ed sklen\u00edky Covertec 75 x 42 cm -","robots":{"index":"index","follow":"follow","max-snippet":"max-snippet:-1","max-image-preview":"max-image-preview:large","max-video-preview":"max-video-preview:-1"},"canonical":"https:\/\/www.domkraftpro.com\/index.php\/produkt\/akce-covernit-policka-pro-zahradni-skleniky-covertec-75-x-42-cm-5727\/","og_locale":"cs_CZ","og_type":"article","og_title":"Akce Covernit Poli\u010dka pro zahradn\u00ed sklen\u00edky Covertec 75 x 42 cm -","og_description":"Vlastnosti Materi\u00e1l konstrukce hlin\u00edk Materi\u00e1l zasklen\u00ed polykarbon\u00e1t Tlou\u0161\u0165ka zasklen\u00ed 6 mm \u0160\u00ed\u0159ka 750 mm Hloubka 42 mm Hmotnost 1 kg Parametry Z\u00e1ruka 2 roky Zna\u010dka Covernit Popis: Poli\u010dka z hlin\u00edkov\u00e9ho r\u00e1mu a 6 mm dutinkov\u00e9ho polykarbon\u00e1tu pro odkl\u00e1d\u00e1n\u00ed drobn\u00fdch a lehk\u00fdch p\u0159edm\u011bt\u016f. Je mo\u017en\u00e9 ji pou\u017e\u00edt do model\u016f Covertec House, Standard a Classic. Nelze pou\u017e\u00edt [&hellip;]","og_url":"https:\/\/www.domkraftpro.com\/index.php\/produkt\/akce-covernit-policka-pro-zahradni-skleniky-covertec-75-x-42-cm-5727\/","og_image":[{"width":1000,"height":523,"url":"https:\/\/www.domkraftpro.com\/wp-content\/uploads\/2026\/SK0009583-CZ20260425-091936-0-1777079982-policka-covernit-w1200-h628-f8-370830e4f869216021817df56827.webp","type":"image\/webp"}],"twitter_card":"summary_large_image","schema":{"@context":"https:\/\/schema.org","@graph":[{"@type":"WebPage","@id":"https:\/\/www.domkraftpro.com\/index.php\/produkt\/akce-covernit-policka-pro-zahradni-skleniky-covertec-75-x-42-cm-5727\/","url":"https:\/\/www.domkraftpro.com\/index.php\/produkt\/akce-covernit-policka-pro-zahradni-skleniky-covertec-75-x-42-cm-5727\/","name":"Akce Covernit Poli\u010dka pro zahradn\u00ed sklen\u00edky Covertec 75 x 42 cm -","isPartOf":{"@id":"https:\/\/www.domkraftpro.com\/#website"},"primaryImageOfPage":{"@id":"https:\/\/www.domkraftpro.com\/index.php\/produkt\/akce-covernit-policka-pro-zahradni-skleniky-covertec-75-x-42-cm-5727\/#primaryimage"},"image":{"@id":"https:\/\/www.domkraftpro.com\/index.php\/produkt\/akce-covernit-policka-pro-zahradni-skleniky-covertec-75-x-42-cm-5727\/#primaryimage"},"thumbnailUrl":"https:\/\/www.domkraftpro.com\/wp-content\/uploads\/2026\/SK0009583-CZ20260425-091936-0-1777079982-policka-covernit-w1200-h628-f8-370830e4f869216021817df56827.webp","datePublished":"2026-04-27T04:40:35+00:00","breadcrumb":{"@id":"https:\/\/www.domkraftpro.com\/index.php\/produkt\/akce-covernit-policka-pro-zahradni-skleniky-covertec-75-x-42-cm-5727\/#breadcrumb"},"inLanguage":"cs","potentialAction":[{"@type":"ReadAction","target":["https:\/\/www.domkraftpro.com\/index.php\/produkt\/akce-covernit-policka-pro-zahradni-skleniky-covertec-75-x-42-cm-5727\/"]}]},{"@type":"ImageObject","inLanguage":"cs","@id":"https:\/\/www.domkraftpro.com\/index.php\/produkt\/akce-covernit-policka-pro-zahradni-skleniky-covertec-75-x-42-cm-5727\/#primaryimage","url":"https:\/\/www.domkraftpro.com\/wp-content\/uploads\/2026\/SK0009583-CZ20260425-091936-0-1777079982-policka-covernit-w1200-h628-f8-370830e4f869216021817df56827.webp","contentUrl":"https:\/\/www.domkraftpro.com\/wp-content\/uploads\/2026\/SK0009583-CZ20260425-091936-0-1777079982-policka-covernit-w1200-h628-f8-370830e4f869216021817df56827.webp","width":1000,"height":523},{"@type":"BreadcrumbList","@id":"https:\/\/www.domkraftpro.com\/index.php\/produkt\/akce-covernit-policka-pro-zahradni-skleniky-covertec-75-x-42-cm-5727\/#breadcrumb","itemListElement":[{"@type":"ListItem","position":1,"name":"Home","item":"https:\/\/www.domkraftpro.com\/"},{"@type":"ListItem","position":2,"name":"Products","item":"https:\/\/www.domkraftpro.com\/index.php\/products\/"},{"@type":"ListItem","position":3,"name":"Akce Covernit Poli\u010dka pro zahradn\u00ed sklen\u00edky Covertec 75 x 42 cm"}]},{"@type":"WebSite","@id":"https:\/\/www.domkraftpro.com\/#website","url":"https:\/\/www.domkraftpro.com\/","name":"","description":"","potentialAction":[{"@type":"SearchAction","target":{"@type":"EntryPoint","urlTemplate":"https:\/\/www.domkraftpro.com\/?s={search_term_string}"},"query-input":{"@type":"PropertyValueSpecification","valueRequired":true,"valueName":"search_term_string"}}],"inLanguage":"cs"}]}},"_links":{"self":[{"href":"https:\/\/www.domkraftpro.com\/index.php\/wp-json\/wp\/v2\/product\/5727","targetHints":{"allow":["GET"]}}],"collection":[{"href":"https:\/\/www.domkraftpro.com\/index.php\/wp-json\/wp\/v2\/product"}],"about":[{"href":"https:\/\/www.domkraftpro.com\/index.php\/wp-json\/wp\/v2\/types\/product"}],"replies":[{"embeddable":true,"href":"https:\/\/www.domkraftpro.com\/index.php\/wp-json\/wp\/v2\/comments?post=5727"}],"wp:featuredmedia":[{"embeddable":true,"href":"https:\/\/www.domkraftpro.com\/index.php\/wp-json\/wp\/v2\/media\/5827"}],"wp:attachment":[{"href":"https:\/\/www.domkraftpro.com\/index.php\/wp-json\/wp\/v2\/media?parent=5727"}],"wp:term":[{"taxonomy":"product_brand","embeddable":true,"href":"https:\/\/www.domkraftpro.com\/index.php\/wp-json\/wp\/v2\/product_brand?post=5727"},{"taxonomy":"product_cat","embeddable":true,"href":"https:\/\/www.domkraftpro.com\/index.php\/wp-json\/wp\/v2\/product_cat?post=5727"},{"taxonomy":"product_tag","embeddable":true,"href":"https:\/\/www.domkraftpro.com\/index.php\/wp-json\/wp\/v2\/product_tag?post=5727"}],"curies":[{"name":"wp","href":"https:\/\/api.w.org\/{rel}","templated":true}]}}