{"id":56917,"date":"2026-04-27T04:42:58","date_gmt":"2026-04-27T04:42:58","guid":{"rendered":""},"modified":"2026-04-27T04:42:58","modified_gmt":"2026-04-27T04:42:58","slug":"akce-policka-k-elektrickym-susakum-escada-1-a-2-56917","status":"publish","type":"product","link":"https:\/\/www.domkraftpro.com\/index.php\/produkt\/akce-policka-k-elektrickym-susakum-escada-1-a-2-56917\/","title":{"rendered":"Akce Poli\u010dka k elektrick\u00fdm su\u0161\u00e1k\u016fm ESCADA 1 a 2"},"content":{"rendered":"<div class=\"tabs__content-outer\" id=\"tab_description\" data-hash=\"description\" data-tabindex=\"-1\">\n<div class=\"tabs__content toggle_description\" id=\"content_description\">\n<div class=\"wysiwyg-content\">\n<div class=\"product__tab product__description full-width\">\n<div class=\"container\">\n<div >\n<h3>Poli\u010dka k elektrick\u00fdm su\u0161\u00e1k\u016fm ESCADA 1 a 2<\/h3>\n<p><strong>Poli\u010dka na ru\u010dn\u00edky<\/strong> pro elektrick\u00fd su\u0161\u00e1k <strong>ESCADA 1 a 2<\/strong> v popul\u00e1rn\u00ed <strong>\u010dern\u00e9 matn\u00e9 nebo b\u00edl\u00e9 matn\u00e9 barv\u011b<\/strong> a ve dvou <strong>rozm\u011brech 25 a 38 cm<\/strong>. Chytr\u00e9 \u0159e\u0161en\u00ed pro koupelnov\u00e9 radi\u00e1tory, zejm\u00e9na pro koupelny s v\u011bt\u0161\u00edm po\u010dtem u\u017eivatel\u016f. Poli\u010dka na ru\u010dn\u00edky jsou vyrobeny z <strong>prvot\u0159\u00eddn\u00edch materi\u00e1l\u016f<\/strong>, s kvalitn\u00ed povrchovou antikorozn\u00ed \u00fapravou. Poli\u010dka je ur\u010dena <strong>pro mont\u00e1\u017e na ze\u010f za elektrick\u00fd su\u0161\u00e1k.<\/strong><\/p>\n<h3><span style=\"font-size: 12pt;\"><strong>Ur\u010deno pro elektrick\u00fd su\u0161\u00e1k ESCADA 1 a 2<\/strong><\/span><\/h3>\n<p>Barevn\u00e9 proveden\u00ed:\u00a0<strong>\u010dern\u00e1 matn\u00e1 \/ b\u00edl\u00e1 marn\u00e1<\/strong><\/p>\n<p>\u0160\u00ed\u0159ka poli\u010dky:\u00a0<strong>250 a 380 mm<\/strong><\/p>\n<p>Uchycen\u00ed v\u011b\u0161\u00e1ku:\u00a0<strong>mont\u00e1\u017e na ze\u010f (k na\u0161roubov\u00e1n\u00ed)<\/strong><\/p>\n<p><b>Vlastnosti<\/b><\/p>\n<ul>\n<li><span>Materi\u00e1l:<\/span> Kov<\/li>\n<li><span>Skupina_artiklu:<\/span> S23B3<\/li>\n<li><span>Katalog:<\/span> Olsen-Spa,HOPA Koupelny<\/li>\n<li><span>Barva:<\/span> B\u00edl\u00e1<\/li>\n<li><span>Rozm\u011br_A:<\/span> 25 cm,38 cm<\/li>\n<li><span>Barva:<\/span> C31 \u010dern\u00e1 matn\u00e1, 25 cm, C34 B\u00edl\u00e1 matn\u00e1, 25 cm, 38 cm, C31 \u010dern\u00e1 matn\u00e1, 38 cm, C34 B\u00edl\u00e1 matn\u00e1<\/li>\n<\/ul>\n<\/div><\/div>\n<\/p><\/div>\n<\/p><\/div>\n<\/p><\/div>\n","protected":false},"excerpt":{"rendered":"<p>Poli\u010dka k elektrick\u00fdm su\u0161\u00e1k\u016fm ESCADA 1 a 2 Poli\u010dka na ru\u010dn\u00edky pro elektrick\u00fd su\u0161\u00e1k ESCADA 1 a 2 v popul\u00e1rn\u00ed \u010dern\u00e9 matn\u00e9 nebo b\u00edl\u00e9 matn\u00e9 barv\u011b a ve dvou rozm\u011brech 25 a 38 cm. Chytr\u00e9 \u0159e\u0161en\u00ed pro koupelnov\u00e9 radi\u00e1tory, zejm\u00e9na pro koupelny s v\u011bt\u0161\u00edm po\u010dtem u\u017eivatel\u016f. Poli\u010dka na ru\u010dn\u00edky jsou vyrobeny z prvot\u0159\u00eddn\u00edch materi\u00e1l\u016f, s [&hellip;]<\/p>\n","protected":false},"featured_media":57017,"comment_status":"open","ping_status":"open","template":"","meta":[],"product_brand":[],"product_cat":[95],"product_tag":[],"class_list":{"0":"post-56917","1":"product","2":"type-product","3":"status-publish","4":"has-post-thumbnail","6":"product_cat-koupelna","8":"first","9":"instock","10":"sale","11":"shipping-taxable","12":"purchasable","13":"product-type-simple"},"yoast_head":"<!-- This site is optimized with the Yoast SEO plugin v26.8 - https:\/\/yoast.com\/product\/yoast-seo-wordpress\/ -->\n<title>Akce Poli\u010dka k elektrick\u00fdm su\u0161\u00e1k\u016fm ESCADA 1 a 2 -<\/title>\n<meta name=\"robots\" content=\"index, follow, max-snippet:-1, max-image-preview:large, max-video-preview:-1\" \/>\n<link rel=\"canonical\" href=\"https:\/\/www.domkraftpro.com\/index.php\/produkt\/akce-policka-k-elektrickym-susakum-escada-1-a-2-56917\/\" \/>\n<meta property=\"og:locale\" content=\"cs_CZ\" \/>\n<meta property=\"og:type\" content=\"article\" \/>\n<meta property=\"og:title\" content=\"Akce Poli\u010dka k elektrick\u00fdm su\u0161\u00e1k\u016fm ESCADA 1 a 2 -\" \/>\n<meta property=\"og:description\" content=\"Poli\u010dka k elektrick\u00fdm su\u0161\u00e1k\u016fm ESCADA 1 a 2 Poli\u010dka na ru\u010dn\u00edky pro elektrick\u00fd su\u0161\u00e1k ESCADA 1 a 2 v popul\u00e1rn\u00ed \u010dern\u00e9 matn\u00e9 nebo b\u00edl\u00e9 matn\u00e9 barv\u011b a ve dvou rozm\u011brech 25 a 38 cm. Chytr\u00e9 \u0159e\u0161en\u00ed pro koupelnov\u00e9 radi\u00e1tory, zejm\u00e9na pro koupelny s v\u011bt\u0161\u00edm po\u010dtem u\u017eivatel\u016f. Poli\u010dka na ru\u010dn\u00edky jsou vyrobeny z prvot\u0159\u00eddn\u00edch materi\u00e1l\u016f, s [&hellip;]\" \/>\n<meta property=\"og:url\" content=\"https:\/\/www.domkraftpro.com\/index.php\/produkt\/akce-policka-k-elektrickym-susakum-escada-1-a-2-56917\/\" \/>\n<meta property=\"og:image\" content=\"https:\/\/www.domkraftpro.com\/wp-content\/uploads\/2026\/SK0008452-CZ20260425-093041-0-1777080643-policka-k-elektrickym-susakum-escada-1-a-2_ba36-l8.webp\" \/>\n\t<meta property=\"og:image:width\" content=\"1000\" \/>\n\t<meta property=\"og:image:height\" content=\"468\" \/>\n\t<meta property=\"og:image:type\" content=\"image\/webp\" \/>\n<meta name=\"twitter:card\" content=\"summary_large_image\" \/>\n<meta name=\"twitter:label1\" content=\"Odhadovan\u00e1 doba \u010dten\u00ed\" \/>\n\t<meta name=\"twitter:data1\" content=\"1 minuta\" \/>\n<script type=\"application\/ld+json\" class=\"yoast-schema-graph\">{\"@context\":\"https:\/\/schema.org\",\"@graph\":[{\"@type\":\"WebPage\",\"@id\":\"https:\/\/www.domkraftpro.com\/index.php\/produkt\/akce-policka-k-elektrickym-susakum-escada-1-a-2-56917\/\",\"url\":\"https:\/\/www.domkraftpro.com\/index.php\/produkt\/akce-policka-k-elektrickym-susakum-escada-1-a-2-56917\/\",\"name\":\"Akce Poli\u010dka k elektrick\u00fdm su\u0161\u00e1k\u016fm ESCADA 1 a 2 -\",\"isPartOf\":{\"@id\":\"https:\/\/www.domkraftpro.com\/#website\"},\"primaryImageOfPage\":{\"@id\":\"https:\/\/www.domkraftpro.com\/index.php\/produkt\/akce-policka-k-elektrickym-susakum-escada-1-a-2-56917\/#primaryimage\"},\"image\":{\"@id\":\"https:\/\/www.domkraftpro.com\/index.php\/produkt\/akce-policka-k-elektrickym-susakum-escada-1-a-2-56917\/#primaryimage\"},\"thumbnailUrl\":\"https:\/\/www.domkraftpro.com\/wp-content\/uploads\/2026\/SK0008452-CZ20260425-093041-0-1777080643-policka-k-elektrickym-susakum-escada-1-a-2_ba36-l8.webp\",\"datePublished\":\"2026-04-27T04:42:58+00:00\",\"breadcrumb\":{\"@id\":\"https:\/\/www.domkraftpro.com\/index.php\/produkt\/akce-policka-k-elektrickym-susakum-escada-1-a-2-56917\/#breadcrumb\"},\"inLanguage\":\"cs\",\"potentialAction\":[{\"@type\":\"ReadAction\",\"target\":[\"https:\/\/www.domkraftpro.com\/index.php\/produkt\/akce-policka-k-elektrickym-susakum-escada-1-a-2-56917\/\"]}]},{\"@type\":\"ImageObject\",\"inLanguage\":\"cs\",\"@id\":\"https:\/\/www.domkraftpro.com\/index.php\/produkt\/akce-policka-k-elektrickym-susakum-escada-1-a-2-56917\/#primaryimage\",\"url\":\"https:\/\/www.domkraftpro.com\/wp-content\/uploads\/2026\/SK0008452-CZ20260425-093041-0-1777080643-policka-k-elektrickym-susakum-escada-1-a-2_ba36-l8.webp\",\"contentUrl\":\"https:\/\/www.domkraftpro.com\/wp-content\/uploads\/2026\/SK0008452-CZ20260425-093041-0-1777080643-policka-k-elektrickym-susakum-escada-1-a-2_ba36-l8.webp\",\"width\":1000,\"height\":468},{\"@type\":\"BreadcrumbList\",\"@id\":\"https:\/\/www.domkraftpro.com\/index.php\/produkt\/akce-policka-k-elektrickym-susakum-escada-1-a-2-56917\/#breadcrumb\",\"itemListElement\":[{\"@type\":\"ListItem\",\"position\":1,\"name\":\"Home\",\"item\":\"https:\/\/www.domkraftpro.com\/\"},{\"@type\":\"ListItem\",\"position\":2,\"name\":\"Products\",\"item\":\"https:\/\/www.domkraftpro.com\/index.php\/products\/\"},{\"@type\":\"ListItem\",\"position\":3,\"name\":\"Akce Poli\u010dka k elektrick\u00fdm su\u0161\u00e1k\u016fm ESCADA 1 a 2\"}]},{\"@type\":\"WebSite\",\"@id\":\"https:\/\/www.domkraftpro.com\/#website\",\"url\":\"https:\/\/www.domkraftpro.com\/\",\"name\":\"\",\"description\":\"\",\"potentialAction\":[{\"@type\":\"SearchAction\",\"target\":{\"@type\":\"EntryPoint\",\"urlTemplate\":\"https:\/\/www.domkraftpro.com\/?s={search_term_string}\"},\"query-input\":{\"@type\":\"PropertyValueSpecification\",\"valueRequired\":true,\"valueName\":\"search_term_string\"}}],\"inLanguage\":\"cs\"}]}<\/script>\n<!-- \/ Yoast SEO plugin. -->","yoast_head_json":{"title":"Akce Poli\u010dka k elektrick\u00fdm su\u0161\u00e1k\u016fm ESCADA 1 a 2 -","robots":{"index":"index","follow":"follow","max-snippet":"max-snippet:-1","max-image-preview":"max-image-preview:large","max-video-preview":"max-video-preview:-1"},"canonical":"https:\/\/www.domkraftpro.com\/index.php\/produkt\/akce-policka-k-elektrickym-susakum-escada-1-a-2-56917\/","og_locale":"cs_CZ","og_type":"article","og_title":"Akce Poli\u010dka k elektrick\u00fdm su\u0161\u00e1k\u016fm ESCADA 1 a 2 -","og_description":"Poli\u010dka k elektrick\u00fdm su\u0161\u00e1k\u016fm ESCADA 1 a 2 Poli\u010dka na ru\u010dn\u00edky pro elektrick\u00fd su\u0161\u00e1k ESCADA 1 a 2 v popul\u00e1rn\u00ed \u010dern\u00e9 matn\u00e9 nebo b\u00edl\u00e9 matn\u00e9 barv\u011b a ve dvou rozm\u011brech 25 a 38 cm. Chytr\u00e9 \u0159e\u0161en\u00ed pro koupelnov\u00e9 radi\u00e1tory, zejm\u00e9na pro koupelny s v\u011bt\u0161\u00edm po\u010dtem u\u017eivatel\u016f. Poli\u010dka na ru\u010dn\u00edky jsou vyrobeny z prvot\u0159\u00eddn\u00edch materi\u00e1l\u016f, s [&hellip;]","og_url":"https:\/\/www.domkraftpro.com\/index.php\/produkt\/akce-policka-k-elektrickym-susakum-escada-1-a-2-56917\/","og_image":[{"width":1000,"height":468,"url":"https:\/\/www.domkraftpro.com\/wp-content\/uploads\/2026\/SK0008452-CZ20260425-093041-0-1777080643-policka-k-elektrickym-susakum-escada-1-a-2_ba36-l8.webp","type":"image\/webp"}],"twitter_card":"summary_large_image","twitter_misc":{"Odhadovan\u00e1 doba \u010dten\u00ed":"1 minuta"},"schema":{"@context":"https:\/\/schema.org","@graph":[{"@type":"WebPage","@id":"https:\/\/www.domkraftpro.com\/index.php\/produkt\/akce-policka-k-elektrickym-susakum-escada-1-a-2-56917\/","url":"https:\/\/www.domkraftpro.com\/index.php\/produkt\/akce-policka-k-elektrickym-susakum-escada-1-a-2-56917\/","name":"Akce Poli\u010dka k elektrick\u00fdm su\u0161\u00e1k\u016fm ESCADA 1 a 2 -","isPartOf":{"@id":"https:\/\/www.domkraftpro.com\/#website"},"primaryImageOfPage":{"@id":"https:\/\/www.domkraftpro.com\/index.php\/produkt\/akce-policka-k-elektrickym-susakum-escada-1-a-2-56917\/#primaryimage"},"image":{"@id":"https:\/\/www.domkraftpro.com\/index.php\/produkt\/akce-policka-k-elektrickym-susakum-escada-1-a-2-56917\/#primaryimage"},"thumbnailUrl":"https:\/\/www.domkraftpro.com\/wp-content\/uploads\/2026\/SK0008452-CZ20260425-093041-0-1777080643-policka-k-elektrickym-susakum-escada-1-a-2_ba36-l8.webp","datePublished":"2026-04-27T04:42:58+00:00","breadcrumb":{"@id":"https:\/\/www.domkraftpro.com\/index.php\/produkt\/akce-policka-k-elektrickym-susakum-escada-1-a-2-56917\/#breadcrumb"},"inLanguage":"cs","potentialAction":[{"@type":"ReadAction","target":["https:\/\/www.domkraftpro.com\/index.php\/produkt\/akce-policka-k-elektrickym-susakum-escada-1-a-2-56917\/"]}]},{"@type":"ImageObject","inLanguage":"cs","@id":"https:\/\/www.domkraftpro.com\/index.php\/produkt\/akce-policka-k-elektrickym-susakum-escada-1-a-2-56917\/#primaryimage","url":"https:\/\/www.domkraftpro.com\/wp-content\/uploads\/2026\/SK0008452-CZ20260425-093041-0-1777080643-policka-k-elektrickym-susakum-escada-1-a-2_ba36-l8.webp","contentUrl":"https:\/\/www.domkraftpro.com\/wp-content\/uploads\/2026\/SK0008452-CZ20260425-093041-0-1777080643-policka-k-elektrickym-susakum-escada-1-a-2_ba36-l8.webp","width":1000,"height":468},{"@type":"BreadcrumbList","@id":"https:\/\/www.domkraftpro.com\/index.php\/produkt\/akce-policka-k-elektrickym-susakum-escada-1-a-2-56917\/#breadcrumb","itemListElement":[{"@type":"ListItem","position":1,"name":"Home","item":"https:\/\/www.domkraftpro.com\/"},{"@type":"ListItem","position":2,"name":"Products","item":"https:\/\/www.domkraftpro.com\/index.php\/products\/"},{"@type":"ListItem","position":3,"name":"Akce Poli\u010dka k elektrick\u00fdm su\u0161\u00e1k\u016fm ESCADA 1 a 2"}]},{"@type":"WebSite","@id":"https:\/\/www.domkraftpro.com\/#website","url":"https:\/\/www.domkraftpro.com\/","name":"","description":"","potentialAction":[{"@type":"SearchAction","target":{"@type":"EntryPoint","urlTemplate":"https:\/\/www.domkraftpro.com\/?s={search_term_string}"},"query-input":{"@type":"PropertyValueSpecification","valueRequired":true,"valueName":"search_term_string"}}],"inLanguage":"cs"}]}},"_links":{"self":[{"href":"https:\/\/www.domkraftpro.com\/index.php\/wp-json\/wp\/v2\/product\/56917","targetHints":{"allow":["GET"]}}],"collection":[{"href":"https:\/\/www.domkraftpro.com\/index.php\/wp-json\/wp\/v2\/product"}],"about":[{"href":"https:\/\/www.domkraftpro.com\/index.php\/wp-json\/wp\/v2\/types\/product"}],"replies":[{"embeddable":true,"href":"https:\/\/www.domkraftpro.com\/index.php\/wp-json\/wp\/v2\/comments?post=56917"}],"wp:featuredmedia":[{"embeddable":true,"href":"https:\/\/www.domkraftpro.com\/index.php\/wp-json\/wp\/v2\/media\/57017"}],"wp:attachment":[{"href":"https:\/\/www.domkraftpro.com\/index.php\/wp-json\/wp\/v2\/media?parent=56917"}],"wp:term":[{"taxonomy":"product_brand","embeddable":true,"href":"https:\/\/www.domkraftpro.com\/index.php\/wp-json\/wp\/v2\/product_brand?post=56917"},{"taxonomy":"product_cat","embeddable":true,"href":"https:\/\/www.domkraftpro.com\/index.php\/wp-json\/wp\/v2\/product_cat?post=56917"},{"taxonomy":"product_tag","embeddable":true,"href":"https:\/\/www.domkraftpro.com\/index.php\/wp-json\/wp\/v2\/product_tag?post=56917"}],"curies":[{"name":"wp","href":"https:\/\/api.w.org\/{rel}","templated":true}]}}