{"id":56126,"date":"2026-04-27T04:42:56","date_gmt":"2026-04-27T04:42:56","guid":{"rendered":""},"modified":"2026-04-27T04:42:56","modified_gmt":"2026-04-27T04:42:56","slug":"akce-pripojovaci-ventil-z7-kompletni-sada-56126","status":"publish","type":"product","link":"https:\/\/www.domkraftpro.com\/index.php\/produkt\/akce-pripojovaci-ventil-z7-kompletni-sada-56126\/","title":{"rendered":"Akce P\u0159ipojovac\u00ed ventil Z7 &#8211; kompletn\u00ed sada"},"content":{"rendered":"<div class=\"tabs__content-outer\" id=\"tab_description\" data-hash=\"description\" data-tabindex=\"-1\">\n<div class=\"tabs__content toggle_description\" id=\"content_description\">\n<div class=\"wysiwyg-content\">\n<div class=\"product__tab product__description full-width\">\n<div class=\"container\">\n<div >\n<h3>P\u0159ipojovac\u00ed ventil Z7 &#8211; kompletn\u00ed sada<\/h3>\n<p><strong>Garnitura (p\u0159ipojovac\u00ed ventil) Z7<\/strong> je ur\u010dena pro otopn\u00e1 t\u011blesa s 1bodov\u00fdm p\u0159ipojen\u00edm s <strong>rozte\u010d\u00ed 50 mm<\/strong> a <strong>z\u00e1vitem 1\/2 nebo 3\/4\u201c<\/strong>, zejm\u00e9na pro koupelnov\u00e1 t\u011blesa \u2013 tzn. <strong>\u017eeb\u0159\u00edky<\/strong>. Garnitura, termostatick\u00e1 hlavice i kompletn\u00ed p\u0159\u00edslu\u0161enstv\u00ed je k dispozici ve <strong>t\u0159ech r\u016fzn\u00fdch barv\u00e1ch<\/strong> v\u017edy s velmi kvalitn\u00ed povrchovou \u00fapravou.<\/p>\n<p>Ventil je ur\u010den pro p\u0159ipojen\u00ed radi\u00e1tor\u016f na rozvody TUV s\u00a0v\u00fdvodem ze zdi.\u00a0Nelze kombinovat s elektrickou topnou ty\u010d\u00ed.<\/p>\n<h3><span style=\"font-size: 12pt;\"><strong>Kompletn\u00ed sada obsahuje:<\/strong><\/span><\/h3>\n<ul>\n<li>1\u00d7 ventil Z7<\/li>\n<li>1\u00d7 termostatickou hlavici G2<\/li>\n<li>1\u00d7 ponornou trubku 350 mm<\/li>\n<li>2\u00d7 sv\u011brnou spojku Cu 15 \u00d7 1 mm \/ PEX-AL-PEX 16 \u00d7 2 mm<\/li>\n<li>1\u00d7 krytku pr\u016fchodu st\u011bnou v barv\u011b armatury<\/li>\n<li>2\u00d7 krytku dopojovac\u00edho potrub\u00ed v barv\u011b armatury<\/li>\n<\/ul>\n<div>\n<div class=\"gtx-trans-icon\">\u00a0<\/div>\n<\/p><\/div>\n<p><b>Vlastnosti<\/b><\/p>\n<ul>\n<li><span>Skupina_artiklu:<\/span> S29T<\/li>\n<li><span>Katalog:<\/span> HOPA Koupelny<\/li>\n<li><span>Vybaven\u00ed:<\/span> p\u0159ipojovac\u00ed ventil,kompletn\u00ed sada<\/li>\n<li><span>Barva:<\/span> B\u00edl\u00e1 matn\u00e1,Zlat\u00e1 leskl\u00e1,\u010cern\u00e1 leskl\u00e1,Grafit metal\u00edza,Tmav\u00fd matn\u00fd grafit,Zlat\u00e1 (RAL 1036),Antracit, matn\u00fd grafit,\u0160ed\u00e1 metal\u00edza,\u0160ed\u00e1 (\u017eula),B\u00edl\u00e1 (RAL 9003),\u010cern\u00e1 matn\u00e1,V\u00ednov\u00e1 matn\u00e1,Leskl\u00fd chrom,Antracit (RAL 7016),Matn\u00fd chrom,Le\u0161t\u011bn\u00fd nikl (nerez),Matn\u00fd k\u0159emen,Tmav\u00fd matn\u00fd k\u0159emen,Mosaz patina<\/li>\n<li><span>Materi\u00e1l spojky:<\/span> B\u00edl\u00e1, Lev\u00e1, Cu 15\u00d71, B\u00edl\u00e1, Prav\u00e1, Cu 15\u00d71, B\u00edl\u00e1, Lev\u00e1, PEX-AL-PEX, B\u00edl\u00e1, Prav\u00e1, PEX-AL-PEX, Leskl\u00fd chrom, Lev\u00e1, Cu 15\u00d71, Leskl\u00fd chrom, Prav\u00e1, Cu 15\u00d71, Leskl\u00fd chrom, Lev\u00e1, PEX-AL-PEX, Leskl\u00fd chrom, Prav\u00e1, PEX-AL-PEX, Lev\u00e1, Matn\u00fd chrom, Cu 15\u00d71, Matn\u00fd chrom, Prav\u00e1, Cu 15\u00d71, Lev\u00e1, Matn\u00fd chrom, PEX-AL-PEX, Matn\u00fd chrom, Prav\u00e1, PEX-AL-PEX<\/li>\n<\/ul>\n<\/div><\/div>\n<\/p><\/div>\n<\/p><\/div>\n<\/p><\/div>\n","protected":false},"excerpt":{"rendered":"<p>P\u0159ipojovac\u00ed ventil Z7 &#8211; kompletn\u00ed sada Garnitura (p\u0159ipojovac\u00ed ventil) Z7 je ur\u010dena pro otopn\u00e1 t\u011blesa s 1bodov\u00fdm p\u0159ipojen\u00edm s rozte\u010d\u00ed 50 mm a z\u00e1vitem 1\/2 nebo 3\/4\u201c, zejm\u00e9na pro koupelnov\u00e1 t\u011blesa \u2013 tzn. \u017eeb\u0159\u00edky. Garnitura, termostatick\u00e1 hlavice i kompletn\u00ed p\u0159\u00edslu\u0161enstv\u00ed je k dispozici ve t\u0159ech r\u016fzn\u00fdch barv\u00e1ch v\u017edy s velmi kvalitn\u00ed povrchovou \u00fapravou. Ventil je [&hellip;]<\/p>\n","protected":false},"featured_media":56226,"comment_status":"open","ping_status":"open","template":"","meta":[],"product_brand":[],"product_cat":[95],"product_tag":[],"class_list":{"0":"post-56126","1":"product","2":"type-product","3":"status-publish","4":"has-post-thumbnail","6":"product_cat-koupelna","8":"first","9":"instock","10":"sale","11":"shipping-taxable","12":"purchasable","13":"product-type-simple"},"yoast_head":"<!-- This site is optimized with the Yoast SEO plugin v26.8 - https:\/\/yoast.com\/product\/yoast-seo-wordpress\/ -->\n<title>Akce P\u0159ipojovac\u00ed ventil Z7 - kompletn\u00ed sada -<\/title>\n<meta name=\"robots\" content=\"index, follow, max-snippet:-1, max-image-preview:large, max-video-preview:-1\" \/>\n<link rel=\"canonical\" href=\"https:\/\/www.domkraftpro.com\/index.php\/produkt\/akce-pripojovaci-ventil-z7-kompletni-sada-56126\/\" \/>\n<meta property=\"og:locale\" content=\"cs_CZ\" \/>\n<meta property=\"og:type\" content=\"article\" \/>\n<meta property=\"og:title\" content=\"Akce P\u0159ipojovac\u00ed ventil Z7 - kompletn\u00ed sada -\" \/>\n<meta property=\"og:description\" content=\"P\u0159ipojovac\u00ed ventil Z7 &#8211; kompletn\u00ed sada Garnitura (p\u0159ipojovac\u00ed ventil) Z7 je ur\u010dena pro otopn\u00e1 t\u011blesa s 1bodov\u00fdm p\u0159ipojen\u00edm s rozte\u010d\u00ed 50 mm a z\u00e1vitem 1\/2 nebo 3\/4\u201c, zejm\u00e9na pro koupelnov\u00e1 t\u011blesa \u2013 tzn. \u017eeb\u0159\u00edky. Garnitura, termostatick\u00e1 hlavice i kompletn\u00ed p\u0159\u00edslu\u0161enstv\u00ed je k dispozici ve t\u0159ech r\u016fzn\u00fdch barv\u00e1ch v\u017edy s velmi kvalitn\u00ed povrchovou \u00fapravou. Ventil je [&hellip;]\" \/>\n<meta property=\"og:url\" content=\"https:\/\/www.domkraftpro.com\/index.php\/produkt\/akce-pripojovaci-ventil-z7-kompletni-sada-56126\/\" \/>\n<meta property=\"og:image\" content=\"https:\/\/www.domkraftpro.com\/wp-content\/uploads\/2026\/SK0008056-CZ20260425-093041-0-1777080643-pripojovaci-ventil-z7-kompletni-sada_xe6z-cr.webp\" \/>\n\t<meta property=\"og:image:width\" content=\"921\" \/>\n\t<meta property=\"og:image:height\" content=\"771\" \/>\n\t<meta property=\"og:image:type\" content=\"image\/webp\" \/>\n<meta name=\"twitter:card\" content=\"summary_large_image\" \/>\n<meta name=\"twitter:label1\" content=\"Odhadovan\u00e1 doba \u010dten\u00ed\" \/>\n\t<meta name=\"twitter:data1\" content=\"1 minuta\" \/>\n<script type=\"application\/ld+json\" class=\"yoast-schema-graph\">{\"@context\":\"https:\/\/schema.org\",\"@graph\":[{\"@type\":\"WebPage\",\"@id\":\"https:\/\/www.domkraftpro.com\/index.php\/produkt\/akce-pripojovaci-ventil-z7-kompletni-sada-56126\/\",\"url\":\"https:\/\/www.domkraftpro.com\/index.php\/produkt\/akce-pripojovaci-ventil-z7-kompletni-sada-56126\/\",\"name\":\"Akce P\u0159ipojovac\u00ed ventil Z7 - kompletn\u00ed sada -\",\"isPartOf\":{\"@id\":\"https:\/\/www.domkraftpro.com\/#website\"},\"primaryImageOfPage\":{\"@id\":\"https:\/\/www.domkraftpro.com\/index.php\/produkt\/akce-pripojovaci-ventil-z7-kompletni-sada-56126\/#primaryimage\"},\"image\":{\"@id\":\"https:\/\/www.domkraftpro.com\/index.php\/produkt\/akce-pripojovaci-ventil-z7-kompletni-sada-56126\/#primaryimage\"},\"thumbnailUrl\":\"https:\/\/www.domkraftpro.com\/wp-content\/uploads\/2026\/SK0008056-CZ20260425-093041-0-1777080643-pripojovaci-ventil-z7-kompletni-sada_xe6z-cr.webp\",\"datePublished\":\"2026-04-27T04:42:56+00:00\",\"breadcrumb\":{\"@id\":\"https:\/\/www.domkraftpro.com\/index.php\/produkt\/akce-pripojovaci-ventil-z7-kompletni-sada-56126\/#breadcrumb\"},\"inLanguage\":\"cs\",\"potentialAction\":[{\"@type\":\"ReadAction\",\"target\":[\"https:\/\/www.domkraftpro.com\/index.php\/produkt\/akce-pripojovaci-ventil-z7-kompletni-sada-56126\/\"]}]},{\"@type\":\"ImageObject\",\"inLanguage\":\"cs\",\"@id\":\"https:\/\/www.domkraftpro.com\/index.php\/produkt\/akce-pripojovaci-ventil-z7-kompletni-sada-56126\/#primaryimage\",\"url\":\"https:\/\/www.domkraftpro.com\/wp-content\/uploads\/2026\/SK0008056-CZ20260425-093041-0-1777080643-pripojovaci-ventil-z7-kompletni-sada_xe6z-cr.webp\",\"contentUrl\":\"https:\/\/www.domkraftpro.com\/wp-content\/uploads\/2026\/SK0008056-CZ20260425-093041-0-1777080643-pripojovaci-ventil-z7-kompletni-sada_xe6z-cr.webp\",\"width\":921,\"height\":771},{\"@type\":\"BreadcrumbList\",\"@id\":\"https:\/\/www.domkraftpro.com\/index.php\/produkt\/akce-pripojovaci-ventil-z7-kompletni-sada-56126\/#breadcrumb\",\"itemListElement\":[{\"@type\":\"ListItem\",\"position\":1,\"name\":\"Home\",\"item\":\"https:\/\/www.domkraftpro.com\/\"},{\"@type\":\"ListItem\",\"position\":2,\"name\":\"Products\",\"item\":\"https:\/\/www.domkraftpro.com\/index.php\/products\/\"},{\"@type\":\"ListItem\",\"position\":3,\"name\":\"Akce P\u0159ipojovac\u00ed ventil Z7 &#8211; kompletn\u00ed sada\"}]},{\"@type\":\"WebSite\",\"@id\":\"https:\/\/www.domkraftpro.com\/#website\",\"url\":\"https:\/\/www.domkraftpro.com\/\",\"name\":\"\",\"description\":\"\",\"potentialAction\":[{\"@type\":\"SearchAction\",\"target\":{\"@type\":\"EntryPoint\",\"urlTemplate\":\"https:\/\/www.domkraftpro.com\/?s={search_term_string}\"},\"query-input\":{\"@type\":\"PropertyValueSpecification\",\"valueRequired\":true,\"valueName\":\"search_term_string\"}}],\"inLanguage\":\"cs\"}]}<\/script>\n<!-- \/ Yoast SEO plugin. -->","yoast_head_json":{"title":"Akce P\u0159ipojovac\u00ed ventil Z7 - kompletn\u00ed sada -","robots":{"index":"index","follow":"follow","max-snippet":"max-snippet:-1","max-image-preview":"max-image-preview:large","max-video-preview":"max-video-preview:-1"},"canonical":"https:\/\/www.domkraftpro.com\/index.php\/produkt\/akce-pripojovaci-ventil-z7-kompletni-sada-56126\/","og_locale":"cs_CZ","og_type":"article","og_title":"Akce P\u0159ipojovac\u00ed ventil Z7 - kompletn\u00ed sada -","og_description":"P\u0159ipojovac\u00ed ventil Z7 &#8211; kompletn\u00ed sada Garnitura (p\u0159ipojovac\u00ed ventil) Z7 je ur\u010dena pro otopn\u00e1 t\u011blesa s 1bodov\u00fdm p\u0159ipojen\u00edm s rozte\u010d\u00ed 50 mm a z\u00e1vitem 1\/2 nebo 3\/4\u201c, zejm\u00e9na pro koupelnov\u00e1 t\u011blesa \u2013 tzn. \u017eeb\u0159\u00edky. Garnitura, termostatick\u00e1 hlavice i kompletn\u00ed p\u0159\u00edslu\u0161enstv\u00ed je k dispozici ve t\u0159ech r\u016fzn\u00fdch barv\u00e1ch v\u017edy s velmi kvalitn\u00ed povrchovou \u00fapravou. Ventil je [&hellip;]","og_url":"https:\/\/www.domkraftpro.com\/index.php\/produkt\/akce-pripojovaci-ventil-z7-kompletni-sada-56126\/","og_image":[{"width":921,"height":771,"url":"https:\/\/www.domkraftpro.com\/wp-content\/uploads\/2026\/SK0008056-CZ20260425-093041-0-1777080643-pripojovaci-ventil-z7-kompletni-sada_xe6z-cr.webp","type":"image\/webp"}],"twitter_card":"summary_large_image","twitter_misc":{"Odhadovan\u00e1 doba \u010dten\u00ed":"1 minuta"},"schema":{"@context":"https:\/\/schema.org","@graph":[{"@type":"WebPage","@id":"https:\/\/www.domkraftpro.com\/index.php\/produkt\/akce-pripojovaci-ventil-z7-kompletni-sada-56126\/","url":"https:\/\/www.domkraftpro.com\/index.php\/produkt\/akce-pripojovaci-ventil-z7-kompletni-sada-56126\/","name":"Akce P\u0159ipojovac\u00ed ventil Z7 - kompletn\u00ed sada -","isPartOf":{"@id":"https:\/\/www.domkraftpro.com\/#website"},"primaryImageOfPage":{"@id":"https:\/\/www.domkraftpro.com\/index.php\/produkt\/akce-pripojovaci-ventil-z7-kompletni-sada-56126\/#primaryimage"},"image":{"@id":"https:\/\/www.domkraftpro.com\/index.php\/produkt\/akce-pripojovaci-ventil-z7-kompletni-sada-56126\/#primaryimage"},"thumbnailUrl":"https:\/\/www.domkraftpro.com\/wp-content\/uploads\/2026\/SK0008056-CZ20260425-093041-0-1777080643-pripojovaci-ventil-z7-kompletni-sada_xe6z-cr.webp","datePublished":"2026-04-27T04:42:56+00:00","breadcrumb":{"@id":"https:\/\/www.domkraftpro.com\/index.php\/produkt\/akce-pripojovaci-ventil-z7-kompletni-sada-56126\/#breadcrumb"},"inLanguage":"cs","potentialAction":[{"@type":"ReadAction","target":["https:\/\/www.domkraftpro.com\/index.php\/produkt\/akce-pripojovaci-ventil-z7-kompletni-sada-56126\/"]}]},{"@type":"ImageObject","inLanguage":"cs","@id":"https:\/\/www.domkraftpro.com\/index.php\/produkt\/akce-pripojovaci-ventil-z7-kompletni-sada-56126\/#primaryimage","url":"https:\/\/www.domkraftpro.com\/wp-content\/uploads\/2026\/SK0008056-CZ20260425-093041-0-1777080643-pripojovaci-ventil-z7-kompletni-sada_xe6z-cr.webp","contentUrl":"https:\/\/www.domkraftpro.com\/wp-content\/uploads\/2026\/SK0008056-CZ20260425-093041-0-1777080643-pripojovaci-ventil-z7-kompletni-sada_xe6z-cr.webp","width":921,"height":771},{"@type":"BreadcrumbList","@id":"https:\/\/www.domkraftpro.com\/index.php\/produkt\/akce-pripojovaci-ventil-z7-kompletni-sada-56126\/#breadcrumb","itemListElement":[{"@type":"ListItem","position":1,"name":"Home","item":"https:\/\/www.domkraftpro.com\/"},{"@type":"ListItem","position":2,"name":"Products","item":"https:\/\/www.domkraftpro.com\/index.php\/products\/"},{"@type":"ListItem","position":3,"name":"Akce P\u0159ipojovac\u00ed ventil Z7 &#8211; kompletn\u00ed sada"}]},{"@type":"WebSite","@id":"https:\/\/www.domkraftpro.com\/#website","url":"https:\/\/www.domkraftpro.com\/","name":"","description":"","potentialAction":[{"@type":"SearchAction","target":{"@type":"EntryPoint","urlTemplate":"https:\/\/www.domkraftpro.com\/?s={search_term_string}"},"query-input":{"@type":"PropertyValueSpecification","valueRequired":true,"valueName":"search_term_string"}}],"inLanguage":"cs"}]}},"_links":{"self":[{"href":"https:\/\/www.domkraftpro.com\/index.php\/wp-json\/wp\/v2\/product\/56126","targetHints":{"allow":["GET"]}}],"collection":[{"href":"https:\/\/www.domkraftpro.com\/index.php\/wp-json\/wp\/v2\/product"}],"about":[{"href":"https:\/\/www.domkraftpro.com\/index.php\/wp-json\/wp\/v2\/types\/product"}],"replies":[{"embeddable":true,"href":"https:\/\/www.domkraftpro.com\/index.php\/wp-json\/wp\/v2\/comments?post=56126"}],"wp:featuredmedia":[{"embeddable":true,"href":"https:\/\/www.domkraftpro.com\/index.php\/wp-json\/wp\/v2\/media\/56226"}],"wp:attachment":[{"href":"https:\/\/www.domkraftpro.com\/index.php\/wp-json\/wp\/v2\/media?parent=56126"}],"wp:term":[{"taxonomy":"product_brand","embeddable":true,"href":"https:\/\/www.domkraftpro.com\/index.php\/wp-json\/wp\/v2\/product_brand?post=56126"},{"taxonomy":"product_cat","embeddable":true,"href":"https:\/\/www.domkraftpro.com\/index.php\/wp-json\/wp\/v2\/product_cat?post=56126"},{"taxonomy":"product_tag","embeddable":true,"href":"https:\/\/www.domkraftpro.com\/index.php\/wp-json\/wp\/v2\/product_tag?post=56126"}],"curies":[{"name":"wp","href":"https:\/\/api.w.org\/{rel}","templated":true}]}}