{"id":55294,"date":"2026-04-27T04:42:53","date_gmt":"2026-04-27T04:42:53","guid":{"rendered":""},"modified":"2026-04-27T04:42:53","modified_gmt":"2026-04-27T04:42:53","slug":"znackovy-riho-lugo-obdelnikova-vana-180x80cm-55294","status":"publish","type":"product","link":"https:\/\/www.domkraftpro.com\/index.php\/produkt\/znackovy-riho-lugo-obdelnikova-vana-180x80cm-55294\/","title":{"rendered":"Zna\u010dkov\u00fd Riho Lugo Obd\u00e9ln\u00edkov\u00e1 vana 180x80cm"},"content":{"rendered":"<div class=\"ProductDetail-content NoFixImageContainer\" id=\"productDescription\">\n<div class=\"Heading\">\n<h2 class=\"Heading-title\">Popis produktu <span class=''>Riho Lugo Obd\u00e9ln\u00edkov\u00e1 vana 180x80cm<\/span><\/h2>\n<\/p><\/div>\n<div class=\"ProductDetailContent\">\n<p><span style=\"font-size:16px\">Technick&eacute; parametry:&nbsp;&nbsp;<\/span><\/p>\n<ul>\n<li><span style=\"font-size:16px\">D&eacute;lka: 180 cm<\/span><\/li>\n<li><span style=\"font-size:16px\">&Scaron;&iacute;\u0159ka: 80 cm<\/span><\/li>\n<li><span style=\"font-size:16px\">V&yacute;&scaron;ka: 47 cm<\/span><\/li>\n<\/ul>\n<p><span style=\"font-size:16px\">Vany RIHO jsou vyrobeny z lit&eacute;ho akryl&aacute;tu. Je to vysoce kvalitn&iacute;, nepor&eacute;zn&iacute; plast, v cel&eacute; tlou&scaron;\u0165ce probarven&yacute;. V&scaron;echny vany RIHO jsou vyztu\u017eeny vrstvou polyesterov&eacute;ho sklen\u011bn&eacute;ho lamin&aacute;tu a v&yacute;ztu\u017e&iacute; dna. &nbsp;<\/span><\/p>\n<p><span style=\"font-size:16px\">Vany jsou bezpe\u010dn&eacute; v\u016f\u010di uklouznut&iacute;. D&iacute;ky hladk&eacute;mu povrchu noha k materi&aacute;lu maxim&aacute;ln\u011b p\u0159ilne a riziko &uacute;razu se tak minimalizuje. Akryl&aacute;t ihned p\u0159eb&iacute;r&aacute; teplotu vody, tak\u017ee je vana tepl&aacute; hned na za\u010d&aacute;tku koup&aacute;n&iacute;. Dobr&eacute; izola\u010dn&iacute; vlastnosti dr\u017e&iacute; teplotu v l&aacute;zni po del&scaron;&iacute; dobu a tak nen&iacute; t\u0159eba dopl\u0148ovat teplou vodu. &nbsp;<\/span><\/p>\n<p><span style=\"font-size:16px\">Zvukov\u011b tlum&iacute;c&iacute; &uacute;\u010dinky akryl&aacute;tu nezp\u016fsobuj&iacute; hluk p\u0159i jej&iacute;m napl\u0148ov&aacute;n&iacute;. &nbsp;<\/span><\/p>\n<p><span style=\"font-size:16px\">Bezpor&eacute;zny povrch akryl&aacute;tu zabra\u0148uje mno\u017een&iacute; bakteri&iacute;, usazov&aacute;n&iacute; &scaron;p&iacute;ny, tuku a m&yacute;dla na st\u011bny vany. &Uacute;dr\u017eba je proto rychl&aacute; a snadn&aacute;.<\/span><\/p>\n<p><span style=\"font-size:16px\">Akryl&aacute;tov&eacute; vany jsou odoln&eacute; v\u016f\u010di n&aacute;raz\u016fm a po&scaron;kr&aacute;b&aacute;n&iacute;.<\/span><\/p>\n<\/p><\/div>\n<div class=\"ProductDetailContent\">\n<div class=\"ProductDetailContent-item\">\n<div style=\"background-color:#f9f9f9; border-left:5px solid #4caf50; border-radius:8px; box-shadow:0 4px 12px rgba(0,0,0,0.1); font-family:Arial,sans-serif; margin-bottom:20px; padding:25px 20px 20px 20px; position:relative\"><!-- Ikona info v lev\u00e9m horn\u00edm rohu --><\/p>\n<div style=\"align-items:center; background-color:#4caf50; border-radius:50%; color:#ffffff; display:flex; font-size:18px; font-weight:bold; height:30px; justify-content:center; left:-10px; position:absolute; top:-10px; width:30px\">i<\/div>\n<h3 style=\"margin-left:15px\">\u2705 Kvalitn\u00ed mont\u00e1\u017e vany je z\u00e1klad pohodln\u00e9ho koup\u00e1n\u00ed \u2013 nechte to na n\u00e1s<\/h3>\n<p>Spr\u00e1vn\u00e1 mont\u00e1\u017e <strong>vany<\/strong> je kl\u00ed\u010dem k jej\u00ed dlouh\u00e9 \u017eivotnosti, bezpe\u010dnosti i bezprobl\u00e9mov\u00e9mu provozu. A\u0165 u\u017e se jedn\u00e1 o klasickou <strong>obd\u00e9ln\u00edkovou vanu<\/strong>, <strong>rohovou<\/strong>, <strong>asymetrickou<\/strong> \u010di <strong>voln\u011b stoj\u00edc\u00ed<\/strong>, je v\u017edy d\u016fle\u017eit\u00e9 zajistit precizn\u00ed usazen\u00ed, stabilitu a pe\u010dliv\u00e9 ut\u011bsn\u011bn\u00ed v\u0161ech napojen\u00ed.<\/p>\n<p><strong>Nab\u00edz\u00edme odbornou mont\u00e1\u017e van v\u0161ech typ\u016f i zna\u010dek<\/strong>. Postar\u00e1me se o p\u0159esn\u00e9 zam\u011b\u0159en\u00ed, demont\u00e1\u017e p\u016fvodn\u00ed vany, p\u0159\u00edpravu prostoru, instalaci vany v\u010detn\u011b napojen\u00ed na odpad a vodu, i osazen\u00ed <strong>vanov\u00e9 baterie<\/strong> nebo <strong>vanov\u00e9 z\u00e1st\u011bny<\/strong>. Po dokon\u010den\u00ed v\u017edy d\u016fsledn\u011b otestujeme funk\u010dnost a db\u00e1me na \u010dist\u00fd a profesion\u00e1ln\u00ed v\u00fdstup.<\/p>\n<p><strong>Mont\u00e1\u017e vany p\u0159enechte zku\u0161en\u00fdm odborn\u00edk\u016fm<\/strong>, vyhnete se nep\u0159esnostem, net\u011bsnostem nebo probl\u00e9m\u016fm s podlahou a izolac\u00ed. Pracujeme rychle, pe\u010dliv\u011b a s respektem k va\u0161emu interi\u00e9ru.<\/p>\n<\/div><\/div>\n<\/p><\/div>\n<\/p><\/div>\n<\/p><\/div>\n<\/p><\/div>\n","protected":false},"excerpt":{"rendered":"<p>Popis produktu Riho Lugo Obd\u00e9ln\u00edkov\u00e1 vana 180x80cm Technick&eacute; parametry:&nbsp;&nbsp; D&eacute;lka: 180 cm &Scaron;&iacute;\u0159ka: 80 cm V&yacute;&scaron;ka: 47 cm Vany RIHO jsou vyrobeny z lit&eacute;ho akryl&aacute;tu. Je to vysoce kvalitn&iacute;, nepor&eacute;zn&iacute; plast, v cel&eacute; tlou&scaron;\u0165ce probarven&yacute;. V&scaron;echny vany RIHO jsou vyztu\u017eeny vrstvou polyesterov&eacute;ho sklen\u011bn&eacute;ho lamin&aacute;tu a v&yacute;ztu\u017e&iacute; dna. &nbsp; Vany jsou bezpe\u010dn&eacute; v\u016f\u010di uklouznut&iacute;. D&iacute;ky hladk&eacute;mu [&hellip;]<\/p>\n","protected":false},"featured_media":55394,"comment_status":"open","ping_status":"open","template":"","meta":[],"product_brand":[],"product_cat":[90],"product_tag":[],"class_list":{"0":"post-55294","1":"product","2":"type-product","3":"status-publish","4":"has-post-thumbnail","6":"product_cat-koupelny","8":"first","9":"instock","10":"sale","11":"shipping-taxable","12":"purchasable","13":"product-type-simple"},"yoast_head":"<!-- This site is optimized with the Yoast SEO plugin v26.8 - https:\/\/yoast.com\/product\/yoast-seo-wordpress\/ -->\n<title>Zna\u010dkov\u00fd Riho Lugo Obd\u00e9ln\u00edkov\u00e1 vana 180x80cm -<\/title>\n<meta name=\"robots\" content=\"index, follow, max-snippet:-1, max-image-preview:large, max-video-preview:-1\" \/>\n<link rel=\"canonical\" href=\"https:\/\/www.domkraftpro.com\/index.php\/produkt\/znackovy-riho-lugo-obdelnikova-vana-180x80cm-55294\/\" \/>\n<meta property=\"og:locale\" content=\"cs_CZ\" \/>\n<meta property=\"og:type\" content=\"article\" \/>\n<meta property=\"og:title\" content=\"Zna\u010dkov\u00fd Riho Lugo Obd\u00e9ln\u00edkov\u00e1 vana 180x80cm -\" \/>\n<meta property=\"og:description\" content=\"Popis produktu Riho Lugo Obd\u00e9ln\u00edkov\u00e1 vana 180x80cm Technick&eacute; parametry:&nbsp;&nbsp; D&eacute;lka: 180 cm &Scaron;&iacute;\u0159ka: 80 cm V&yacute;&scaron;ka: 47 cm Vany RIHO jsou vyrobeny z lit&eacute;ho akryl&aacute;tu. Je to vysoce kvalitn&iacute;, nepor&eacute;zn&iacute; plast, v cel&eacute; tlou&scaron;\u0165ce probarven&yacute;. V&scaron;echny vany RIHO jsou vyztu\u017eeny vrstvou polyesterov&eacute;ho sklen\u011bn&eacute;ho lamin&aacute;tu a v&yacute;ztu\u017e&iacute; dna. &nbsp; Vany jsou bezpe\u010dn&eacute; v\u016f\u010di uklouznut&iacute;. D&iacute;ky hladk&eacute;mu [&hellip;]\" \/>\n<meta property=\"og:url\" content=\"https:\/\/www.domkraftpro.com\/index.php\/produkt\/znackovy-riho-lugo-obdelnikova-vana-180x80cm-55294\/\" \/>\n<meta property=\"og:image\" content=\"https:\/\/www.domkraftpro.com\/wp-content\/uploads\/2026\/SK0009563-CZ20260425-092632-0-1777080397-riho-lugo-obdelnikova-vana-180x80cm-155473.webp\" \/>\n\t<meta property=\"og:image:width\" content=\"600\" \/>\n\t<meta property=\"og:image:height\" content=\"303\" \/>\n\t<meta property=\"og:image:type\" content=\"image\/webp\" \/>\n<meta name=\"twitter:card\" content=\"summary_large_image\" \/>\n<meta name=\"twitter:label1\" content=\"Odhadovan\u00e1 doba \u010dten\u00ed\" \/>\n\t<meta name=\"twitter:data1\" content=\"2 minuty\" \/>\n<script type=\"application\/ld+json\" class=\"yoast-schema-graph\">{\"@context\":\"https:\/\/schema.org\",\"@graph\":[{\"@type\":\"WebPage\",\"@id\":\"https:\/\/www.domkraftpro.com\/index.php\/produkt\/znackovy-riho-lugo-obdelnikova-vana-180x80cm-55294\/\",\"url\":\"https:\/\/www.domkraftpro.com\/index.php\/produkt\/znackovy-riho-lugo-obdelnikova-vana-180x80cm-55294\/\",\"name\":\"Zna\u010dkov\u00fd Riho Lugo Obd\u00e9ln\u00edkov\u00e1 vana 180x80cm -\",\"isPartOf\":{\"@id\":\"https:\/\/www.domkraftpro.com\/#website\"},\"primaryImageOfPage\":{\"@id\":\"https:\/\/www.domkraftpro.com\/index.php\/produkt\/znackovy-riho-lugo-obdelnikova-vana-180x80cm-55294\/#primaryimage\"},\"image\":{\"@id\":\"https:\/\/www.domkraftpro.com\/index.php\/produkt\/znackovy-riho-lugo-obdelnikova-vana-180x80cm-55294\/#primaryimage\"},\"thumbnailUrl\":\"https:\/\/www.domkraftpro.com\/wp-content\/uploads\/2026\/SK0009563-CZ20260425-092632-0-1777080397-riho-lugo-obdelnikova-vana-180x80cm-155473.webp\",\"datePublished\":\"2026-04-27T04:42:53+00:00\",\"breadcrumb\":{\"@id\":\"https:\/\/www.domkraftpro.com\/index.php\/produkt\/znackovy-riho-lugo-obdelnikova-vana-180x80cm-55294\/#breadcrumb\"},\"inLanguage\":\"cs\",\"potentialAction\":[{\"@type\":\"ReadAction\",\"target\":[\"https:\/\/www.domkraftpro.com\/index.php\/produkt\/znackovy-riho-lugo-obdelnikova-vana-180x80cm-55294\/\"]}]},{\"@type\":\"ImageObject\",\"inLanguage\":\"cs\",\"@id\":\"https:\/\/www.domkraftpro.com\/index.php\/produkt\/znackovy-riho-lugo-obdelnikova-vana-180x80cm-55294\/#primaryimage\",\"url\":\"https:\/\/www.domkraftpro.com\/wp-content\/uploads\/2026\/SK0009563-CZ20260425-092632-0-1777080397-riho-lugo-obdelnikova-vana-180x80cm-155473.webp\",\"contentUrl\":\"https:\/\/www.domkraftpro.com\/wp-content\/uploads\/2026\/SK0009563-CZ20260425-092632-0-1777080397-riho-lugo-obdelnikova-vana-180x80cm-155473.webp\",\"width\":600,\"height\":303},{\"@type\":\"BreadcrumbList\",\"@id\":\"https:\/\/www.domkraftpro.com\/index.php\/produkt\/znackovy-riho-lugo-obdelnikova-vana-180x80cm-55294\/#breadcrumb\",\"itemListElement\":[{\"@type\":\"ListItem\",\"position\":1,\"name\":\"Home\",\"item\":\"https:\/\/www.domkraftpro.com\/\"},{\"@type\":\"ListItem\",\"position\":2,\"name\":\"Products\",\"item\":\"https:\/\/www.domkraftpro.com\/index.php\/products\/\"},{\"@type\":\"ListItem\",\"position\":3,\"name\":\"Zna\u010dkov\u00fd Riho Lugo Obd\u00e9ln\u00edkov\u00e1 vana 180x80cm\"}]},{\"@type\":\"WebSite\",\"@id\":\"https:\/\/www.domkraftpro.com\/#website\",\"url\":\"https:\/\/www.domkraftpro.com\/\",\"name\":\"\",\"description\":\"\",\"potentialAction\":[{\"@type\":\"SearchAction\",\"target\":{\"@type\":\"EntryPoint\",\"urlTemplate\":\"https:\/\/www.domkraftpro.com\/?s={search_term_string}\"},\"query-input\":{\"@type\":\"PropertyValueSpecification\",\"valueRequired\":true,\"valueName\":\"search_term_string\"}}],\"inLanguage\":\"cs\"}]}<\/script>\n<!-- \/ Yoast SEO plugin. -->","yoast_head_json":{"title":"Zna\u010dkov\u00fd Riho Lugo Obd\u00e9ln\u00edkov\u00e1 vana 180x80cm -","robots":{"index":"index","follow":"follow","max-snippet":"max-snippet:-1","max-image-preview":"max-image-preview:large","max-video-preview":"max-video-preview:-1"},"canonical":"https:\/\/www.domkraftpro.com\/index.php\/produkt\/znackovy-riho-lugo-obdelnikova-vana-180x80cm-55294\/","og_locale":"cs_CZ","og_type":"article","og_title":"Zna\u010dkov\u00fd Riho Lugo Obd\u00e9ln\u00edkov\u00e1 vana 180x80cm -","og_description":"Popis produktu Riho Lugo Obd\u00e9ln\u00edkov\u00e1 vana 180x80cm Technick&eacute; parametry:&nbsp;&nbsp; D&eacute;lka: 180 cm &Scaron;&iacute;\u0159ka: 80 cm V&yacute;&scaron;ka: 47 cm Vany RIHO jsou vyrobeny z lit&eacute;ho akryl&aacute;tu. Je to vysoce kvalitn&iacute;, nepor&eacute;zn&iacute; plast, v cel&eacute; tlou&scaron;\u0165ce probarven&yacute;. V&scaron;echny vany RIHO jsou vyztu\u017eeny vrstvou polyesterov&eacute;ho sklen\u011bn&eacute;ho lamin&aacute;tu a v&yacute;ztu\u017e&iacute; dna. &nbsp; Vany jsou bezpe\u010dn&eacute; v\u016f\u010di uklouznut&iacute;. D&iacute;ky hladk&eacute;mu [&hellip;]","og_url":"https:\/\/www.domkraftpro.com\/index.php\/produkt\/znackovy-riho-lugo-obdelnikova-vana-180x80cm-55294\/","og_image":[{"width":600,"height":303,"url":"https:\/\/www.domkraftpro.com\/wp-content\/uploads\/2026\/SK0009563-CZ20260425-092632-0-1777080397-riho-lugo-obdelnikova-vana-180x80cm-155473.webp","type":"image\/webp"}],"twitter_card":"summary_large_image","twitter_misc":{"Odhadovan\u00e1 doba \u010dten\u00ed":"2 minuty"},"schema":{"@context":"https:\/\/schema.org","@graph":[{"@type":"WebPage","@id":"https:\/\/www.domkraftpro.com\/index.php\/produkt\/znackovy-riho-lugo-obdelnikova-vana-180x80cm-55294\/","url":"https:\/\/www.domkraftpro.com\/index.php\/produkt\/znackovy-riho-lugo-obdelnikova-vana-180x80cm-55294\/","name":"Zna\u010dkov\u00fd Riho Lugo Obd\u00e9ln\u00edkov\u00e1 vana 180x80cm -","isPartOf":{"@id":"https:\/\/www.domkraftpro.com\/#website"},"primaryImageOfPage":{"@id":"https:\/\/www.domkraftpro.com\/index.php\/produkt\/znackovy-riho-lugo-obdelnikova-vana-180x80cm-55294\/#primaryimage"},"image":{"@id":"https:\/\/www.domkraftpro.com\/index.php\/produkt\/znackovy-riho-lugo-obdelnikova-vana-180x80cm-55294\/#primaryimage"},"thumbnailUrl":"https:\/\/www.domkraftpro.com\/wp-content\/uploads\/2026\/SK0009563-CZ20260425-092632-0-1777080397-riho-lugo-obdelnikova-vana-180x80cm-155473.webp","datePublished":"2026-04-27T04:42:53+00:00","breadcrumb":{"@id":"https:\/\/www.domkraftpro.com\/index.php\/produkt\/znackovy-riho-lugo-obdelnikova-vana-180x80cm-55294\/#breadcrumb"},"inLanguage":"cs","potentialAction":[{"@type":"ReadAction","target":["https:\/\/www.domkraftpro.com\/index.php\/produkt\/znackovy-riho-lugo-obdelnikova-vana-180x80cm-55294\/"]}]},{"@type":"ImageObject","inLanguage":"cs","@id":"https:\/\/www.domkraftpro.com\/index.php\/produkt\/znackovy-riho-lugo-obdelnikova-vana-180x80cm-55294\/#primaryimage","url":"https:\/\/www.domkraftpro.com\/wp-content\/uploads\/2026\/SK0009563-CZ20260425-092632-0-1777080397-riho-lugo-obdelnikova-vana-180x80cm-155473.webp","contentUrl":"https:\/\/www.domkraftpro.com\/wp-content\/uploads\/2026\/SK0009563-CZ20260425-092632-0-1777080397-riho-lugo-obdelnikova-vana-180x80cm-155473.webp","width":600,"height":303},{"@type":"BreadcrumbList","@id":"https:\/\/www.domkraftpro.com\/index.php\/produkt\/znackovy-riho-lugo-obdelnikova-vana-180x80cm-55294\/#breadcrumb","itemListElement":[{"@type":"ListItem","position":1,"name":"Home","item":"https:\/\/www.domkraftpro.com\/"},{"@type":"ListItem","position":2,"name":"Products","item":"https:\/\/www.domkraftpro.com\/index.php\/products\/"},{"@type":"ListItem","position":3,"name":"Zna\u010dkov\u00fd Riho Lugo Obd\u00e9ln\u00edkov\u00e1 vana 180x80cm"}]},{"@type":"WebSite","@id":"https:\/\/www.domkraftpro.com\/#website","url":"https:\/\/www.domkraftpro.com\/","name":"","description":"","potentialAction":[{"@type":"SearchAction","target":{"@type":"EntryPoint","urlTemplate":"https:\/\/www.domkraftpro.com\/?s={search_term_string}"},"query-input":{"@type":"PropertyValueSpecification","valueRequired":true,"valueName":"search_term_string"}}],"inLanguage":"cs"}]}},"_links":{"self":[{"href":"https:\/\/www.domkraftpro.com\/index.php\/wp-json\/wp\/v2\/product\/55294","targetHints":{"allow":["GET"]}}],"collection":[{"href":"https:\/\/www.domkraftpro.com\/index.php\/wp-json\/wp\/v2\/product"}],"about":[{"href":"https:\/\/www.domkraftpro.com\/index.php\/wp-json\/wp\/v2\/types\/product"}],"replies":[{"embeddable":true,"href":"https:\/\/www.domkraftpro.com\/index.php\/wp-json\/wp\/v2\/comments?post=55294"}],"wp:featuredmedia":[{"embeddable":true,"href":"https:\/\/www.domkraftpro.com\/index.php\/wp-json\/wp\/v2\/media\/55394"}],"wp:attachment":[{"href":"https:\/\/www.domkraftpro.com\/index.php\/wp-json\/wp\/v2\/media?parent=55294"}],"wp:term":[{"taxonomy":"product_brand","embeddable":true,"href":"https:\/\/www.domkraftpro.com\/index.php\/wp-json\/wp\/v2\/product_brand?post=55294"},{"taxonomy":"product_cat","embeddable":true,"href":"https:\/\/www.domkraftpro.com\/index.php\/wp-json\/wp\/v2\/product_cat?post=55294"},{"taxonomy":"product_tag","embeddable":true,"href":"https:\/\/www.domkraftpro.com\/index.php\/wp-json\/wp\/v2\/product_tag?post=55294"}],"curies":[{"name":"wp","href":"https:\/\/api.w.org\/{rel}","templated":true}]}}