{"id":54389,"date":"2026-04-27T04:42:50","date_gmt":"2026-04-27T04:42:50","guid":{"rendered":""},"modified":"2026-04-27T04:42:50","modified_gmt":"2026-04-27T04:42:50","slug":"akce-ivar-cs-regulace-solarnich-systemu-ivar-solar-istdc-54389","status":"publish","type":"product","link":"https:\/\/www.domkraftpro.com\/index.php\/produkt\/akce-ivar-cs-regulace-solarnich-systemu-ivar-solar-istdc-54389\/","title":{"rendered":"Akce Ivar CS Regulace sol\u00e1rn\u00edch syst\u00e9m\u016f IVAR.SOLAR ISTDC"},"content":{"rendered":"<div class=\"ProductDetail-content NoFixImageContainer\" id=\"productDescription\">\n<div class=\"Heading\">\n<h2 class=\"Heading-title\">Popis produktu <span class=''>Ivar CS Regulace sol\u00e1rn\u00edch syst\u00e9m\u016f IVAR.SOLAR ISTDC<\/span><\/h2>\n<\/p><\/div>\n<div class=\"ProductDetailContent\">\n<p><span style=\"font-size:16px\">Digit&aacute;ln&iacute; regul&aacute;tor pro standardn&iacute; sol&aacute;rn&iacute; syst&eacute;my vybaven podsv\u011btlen&yacute;m displejem se symboly jednotliv&yacute;ch prvk\u016f sol&aacute;rn&iacute;ho syst&eacute;mu, s \u010desk&yacute;m menu a s pr\u016fvodcem pro uveden&iacute; do provozu. Mo\u017enost p\u0159ipojen&iacute; a\u017e 3 teplotn&iacute;ch \u010didel Pt 1000. V&yacute;stupn&iacute; rel&eacute; 230 V pro ovl&aacute;d&aacute;n&iacute; ob\u011bhov&eacute;ho \u010derpadla. Mo\u017enost nastaven&iacute; sp&iacute;nac&iacute; diference, funkce zp\u011btn&eacute;ho vychlazov&aacute;n&iacute;, funkce bezpe\u010dnostn&iacute;ho odstaven&iacute; kolektor\u016f, mo\u017enost vyu\u017eit&iacute; speci&aacute;ln&iacute;ch funkc&iacute; pro trubicov&eacute; kolektory, v&yacute;po\u010det dodan&eacute; sol&aacute;rn&iacute; energie dle zadan&eacute;ho pr\u016ftoku teplonosn&eacute;ho m&eacute;dia. Mo\u017enost vyu\u017eit&iacute; 9 p\u0159edprogramovan&yacute;ch hydraulick&yacute;ch sch&eacute;mat. Regul&aacute;tor je dod&aacute;v&aacute;n v\u010detn\u011b 2 ks teplotn&iacute;ch \u010didel Pt 1000.<\/span><\/p>\n<\/p><\/div>\n<div class=\"ProductDetailContent\">                                                                    <\/div>\n<\/p><\/div>\n<\/p><\/div>\n<\/p><\/div>\n","protected":false},"excerpt":{"rendered":"<p>Popis produktu Ivar CS Regulace sol\u00e1rn\u00edch syst\u00e9m\u016f IVAR.SOLAR ISTDC Digit&aacute;ln&iacute; regul&aacute;tor pro standardn&iacute; sol&aacute;rn&iacute; syst&eacute;my vybaven podsv\u011btlen&yacute;m displejem se symboly jednotliv&yacute;ch prvk\u016f sol&aacute;rn&iacute;ho syst&eacute;mu, s \u010desk&yacute;m menu a s pr\u016fvodcem pro uveden&iacute; do provozu. Mo\u017enost p\u0159ipojen&iacute; a\u017e 3 teplotn&iacute;ch \u010didel Pt 1000. V&yacute;stupn&iacute; rel&eacute; 230 V pro ovl&aacute;d&aacute;n&iacute; ob\u011bhov&eacute;ho \u010derpadla. Mo\u017enost nastaven&iacute; sp&iacute;nac&iacute; diference, funkce [&hellip;]<\/p>\n","protected":false},"featured_media":54489,"comment_status":"open","ping_status":"open","template":"","meta":[],"product_brand":[],"product_cat":[123],"product_tag":[],"class_list":{"0":"post-54389","1":"product","2":"type-product","3":"status-publish","4":"has-post-thumbnail","6":"product_cat-fotovoltaicke-a-solarni-systemy","8":"first","9":"instock","10":"sale","11":"shipping-taxable","12":"purchasable","13":"product-type-simple"},"yoast_head":"<!-- This site is optimized with the Yoast SEO plugin v26.8 - https:\/\/yoast.com\/product\/yoast-seo-wordpress\/ -->\n<title>Akce Ivar CS Regulace sol\u00e1rn\u00edch syst\u00e9m\u016f IVAR.SOLAR ISTDC -<\/title>\n<meta name=\"robots\" content=\"index, follow, max-snippet:-1, max-image-preview:large, max-video-preview:-1\" \/>\n<link rel=\"canonical\" href=\"https:\/\/www.domkraftpro.com\/index.php\/produkt\/akce-ivar-cs-regulace-solarnich-systemu-ivar-solar-istdc-54389\/\" \/>\n<meta property=\"og:locale\" content=\"cs_CZ\" \/>\n<meta property=\"og:type\" content=\"article\" \/>\n<meta property=\"og:title\" content=\"Akce Ivar CS Regulace sol\u00e1rn\u00edch syst\u00e9m\u016f IVAR.SOLAR ISTDC -\" \/>\n<meta property=\"og:description\" content=\"Popis produktu Ivar CS Regulace sol\u00e1rn\u00edch syst\u00e9m\u016f IVAR.SOLAR ISTDC Digit&aacute;ln&iacute; regul&aacute;tor pro standardn&iacute; sol&aacute;rn&iacute; syst&eacute;my vybaven podsv\u011btlen&yacute;m displejem se symboly jednotliv&yacute;ch prvk\u016f sol&aacute;rn&iacute;ho syst&eacute;mu, s \u010desk&yacute;m menu a s pr\u016fvodcem pro uveden&iacute; do provozu. Mo\u017enost p\u0159ipojen&iacute; a\u017e 3 teplotn&iacute;ch \u010didel Pt 1000. V&yacute;stupn&iacute; rel&eacute; 230 V pro ovl&aacute;d&aacute;n&iacute; ob\u011bhov&eacute;ho \u010derpadla. Mo\u017enost nastaven&iacute; sp&iacute;nac&iacute; diference, funkce [&hellip;]\" \/>\n<meta property=\"og:url\" content=\"https:\/\/www.domkraftpro.com\/index.php\/produkt\/akce-ivar-cs-regulace-solarnich-systemu-ivar-solar-istdc-54389\/\" \/>\n<meta property=\"og:image\" content=\"https:\/\/www.domkraftpro.com\/wp-content\/uploads\/2026\/SK0009104-CZ20260425-092632-0-1777080397-ivar-cs-regulace-solarnich-systemu-ivar-solar-istdc-144432..webp\" \/>\n\t<meta property=\"og:image:width\" content=\"544\" \/>\n\t<meta property=\"og:image:height\" content=\"600\" \/>\n\t<meta property=\"og:image:type\" content=\"image\/webp\" \/>\n<meta name=\"twitter:card\" content=\"summary_large_image\" \/>\n<meta name=\"twitter:label1\" content=\"Odhadovan\u00e1 doba \u010dten\u00ed\" \/>\n\t<meta name=\"twitter:data1\" content=\"1 minuta\" \/>\n<script type=\"application\/ld+json\" class=\"yoast-schema-graph\">{\"@context\":\"https:\/\/schema.org\",\"@graph\":[{\"@type\":\"WebPage\",\"@id\":\"https:\/\/www.domkraftpro.com\/index.php\/produkt\/akce-ivar-cs-regulace-solarnich-systemu-ivar-solar-istdc-54389\/\",\"url\":\"https:\/\/www.domkraftpro.com\/index.php\/produkt\/akce-ivar-cs-regulace-solarnich-systemu-ivar-solar-istdc-54389\/\",\"name\":\"Akce Ivar CS Regulace sol\u00e1rn\u00edch syst\u00e9m\u016f IVAR.SOLAR ISTDC -\",\"isPartOf\":{\"@id\":\"https:\/\/www.domkraftpro.com\/#website\"},\"primaryImageOfPage\":{\"@id\":\"https:\/\/www.domkraftpro.com\/index.php\/produkt\/akce-ivar-cs-regulace-solarnich-systemu-ivar-solar-istdc-54389\/#primaryimage\"},\"image\":{\"@id\":\"https:\/\/www.domkraftpro.com\/index.php\/produkt\/akce-ivar-cs-regulace-solarnich-systemu-ivar-solar-istdc-54389\/#primaryimage\"},\"thumbnailUrl\":\"https:\/\/www.domkraftpro.com\/wp-content\/uploads\/2026\/SK0009104-CZ20260425-092632-0-1777080397-ivar-cs-regulace-solarnich-systemu-ivar-solar-istdc-144432..webp\",\"datePublished\":\"2026-04-27T04:42:50+00:00\",\"breadcrumb\":{\"@id\":\"https:\/\/www.domkraftpro.com\/index.php\/produkt\/akce-ivar-cs-regulace-solarnich-systemu-ivar-solar-istdc-54389\/#breadcrumb\"},\"inLanguage\":\"cs\",\"potentialAction\":[{\"@type\":\"ReadAction\",\"target\":[\"https:\/\/www.domkraftpro.com\/index.php\/produkt\/akce-ivar-cs-regulace-solarnich-systemu-ivar-solar-istdc-54389\/\"]}]},{\"@type\":\"ImageObject\",\"inLanguage\":\"cs\",\"@id\":\"https:\/\/www.domkraftpro.com\/index.php\/produkt\/akce-ivar-cs-regulace-solarnich-systemu-ivar-solar-istdc-54389\/#primaryimage\",\"url\":\"https:\/\/www.domkraftpro.com\/wp-content\/uploads\/2026\/SK0009104-CZ20260425-092632-0-1777080397-ivar-cs-regulace-solarnich-systemu-ivar-solar-istdc-144432..webp\",\"contentUrl\":\"https:\/\/www.domkraftpro.com\/wp-content\/uploads\/2026\/SK0009104-CZ20260425-092632-0-1777080397-ivar-cs-regulace-solarnich-systemu-ivar-solar-istdc-144432..webp\",\"width\":544,\"height\":600},{\"@type\":\"BreadcrumbList\",\"@id\":\"https:\/\/www.domkraftpro.com\/index.php\/produkt\/akce-ivar-cs-regulace-solarnich-systemu-ivar-solar-istdc-54389\/#breadcrumb\",\"itemListElement\":[{\"@type\":\"ListItem\",\"position\":1,\"name\":\"Home\",\"item\":\"https:\/\/www.domkraftpro.com\/\"},{\"@type\":\"ListItem\",\"position\":2,\"name\":\"Products\",\"item\":\"https:\/\/www.domkraftpro.com\/index.php\/products\/\"},{\"@type\":\"ListItem\",\"position\":3,\"name\":\"Akce Ivar CS Regulace sol\u00e1rn\u00edch syst\u00e9m\u016f IVAR.SOLAR ISTDC\"}]},{\"@type\":\"WebSite\",\"@id\":\"https:\/\/www.domkraftpro.com\/#website\",\"url\":\"https:\/\/www.domkraftpro.com\/\",\"name\":\"\",\"description\":\"\",\"potentialAction\":[{\"@type\":\"SearchAction\",\"target\":{\"@type\":\"EntryPoint\",\"urlTemplate\":\"https:\/\/www.domkraftpro.com\/?s={search_term_string}\"},\"query-input\":{\"@type\":\"PropertyValueSpecification\",\"valueRequired\":true,\"valueName\":\"search_term_string\"}}],\"inLanguage\":\"cs\"}]}<\/script>\n<!-- \/ Yoast SEO plugin. -->","yoast_head_json":{"title":"Akce Ivar CS Regulace sol\u00e1rn\u00edch syst\u00e9m\u016f IVAR.SOLAR ISTDC -","robots":{"index":"index","follow":"follow","max-snippet":"max-snippet:-1","max-image-preview":"max-image-preview:large","max-video-preview":"max-video-preview:-1"},"canonical":"https:\/\/www.domkraftpro.com\/index.php\/produkt\/akce-ivar-cs-regulace-solarnich-systemu-ivar-solar-istdc-54389\/","og_locale":"cs_CZ","og_type":"article","og_title":"Akce Ivar CS Regulace sol\u00e1rn\u00edch syst\u00e9m\u016f IVAR.SOLAR ISTDC -","og_description":"Popis produktu Ivar CS Regulace sol\u00e1rn\u00edch syst\u00e9m\u016f IVAR.SOLAR ISTDC Digit&aacute;ln&iacute; regul&aacute;tor pro standardn&iacute; sol&aacute;rn&iacute; syst&eacute;my vybaven podsv\u011btlen&yacute;m displejem se symboly jednotliv&yacute;ch prvk\u016f sol&aacute;rn&iacute;ho syst&eacute;mu, s \u010desk&yacute;m menu a s pr\u016fvodcem pro uveden&iacute; do provozu. Mo\u017enost p\u0159ipojen&iacute; a\u017e 3 teplotn&iacute;ch \u010didel Pt 1000. V&yacute;stupn&iacute; rel&eacute; 230 V pro ovl&aacute;d&aacute;n&iacute; ob\u011bhov&eacute;ho \u010derpadla. Mo\u017enost nastaven&iacute; sp&iacute;nac&iacute; diference, funkce [&hellip;]","og_url":"https:\/\/www.domkraftpro.com\/index.php\/produkt\/akce-ivar-cs-regulace-solarnich-systemu-ivar-solar-istdc-54389\/","og_image":[{"width":544,"height":600,"url":"https:\/\/www.domkraftpro.com\/wp-content\/uploads\/2026\/SK0009104-CZ20260425-092632-0-1777080397-ivar-cs-regulace-solarnich-systemu-ivar-solar-istdc-144432..webp","type":"image\/webp"}],"twitter_card":"summary_large_image","twitter_misc":{"Odhadovan\u00e1 doba \u010dten\u00ed":"1 minuta"},"schema":{"@context":"https:\/\/schema.org","@graph":[{"@type":"WebPage","@id":"https:\/\/www.domkraftpro.com\/index.php\/produkt\/akce-ivar-cs-regulace-solarnich-systemu-ivar-solar-istdc-54389\/","url":"https:\/\/www.domkraftpro.com\/index.php\/produkt\/akce-ivar-cs-regulace-solarnich-systemu-ivar-solar-istdc-54389\/","name":"Akce Ivar CS Regulace sol\u00e1rn\u00edch syst\u00e9m\u016f IVAR.SOLAR ISTDC -","isPartOf":{"@id":"https:\/\/www.domkraftpro.com\/#website"},"primaryImageOfPage":{"@id":"https:\/\/www.domkraftpro.com\/index.php\/produkt\/akce-ivar-cs-regulace-solarnich-systemu-ivar-solar-istdc-54389\/#primaryimage"},"image":{"@id":"https:\/\/www.domkraftpro.com\/index.php\/produkt\/akce-ivar-cs-regulace-solarnich-systemu-ivar-solar-istdc-54389\/#primaryimage"},"thumbnailUrl":"https:\/\/www.domkraftpro.com\/wp-content\/uploads\/2026\/SK0009104-CZ20260425-092632-0-1777080397-ivar-cs-regulace-solarnich-systemu-ivar-solar-istdc-144432..webp","datePublished":"2026-04-27T04:42:50+00:00","breadcrumb":{"@id":"https:\/\/www.domkraftpro.com\/index.php\/produkt\/akce-ivar-cs-regulace-solarnich-systemu-ivar-solar-istdc-54389\/#breadcrumb"},"inLanguage":"cs","potentialAction":[{"@type":"ReadAction","target":["https:\/\/www.domkraftpro.com\/index.php\/produkt\/akce-ivar-cs-regulace-solarnich-systemu-ivar-solar-istdc-54389\/"]}]},{"@type":"ImageObject","inLanguage":"cs","@id":"https:\/\/www.domkraftpro.com\/index.php\/produkt\/akce-ivar-cs-regulace-solarnich-systemu-ivar-solar-istdc-54389\/#primaryimage","url":"https:\/\/www.domkraftpro.com\/wp-content\/uploads\/2026\/SK0009104-CZ20260425-092632-0-1777080397-ivar-cs-regulace-solarnich-systemu-ivar-solar-istdc-144432..webp","contentUrl":"https:\/\/www.domkraftpro.com\/wp-content\/uploads\/2026\/SK0009104-CZ20260425-092632-0-1777080397-ivar-cs-regulace-solarnich-systemu-ivar-solar-istdc-144432..webp","width":544,"height":600},{"@type":"BreadcrumbList","@id":"https:\/\/www.domkraftpro.com\/index.php\/produkt\/akce-ivar-cs-regulace-solarnich-systemu-ivar-solar-istdc-54389\/#breadcrumb","itemListElement":[{"@type":"ListItem","position":1,"name":"Home","item":"https:\/\/www.domkraftpro.com\/"},{"@type":"ListItem","position":2,"name":"Products","item":"https:\/\/www.domkraftpro.com\/index.php\/products\/"},{"@type":"ListItem","position":3,"name":"Akce Ivar CS Regulace sol\u00e1rn\u00edch syst\u00e9m\u016f IVAR.SOLAR ISTDC"}]},{"@type":"WebSite","@id":"https:\/\/www.domkraftpro.com\/#website","url":"https:\/\/www.domkraftpro.com\/","name":"","description":"","potentialAction":[{"@type":"SearchAction","target":{"@type":"EntryPoint","urlTemplate":"https:\/\/www.domkraftpro.com\/?s={search_term_string}"},"query-input":{"@type":"PropertyValueSpecification","valueRequired":true,"valueName":"search_term_string"}}],"inLanguage":"cs"}]}},"_links":{"self":[{"href":"https:\/\/www.domkraftpro.com\/index.php\/wp-json\/wp\/v2\/product\/54389","targetHints":{"allow":["GET"]}}],"collection":[{"href":"https:\/\/www.domkraftpro.com\/index.php\/wp-json\/wp\/v2\/product"}],"about":[{"href":"https:\/\/www.domkraftpro.com\/index.php\/wp-json\/wp\/v2\/types\/product"}],"replies":[{"embeddable":true,"href":"https:\/\/www.domkraftpro.com\/index.php\/wp-json\/wp\/v2\/comments?post=54389"}],"wp:featuredmedia":[{"embeddable":true,"href":"https:\/\/www.domkraftpro.com\/index.php\/wp-json\/wp\/v2\/media\/54489"}],"wp:attachment":[{"href":"https:\/\/www.domkraftpro.com\/index.php\/wp-json\/wp\/v2\/media?parent=54389"}],"wp:term":[{"taxonomy":"product_brand","embeddable":true,"href":"https:\/\/www.domkraftpro.com\/index.php\/wp-json\/wp\/v2\/product_brand?post=54389"},{"taxonomy":"product_cat","embeddable":true,"href":"https:\/\/www.domkraftpro.com\/index.php\/wp-json\/wp\/v2\/product_cat?post=54389"},{"taxonomy":"product_tag","embeddable":true,"href":"https:\/\/www.domkraftpro.com\/index.php\/wp-json\/wp\/v2\/product_tag?post=54389"}],"curies":[{"name":"wp","href":"https:\/\/api.w.org\/{rel}","templated":true}]}}