{"id":54386,"date":"2026-04-27T04:42:50","date_gmt":"2026-04-27T04:42:50","guid":{"rendered":""},"modified":"2026-04-27T04:42:50","modified_gmt":"2026-04-27T04:42:50","slug":"ivar-cs-uchycovaci-modul-vertikalnich-ramovych-kolektoru-ivar-solar-ivar-ivs-st-dokud-zasoby-vydrzi-54386","status":"publish","type":"product","link":"https:\/\/www.domkraftpro.com\/index.php\/produkt\/ivar-cs-uchycovaci-modul-vertikalnich-ramovych-kolektoru-ivar-solar-ivar-ivs-st-dokud-zasoby-vydrzi-54386\/","title":{"rendered":"Ivar CS Uchycovac\u00ed modul vertik\u00e1ln\u00edch r\u00e1mov\u00fdch kolektor\u016f IVAR.SOLAR &#8211; IVAR. IVS ST Dokud Z\u00e1soby Vydr\u017e\u00ed"},"content":{"rendered":"<div class=\"ProductDetail-content NoFixImageContainer\" id=\"productDescription\">\n<div class=\"Heading\">\n<h2 class=\"Heading-title\">Popis produktu <span class=''>Ivar CS Uchycovac\u00ed modul vertik\u00e1ln\u00edch r\u00e1mov\u00fdch kolektor\u016f IVAR.SOLAR &#8211; IVAR. IVS ST<\/span><\/h2>\n<\/p><\/div>\n<div class=\"ProductDetailContent\">\n<p><span style=\"font-size:16px\">St\u0159e&scaron;n&iacute; modul pro vertik&aacute;ln&iacute; r&aacute;mov&eacute; kolektory IVAR.SOLAR 230 ES, 200 M4 a 260 M4 s op\u011brou na &scaron;ikmou ta&scaron;kovou st\u0159echu, tvar ta&scaron;kov&eacute; krytiny nerozhoduje, materi&aacute;l nerez-pozink-Al.<\/span><\/p>\n<\/p><\/div>\n<div class=\"ProductDetailContent\">                                                                    <\/div>\n<\/p><\/div>\n<\/p><\/div>\n<\/p><\/div>\n","protected":false},"excerpt":{"rendered":"<p>Popis produktu Ivar CS Uchycovac\u00ed modul vertik\u00e1ln\u00edch r\u00e1mov\u00fdch kolektor\u016f IVAR.SOLAR &#8211; IVAR. IVS ST St\u0159e&scaron;n&iacute; modul pro vertik&aacute;ln&iacute; r&aacute;mov&eacute; kolektory IVAR.SOLAR 230 ES, 200 M4 a 260 M4 s op\u011brou na &scaron;ikmou ta&scaron;kovou st\u0159echu, tvar ta&scaron;kov&eacute; krytiny nerozhoduje, materi&aacute;l nerez-pozink-Al.<\/p>\n","protected":false},"featured_media":54486,"comment_status":"open","ping_status":"open","template":"","meta":[],"product_brand":[],"product_cat":[123],"product_tag":[],"class_list":{"0":"post-54386","1":"product","2":"type-product","3":"status-publish","4":"has-post-thumbnail","6":"product_cat-fotovoltaicke-a-solarni-systemy","8":"first","9":"instock","10":"sale","11":"shipping-taxable","12":"purchasable","13":"product-type-simple"},"yoast_head":"<!-- This site is optimized with the Yoast SEO plugin v26.8 - https:\/\/yoast.com\/product\/yoast-seo-wordpress\/ -->\n<title>Ivar CS Uchycovac\u00ed modul vertik\u00e1ln\u00edch r\u00e1mov\u00fdch kolektor\u016f IVAR.SOLAR - IVAR. IVS ST Dokud Z\u00e1soby Vydr\u017e\u00ed -<\/title>\n<meta name=\"robots\" content=\"index, follow, max-snippet:-1, max-image-preview:large, max-video-preview:-1\" \/>\n<link rel=\"canonical\" href=\"https:\/\/www.domkraftpro.com\/index.php\/produkt\/ivar-cs-uchycovaci-modul-vertikalnich-ramovych-kolektoru-ivar-solar-ivar-ivs-st-dokud-zasoby-vydrzi-54386\/\" \/>\n<meta property=\"og:locale\" content=\"cs_CZ\" \/>\n<meta property=\"og:type\" content=\"article\" \/>\n<meta property=\"og:title\" content=\"Ivar CS Uchycovac\u00ed modul vertik\u00e1ln\u00edch r\u00e1mov\u00fdch kolektor\u016f IVAR.SOLAR - IVAR. IVS ST Dokud Z\u00e1soby Vydr\u017e\u00ed -\" \/>\n<meta property=\"og:description\" content=\"Popis produktu Ivar CS Uchycovac\u00ed modul vertik\u00e1ln\u00edch r\u00e1mov\u00fdch kolektor\u016f IVAR.SOLAR &#8211; IVAR. IVS ST St\u0159e&scaron;n&iacute; modul pro vertik&aacute;ln&iacute; r&aacute;mov&eacute; kolektory IVAR.SOLAR 230 ES, 200 M4 a 260 M4 s op\u011brou na &scaron;ikmou ta&scaron;kovou st\u0159echu, tvar ta&scaron;kov&eacute; krytiny nerozhoduje, materi&aacute;l nerez-pozink-Al.\" \/>\n<meta property=\"og:url\" content=\"https:\/\/www.domkraftpro.com\/index.php\/produkt\/ivar-cs-uchycovaci-modul-vertikalnich-ramovych-kolektoru-ivar-solar-ivar-ivs-st-dokud-zasoby-vydrzi-54386\/\" \/>\n<meta property=\"og:image\" content=\"https:\/\/www.domkraftpro.com\/wp-content\/uploads\/2026\/SK0009100-CZ20260425-092632-0-1777080397-ivar-cs-uchycovaci-modul-vertikalnich-ramovych-kolektoru-iv.webp\" \/>\n\t<meta property=\"og:image:width\" content=\"269\" \/>\n\t<meta property=\"og:image:height\" content=\"179\" \/>\n\t<meta property=\"og:image:type\" content=\"image\/webp\" \/>\n<meta name=\"twitter:card\" content=\"summary_large_image\" \/>\n<script type=\"application\/ld+json\" class=\"yoast-schema-graph\">{\"@context\":\"https:\/\/schema.org\",\"@graph\":[{\"@type\":\"WebPage\",\"@id\":\"https:\/\/www.domkraftpro.com\/index.php\/produkt\/ivar-cs-uchycovaci-modul-vertikalnich-ramovych-kolektoru-ivar-solar-ivar-ivs-st-dokud-zasoby-vydrzi-54386\/\",\"url\":\"https:\/\/www.domkraftpro.com\/index.php\/produkt\/ivar-cs-uchycovaci-modul-vertikalnich-ramovych-kolektoru-ivar-solar-ivar-ivs-st-dokud-zasoby-vydrzi-54386\/\",\"name\":\"Ivar CS Uchycovac\u00ed modul vertik\u00e1ln\u00edch r\u00e1mov\u00fdch kolektor\u016f IVAR.SOLAR - IVAR. IVS ST Dokud Z\u00e1soby Vydr\u017e\u00ed -\",\"isPartOf\":{\"@id\":\"https:\/\/www.domkraftpro.com\/#website\"},\"primaryImageOfPage\":{\"@id\":\"https:\/\/www.domkraftpro.com\/index.php\/produkt\/ivar-cs-uchycovaci-modul-vertikalnich-ramovych-kolektoru-ivar-solar-ivar-ivs-st-dokud-zasoby-vydrzi-54386\/#primaryimage\"},\"image\":{\"@id\":\"https:\/\/www.domkraftpro.com\/index.php\/produkt\/ivar-cs-uchycovaci-modul-vertikalnich-ramovych-kolektoru-ivar-solar-ivar-ivs-st-dokud-zasoby-vydrzi-54386\/#primaryimage\"},\"thumbnailUrl\":\"https:\/\/www.domkraftpro.com\/wp-content\/uploads\/2026\/SK0009100-CZ20260425-092632-0-1777080397-ivar-cs-uchycovaci-modul-vertikalnich-ramovych-kolektoru-iv.webp\",\"datePublished\":\"2026-04-27T04:42:50+00:00\",\"breadcrumb\":{\"@id\":\"https:\/\/www.domkraftpro.com\/index.php\/produkt\/ivar-cs-uchycovaci-modul-vertikalnich-ramovych-kolektoru-ivar-solar-ivar-ivs-st-dokud-zasoby-vydrzi-54386\/#breadcrumb\"},\"inLanguage\":\"cs\",\"potentialAction\":[{\"@type\":\"ReadAction\",\"target\":[\"https:\/\/www.domkraftpro.com\/index.php\/produkt\/ivar-cs-uchycovaci-modul-vertikalnich-ramovych-kolektoru-ivar-solar-ivar-ivs-st-dokud-zasoby-vydrzi-54386\/\"]}]},{\"@type\":\"ImageObject\",\"inLanguage\":\"cs\",\"@id\":\"https:\/\/www.domkraftpro.com\/index.php\/produkt\/ivar-cs-uchycovaci-modul-vertikalnich-ramovych-kolektoru-ivar-solar-ivar-ivs-st-dokud-zasoby-vydrzi-54386\/#primaryimage\",\"url\":\"https:\/\/www.domkraftpro.com\/wp-content\/uploads\/2026\/SK0009100-CZ20260425-092632-0-1777080397-ivar-cs-uchycovaci-modul-vertikalnich-ramovych-kolektoru-iv.webp\",\"contentUrl\":\"https:\/\/www.domkraftpro.com\/wp-content\/uploads\/2026\/SK0009100-CZ20260425-092632-0-1777080397-ivar-cs-uchycovaci-modul-vertikalnich-ramovych-kolektoru-iv.webp\",\"width\":269,\"height\":179},{\"@type\":\"BreadcrumbList\",\"@id\":\"https:\/\/www.domkraftpro.com\/index.php\/produkt\/ivar-cs-uchycovaci-modul-vertikalnich-ramovych-kolektoru-ivar-solar-ivar-ivs-st-dokud-zasoby-vydrzi-54386\/#breadcrumb\",\"itemListElement\":[{\"@type\":\"ListItem\",\"position\":1,\"name\":\"Home\",\"item\":\"https:\/\/www.domkraftpro.com\/\"},{\"@type\":\"ListItem\",\"position\":2,\"name\":\"Products\",\"item\":\"https:\/\/www.domkraftpro.com\/index.php\/products\/\"},{\"@type\":\"ListItem\",\"position\":3,\"name\":\"Ivar CS Uchycovac\u00ed modul vertik\u00e1ln\u00edch r\u00e1mov\u00fdch kolektor\u016f IVAR.SOLAR &#8211; IVAR. IVS ST Dokud Z\u00e1soby Vydr\u017e\u00ed\"}]},{\"@type\":\"WebSite\",\"@id\":\"https:\/\/www.domkraftpro.com\/#website\",\"url\":\"https:\/\/www.domkraftpro.com\/\",\"name\":\"\",\"description\":\"\",\"potentialAction\":[{\"@type\":\"SearchAction\",\"target\":{\"@type\":\"EntryPoint\",\"urlTemplate\":\"https:\/\/www.domkraftpro.com\/?s={search_term_string}\"},\"query-input\":{\"@type\":\"PropertyValueSpecification\",\"valueRequired\":true,\"valueName\":\"search_term_string\"}}],\"inLanguage\":\"cs\"}]}<\/script>\n<!-- \/ Yoast SEO plugin. -->","yoast_head_json":{"title":"Ivar CS Uchycovac\u00ed modul vertik\u00e1ln\u00edch r\u00e1mov\u00fdch kolektor\u016f IVAR.SOLAR - IVAR. IVS ST Dokud Z\u00e1soby Vydr\u017e\u00ed -","robots":{"index":"index","follow":"follow","max-snippet":"max-snippet:-1","max-image-preview":"max-image-preview:large","max-video-preview":"max-video-preview:-1"},"canonical":"https:\/\/www.domkraftpro.com\/index.php\/produkt\/ivar-cs-uchycovaci-modul-vertikalnich-ramovych-kolektoru-ivar-solar-ivar-ivs-st-dokud-zasoby-vydrzi-54386\/","og_locale":"cs_CZ","og_type":"article","og_title":"Ivar CS Uchycovac\u00ed modul vertik\u00e1ln\u00edch r\u00e1mov\u00fdch kolektor\u016f IVAR.SOLAR - IVAR. IVS ST Dokud Z\u00e1soby Vydr\u017e\u00ed -","og_description":"Popis produktu Ivar CS Uchycovac\u00ed modul vertik\u00e1ln\u00edch r\u00e1mov\u00fdch kolektor\u016f IVAR.SOLAR &#8211; IVAR. IVS ST St\u0159e&scaron;n&iacute; modul pro vertik&aacute;ln&iacute; r&aacute;mov&eacute; kolektory IVAR.SOLAR 230 ES, 200 M4 a 260 M4 s op\u011brou na &scaron;ikmou ta&scaron;kovou st\u0159echu, tvar ta&scaron;kov&eacute; krytiny nerozhoduje, materi&aacute;l nerez-pozink-Al.","og_url":"https:\/\/www.domkraftpro.com\/index.php\/produkt\/ivar-cs-uchycovaci-modul-vertikalnich-ramovych-kolektoru-ivar-solar-ivar-ivs-st-dokud-zasoby-vydrzi-54386\/","og_image":[{"width":269,"height":179,"url":"https:\/\/www.domkraftpro.com\/wp-content\/uploads\/2026\/SK0009100-CZ20260425-092632-0-1777080397-ivar-cs-uchycovaci-modul-vertikalnich-ramovych-kolektoru-iv.webp","type":"image\/webp"}],"twitter_card":"summary_large_image","schema":{"@context":"https:\/\/schema.org","@graph":[{"@type":"WebPage","@id":"https:\/\/www.domkraftpro.com\/index.php\/produkt\/ivar-cs-uchycovaci-modul-vertikalnich-ramovych-kolektoru-ivar-solar-ivar-ivs-st-dokud-zasoby-vydrzi-54386\/","url":"https:\/\/www.domkraftpro.com\/index.php\/produkt\/ivar-cs-uchycovaci-modul-vertikalnich-ramovych-kolektoru-ivar-solar-ivar-ivs-st-dokud-zasoby-vydrzi-54386\/","name":"Ivar CS Uchycovac\u00ed modul vertik\u00e1ln\u00edch r\u00e1mov\u00fdch kolektor\u016f IVAR.SOLAR - IVAR. IVS ST Dokud Z\u00e1soby Vydr\u017e\u00ed -","isPartOf":{"@id":"https:\/\/www.domkraftpro.com\/#website"},"primaryImageOfPage":{"@id":"https:\/\/www.domkraftpro.com\/index.php\/produkt\/ivar-cs-uchycovaci-modul-vertikalnich-ramovych-kolektoru-ivar-solar-ivar-ivs-st-dokud-zasoby-vydrzi-54386\/#primaryimage"},"image":{"@id":"https:\/\/www.domkraftpro.com\/index.php\/produkt\/ivar-cs-uchycovaci-modul-vertikalnich-ramovych-kolektoru-ivar-solar-ivar-ivs-st-dokud-zasoby-vydrzi-54386\/#primaryimage"},"thumbnailUrl":"https:\/\/www.domkraftpro.com\/wp-content\/uploads\/2026\/SK0009100-CZ20260425-092632-0-1777080397-ivar-cs-uchycovaci-modul-vertikalnich-ramovych-kolektoru-iv.webp","datePublished":"2026-04-27T04:42:50+00:00","breadcrumb":{"@id":"https:\/\/www.domkraftpro.com\/index.php\/produkt\/ivar-cs-uchycovaci-modul-vertikalnich-ramovych-kolektoru-ivar-solar-ivar-ivs-st-dokud-zasoby-vydrzi-54386\/#breadcrumb"},"inLanguage":"cs","potentialAction":[{"@type":"ReadAction","target":["https:\/\/www.domkraftpro.com\/index.php\/produkt\/ivar-cs-uchycovaci-modul-vertikalnich-ramovych-kolektoru-ivar-solar-ivar-ivs-st-dokud-zasoby-vydrzi-54386\/"]}]},{"@type":"ImageObject","inLanguage":"cs","@id":"https:\/\/www.domkraftpro.com\/index.php\/produkt\/ivar-cs-uchycovaci-modul-vertikalnich-ramovych-kolektoru-ivar-solar-ivar-ivs-st-dokud-zasoby-vydrzi-54386\/#primaryimage","url":"https:\/\/www.domkraftpro.com\/wp-content\/uploads\/2026\/SK0009100-CZ20260425-092632-0-1777080397-ivar-cs-uchycovaci-modul-vertikalnich-ramovych-kolektoru-iv.webp","contentUrl":"https:\/\/www.domkraftpro.com\/wp-content\/uploads\/2026\/SK0009100-CZ20260425-092632-0-1777080397-ivar-cs-uchycovaci-modul-vertikalnich-ramovych-kolektoru-iv.webp","width":269,"height":179},{"@type":"BreadcrumbList","@id":"https:\/\/www.domkraftpro.com\/index.php\/produkt\/ivar-cs-uchycovaci-modul-vertikalnich-ramovych-kolektoru-ivar-solar-ivar-ivs-st-dokud-zasoby-vydrzi-54386\/#breadcrumb","itemListElement":[{"@type":"ListItem","position":1,"name":"Home","item":"https:\/\/www.domkraftpro.com\/"},{"@type":"ListItem","position":2,"name":"Products","item":"https:\/\/www.domkraftpro.com\/index.php\/products\/"},{"@type":"ListItem","position":3,"name":"Ivar CS Uchycovac\u00ed modul vertik\u00e1ln\u00edch r\u00e1mov\u00fdch kolektor\u016f IVAR.SOLAR &#8211; IVAR. IVS ST Dokud Z\u00e1soby Vydr\u017e\u00ed"}]},{"@type":"WebSite","@id":"https:\/\/www.domkraftpro.com\/#website","url":"https:\/\/www.domkraftpro.com\/","name":"","description":"","potentialAction":[{"@type":"SearchAction","target":{"@type":"EntryPoint","urlTemplate":"https:\/\/www.domkraftpro.com\/?s={search_term_string}"},"query-input":{"@type":"PropertyValueSpecification","valueRequired":true,"valueName":"search_term_string"}}],"inLanguage":"cs"}]}},"_links":{"self":[{"href":"https:\/\/www.domkraftpro.com\/index.php\/wp-json\/wp\/v2\/product\/54386","targetHints":{"allow":["GET"]}}],"collection":[{"href":"https:\/\/www.domkraftpro.com\/index.php\/wp-json\/wp\/v2\/product"}],"about":[{"href":"https:\/\/www.domkraftpro.com\/index.php\/wp-json\/wp\/v2\/types\/product"}],"replies":[{"embeddable":true,"href":"https:\/\/www.domkraftpro.com\/index.php\/wp-json\/wp\/v2\/comments?post=54386"}],"wp:featuredmedia":[{"embeddable":true,"href":"https:\/\/www.domkraftpro.com\/index.php\/wp-json\/wp\/v2\/media\/54486"}],"wp:attachment":[{"href":"https:\/\/www.domkraftpro.com\/index.php\/wp-json\/wp\/v2\/media?parent=54386"}],"wp:term":[{"taxonomy":"product_brand","embeddable":true,"href":"https:\/\/www.domkraftpro.com\/index.php\/wp-json\/wp\/v2\/product_brand?post=54386"},{"taxonomy":"product_cat","embeddable":true,"href":"https:\/\/www.domkraftpro.com\/index.php\/wp-json\/wp\/v2\/product_cat?post=54386"},{"taxonomy":"product_tag","embeddable":true,"href":"https:\/\/www.domkraftpro.com\/index.php\/wp-json\/wp\/v2\/product_tag?post=54386"}],"curies":[{"name":"wp","href":"https:\/\/api.w.org\/{rel}","templated":true}]}}