{"id":53906,"date":"2026-04-27T04:42:49","date_gmt":"2026-04-27T04:42:49","guid":{"rendered":""},"modified":"2026-04-27T04:42:49","modified_gmt":"2026-04-27T04:42:49","slug":"tovarni-cena-faber-sada-kominu-990mm-bk-53906","status":"publish","type":"product","link":"https:\/\/www.domkraftpro.com\/index.php\/produkt\/tovarni-cena-faber-sada-kominu-990mm-bk-53906\/","title":{"rendered":"Tov\u00e1rn\u00ed Cena Faber Sada kom\u00edn\u016f 990mm BK"},"content":{"rendered":"<div class=\"ProductDetail-content NoFixImageContainer\" id=\"productDescription\">\n<div class=\"Heading\">\n<h2 class=\"Heading-title\">Popis produktu <span class=''>Faber Sada kom\u00edn\u016f 990mm BK<\/span><\/h2>\n<\/p><\/div>\n<div class=\"ProductDetailContent\">                                                                    <\/div>\n<div class=\"ProductDetailContent\">\n<div class=\"ProductDetailContent-item\">\n<p>Proveden\u00ed: \u010dern\u00e1 (BK). Teleskopick\u00fd kom\u00edn v d\u00e9lce a\u017e 990mm k digesto\u0159\u00edm Black Tie BK, Cocktail BK, Cocktail XS BK, Vanity BK, Northia BK. Kom\u00edny jsou ur\u010deny pro kryt\u00ed odtahov\u00e9ho potrub\u00ed, NELZE je pou\u017e\u00edt na recirkulaci.<br \/>Tyto prodlou\u017een\u00e9 kom\u00edny nahrazuj\u00ed st\u00e1vaj\u00edc\u00ed kom\u00edny, kter\u00e9 jsou b\u011b\u017en\u011b sou\u010d\u00e1st\u00ed digesto\u0159e.<\/p>\n<\/p><\/div>\n<div class=\"ProductDetailContent-item\">\n<ul>\n<li>n\u00e1zev: <strong>Sada prodlou\u017een\u00fdch kom\u00edn\u016f 990 BK<\/strong><\/li>\n<li>z\u00e1ruka: <strong>2 let<\/strong><\/li>\n<li>hmotnost: <strong>3.0 kg<\/strong><\/li>\n<\/ul>\n<p><strong>Rozm\u011bry balen\u00ed<\/strong><\/p>\n<ul>\n<li>Hmotnost: <strong>3.0 kg<\/strong><\/li>\n<li>Hmotnost boxu: <strong>3.5 kg<\/strong><\/li>\n<li>V\u00fd\u0161ka boxu: <strong>305 mm<\/strong><\/li>\n<li>\u0160\u00ed\u0159ka boxu <strong>370 mm<\/strong><\/li>\n<\/ul><\/div>\n<\/p><\/div>\n<\/p><\/div>\n<\/p><\/div>\n<\/p><\/div>\n","protected":false},"excerpt":{"rendered":"<p>Popis produktu Faber Sada kom\u00edn\u016f 990mm BK Proveden\u00ed: \u010dern\u00e1 (BK). Teleskopick\u00fd kom\u00edn v d\u00e9lce a\u017e 990mm k digesto\u0159\u00edm Black Tie BK, Cocktail BK, Cocktail XS BK, Vanity BK, Northia BK. Kom\u00edny jsou ur\u010deny pro kryt\u00ed odtahov\u00e9ho potrub\u00ed, NELZE je pou\u017e\u00edt na recirkulaci.Tyto prodlou\u017een\u00e9 kom\u00edny nahrazuj\u00ed st\u00e1vaj\u00edc\u00ed kom\u00edny, kter\u00e9 jsou b\u011b\u017en\u011b sou\u010d\u00e1st\u00ed digesto\u0159e. n\u00e1zev: Sada prodlou\u017een\u00fdch [&hellip;]<\/p>\n","protected":false},"featured_media":54006,"comment_status":"open","ping_status":"open","template":"","meta":[],"product_brand":[],"product_cat":[93],"product_tag":[],"class_list":{"0":"post-53906","1":"product","2":"type-product","3":"status-publish","4":"has-post-thumbnail","6":"product_cat-rekuperace-vzduchu-a-vody-vetrani","8":"first","9":"instock","10":"sale","11":"shipping-taxable","12":"purchasable","13":"product-type-simple"},"yoast_head":"<!-- This site is optimized with the Yoast SEO plugin v26.8 - https:\/\/yoast.com\/product\/yoast-seo-wordpress\/ -->\n<title>Tov\u00e1rn\u00ed Cena Faber Sada kom\u00edn\u016f 990mm BK -<\/title>\n<meta name=\"robots\" content=\"index, follow, max-snippet:-1, max-image-preview:large, max-video-preview:-1\" \/>\n<link rel=\"canonical\" href=\"https:\/\/www.domkraftpro.com\/index.php\/produkt\/tovarni-cena-faber-sada-kominu-990mm-bk-53906\/\" \/>\n<meta property=\"og:locale\" content=\"cs_CZ\" \/>\n<meta property=\"og:type\" content=\"article\" \/>\n<meta property=\"og:title\" content=\"Tov\u00e1rn\u00ed Cena Faber Sada kom\u00edn\u016f 990mm BK -\" \/>\n<meta property=\"og:description\" content=\"Popis produktu Faber Sada kom\u00edn\u016f 990mm BK Proveden\u00ed: \u010dern\u00e1 (BK). Teleskopick\u00fd kom\u00edn v d\u00e9lce a\u017e 990mm k digesto\u0159\u00edm Black Tie BK, Cocktail BK, Cocktail XS BK, Vanity BK, Northia BK. Kom\u00edny jsou ur\u010deny pro kryt\u00ed odtahov\u00e9ho potrub\u00ed, NELZE je pou\u017e\u00edt na recirkulaci.Tyto prodlou\u017een\u00e9 kom\u00edny nahrazuj\u00ed st\u00e1vaj\u00edc\u00ed kom\u00edny, kter\u00e9 jsou b\u011b\u017en\u011b sou\u010d\u00e1st\u00ed digesto\u0159e. n\u00e1zev: Sada prodlou\u017een\u00fdch [&hellip;]\" \/>\n<meta property=\"og:url\" content=\"https:\/\/www.domkraftpro.com\/index.php\/produkt\/tovarni-cena-faber-sada-kominu-990mm-bk-53906\/\" \/>\n<meta property=\"og:image\" content=\"https:\/\/www.domkraftpro.com\/wp-content\/uploads\/2026\/SK0008748-CZ20260425-092632-0-1777080397-faber-sada-kominu-990mm-bk-502932.webp\" \/>\n\t<meta property=\"og:image:width\" content=\"600\" \/>\n\t<meta property=\"og:image:height\" content=\"600\" \/>\n\t<meta property=\"og:image:type\" content=\"image\/webp\" \/>\n<meta name=\"twitter:card\" content=\"summary_large_image\" \/>\n<script type=\"application\/ld+json\" class=\"yoast-schema-graph\">{\"@context\":\"https:\/\/schema.org\",\"@graph\":[{\"@type\":\"WebPage\",\"@id\":\"https:\/\/www.domkraftpro.com\/index.php\/produkt\/tovarni-cena-faber-sada-kominu-990mm-bk-53906\/\",\"url\":\"https:\/\/www.domkraftpro.com\/index.php\/produkt\/tovarni-cena-faber-sada-kominu-990mm-bk-53906\/\",\"name\":\"Tov\u00e1rn\u00ed Cena Faber Sada kom\u00edn\u016f 990mm BK -\",\"isPartOf\":{\"@id\":\"https:\/\/www.domkraftpro.com\/#website\"},\"primaryImageOfPage\":{\"@id\":\"https:\/\/www.domkraftpro.com\/index.php\/produkt\/tovarni-cena-faber-sada-kominu-990mm-bk-53906\/#primaryimage\"},\"image\":{\"@id\":\"https:\/\/www.domkraftpro.com\/index.php\/produkt\/tovarni-cena-faber-sada-kominu-990mm-bk-53906\/#primaryimage\"},\"thumbnailUrl\":\"https:\/\/www.domkraftpro.com\/wp-content\/uploads\/2026\/SK0008748-CZ20260425-092632-0-1777080397-faber-sada-kominu-990mm-bk-502932.webp\",\"datePublished\":\"2026-04-27T04:42:49+00:00\",\"breadcrumb\":{\"@id\":\"https:\/\/www.domkraftpro.com\/index.php\/produkt\/tovarni-cena-faber-sada-kominu-990mm-bk-53906\/#breadcrumb\"},\"inLanguage\":\"cs\",\"potentialAction\":[{\"@type\":\"ReadAction\",\"target\":[\"https:\/\/www.domkraftpro.com\/index.php\/produkt\/tovarni-cena-faber-sada-kominu-990mm-bk-53906\/\"]}]},{\"@type\":\"ImageObject\",\"inLanguage\":\"cs\",\"@id\":\"https:\/\/www.domkraftpro.com\/index.php\/produkt\/tovarni-cena-faber-sada-kominu-990mm-bk-53906\/#primaryimage\",\"url\":\"https:\/\/www.domkraftpro.com\/wp-content\/uploads\/2026\/SK0008748-CZ20260425-092632-0-1777080397-faber-sada-kominu-990mm-bk-502932.webp\",\"contentUrl\":\"https:\/\/www.domkraftpro.com\/wp-content\/uploads\/2026\/SK0008748-CZ20260425-092632-0-1777080397-faber-sada-kominu-990mm-bk-502932.webp\",\"width\":600,\"height\":600},{\"@type\":\"BreadcrumbList\",\"@id\":\"https:\/\/www.domkraftpro.com\/index.php\/produkt\/tovarni-cena-faber-sada-kominu-990mm-bk-53906\/#breadcrumb\",\"itemListElement\":[{\"@type\":\"ListItem\",\"position\":1,\"name\":\"Home\",\"item\":\"https:\/\/www.domkraftpro.com\/\"},{\"@type\":\"ListItem\",\"position\":2,\"name\":\"Products\",\"item\":\"https:\/\/www.domkraftpro.com\/index.php\/products\/\"},{\"@type\":\"ListItem\",\"position\":3,\"name\":\"Tov\u00e1rn\u00ed Cena Faber Sada kom\u00edn\u016f 990mm BK\"}]},{\"@type\":\"WebSite\",\"@id\":\"https:\/\/www.domkraftpro.com\/#website\",\"url\":\"https:\/\/www.domkraftpro.com\/\",\"name\":\"\",\"description\":\"\",\"potentialAction\":[{\"@type\":\"SearchAction\",\"target\":{\"@type\":\"EntryPoint\",\"urlTemplate\":\"https:\/\/www.domkraftpro.com\/?s={search_term_string}\"},\"query-input\":{\"@type\":\"PropertyValueSpecification\",\"valueRequired\":true,\"valueName\":\"search_term_string\"}}],\"inLanguage\":\"cs\"}]}<\/script>\n<!-- \/ Yoast SEO plugin. -->","yoast_head_json":{"title":"Tov\u00e1rn\u00ed Cena Faber Sada kom\u00edn\u016f 990mm BK -","robots":{"index":"index","follow":"follow","max-snippet":"max-snippet:-1","max-image-preview":"max-image-preview:large","max-video-preview":"max-video-preview:-1"},"canonical":"https:\/\/www.domkraftpro.com\/index.php\/produkt\/tovarni-cena-faber-sada-kominu-990mm-bk-53906\/","og_locale":"cs_CZ","og_type":"article","og_title":"Tov\u00e1rn\u00ed Cena Faber Sada kom\u00edn\u016f 990mm BK -","og_description":"Popis produktu Faber Sada kom\u00edn\u016f 990mm BK Proveden\u00ed: \u010dern\u00e1 (BK). Teleskopick\u00fd kom\u00edn v d\u00e9lce a\u017e 990mm k digesto\u0159\u00edm Black Tie BK, Cocktail BK, Cocktail XS BK, Vanity BK, Northia BK. Kom\u00edny jsou ur\u010deny pro kryt\u00ed odtahov\u00e9ho potrub\u00ed, NELZE je pou\u017e\u00edt na recirkulaci.Tyto prodlou\u017een\u00e9 kom\u00edny nahrazuj\u00ed st\u00e1vaj\u00edc\u00ed kom\u00edny, kter\u00e9 jsou b\u011b\u017en\u011b sou\u010d\u00e1st\u00ed digesto\u0159e. n\u00e1zev: Sada prodlou\u017een\u00fdch [&hellip;]","og_url":"https:\/\/www.domkraftpro.com\/index.php\/produkt\/tovarni-cena-faber-sada-kominu-990mm-bk-53906\/","og_image":[{"width":600,"height":600,"url":"https:\/\/www.domkraftpro.com\/wp-content\/uploads\/2026\/SK0008748-CZ20260425-092632-0-1777080397-faber-sada-kominu-990mm-bk-502932.webp","type":"image\/webp"}],"twitter_card":"summary_large_image","schema":{"@context":"https:\/\/schema.org","@graph":[{"@type":"WebPage","@id":"https:\/\/www.domkraftpro.com\/index.php\/produkt\/tovarni-cena-faber-sada-kominu-990mm-bk-53906\/","url":"https:\/\/www.domkraftpro.com\/index.php\/produkt\/tovarni-cena-faber-sada-kominu-990mm-bk-53906\/","name":"Tov\u00e1rn\u00ed Cena Faber Sada kom\u00edn\u016f 990mm BK -","isPartOf":{"@id":"https:\/\/www.domkraftpro.com\/#website"},"primaryImageOfPage":{"@id":"https:\/\/www.domkraftpro.com\/index.php\/produkt\/tovarni-cena-faber-sada-kominu-990mm-bk-53906\/#primaryimage"},"image":{"@id":"https:\/\/www.domkraftpro.com\/index.php\/produkt\/tovarni-cena-faber-sada-kominu-990mm-bk-53906\/#primaryimage"},"thumbnailUrl":"https:\/\/www.domkraftpro.com\/wp-content\/uploads\/2026\/SK0008748-CZ20260425-092632-0-1777080397-faber-sada-kominu-990mm-bk-502932.webp","datePublished":"2026-04-27T04:42:49+00:00","breadcrumb":{"@id":"https:\/\/www.domkraftpro.com\/index.php\/produkt\/tovarni-cena-faber-sada-kominu-990mm-bk-53906\/#breadcrumb"},"inLanguage":"cs","potentialAction":[{"@type":"ReadAction","target":["https:\/\/www.domkraftpro.com\/index.php\/produkt\/tovarni-cena-faber-sada-kominu-990mm-bk-53906\/"]}]},{"@type":"ImageObject","inLanguage":"cs","@id":"https:\/\/www.domkraftpro.com\/index.php\/produkt\/tovarni-cena-faber-sada-kominu-990mm-bk-53906\/#primaryimage","url":"https:\/\/www.domkraftpro.com\/wp-content\/uploads\/2026\/SK0008748-CZ20260425-092632-0-1777080397-faber-sada-kominu-990mm-bk-502932.webp","contentUrl":"https:\/\/www.domkraftpro.com\/wp-content\/uploads\/2026\/SK0008748-CZ20260425-092632-0-1777080397-faber-sada-kominu-990mm-bk-502932.webp","width":600,"height":600},{"@type":"BreadcrumbList","@id":"https:\/\/www.domkraftpro.com\/index.php\/produkt\/tovarni-cena-faber-sada-kominu-990mm-bk-53906\/#breadcrumb","itemListElement":[{"@type":"ListItem","position":1,"name":"Home","item":"https:\/\/www.domkraftpro.com\/"},{"@type":"ListItem","position":2,"name":"Products","item":"https:\/\/www.domkraftpro.com\/index.php\/products\/"},{"@type":"ListItem","position":3,"name":"Tov\u00e1rn\u00ed Cena Faber Sada kom\u00edn\u016f 990mm BK"}]},{"@type":"WebSite","@id":"https:\/\/www.domkraftpro.com\/#website","url":"https:\/\/www.domkraftpro.com\/","name":"","description":"","potentialAction":[{"@type":"SearchAction","target":{"@type":"EntryPoint","urlTemplate":"https:\/\/www.domkraftpro.com\/?s={search_term_string}"},"query-input":{"@type":"PropertyValueSpecification","valueRequired":true,"valueName":"search_term_string"}}],"inLanguage":"cs"}]}},"_links":{"self":[{"href":"https:\/\/www.domkraftpro.com\/index.php\/wp-json\/wp\/v2\/product\/53906","targetHints":{"allow":["GET"]}}],"collection":[{"href":"https:\/\/www.domkraftpro.com\/index.php\/wp-json\/wp\/v2\/product"}],"about":[{"href":"https:\/\/www.domkraftpro.com\/index.php\/wp-json\/wp\/v2\/types\/product"}],"replies":[{"embeddable":true,"href":"https:\/\/www.domkraftpro.com\/index.php\/wp-json\/wp\/v2\/comments?post=53906"}],"wp:featuredmedia":[{"embeddable":true,"href":"https:\/\/www.domkraftpro.com\/index.php\/wp-json\/wp\/v2\/media\/54006"}],"wp:attachment":[{"href":"https:\/\/www.domkraftpro.com\/index.php\/wp-json\/wp\/v2\/media?parent=53906"}],"wp:term":[{"taxonomy":"product_brand","embeddable":true,"href":"https:\/\/www.domkraftpro.com\/index.php\/wp-json\/wp\/v2\/product_brand?post=53906"},{"taxonomy":"product_cat","embeddable":true,"href":"https:\/\/www.domkraftpro.com\/index.php\/wp-json\/wp\/v2\/product_cat?post=53906"},{"taxonomy":"product_tag","embeddable":true,"href":"https:\/\/www.domkraftpro.com\/index.php\/wp-json\/wp\/v2\/product_tag?post=53906"}],"curies":[{"name":"wp","href":"https:\/\/api.w.org\/{rel}","templated":true}]}}