{"id":52738,"date":"2026-04-27T04:42:46","date_gmt":"2026-04-27T04:42:46","guid":{"rendered":""},"modified":"2026-04-27T04:42:46","modified_gmt":"2026-04-27T04:42:46","slug":"znackovy-asymetricka-vana-avita-bez-nozicek-170-x-75-cm-prave-52738","status":"publish","type":"product","link":"https:\/\/www.domkraftpro.com\/produkt\/znackovy-asymetricka-vana-avita-bez-nozicek-170-x-75-cm-prave-52738\/","title":{"rendered":"Zna\u010dkov\u00fd Asymetrick\u00e1 vana AVITA, Bez no\u017ei\u010dek, 170 \u00d7 75 cm, Prav\u00e9"},"content":{"rendered":"<div class=\"basic-description\">\n<h3>Detailn\u00ed popis produktu<\/h3>\n<p><strong>Nutno specifikovat pravou \u010di levou variantu.<\/strong><\/p>\n<p><strong><strong><strong><strong>No\u017ei\u010dky k van\u011b\u00a0je nutn\u00e9 dokoupit.<\/strong><\/strong><\/strong><\/strong><\/p>\n<p>Uveden\u00e1 cena je pouze za holou vanu.<strong> \u010celn\u00ed panel\u00a0m\u016f\u017eete zakoupit\u00a0zde.<\/strong><\/p>\n<p>V modern\u00edch koupeln\u00e1ch je st\u00e1le \u010dast\u011bj\u0161\u00ed po\u017eadavek na kombinaci sprchov\u00e9ho koutu i vany. Ne v ka\u017ed\u00e9m prostoru je to v\u0161ak mo\u017en\u00e9. Zva\u017ete proto mo\u017enost instalace vanov\u00e9 z\u00e1st\u011bny\u00a0a u\u017e\u00edvejte si jen v\u00fdhody.<\/p>\n<p>Bez \u010deho se va\u0161e nov\u00e1 asymetrick\u00e1 vana rozhodn\u011b neobejde je vanov\u00e1 baterie, sprchov\u00e1 r\u016f\u017eice, dr\u017e\u00e1k ru\u010dn\u00ed sprchy \u010di vanov\u00e9ho madla. V okol\u00ed vany ocen\u00edte tak\u00e9 koupelnov\u00e9 poli\u010dky, kter\u00e9 najdete v sekci dr\u00e1t\u011bn\u00fd program.<\/p>\n<p><strong>P\u0159ednosti\u00a0asymetrick\u00e9 vany AVITA:<\/strong><\/p>\n<ul>\n<li><strong>Hloubka<\/strong>\u00a0vany<strong>\u00a042 cm<\/strong><\/li>\n<li><strong>Barva:\u00a0<\/strong>b\u00edl\u00e1<\/li>\n<li><strong>Materi\u00e1l:<\/strong>\u00a0sanit\u00e1rn\u00ed akryl\u00e1t<\/li>\n<li>Zaoblen\u00e9 k\u0159ivky<\/li>\n<\/ul>\n<p><strong>Rozm\u011bry vany:<\/strong><\/p>\n<ol>\n<li>150 \u00d7 75 cm\u00a0(150 l)\u00a0(lev\u00e1 \/ prav\u00e1 varianta)<\/li>\n<li>160 \u00d7 75 cm\u00a0(170 l)\u00a0(lev\u00e1 \/ prav\u00e1 varianta)<\/li>\n<li>170 \u00d7 75 cm\u00a0(190 l)\u00a0(lev\u00e1 \/ prav\u00e1 varianta)<\/li>\n<li>180\u00a0\u00d7\u00a080 cm (215 l)\u00a0(lev\u00e1 \/ prav\u00e1 varianta)<\/li>\n<\/ol>\n<p><strong>Z\u00c1RUKA 10 LET<\/strong><\/p>\n<p><strong>*BESAFE:<\/strong><\/p>\n<p>Povlak BeSafe je speci\u00e1ln\u011b vyvinut\u00e1 protiskluzov\u00e1 vrstva nanesen\u00e1 na povrch vany nebo sprchov\u00e9 vani\u010dky. Poskytuje maxim\u00e1ln\u00ed pohodl\u00ed a bezpe\u010dnost koup\u00e1n\u00ed. Jemn\u00e1 struktura BeSafe zaru\u010duje bezprobl\u00e9mov\u00e9 \u010di\u0161t\u011bn\u00ed vany nebo sprchov\u00e9 vani\u010dky a m\u00e1 pozitivn\u00ed vliv na estetickou hodnotu produktu.<strong>\u0160V\u00ddCARSK\u00c1 KVALITA<\/strong><\/p>\n<p><b style=\"font-family:'Noto Sans', sans-serif;font-size:13.4px;letter-spacing:1px;background-color:#ffffff;\">Videon\u00e1vod na mont\u00e1\u017e akryl\u00e1tov\u00e9 vany<\/b><strong><\/strong><\/p>\n<p><b style=\"font-family:'Noto Sans', sans-serif;font-size:13.4px;letter-spacing:1px;background-color:#ffffff;\"><\/b><\/p>\n<p><video width=\"300\" height=\"150\" controls=\"\"><b style=\"font-family:'Noto Sans', sans-serif;font-size:13.4px;letter-spacing:1px;background-color:#ffffff;\"><\/b><source src=\"\/img\/cms\/VIDEO\/N%C3%A1vod%20na%20mont%C3%A1%C5%BE_asymetrick%C3%A1%20vana%20(2).mp4\" type=\"video\/mp4\"><b style=\"font-family:'Noto Sans', sans-serif;font-size:13.4px;letter-spacing:1px;background-color:#ffffff;\"><\/b><\/source><b style=\"font-family:'Noto Sans', sans-serif;font-size:13.4px;letter-spacing:1px;background-color:#ffffff;\"><\/b><\/video><b style=\"font-family:'Noto Sans', sans-serif;font-size:13.4px;letter-spacing:1px;background-color:#ffffff;\"><\/b>                            <\/div>\n<div class=\"extended-description\">\n<h3>Dopl\u0148kov\u00e9 parametry<\/h3>\n<table class=\"detail-parameters\">\n<tbody>\n<tr>\n<th>        <span class=\"row-header-label\">            Kategorie<span class=\"row-header-label-colon\">:<\/span>        <\/span>    <\/th>\n<td>            <\/td>\n<\/tr>\n<tr>\n<th>            <span class=\"row-header-label\">                Z\u00e1ruka<span class=\"row-header-label-colon\">:<\/span>            <\/span>        <\/th>\n<td>            10 let        <\/td>\n<\/tr>\n<tr>\n<th>            <span class=\"row-header-label\">                Hmotnost<span class=\"row-header-label-colon\">:<\/span>            <\/span>        <\/th>\n<td>            19.3 kg        <\/td>\n<\/tr>\n<tr class=\"productEan\">\n<th>          <span class=\"row-header-label productEan__label\">              EAN<span class=\"row-header-label-colon\">:<\/span>          <\/span>      <\/th>\n<td>          <span class=\"productEan__value\">5908239688035<\/span>      <\/td>\n<\/tr>\n<tr>\n<th>                <span class=\"row-header-label\">                                            Barva<span class=\"row-header-label-colon\">:<\/span>                                    <\/span>            <\/th>\n<td>                                                            B\u00edl\u00e1 leskl\u00e1                                                <\/td>\n<\/tr>\n<tr>\n<th>                <span class=\"row-header-label\">                                            Druh vany<span class=\"row-header-label-colon\">:<\/span>                                    <\/span>            <\/th>\n<td>                                                            Klasik                                                <\/td>\n<\/tr>\n<tr>\n<th>                <span class=\"row-header-label\">                                            Katalog<span class=\"row-header-label-colon\">:<\/span>                                    <\/span>            <\/th>\n<td>                                                            HOPA Koupelny                                                <\/td>\n<\/tr>\n<tr>\n<th>                <span class=\"row-header-label\">                                            Materi\u00e1l<span class=\"row-header-label-colon\">:<\/span>                                    <\/span>            <\/th>\n<td>                                                            Sanit\u00e1rn\u00ed akryl\u00e1t                                                <\/td>\n<\/tr>\n<tr>\n<th>                <span class=\"row-header-label\">                                            No\u017ei\u010dky k van\u011b<span class=\"row-header-label-colon\">:<\/span>                                    <\/span>            <\/th>\n<td>                                                            Bez no\u017ei\u010dek                                                <\/td>\n<\/tr>\n<tr>\n<th>                <span class=\"row-header-label\">                                            Objem<span class=\"row-header-label-colon\">:<\/span>                                    <\/span>            <\/th>\n<td>                                                            190 l,215 l,150 l,343 l                                                <\/td>\n<\/tr>\n<tr>\n<th>                <span class=\"row-header-label\">                                            Rozm\u011br A<span class=\"row-header-label-colon\">:<\/span>                                    <\/span>            <\/th>\n<td>                                                            150 cm,170 cm,160 cm,180 cm                                                <\/td>\n<\/tr>\n<tr>\n<th>                <span class=\"row-header-label\">                                            Rozm\u011br B<span class=\"row-header-label-colon\">:<\/span>                                    <\/span>            <\/th>\n<td>                                                            80 cm,75 cm                                                <\/td>\n<\/tr>\n<tr>\n<th>                <span class=\"row-header-label\">                                            Rozm\u011br C<span class=\"row-header-label-colon\">:<\/span>                                    <\/span>            <\/th>\n<td>                                                            42 cm                                                <\/td>\n<\/tr>\n<tr>\n<th>                <span class=\"row-header-label\">                                            Rozm\u011br vany<span class=\"row-header-label-colon\">:<\/span>                                    <\/span>            <\/th>\n<td>                                                            170 \u00d7 75 cm                                                <\/td>\n<\/tr>\n<tr>\n<th>                <span class=\"row-header-label\">                                            S\u00e9rie<span class=\"row-header-label-colon\">:<\/span>                                    <\/span>            <\/th>\n<td>                                                            AVITA                                                <\/td>\n<\/tr>\n<tr>\n<th>                <span class=\"row-header-label\">                                            Skupina artiklu<span class=\"row-header-label-colon\">:<\/span>                                    <\/span>            <\/th>\n<td>                                                            S01B                                                <\/td>\n<\/tr>\n<tr>\n<th>                <span class=\"row-header-label\">                                            Top Produkt<span class=\"row-header-label-colon\">:<\/span>                                    <\/span>            <\/th>\n<td>                                                            Ano                                                <\/td>\n<\/tr>\n<tr>\n<th>                <span class=\"row-header-label\">                                            Vybaven\u00ed<span class=\"row-header-label-colon\">:<\/span>                                    <\/span>            <\/th>\n<td>                                                            Bez no\u017ei\u010dek,S no\u017ei\u010dkami                                                <\/td>\n<\/tr>\n<tr>\n<th>                <span class=\"row-header-label\">                                            Z\u00e1ruka<span class=\"row-header-label-colon\">:<\/span>                                    <\/span>            <\/th>\n<td>                                                            10 let                                                <\/td>\n<\/tr>\n<tr>\n<th>                <span class=\"row-header-label\">                                            Zp\u016fsob proveden\u00ed<span class=\"row-header-label-colon\">:<\/span>                                    <\/span>            <\/th>\n<td>                                                            Prav\u00e9                                                <\/td>\n<\/tr>\n<\/tbody>\n<\/table><\/div>\n<\/p><\/div>\n<\/p><\/div>\n","protected":false},"excerpt":{"rendered":"<p>Detailn\u00ed popis produktu Nutno specifikovat pravou \u010di levou variantu. No\u017ei\u010dky k van\u011b\u00a0je nutn\u00e9 dokoupit. Uveden\u00e1 cena je pouze za holou vanu. \u010celn\u00ed panel\u00a0m\u016f\u017eete zakoupit\u00a0zde. V modern\u00edch koupeln\u00e1ch je st\u00e1le \u010dast\u011bj\u0161\u00ed po\u017eadavek na kombinaci sprchov\u00e9ho koutu i vany. Ne v ka\u017ed\u00e9m prostoru je to v\u0161ak mo\u017en\u00e9. Zva\u017ete proto mo\u017enost instalace vanov\u00e9 z\u00e1st\u011bny\u00a0a u\u017e\u00edvejte si jen v\u00fdhody. [&hellip;]<\/p>\n","protected":false},"featured_media":52838,"comment_status":"open","ping_status":"open","template":"","meta":[],"product_brand":[],"product_cat":[81],"product_tag":[],"class_list":{"0":"post-52738","1":"product","2":"type-product","3":"status-publish","4":"has-post-thumbnail","6":"product_cat-vany","8":"first","9":"instock","10":"sale","11":"shipping-taxable","12":"purchasable","13":"product-type-simple"},"yoast_head":"<!-- This site is optimized with the Yoast SEO plugin v26.8 - https:\/\/yoast.com\/product\/yoast-seo-wordpress\/ -->\n<title>Zna\u010dkov\u00fd Asymetrick\u00e1 vana AVITA, Bez no\u017ei\u010dek, 170 \u00d7 75 cm, Prav\u00e9 -<\/title>\n<meta name=\"robots\" content=\"index, follow, max-snippet:-1, max-image-preview:large, max-video-preview:-1\" \/>\n<link rel=\"canonical\" href=\"https:\/\/www.domkraftpro.com\/index.php\/produkt\/znackovy-asymetricka-vana-avita-bez-nozicek-170-x-75-cm-prave-52738\/\" \/>\n<meta property=\"og:locale\" content=\"cs_CZ\" \/>\n<meta property=\"og:type\" content=\"article\" \/>\n<meta property=\"og:title\" content=\"Zna\u010dkov\u00fd Asymetrick\u00e1 vana AVITA, Bez no\u017ei\u010dek, 170 \u00d7 75 cm, Prav\u00e9 -\" \/>\n<meta property=\"og:description\" content=\"Detailn\u00ed popis produktu Nutno specifikovat pravou \u010di levou variantu. No\u017ei\u010dky k van\u011b\u00a0je nutn\u00e9 dokoupit. Uveden\u00e1 cena je pouze za holou vanu. \u010celn\u00ed panel\u00a0m\u016f\u017eete zakoupit\u00a0zde. V modern\u00edch koupeln\u00e1ch je st\u00e1le \u010dast\u011bj\u0161\u00ed po\u017eadavek na kombinaci sprchov\u00e9ho koutu i vany. Ne v ka\u017ed\u00e9m prostoru je to v\u0161ak mo\u017en\u00e9. Zva\u017ete proto mo\u017enost instalace vanov\u00e9 z\u00e1st\u011bny\u00a0a u\u017e\u00edvejte si jen v\u00fdhody. [&hellip;]\" \/>\n<meta property=\"og:url\" content=\"https:\/\/www.domkraftpro.com\/index.php\/produkt\/znackovy-asymetricka-vana-avita-bez-nozicek-170-x-75-cm-prave-52738\/\" \/>\n<meta property=\"og:image\" content=\"https:\/\/www.domkraftpro.com\/wp-content\/uploads\/2026\/SK0009627-CZ20260425-092556-0-1777080363-829152_asymetricka-vana-avita.webp\" \/>\n\t<meta property=\"og:image:width\" content=\"1000\" \/>\n\t<meta property=\"og:image:height\" content=\"750\" \/>\n\t<meta property=\"og:image:type\" content=\"image\/webp\" \/>\n<meta name=\"twitter:card\" content=\"summary_large_image\" \/>\n<meta name=\"twitter:label1\" content=\"Odhadovan\u00e1 doba \u010dten\u00ed\" \/>\n\t<meta name=\"twitter:data1\" content=\"2 minuty\" \/>\n<script type=\"application\/ld+json\" class=\"yoast-schema-graph\">{\"@context\":\"https:\/\/schema.org\",\"@graph\":[{\"@type\":\"WebPage\",\"@id\":\"https:\/\/www.domkraftpro.com\/index.php\/produkt\/znackovy-asymetricka-vana-avita-bez-nozicek-170-x-75-cm-prave-52738\/\",\"url\":\"https:\/\/www.domkraftpro.com\/index.php\/produkt\/znackovy-asymetricka-vana-avita-bez-nozicek-170-x-75-cm-prave-52738\/\",\"name\":\"Zna\u010dkov\u00fd Asymetrick\u00e1 vana AVITA, Bez no\u017ei\u010dek, 170 \u00d7 75 cm, Prav\u00e9 -\",\"isPartOf\":{\"@id\":\"https:\/\/www.domkraftpro.com\/#website\"},\"primaryImageOfPage\":{\"@id\":\"https:\/\/www.domkraftpro.com\/index.php\/produkt\/znackovy-asymetricka-vana-avita-bez-nozicek-170-x-75-cm-prave-52738\/#primaryimage\"},\"image\":{\"@id\":\"https:\/\/www.domkraftpro.com\/index.php\/produkt\/znackovy-asymetricka-vana-avita-bez-nozicek-170-x-75-cm-prave-52738\/#primaryimage\"},\"thumbnailUrl\":\"https:\/\/www.domkraftpro.com\/wp-content\/uploads\/2026\/SK0009627-CZ20260425-092556-0-1777080363-829152_asymetricka-vana-avita.webp\",\"datePublished\":\"2026-04-27T04:42:46+00:00\",\"breadcrumb\":{\"@id\":\"https:\/\/www.domkraftpro.com\/index.php\/produkt\/znackovy-asymetricka-vana-avita-bez-nozicek-170-x-75-cm-prave-52738\/#breadcrumb\"},\"inLanguage\":\"cs\",\"potentialAction\":[{\"@type\":\"ReadAction\",\"target\":[\"https:\/\/www.domkraftpro.com\/index.php\/produkt\/znackovy-asymetricka-vana-avita-bez-nozicek-170-x-75-cm-prave-52738\/\"]}]},{\"@type\":\"ImageObject\",\"inLanguage\":\"cs\",\"@id\":\"https:\/\/www.domkraftpro.com\/index.php\/produkt\/znackovy-asymetricka-vana-avita-bez-nozicek-170-x-75-cm-prave-52738\/#primaryimage\",\"url\":\"https:\/\/www.domkraftpro.com\/wp-content\/uploads\/2026\/SK0009627-CZ20260425-092556-0-1777080363-829152_asymetricka-vana-avita.webp\",\"contentUrl\":\"https:\/\/www.domkraftpro.com\/wp-content\/uploads\/2026\/SK0009627-CZ20260425-092556-0-1777080363-829152_asymetricka-vana-avita.webp\",\"width\":1000,\"height\":750},{\"@type\":\"BreadcrumbList\",\"@id\":\"https:\/\/www.domkraftpro.com\/index.php\/produkt\/znackovy-asymetricka-vana-avita-bez-nozicek-170-x-75-cm-prave-52738\/#breadcrumb\",\"itemListElement\":[{\"@type\":\"ListItem\",\"position\":1,\"name\":\"Home\",\"item\":\"https:\/\/www.domkraftpro.com\/\"},{\"@type\":\"ListItem\",\"position\":2,\"name\":\"Products\",\"item\":\"https:\/\/www.domkraftpro.com\/products\/\"},{\"@type\":\"ListItem\",\"position\":3,\"name\":\"Zna\u010dkov\u00fd Asymetrick\u00e1 vana AVITA, Bez no\u017ei\u010dek, 170 \u00d7 75 cm, Prav\u00e9\"}]},{\"@type\":\"WebSite\",\"@id\":\"https:\/\/www.domkraftpro.com\/#website\",\"url\":\"https:\/\/www.domkraftpro.com\/\",\"name\":\"\",\"description\":\"\",\"potentialAction\":[{\"@type\":\"SearchAction\",\"target\":{\"@type\":\"EntryPoint\",\"urlTemplate\":\"https:\/\/www.domkraftpro.com\/?s={search_term_string}\"},\"query-input\":{\"@type\":\"PropertyValueSpecification\",\"valueRequired\":true,\"valueName\":\"search_term_string\"}}],\"inLanguage\":\"cs\"}]}<\/script>\n<!-- \/ Yoast SEO plugin. -->","yoast_head_json":{"title":"Zna\u010dkov\u00fd Asymetrick\u00e1 vana AVITA, Bez no\u017ei\u010dek, 170 \u00d7 75 cm, Prav\u00e9 -","robots":{"index":"index","follow":"follow","max-snippet":"max-snippet:-1","max-image-preview":"max-image-preview:large","max-video-preview":"max-video-preview:-1"},"canonical":"https:\/\/www.domkraftpro.com\/index.php\/produkt\/znackovy-asymetricka-vana-avita-bez-nozicek-170-x-75-cm-prave-52738\/","og_locale":"cs_CZ","og_type":"article","og_title":"Zna\u010dkov\u00fd Asymetrick\u00e1 vana AVITA, Bez no\u017ei\u010dek, 170 \u00d7 75 cm, Prav\u00e9 -","og_description":"Detailn\u00ed popis produktu Nutno specifikovat pravou \u010di levou variantu. No\u017ei\u010dky k van\u011b\u00a0je nutn\u00e9 dokoupit. Uveden\u00e1 cena je pouze za holou vanu. \u010celn\u00ed panel\u00a0m\u016f\u017eete zakoupit\u00a0zde. V modern\u00edch koupeln\u00e1ch je st\u00e1le \u010dast\u011bj\u0161\u00ed po\u017eadavek na kombinaci sprchov\u00e9ho koutu i vany. Ne v ka\u017ed\u00e9m prostoru je to v\u0161ak mo\u017en\u00e9. Zva\u017ete proto mo\u017enost instalace vanov\u00e9 z\u00e1st\u011bny\u00a0a u\u017e\u00edvejte si jen v\u00fdhody. [&hellip;]","og_url":"https:\/\/www.domkraftpro.com\/index.php\/produkt\/znackovy-asymetricka-vana-avita-bez-nozicek-170-x-75-cm-prave-52738\/","og_image":[{"width":1000,"height":750,"url":"https:\/\/www.domkraftpro.com\/wp-content\/uploads\/2026\/SK0009627-CZ20260425-092556-0-1777080363-829152_asymetricka-vana-avita.webp","type":"image\/webp"}],"twitter_card":"summary_large_image","twitter_misc":{"Odhadovan\u00e1 doba \u010dten\u00ed":"2 minuty"},"schema":{"@context":"https:\/\/schema.org","@graph":[{"@type":"WebPage","@id":"https:\/\/www.domkraftpro.com\/index.php\/produkt\/znackovy-asymetricka-vana-avita-bez-nozicek-170-x-75-cm-prave-52738\/","url":"https:\/\/www.domkraftpro.com\/index.php\/produkt\/znackovy-asymetricka-vana-avita-bez-nozicek-170-x-75-cm-prave-52738\/","name":"Zna\u010dkov\u00fd Asymetrick\u00e1 vana AVITA, Bez no\u017ei\u010dek, 170 \u00d7 75 cm, Prav\u00e9 -","isPartOf":{"@id":"https:\/\/www.domkraftpro.com\/#website"},"primaryImageOfPage":{"@id":"https:\/\/www.domkraftpro.com\/index.php\/produkt\/znackovy-asymetricka-vana-avita-bez-nozicek-170-x-75-cm-prave-52738\/#primaryimage"},"image":{"@id":"https:\/\/www.domkraftpro.com\/index.php\/produkt\/znackovy-asymetricka-vana-avita-bez-nozicek-170-x-75-cm-prave-52738\/#primaryimage"},"thumbnailUrl":"https:\/\/www.domkraftpro.com\/wp-content\/uploads\/2026\/SK0009627-CZ20260425-092556-0-1777080363-829152_asymetricka-vana-avita.webp","datePublished":"2026-04-27T04:42:46+00:00","breadcrumb":{"@id":"https:\/\/www.domkraftpro.com\/index.php\/produkt\/znackovy-asymetricka-vana-avita-bez-nozicek-170-x-75-cm-prave-52738\/#breadcrumb"},"inLanguage":"cs","potentialAction":[{"@type":"ReadAction","target":["https:\/\/www.domkraftpro.com\/index.php\/produkt\/znackovy-asymetricka-vana-avita-bez-nozicek-170-x-75-cm-prave-52738\/"]}]},{"@type":"ImageObject","inLanguage":"cs","@id":"https:\/\/www.domkraftpro.com\/index.php\/produkt\/znackovy-asymetricka-vana-avita-bez-nozicek-170-x-75-cm-prave-52738\/#primaryimage","url":"https:\/\/www.domkraftpro.com\/wp-content\/uploads\/2026\/SK0009627-CZ20260425-092556-0-1777080363-829152_asymetricka-vana-avita.webp","contentUrl":"https:\/\/www.domkraftpro.com\/wp-content\/uploads\/2026\/SK0009627-CZ20260425-092556-0-1777080363-829152_asymetricka-vana-avita.webp","width":1000,"height":750},{"@type":"BreadcrumbList","@id":"https:\/\/www.domkraftpro.com\/index.php\/produkt\/znackovy-asymetricka-vana-avita-bez-nozicek-170-x-75-cm-prave-52738\/#breadcrumb","itemListElement":[{"@type":"ListItem","position":1,"name":"Home","item":"https:\/\/www.domkraftpro.com\/"},{"@type":"ListItem","position":2,"name":"Products","item":"https:\/\/www.domkraftpro.com\/products\/"},{"@type":"ListItem","position":3,"name":"Zna\u010dkov\u00fd Asymetrick\u00e1 vana AVITA, Bez no\u017ei\u010dek, 170 \u00d7 75 cm, Prav\u00e9"}]},{"@type":"WebSite","@id":"https:\/\/www.domkraftpro.com\/#website","url":"https:\/\/www.domkraftpro.com\/","name":"","description":"","potentialAction":[{"@type":"SearchAction","target":{"@type":"EntryPoint","urlTemplate":"https:\/\/www.domkraftpro.com\/?s={search_term_string}"},"query-input":{"@type":"PropertyValueSpecification","valueRequired":true,"valueName":"search_term_string"}}],"inLanguage":"cs"}]}},"_links":{"self":[{"href":"https:\/\/www.domkraftpro.com\/wp-json\/wp\/v2\/product\/52738","targetHints":{"allow":["GET"]}}],"collection":[{"href":"https:\/\/www.domkraftpro.com\/wp-json\/wp\/v2\/product"}],"about":[{"href":"https:\/\/www.domkraftpro.com\/wp-json\/wp\/v2\/types\/product"}],"replies":[{"embeddable":true,"href":"https:\/\/www.domkraftpro.com\/wp-json\/wp\/v2\/comments?post=52738"}],"wp:featuredmedia":[{"embeddable":true,"href":"https:\/\/www.domkraftpro.com\/wp-json\/wp\/v2\/media\/52838"}],"wp:attachment":[{"href":"https:\/\/www.domkraftpro.com\/wp-json\/wp\/v2\/media?parent=52738"}],"wp:term":[{"taxonomy":"product_brand","embeddable":true,"href":"https:\/\/www.domkraftpro.com\/wp-json\/wp\/v2\/product_brand?post=52738"},{"taxonomy":"product_cat","embeddable":true,"href":"https:\/\/www.domkraftpro.com\/wp-json\/wp\/v2\/product_cat?post=52738"},{"taxonomy":"product_tag","embeddable":true,"href":"https:\/\/www.domkraftpro.com\/wp-json\/wp\/v2\/product_tag?post=52738"}],"curies":[{"name":"wp","href":"https:\/\/api.w.org\/{rel}","templated":true}]}}