{"id":49501,"date":"2026-04-27T04:42:37","date_gmt":"2026-04-27T04:42:37","guid":{"rendered":""},"modified":"2026-04-27T04:42:37","modified_gmt":"2026-04-27T04:42:37","slug":"akce-ochranny-oblicejovy-stit-s-muslovymi-chranici-sluchu-ocelova-mrizka-strend-pro-element-shop-cz-49501","status":"publish","type":"product","link":"https:\/\/www.domkraftpro.com\/index.php\/produkt\/akce-ochranny-oblicejovy-stit-s-muslovymi-chranici-sluchu-ocelova-mrizka-strend-pro-element-shop-cz-49501\/","title":{"rendered":"Akce Ochrann\u00fd obli\u010dejov\u00fd \u0161t\u00edt s mu\u0161lov\u00fdmi chr\u00e1ni\u010di sluchu, ocelov\u00e1 m\u0159\u00ed\u017eka, STREND PRO | element-shop.cz"},"content":{"rendered":"<div class=\"basic-description\">\n<h3>Detailn\u00ed popis produktu<\/h3>\n<p>                                    Ochrann\u00fd \u0161t\u00edt s chr\u00e1ni\u010di sluchu STREND PRO \u2013 bezpe\u010dnost a pohodl\u00ed p\u0159i pr\u00e1ci s k\u0159ovino\u0159ezem \u010di pilouProfesion\u00e1ln\u00ed ochrann\u00fd komplet STREND PRO kombinuje obli\u010dejov\u00fd \u0161t\u00edt s <span class=\"show-tooltip\" title=\"Dr\u00e1t je dlouh\u00e9, tenk\u00e9, pru\u017en\u00e9 kovov\u00e9 vl\u00e1kno vyr\u00e1b\u011bn\u00e9 ta\u017een\u00edm nebo v\u00e1lcov\u00e1n\u00edm. Dr\u00e1t je univerz\u00e1ln\u00ed materi\u00e1l s \u0161irok\u00fdm vyu\u017eit\u00edm. Pou\u017e\u00edv\u00e1 se v pr\u016fmyslu, stavebnictv\u00ed, elektronice, um\u011bn\u00ed a dal\u0161\u00edch oborech. Jeho vlastnosti z\u00e1vis\u00ed na materi\u00e1lu,&amp;hellip;\">dr\u00e1t\u011bnou<\/span> m\u0159\u00ed\u017ekou a mu\u0161lov\u00e9 chr\u00e1ni\u010de sluchu v jednom praktick\u00e9m celku. Vhodn\u00fd pro pr\u00e1ci v zahrad\u011b, lese i d\u00edln\u011b \u2013 nap\u0159\u00edklad p\u0159i sek\u00e1n\u00ed tr\u00e1vy, \u0159ez\u00e1n\u00ed <span class=\"show-tooltip\" title=\"Motor je za\u0159\u00edzen\u00ed, kter\u00e9 p\u0159em\u011b\u0148uje r\u016fzn\u00e9 formy energie (nap\u0159. elektrickou, mechanickou, tepelnou) na mechanickou pr\u00e1ci. Motor se pou\u017e\u00edv\u00e1 v mnoha aplikac\u00edch, od automobil\u016f po dom\u00e1c\u00ed spot\u0159ebi\u010de, a jeho princip fungov\u00e1n\u00ed se li\u0161\u00ed podle typu&amp;hellip;\">motorovou<\/span> pilou nebo pr\u00e1ci s drti\u010dem v\u011btv\u00ed.Dr\u00e1t\u011bn\u00e1 m\u0159\u00ed\u017eka zaji\u0161\u0165uje spolehlivou ochranu obli\u010deje p\u0159ed l\u00e9taj\u00edc\u00edmi \u010d\u00e1sticemi (nap\u0159. \u0161t\u011brk, tr\u00e1va, v\u011btve) a sou\u010dasn\u011b umo\u017e\u0148uje voln\u00e9 proud\u011bn\u00ed vzduchu bez zaml\u017eov\u00e1n\u00ed. Integrovan\u00e9 mu\u0161lov\u00e9 chr\u00e1ni\u010de sluchu efektivn\u011b tlum\u00ed <span class=\"show-tooltip\" title=\"Hluk je ne\u017e\u00e1douc\u00ed, obvykle nep\u0159\u00edjemn\u00fd zvuk, kter\u00fd je pova\u017eov\u00e1n za ru\u0161iv\u00fd nebo obt\u011b\u017euj\u00edc\u00ed. Jedn\u00e1 se o akustick\u00e9 projevy r\u016fzn\u00fdch typ\u016f zvuk\u016f, kter\u00e9 mohou m\u00edt negativn\u00ed dopad na lidsk\u00e9 zdrav\u00ed, pohodu nebo prost\u0159ed\u00ed. Hluk m\u016f\u017ee poch\u00e1zet z r\u016fzn\u00fdch zdroj\u016f,&amp;hellip;\">hluk<\/span> d\u00edky hodnot\u011b SNR 26 dB (H: 29 dB, M: 24 dB, L: 17 dB) \u2013 certifikov\u00e1no dle normy EN 352-1:2020.Hlavn\u00ed vlastnosti:&#8226; Obli\u010dejov\u00fd \u0161t\u00edt s <span class=\"show-tooltip\" title=\"Ocel je slitina \u017eeleza s mal\u00fdm obsahem uhl\u00edku a dal\u0161\u00edmi p\u0159\u00edm\u011bsemi. Je to jeden z nejb\u011b\u017en\u011bji pou\u017e\u00edvan\u00fdch materi\u00e1l\u016f v pr\u016fmyslu a&amp;nbsp;stavebnictv\u00ed d\u00edky sv\u00fdm vlastnostem, kter\u00e9 zahrnuj\u00ed pevnost, tv\u00e1rnost a odolnost.&amp;nbsp;Z\u00e1kladn\u00ed slo\u017ekou&amp;hellip;\">ocelovou<\/span> m\u0159\u00ed\u017ekou \u2013 certifikace EN 1731:2006&#8226; SNR 26 dB \u2013 \u00fa\u010dinn\u00e1 ochrana sluchu&#8226; Nastaviteln\u00fd sklon \u0161t\u00edtu \u2013 p\u0159izp\u016fsoben\u00ed konkr\u00e9tn\u00ed \u010dinnosti&#8226; V\u00fd\u0161kov\u011b nastaviteln\u00fd hlavov\u00fd p\u00e1s \u2013 pohodln\u00e9 no\u0161en\u00ed bez otlak\u016f&#8226; Oto\u010dn\u00fd a polstrovan\u00fd hlavov\u00fd oblouk \u2013 pro maxim\u00e1ln\u00ed komfort&#8226; Individu\u00e1ln\u011b nastaviteln\u00e1 poloha mu\u0161l\u00ed \u2013 p\u0159izp\u016fsoben\u00ed tvaru hlavy&#8226; Odoln\u00e9 proveden\u00ed \u2013 vhodn\u00e9 i pro intenzivn\u00ed pou\u017e\u00edv\u00e1n\u00ed venkuOchrann\u00fd \u0161t\u00edt STREND PRO je ide\u00e1ln\u00ed volbou pro ka\u017ed\u00e9ho, kdo p\u0159i pr\u00e1ci s hlu\u010dn\u00fdmi stroji a n\u00e1\u0159ad\u00edm pot\u0159ebuje efektivn\u00ed ochranu obli\u010deje a sluchu \u2013 v\u0161e v jednom pohodln\u00e9m a nastaviteln\u00e9m \u0159e\u0161en\u00ed.                            <\/div>\n","protected":false},"excerpt":{"rendered":"<p>Detailn\u00ed popis produktu Ochrann\u00fd \u0161t\u00edt s chr\u00e1ni\u010di sluchu STREND PRO \u2013 bezpe\u010dnost a pohodl\u00ed p\u0159i pr\u00e1ci s k\u0159ovino\u0159ezem \u010di pilouProfesion\u00e1ln\u00ed ochrann\u00fd komplet STREND PRO kombinuje obli\u010dejov\u00fd \u0161t\u00edt s dr\u00e1t\u011bnou m\u0159\u00ed\u017ekou a mu\u0161lov\u00e9 chr\u00e1ni\u010de sluchu v jednom praktick\u00e9m celku. Vhodn\u00fd pro pr\u00e1ci v zahrad\u011b, lese i d\u00edln\u011b \u2013 nap\u0159\u00edklad p\u0159i sek\u00e1n\u00ed tr\u00e1vy, \u0159ez\u00e1n\u00ed motorovou pilou nebo [&hellip;]<\/p>\n","protected":false},"featured_media":49601,"comment_status":"open","ping_status":"open","template":"","meta":[],"product_brand":[],"product_cat":[59],"product_tag":[],"class_list":{"0":"post-49501","1":"product","2":"type-product","3":"status-publish","4":"has-post-thumbnail","6":"product_cat-ochranne-pomucky","8":"first","9":"instock","10":"sale","11":"shipping-taxable","12":"purchasable","13":"product-type-simple"},"yoast_head":"<!-- This site is optimized with the Yoast SEO plugin v26.8 - https:\/\/yoast.com\/product\/yoast-seo-wordpress\/ -->\n<title>Akce Ochrann\u00fd obli\u010dejov\u00fd \u0161t\u00edt s mu\u0161lov\u00fdmi chr\u00e1ni\u010di sluchu, ocelov\u00e1 m\u0159\u00ed\u017eka, STREND PRO | element-shop.cz -<\/title>\n<meta name=\"robots\" content=\"index, follow, max-snippet:-1, max-image-preview:large, max-video-preview:-1\" \/>\n<link rel=\"canonical\" href=\"https:\/\/www.domkraftpro.com\/index.php\/produkt\/akce-ochranny-oblicejovy-stit-s-muslovymi-chranici-sluchu-ocelova-mrizka-strend-pro-element-shop-cz-49501\/\" \/>\n<meta property=\"og:locale\" content=\"cs_CZ\" \/>\n<meta property=\"og:type\" content=\"article\" \/>\n<meta property=\"og:title\" content=\"Akce Ochrann\u00fd obli\u010dejov\u00fd \u0161t\u00edt s mu\u0161lov\u00fdmi chr\u00e1ni\u010di sluchu, ocelov\u00e1 m\u0159\u00ed\u017eka, STREND PRO | element-shop.cz -\" \/>\n<meta property=\"og:description\" content=\"Detailn\u00ed popis produktu Ochrann\u00fd \u0161t\u00edt s chr\u00e1ni\u010di sluchu STREND PRO \u2013 bezpe\u010dnost a pohodl\u00ed p\u0159i pr\u00e1ci s k\u0159ovino\u0159ezem \u010di pilouProfesion\u00e1ln\u00ed ochrann\u00fd komplet STREND PRO kombinuje obli\u010dejov\u00fd \u0161t\u00edt s dr\u00e1t\u011bnou m\u0159\u00ed\u017ekou a mu\u0161lov\u00e9 chr\u00e1ni\u010de sluchu v jednom praktick\u00e9m celku. Vhodn\u00fd pro pr\u00e1ci v zahrad\u011b, lese i d\u00edln\u011b \u2013 nap\u0159\u00edklad p\u0159i sek\u00e1n\u00ed tr\u00e1vy, \u0159ez\u00e1n\u00ed motorovou pilou nebo [&hellip;]\" \/>\n<meta property=\"og:url\" content=\"https:\/\/www.domkraftpro.com\/index.php\/produkt\/akce-ochranny-oblicejovy-stit-s-muslovymi-chranici-sluchu-ocelova-mrizka-strend-pro-element-shop-cz-49501\/\" \/>\n<meta property=\"og:image\" content=\"https:\/\/www.domkraftpro.com\/wp-content\/uploads\/2026\/SK0008017-CZ20260425-092522-0-1777080324-121549_rewrite-209618-313927.webp\" \/>\n\t<meta property=\"og:image:width\" content=\"1000\" \/>\n\t<meta property=\"og:image:height\" content=\"750\" \/>\n\t<meta property=\"og:image:type\" content=\"image\/webp\" \/>\n<meta name=\"twitter:card\" content=\"summary_large_image\" \/>\n<meta name=\"twitter:label1\" content=\"Odhadovan\u00e1 doba \u010dten\u00ed\" \/>\n\t<meta name=\"twitter:data1\" content=\"1 minuta\" \/>\n<script type=\"application\/ld+json\" class=\"yoast-schema-graph\">{\"@context\":\"https:\/\/schema.org\",\"@graph\":[{\"@type\":\"WebPage\",\"@id\":\"https:\/\/www.domkraftpro.com\/index.php\/produkt\/akce-ochranny-oblicejovy-stit-s-muslovymi-chranici-sluchu-ocelova-mrizka-strend-pro-element-shop-cz-49501\/\",\"url\":\"https:\/\/www.domkraftpro.com\/index.php\/produkt\/akce-ochranny-oblicejovy-stit-s-muslovymi-chranici-sluchu-ocelova-mrizka-strend-pro-element-shop-cz-49501\/\",\"name\":\"Akce Ochrann\u00fd obli\u010dejov\u00fd \u0161t\u00edt s mu\u0161lov\u00fdmi chr\u00e1ni\u010di sluchu, ocelov\u00e1 m\u0159\u00ed\u017eka, STREND PRO | element-shop.cz -\",\"isPartOf\":{\"@id\":\"https:\/\/www.domkraftpro.com\/#website\"},\"primaryImageOfPage\":{\"@id\":\"https:\/\/www.domkraftpro.com\/index.php\/produkt\/akce-ochranny-oblicejovy-stit-s-muslovymi-chranici-sluchu-ocelova-mrizka-strend-pro-element-shop-cz-49501\/#primaryimage\"},\"image\":{\"@id\":\"https:\/\/www.domkraftpro.com\/index.php\/produkt\/akce-ochranny-oblicejovy-stit-s-muslovymi-chranici-sluchu-ocelova-mrizka-strend-pro-element-shop-cz-49501\/#primaryimage\"},\"thumbnailUrl\":\"https:\/\/www.domkraftpro.com\/wp-content\/uploads\/2026\/SK0008017-CZ20260425-092522-0-1777080324-121549_rewrite-209618-313927.webp\",\"datePublished\":\"2026-04-27T04:42:37+00:00\",\"breadcrumb\":{\"@id\":\"https:\/\/www.domkraftpro.com\/index.php\/produkt\/akce-ochranny-oblicejovy-stit-s-muslovymi-chranici-sluchu-ocelova-mrizka-strend-pro-element-shop-cz-49501\/#breadcrumb\"},\"inLanguage\":\"cs\",\"potentialAction\":[{\"@type\":\"ReadAction\",\"target\":[\"https:\/\/www.domkraftpro.com\/index.php\/produkt\/akce-ochranny-oblicejovy-stit-s-muslovymi-chranici-sluchu-ocelova-mrizka-strend-pro-element-shop-cz-49501\/\"]}]},{\"@type\":\"ImageObject\",\"inLanguage\":\"cs\",\"@id\":\"https:\/\/www.domkraftpro.com\/index.php\/produkt\/akce-ochranny-oblicejovy-stit-s-muslovymi-chranici-sluchu-ocelova-mrizka-strend-pro-element-shop-cz-49501\/#primaryimage\",\"url\":\"https:\/\/www.domkraftpro.com\/wp-content\/uploads\/2026\/SK0008017-CZ20260425-092522-0-1777080324-121549_rewrite-209618-313927.webp\",\"contentUrl\":\"https:\/\/www.domkraftpro.com\/wp-content\/uploads\/2026\/SK0008017-CZ20260425-092522-0-1777080324-121549_rewrite-209618-313927.webp\",\"width\":1000,\"height\":750},{\"@type\":\"BreadcrumbList\",\"@id\":\"https:\/\/www.domkraftpro.com\/index.php\/produkt\/akce-ochranny-oblicejovy-stit-s-muslovymi-chranici-sluchu-ocelova-mrizka-strend-pro-element-shop-cz-49501\/#breadcrumb\",\"itemListElement\":[{\"@type\":\"ListItem\",\"position\":1,\"name\":\"Home\",\"item\":\"https:\/\/www.domkraftpro.com\/\"},{\"@type\":\"ListItem\",\"position\":2,\"name\":\"Products\",\"item\":\"https:\/\/www.domkraftpro.com\/index.php\/products\/\"},{\"@type\":\"ListItem\",\"position\":3,\"name\":\"Akce Ochrann\u00fd obli\u010dejov\u00fd \u0161t\u00edt s mu\u0161lov\u00fdmi chr\u00e1ni\u010di sluchu, ocelov\u00e1 m\u0159\u00ed\u017eka, STREND PRO | element-shop.cz\"}]},{\"@type\":\"WebSite\",\"@id\":\"https:\/\/www.domkraftpro.com\/#website\",\"url\":\"https:\/\/www.domkraftpro.com\/\",\"name\":\"\",\"description\":\"\",\"potentialAction\":[{\"@type\":\"SearchAction\",\"target\":{\"@type\":\"EntryPoint\",\"urlTemplate\":\"https:\/\/www.domkraftpro.com\/?s={search_term_string}\"},\"query-input\":{\"@type\":\"PropertyValueSpecification\",\"valueRequired\":true,\"valueName\":\"search_term_string\"}}],\"inLanguage\":\"cs\"}]}<\/script>\n<!-- \/ Yoast SEO plugin. -->","yoast_head_json":{"title":"Akce Ochrann\u00fd obli\u010dejov\u00fd \u0161t\u00edt s mu\u0161lov\u00fdmi chr\u00e1ni\u010di sluchu, ocelov\u00e1 m\u0159\u00ed\u017eka, STREND PRO | element-shop.cz -","robots":{"index":"index","follow":"follow","max-snippet":"max-snippet:-1","max-image-preview":"max-image-preview:large","max-video-preview":"max-video-preview:-1"},"canonical":"https:\/\/www.domkraftpro.com\/index.php\/produkt\/akce-ochranny-oblicejovy-stit-s-muslovymi-chranici-sluchu-ocelova-mrizka-strend-pro-element-shop-cz-49501\/","og_locale":"cs_CZ","og_type":"article","og_title":"Akce Ochrann\u00fd obli\u010dejov\u00fd \u0161t\u00edt s mu\u0161lov\u00fdmi chr\u00e1ni\u010di sluchu, ocelov\u00e1 m\u0159\u00ed\u017eka, STREND PRO | element-shop.cz -","og_description":"Detailn\u00ed popis produktu Ochrann\u00fd \u0161t\u00edt s chr\u00e1ni\u010di sluchu STREND PRO \u2013 bezpe\u010dnost a pohodl\u00ed p\u0159i pr\u00e1ci s k\u0159ovino\u0159ezem \u010di pilouProfesion\u00e1ln\u00ed ochrann\u00fd komplet STREND PRO kombinuje obli\u010dejov\u00fd \u0161t\u00edt s dr\u00e1t\u011bnou m\u0159\u00ed\u017ekou a mu\u0161lov\u00e9 chr\u00e1ni\u010de sluchu v jednom praktick\u00e9m celku. Vhodn\u00fd pro pr\u00e1ci v zahrad\u011b, lese i d\u00edln\u011b \u2013 nap\u0159\u00edklad p\u0159i sek\u00e1n\u00ed tr\u00e1vy, \u0159ez\u00e1n\u00ed motorovou pilou nebo [&hellip;]","og_url":"https:\/\/www.domkraftpro.com\/index.php\/produkt\/akce-ochranny-oblicejovy-stit-s-muslovymi-chranici-sluchu-ocelova-mrizka-strend-pro-element-shop-cz-49501\/","og_image":[{"width":1000,"height":750,"url":"https:\/\/www.domkraftpro.com\/wp-content\/uploads\/2026\/SK0008017-CZ20260425-092522-0-1777080324-121549_rewrite-209618-313927.webp","type":"image\/webp"}],"twitter_card":"summary_large_image","twitter_misc":{"Odhadovan\u00e1 doba \u010dten\u00ed":"1 minuta"},"schema":{"@context":"https:\/\/schema.org","@graph":[{"@type":"WebPage","@id":"https:\/\/www.domkraftpro.com\/index.php\/produkt\/akce-ochranny-oblicejovy-stit-s-muslovymi-chranici-sluchu-ocelova-mrizka-strend-pro-element-shop-cz-49501\/","url":"https:\/\/www.domkraftpro.com\/index.php\/produkt\/akce-ochranny-oblicejovy-stit-s-muslovymi-chranici-sluchu-ocelova-mrizka-strend-pro-element-shop-cz-49501\/","name":"Akce Ochrann\u00fd obli\u010dejov\u00fd \u0161t\u00edt s mu\u0161lov\u00fdmi chr\u00e1ni\u010di sluchu, ocelov\u00e1 m\u0159\u00ed\u017eka, STREND PRO | element-shop.cz -","isPartOf":{"@id":"https:\/\/www.domkraftpro.com\/#website"},"primaryImageOfPage":{"@id":"https:\/\/www.domkraftpro.com\/index.php\/produkt\/akce-ochranny-oblicejovy-stit-s-muslovymi-chranici-sluchu-ocelova-mrizka-strend-pro-element-shop-cz-49501\/#primaryimage"},"image":{"@id":"https:\/\/www.domkraftpro.com\/index.php\/produkt\/akce-ochranny-oblicejovy-stit-s-muslovymi-chranici-sluchu-ocelova-mrizka-strend-pro-element-shop-cz-49501\/#primaryimage"},"thumbnailUrl":"https:\/\/www.domkraftpro.com\/wp-content\/uploads\/2026\/SK0008017-CZ20260425-092522-0-1777080324-121549_rewrite-209618-313927.webp","datePublished":"2026-04-27T04:42:37+00:00","breadcrumb":{"@id":"https:\/\/www.domkraftpro.com\/index.php\/produkt\/akce-ochranny-oblicejovy-stit-s-muslovymi-chranici-sluchu-ocelova-mrizka-strend-pro-element-shop-cz-49501\/#breadcrumb"},"inLanguage":"cs","potentialAction":[{"@type":"ReadAction","target":["https:\/\/www.domkraftpro.com\/index.php\/produkt\/akce-ochranny-oblicejovy-stit-s-muslovymi-chranici-sluchu-ocelova-mrizka-strend-pro-element-shop-cz-49501\/"]}]},{"@type":"ImageObject","inLanguage":"cs","@id":"https:\/\/www.domkraftpro.com\/index.php\/produkt\/akce-ochranny-oblicejovy-stit-s-muslovymi-chranici-sluchu-ocelova-mrizka-strend-pro-element-shop-cz-49501\/#primaryimage","url":"https:\/\/www.domkraftpro.com\/wp-content\/uploads\/2026\/SK0008017-CZ20260425-092522-0-1777080324-121549_rewrite-209618-313927.webp","contentUrl":"https:\/\/www.domkraftpro.com\/wp-content\/uploads\/2026\/SK0008017-CZ20260425-092522-0-1777080324-121549_rewrite-209618-313927.webp","width":1000,"height":750},{"@type":"BreadcrumbList","@id":"https:\/\/www.domkraftpro.com\/index.php\/produkt\/akce-ochranny-oblicejovy-stit-s-muslovymi-chranici-sluchu-ocelova-mrizka-strend-pro-element-shop-cz-49501\/#breadcrumb","itemListElement":[{"@type":"ListItem","position":1,"name":"Home","item":"https:\/\/www.domkraftpro.com\/"},{"@type":"ListItem","position":2,"name":"Products","item":"https:\/\/www.domkraftpro.com\/index.php\/products\/"},{"@type":"ListItem","position":3,"name":"Akce Ochrann\u00fd obli\u010dejov\u00fd \u0161t\u00edt s mu\u0161lov\u00fdmi chr\u00e1ni\u010di sluchu, ocelov\u00e1 m\u0159\u00ed\u017eka, STREND PRO | element-shop.cz"}]},{"@type":"WebSite","@id":"https:\/\/www.domkraftpro.com\/#website","url":"https:\/\/www.domkraftpro.com\/","name":"","description":"","potentialAction":[{"@type":"SearchAction","target":{"@type":"EntryPoint","urlTemplate":"https:\/\/www.domkraftpro.com\/?s={search_term_string}"},"query-input":{"@type":"PropertyValueSpecification","valueRequired":true,"valueName":"search_term_string"}}],"inLanguage":"cs"}]}},"_links":{"self":[{"href":"https:\/\/www.domkraftpro.com\/index.php\/wp-json\/wp\/v2\/product\/49501","targetHints":{"allow":["GET"]}}],"collection":[{"href":"https:\/\/www.domkraftpro.com\/index.php\/wp-json\/wp\/v2\/product"}],"about":[{"href":"https:\/\/www.domkraftpro.com\/index.php\/wp-json\/wp\/v2\/types\/product"}],"replies":[{"embeddable":true,"href":"https:\/\/www.domkraftpro.com\/index.php\/wp-json\/wp\/v2\/comments?post=49501"}],"wp:featuredmedia":[{"embeddable":true,"href":"https:\/\/www.domkraftpro.com\/index.php\/wp-json\/wp\/v2\/media\/49601"}],"wp:attachment":[{"href":"https:\/\/www.domkraftpro.com\/index.php\/wp-json\/wp\/v2\/media?parent=49501"}],"wp:term":[{"taxonomy":"product_brand","embeddable":true,"href":"https:\/\/www.domkraftpro.com\/index.php\/wp-json\/wp\/v2\/product_brand?post=49501"},{"taxonomy":"product_cat","embeddable":true,"href":"https:\/\/www.domkraftpro.com\/index.php\/wp-json\/wp\/v2\/product_cat?post=49501"},{"taxonomy":"product_tag","embeddable":true,"href":"https:\/\/www.domkraftpro.com\/index.php\/wp-json\/wp\/v2\/product_tag?post=49501"}],"curies":[{"name":"wp","href":"https:\/\/api.w.org\/{rel}","templated":true}]}}