{"id":42908,"date":"2026-04-27T04:42:18","date_gmt":"2026-04-27T04:42:18","guid":{"rendered":""},"modified":"2026-04-27T04:42:18","modified_gmt":"2026-04-27T04:42:18","slug":"akce-budmat-wd-l-p-180-mm-ral-3011-cervenohneda-leskly-42908","status":"publish","type":"product","link":"https:\/\/www.domkraftpro.com\/index.php\/produkt\/akce-budmat-wd-l-p-180-mm-ral-3011-cervenohneda-leskly-42908\/","title":{"rendered":"Akce Budmat WD L\/P 180 mm RAL 3011 | \u010dervenohn\u011bd\u00e1 leskl\u00fd"},"content":{"rendered":"<div class=\"detail-description__right\">\n<div class=\"parameters\">\n<div class=\"table table--simple\">\n<table>\n<tbody>\n<tr>\n<td colspan=\"2\">\n<h4>Vlastnosti<\/h4>\n<\/td>\n<\/tr>\n<tr>\n<td>Materi\u00e1l<\/td>\n<td>ocelov\u00fd plech S280<\/td>\n<\/tr>\n<tr>\n<td>Povrchov\u00e1 \u00faprava<\/td>\n<td>pozink Z275 s\u00a0organick\u00fdm povlakem<\/td>\n<\/tr>\n<tr>\n<td>D\u00e9lka<\/td>\n<td>1200 mm<\/td>\n<\/tr>\n<tr>\n<td>V\u00fd\u0161ka<\/td>\n<td>150\u00a0\u2013 180\u00a0mm<\/td>\n<\/tr>\n<tr>\n<td>Tlou\u0161\u0165ka<\/td>\n<td>0,5\u00a0mm<\/td>\n<\/tr>\n<tr>\n<td>Balen\u00ed<\/td>\n<td>20 ks<\/td>\n<\/tr>\n<tr>\n<td colspan=\"2\">\n<h4>Parametry<\/h4>\n<\/td>\n<\/tr>\n<tr>\n<td>P\u016fvod<\/td>\n<td>Vyrobeno v\u00a0PL<\/td>\n<\/tr>\n<tr>\n<td>Z\u00e1ruka<\/td>\n<td>2 roky<\/td>\n<\/tr>\n<tr>\n<td>Zna\u010dka<\/td>\n<td>Budmat<\/td>\n<\/tr>\n<\/tbody>\n<\/table><\/div>\n<\/div><\/div>\n<div class=\"detail-description__top\">\t\t\t\t<\/div>\n<div class=\"detail-description__left\">\n<div class=\"detail-description__left__overflow\">\n<div class=\"detail-description__left__head\">\t\t\t\t\t\tPopis:\t\t\t\t\t<\/div>\n<div class=\"expert-card\">\n<div class=\"expert-card__person\">\t\t\t<span>\t\t\t\t<strong>Tom\u00e1\u0161 Grygar<\/strong>\t\t\t\t<small>specialista<\/small>\t\t\t<\/span>\t\t<\/div>\n<div class=\"expert-card__info\">\n<p>Jedin\u00fd syst\u00e9m na trhu s inovativn\u00edm a univers\u00e1ln\u00edm oplechov\u00e1n\u00edm maloform\u00e1tov\u00fdch i velkoform\u00e1tov\u00fdch krytin vhodn\u00fd pro v\u0161echny typy st\u0159ech.<\/p>\n<\/p><\/div>\n<\/p><\/div>\n<div class=\"ul-style ul-style--check\">\n<p>Skryt\u00e9 \u0161rouby \u2013 speci\u00e1ln\u00ed prolisovan\u00e9 misky umo\u017e\u0148uj\u00ed mont\u00e1\u017e bez viditelnosti \u0161roub\u016f, spoj je \u0159e\u0161en na vsunut\u00ed.\u00a0Mo\u017enost volby v\u00fd\u0161ky \u0161t\u00edtov\u00e9ho lemov\u00e1n\u00ed spodn\u00edho vzhledem k v\u00fd\u0161ce krokve.\u00a0Mont\u00e1\u017e m\u016f\u017ee prov\u00e1d\u011bt jeden pracovn\u00edk &#8211; d\u00e9lka prvk\u016f pouze 1200mm a p\u0159ipraven\u00e9 mont\u00e1\u017en\u00ed otvory.<\/p>\n<ul class=\"plusminus\">\n<li><i class=\"fas fa-check\"><\/i><span>Integrovan\u00e9 kotven\u00ed<\/span><\/li>\n<li><i class=\"fas fa-check\"><\/i><span>Rychl\u00e1 instalace<\/span><\/li>\n<li><i class=\"fas fa-check\"><\/i><span>Eliminace mont\u00e1\u017en\u00edch ch\u00fdb<\/span><\/li>\n<\/ul>\n<p>Mo\u017enost spr\u00e1vn\u00e9ho spasov\u00e1n\u00ed d\u00edky ov\u00e1ln\u00fdm otvor\u016fm p\u0159ipraven\u00fdm ve v\u00fdrob\u011b.\u00a0Prvky je mo\u017en\u00e9 demontovat a op\u011bt namontovat bez jejich po\u0161kozen\u00ed.\u00a0S\u00e9rie profilov\u00e1n\u00ed na prvc\u00edch zabra\u0148uje vln\u011bn\u00ed v plo\u0161e.\u00a0Mo\u017enost vyu\u017eit\u00ed pro r\u016fzn\u00e9 typy st\u0159e\u0161n\u00edch krytin.<\/p>\n<\/div>\n<div class=\"detail-description__left__more\">\t\t\t\t\t\t<span> <\/span><span> <\/span>\t\t\t\t\t<\/div>\n<\/p><\/div>\n<div class=\"extra-note\">\n<p>Oplechov\u00e1n\u00ed je mo\u017en\u00e9 zakoupit pouze s krytinami o plo\u0161e nad 60 m\u00b2. Samostatn\u00fd prodej p\u0159\u00edslu\u0161enstv\u00ed nen\u00ed mo\u017en\u00fd z d\u016fvodu n\u00e1kladn\u00e9 spedice.<\/p>\n<\/p><\/div>\n<\/p><\/div>\n<div class=\"detail-description__more\"><span> <\/span><span> <\/span><\/div>\n<\/p><\/div>\n<\/p><\/div>\n","protected":false},"excerpt":{"rendered":"<p>Vlastnosti Materi\u00e1l ocelov\u00fd plech S280 Povrchov\u00e1 \u00faprava pozink Z275 s\u00a0organick\u00fdm povlakem D\u00e9lka 1200 mm V\u00fd\u0161ka 150\u00a0\u2013 180\u00a0mm Tlou\u0161\u0165ka 0,5\u00a0mm Balen\u00ed 20 ks Parametry P\u016fvod Vyrobeno v\u00a0PL Z\u00e1ruka 2 roky Zna\u010dka Budmat Popis: Tom\u00e1\u0161 Grygar specialista Jedin\u00fd syst\u00e9m na trhu s inovativn\u00edm a univers\u00e1ln\u00edm oplechov\u00e1n\u00edm maloform\u00e1tov\u00fdch i velkoform\u00e1tov\u00fdch krytin vhodn\u00fd pro v\u0161echny typy st\u0159ech. Skryt\u00e9 \u0161rouby [&hellip;]<\/p>\n","protected":false},"featured_media":43008,"comment_status":"open","ping_status":"open","template":"","meta":[],"product_brand":[],"product_cat":[44],"product_tag":[],"class_list":{"0":"post-42908","1":"product","2":"type-product","3":"status-publish","4":"has-post-thumbnail","6":"product_cat-stavba","8":"first","9":"instock","10":"sale","11":"shipping-taxable","12":"purchasable","13":"product-type-simple"},"yoast_head":"<!-- This site is optimized with the Yoast SEO plugin v26.8 - https:\/\/yoast.com\/product\/yoast-seo-wordpress\/ -->\n<title>Akce Budmat WD L\/P 180 mm RAL 3011 | \u010dervenohn\u011bd\u00e1 leskl\u00fd -<\/title>\n<meta name=\"robots\" content=\"index, follow, max-snippet:-1, max-image-preview:large, max-video-preview:-1\" \/>\n<link rel=\"canonical\" href=\"https:\/\/www.domkraftpro.com\/index.php\/produkt\/akce-budmat-wd-l-p-180-mm-ral-3011-cervenohneda-leskly-42908\/\" \/>\n<meta property=\"og:locale\" content=\"cs_CZ\" \/>\n<meta property=\"og:type\" content=\"article\" \/>\n<meta property=\"og:title\" content=\"Akce Budmat WD L\/P 180 mm RAL 3011 | \u010dervenohn\u011bd\u00e1 leskl\u00fd -\" \/>\n<meta property=\"og:description\" content=\"Vlastnosti Materi\u00e1l ocelov\u00fd plech S280 Povrchov\u00e1 \u00faprava pozink Z275 s\u00a0organick\u00fdm povlakem D\u00e9lka 1200 mm V\u00fd\u0161ka 150\u00a0\u2013 180\u00a0mm Tlou\u0161\u0165ka 0,5\u00a0mm Balen\u00ed 20 ks Parametry P\u016fvod Vyrobeno v\u00a0PL Z\u00e1ruka 2 roky Zna\u010dka Budmat Popis: Tom\u00e1\u0161 Grygar specialista Jedin\u00fd syst\u00e9m na trhu s inovativn\u00edm a univers\u00e1ln\u00edm oplechov\u00e1n\u00edm maloform\u00e1tov\u00fdch i velkoform\u00e1tov\u00fdch krytin vhodn\u00fd pro v\u0161echny typy st\u0159ech. Skryt\u00e9 \u0161rouby [&hellip;]\" \/>\n<meta property=\"og:url\" content=\"https:\/\/www.domkraftpro.com\/index.php\/produkt\/akce-budmat-wd-l-p-180-mm-ral-3011-cervenohneda-leskly-42908\/\" \/>\n<meta property=\"og:image\" content=\"https:\/\/www.domkraftpro.com\/wp-content\/uploads\/2026\/SK0011028-CZ20260425-091936-0-1777079982-spodni-zavetrna-lista-budmat-wd-l-p-180-mm-ral-3011-cerveno.webp\" \/>\n\t<meta property=\"og:image:width\" content=\"1000\" \/>\n\t<meta property=\"og:image:height\" content=\"523\" \/>\n\t<meta property=\"og:image:type\" content=\"image\/webp\" \/>\n<meta name=\"twitter:card\" content=\"summary_large_image\" \/>\n<meta name=\"twitter:label1\" content=\"Odhadovan\u00e1 doba \u010dten\u00ed\" \/>\n\t<meta name=\"twitter:data1\" content=\"1 minuta\" \/>\n<script type=\"application\/ld+json\" class=\"yoast-schema-graph\">{\"@context\":\"https:\/\/schema.org\",\"@graph\":[{\"@type\":\"WebPage\",\"@id\":\"https:\/\/www.domkraftpro.com\/index.php\/produkt\/akce-budmat-wd-l-p-180-mm-ral-3011-cervenohneda-leskly-42908\/\",\"url\":\"https:\/\/www.domkraftpro.com\/index.php\/produkt\/akce-budmat-wd-l-p-180-mm-ral-3011-cervenohneda-leskly-42908\/\",\"name\":\"Akce Budmat WD L\/P 180 mm RAL 3011 | \u010dervenohn\u011bd\u00e1 leskl\u00fd -\",\"isPartOf\":{\"@id\":\"https:\/\/www.domkraftpro.com\/#website\"},\"primaryImageOfPage\":{\"@id\":\"https:\/\/www.domkraftpro.com\/index.php\/produkt\/akce-budmat-wd-l-p-180-mm-ral-3011-cervenohneda-leskly-42908\/#primaryimage\"},\"image\":{\"@id\":\"https:\/\/www.domkraftpro.com\/index.php\/produkt\/akce-budmat-wd-l-p-180-mm-ral-3011-cervenohneda-leskly-42908\/#primaryimage\"},\"thumbnailUrl\":\"https:\/\/www.domkraftpro.com\/wp-content\/uploads\/2026\/SK0011028-CZ20260425-091936-0-1777079982-spodni-zavetrna-lista-budmat-wd-l-p-180-mm-ral-3011-cerveno.webp\",\"datePublished\":\"2026-04-27T04:42:18+00:00\",\"breadcrumb\":{\"@id\":\"https:\/\/www.domkraftpro.com\/index.php\/produkt\/akce-budmat-wd-l-p-180-mm-ral-3011-cervenohneda-leskly-42908\/#breadcrumb\"},\"inLanguage\":\"cs\",\"potentialAction\":[{\"@type\":\"ReadAction\",\"target\":[\"https:\/\/www.domkraftpro.com\/index.php\/produkt\/akce-budmat-wd-l-p-180-mm-ral-3011-cervenohneda-leskly-42908\/\"]}]},{\"@type\":\"ImageObject\",\"inLanguage\":\"cs\",\"@id\":\"https:\/\/www.domkraftpro.com\/index.php\/produkt\/akce-budmat-wd-l-p-180-mm-ral-3011-cervenohneda-leskly-42908\/#primaryimage\",\"url\":\"https:\/\/www.domkraftpro.com\/wp-content\/uploads\/2026\/SK0011028-CZ20260425-091936-0-1777079982-spodni-zavetrna-lista-budmat-wd-l-p-180-mm-ral-3011-cerveno.webp\",\"contentUrl\":\"https:\/\/www.domkraftpro.com\/wp-content\/uploads\/2026\/SK0011028-CZ20260425-091936-0-1777079982-spodni-zavetrna-lista-budmat-wd-l-p-180-mm-ral-3011-cerveno.webp\",\"width\":1000,\"height\":523},{\"@type\":\"BreadcrumbList\",\"@id\":\"https:\/\/www.domkraftpro.com\/index.php\/produkt\/akce-budmat-wd-l-p-180-mm-ral-3011-cervenohneda-leskly-42908\/#breadcrumb\",\"itemListElement\":[{\"@type\":\"ListItem\",\"position\":1,\"name\":\"Home\",\"item\":\"https:\/\/www.domkraftpro.com\/\"},{\"@type\":\"ListItem\",\"position\":2,\"name\":\"Products\",\"item\":\"https:\/\/www.domkraftpro.com\/index.php\/products\/\"},{\"@type\":\"ListItem\",\"position\":3,\"name\":\"Akce Budmat WD L\/P 180 mm RAL 3011 | \u010dervenohn\u011bd\u00e1 leskl\u00fd\"}]},{\"@type\":\"WebSite\",\"@id\":\"https:\/\/www.domkraftpro.com\/#website\",\"url\":\"https:\/\/www.domkraftpro.com\/\",\"name\":\"\",\"description\":\"\",\"potentialAction\":[{\"@type\":\"SearchAction\",\"target\":{\"@type\":\"EntryPoint\",\"urlTemplate\":\"https:\/\/www.domkraftpro.com\/?s={search_term_string}\"},\"query-input\":{\"@type\":\"PropertyValueSpecification\",\"valueRequired\":true,\"valueName\":\"search_term_string\"}}],\"inLanguage\":\"cs\"}]}<\/script>\n<!-- \/ Yoast SEO plugin. -->","yoast_head_json":{"title":"Akce Budmat WD L\/P 180 mm RAL 3011 | \u010dervenohn\u011bd\u00e1 leskl\u00fd -","robots":{"index":"index","follow":"follow","max-snippet":"max-snippet:-1","max-image-preview":"max-image-preview:large","max-video-preview":"max-video-preview:-1"},"canonical":"https:\/\/www.domkraftpro.com\/index.php\/produkt\/akce-budmat-wd-l-p-180-mm-ral-3011-cervenohneda-leskly-42908\/","og_locale":"cs_CZ","og_type":"article","og_title":"Akce Budmat WD L\/P 180 mm RAL 3011 | \u010dervenohn\u011bd\u00e1 leskl\u00fd -","og_description":"Vlastnosti Materi\u00e1l ocelov\u00fd plech S280 Povrchov\u00e1 \u00faprava pozink Z275 s\u00a0organick\u00fdm povlakem D\u00e9lka 1200 mm V\u00fd\u0161ka 150\u00a0\u2013 180\u00a0mm Tlou\u0161\u0165ka 0,5\u00a0mm Balen\u00ed 20 ks Parametry P\u016fvod Vyrobeno v\u00a0PL Z\u00e1ruka 2 roky Zna\u010dka Budmat Popis: Tom\u00e1\u0161 Grygar specialista Jedin\u00fd syst\u00e9m na trhu s inovativn\u00edm a univers\u00e1ln\u00edm oplechov\u00e1n\u00edm maloform\u00e1tov\u00fdch i velkoform\u00e1tov\u00fdch krytin vhodn\u00fd pro v\u0161echny typy st\u0159ech. Skryt\u00e9 \u0161rouby [&hellip;]","og_url":"https:\/\/www.domkraftpro.com\/index.php\/produkt\/akce-budmat-wd-l-p-180-mm-ral-3011-cervenohneda-leskly-42908\/","og_image":[{"width":1000,"height":523,"url":"https:\/\/www.domkraftpro.com\/wp-content\/uploads\/2026\/SK0011028-CZ20260425-091936-0-1777079982-spodni-zavetrna-lista-budmat-wd-l-p-180-mm-ral-3011-cerveno.webp","type":"image\/webp"}],"twitter_card":"summary_large_image","twitter_misc":{"Odhadovan\u00e1 doba \u010dten\u00ed":"1 minuta"},"schema":{"@context":"https:\/\/schema.org","@graph":[{"@type":"WebPage","@id":"https:\/\/www.domkraftpro.com\/index.php\/produkt\/akce-budmat-wd-l-p-180-mm-ral-3011-cervenohneda-leskly-42908\/","url":"https:\/\/www.domkraftpro.com\/index.php\/produkt\/akce-budmat-wd-l-p-180-mm-ral-3011-cervenohneda-leskly-42908\/","name":"Akce Budmat WD L\/P 180 mm RAL 3011 | \u010dervenohn\u011bd\u00e1 leskl\u00fd -","isPartOf":{"@id":"https:\/\/www.domkraftpro.com\/#website"},"primaryImageOfPage":{"@id":"https:\/\/www.domkraftpro.com\/index.php\/produkt\/akce-budmat-wd-l-p-180-mm-ral-3011-cervenohneda-leskly-42908\/#primaryimage"},"image":{"@id":"https:\/\/www.domkraftpro.com\/index.php\/produkt\/akce-budmat-wd-l-p-180-mm-ral-3011-cervenohneda-leskly-42908\/#primaryimage"},"thumbnailUrl":"https:\/\/www.domkraftpro.com\/wp-content\/uploads\/2026\/SK0011028-CZ20260425-091936-0-1777079982-spodni-zavetrna-lista-budmat-wd-l-p-180-mm-ral-3011-cerveno.webp","datePublished":"2026-04-27T04:42:18+00:00","breadcrumb":{"@id":"https:\/\/www.domkraftpro.com\/index.php\/produkt\/akce-budmat-wd-l-p-180-mm-ral-3011-cervenohneda-leskly-42908\/#breadcrumb"},"inLanguage":"cs","potentialAction":[{"@type":"ReadAction","target":["https:\/\/www.domkraftpro.com\/index.php\/produkt\/akce-budmat-wd-l-p-180-mm-ral-3011-cervenohneda-leskly-42908\/"]}]},{"@type":"ImageObject","inLanguage":"cs","@id":"https:\/\/www.domkraftpro.com\/index.php\/produkt\/akce-budmat-wd-l-p-180-mm-ral-3011-cervenohneda-leskly-42908\/#primaryimage","url":"https:\/\/www.domkraftpro.com\/wp-content\/uploads\/2026\/SK0011028-CZ20260425-091936-0-1777079982-spodni-zavetrna-lista-budmat-wd-l-p-180-mm-ral-3011-cerveno.webp","contentUrl":"https:\/\/www.domkraftpro.com\/wp-content\/uploads\/2026\/SK0011028-CZ20260425-091936-0-1777079982-spodni-zavetrna-lista-budmat-wd-l-p-180-mm-ral-3011-cerveno.webp","width":1000,"height":523},{"@type":"BreadcrumbList","@id":"https:\/\/www.domkraftpro.com\/index.php\/produkt\/akce-budmat-wd-l-p-180-mm-ral-3011-cervenohneda-leskly-42908\/#breadcrumb","itemListElement":[{"@type":"ListItem","position":1,"name":"Home","item":"https:\/\/www.domkraftpro.com\/"},{"@type":"ListItem","position":2,"name":"Products","item":"https:\/\/www.domkraftpro.com\/index.php\/products\/"},{"@type":"ListItem","position":3,"name":"Akce Budmat WD L\/P 180 mm RAL 3011 | \u010dervenohn\u011bd\u00e1 leskl\u00fd"}]},{"@type":"WebSite","@id":"https:\/\/www.domkraftpro.com\/#website","url":"https:\/\/www.domkraftpro.com\/","name":"","description":"","potentialAction":[{"@type":"SearchAction","target":{"@type":"EntryPoint","urlTemplate":"https:\/\/www.domkraftpro.com\/?s={search_term_string}"},"query-input":{"@type":"PropertyValueSpecification","valueRequired":true,"valueName":"search_term_string"}}],"inLanguage":"cs"}]}},"_links":{"self":[{"href":"https:\/\/www.domkraftpro.com\/index.php\/wp-json\/wp\/v2\/product\/42908","targetHints":{"allow":["GET"]}}],"collection":[{"href":"https:\/\/www.domkraftpro.com\/index.php\/wp-json\/wp\/v2\/product"}],"about":[{"href":"https:\/\/www.domkraftpro.com\/index.php\/wp-json\/wp\/v2\/types\/product"}],"replies":[{"embeddable":true,"href":"https:\/\/www.domkraftpro.com\/index.php\/wp-json\/wp\/v2\/comments?post=42908"}],"wp:featuredmedia":[{"embeddable":true,"href":"https:\/\/www.domkraftpro.com\/index.php\/wp-json\/wp\/v2\/media\/43008"}],"wp:attachment":[{"href":"https:\/\/www.domkraftpro.com\/index.php\/wp-json\/wp\/v2\/media?parent=42908"}],"wp:term":[{"taxonomy":"product_brand","embeddable":true,"href":"https:\/\/www.domkraftpro.com\/index.php\/wp-json\/wp\/v2\/product_brand?post=42908"},{"taxonomy":"product_cat","embeddable":true,"href":"https:\/\/www.domkraftpro.com\/index.php\/wp-json\/wp\/v2\/product_cat?post=42908"},{"taxonomy":"product_tag","embeddable":true,"href":"https:\/\/www.domkraftpro.com\/index.php\/wp-json\/wp\/v2\/product_tag?post=42908"}],"curies":[{"name":"wp","href":"https:\/\/api.w.org\/{rel}","templated":true}]}}