{"id":42114,"date":"2026-04-27T04:42:15","date_gmt":"2026-04-27T04:42:15","guid":{"rendered":""},"modified":"2026-04-27T04:42:15","modified_gmt":"2026-04-27T04:42:15","slug":"znackovy-okpol-versa-wvm-plus-470-x-570-mm-42114","status":"publish","type":"product","link":"https:\/\/www.domkraftpro.com\/index.php\/produkt\/znackovy-okpol-versa-wvm-plus-470-x-570-mm-42114\/","title":{"rendered":"Zna\u010dkov\u00fd Okpol Versa WVM Plus 470 x 570 mm"},"content":{"rendered":"<div class=\"detail-description__right\">\n<div class=\"parameters\">\n<div class=\"table table--simple\">\n<table>\n<tbody>\n<tr>\n<td colspan=\"2\">\n<h4>Parametry<\/h4>\n<\/td>\n<\/tr>\n<tr>\n<td>Materi\u00e1l<\/td>\n<td>d\u0159evo<\/td>\n<\/tr>\n<tr>\n<td>Typ okna<\/td>\n<td>dvojsklo<\/td>\n<\/tr>\n<tr data-perex=\"1\">\n<td>Otev\u00edr\u00e1n\u00ed<\/td>\n<td>nahoru<\/td>\n<\/tr>\n<tr data-perex=\"1\">\n<td>\u0160\u00ed\u0159ka<\/td>\n<td>470 mm<\/td>\n<\/tr>\n<tr data-perex=\"1\">\n<td>V\u00fd\u0161ka<\/td>\n<td>570 mm<\/td>\n<\/tr>\n<tr>\n<td>Sou\u010dinitel U<\/td>\n<td>3,00\u00a0W\/m\u00b2K<\/td>\n<\/tr>\n<tr>\n<td>Barva oplechov\u00e1n\u00ed<\/td>\n<td>antracit<\/td>\n<\/tr>\n<tr>\n<td>Hmotnost<\/td>\n<td>12,5\u00a0kg<\/td>\n<\/tr>\n<tr data-perex=\"1\">\n<td>Sklon st\u0159echy<\/td>\n<td>15\u00a0\u2013 65\u00b0<\/td>\n<\/tr>\n<tr>\n<td>Maxim\u00e1ln\u00ed v\u00fd\u0161ka st\u0159e\u0161n\u00ed krytiny<\/td>\n<td>90 mm<\/td>\n<\/tr>\n<tr>\n<td colspan=\"2\">\n<h4>Parametry<\/h4>\n<\/td>\n<\/tr>\n<tr>\n<td>P\u016fvod<\/td>\n<td>Vyrobeno v\u00a0PL<\/td>\n<\/tr>\n<tr>\n<td>Z\u00e1ruka<\/td>\n<td>2 roky<\/td>\n<\/tr>\n<tr>\n<td>Zna\u010dka<\/td>\n<td>Okpol<\/td>\n<\/tr>\n<\/tbody>\n<\/table><\/div>\n<\/div><\/div>\n<div class=\"detail-description__top\">\n<div class=\"rating-promo\">\n<div class=\"raty raty--big\" data-score=\"5\" data-read-only=\"true\" title=\"5\"><\/div>\n<div class=\"rating-promo__number\">\t\t\t<strong>1<\/strong><small>recenze<\/small>\t\t<\/div>\n<div class=\"rating-promo__number\">\t\t\t<strong>1<\/strong><small>z\u00e1kazn\u00edk doporu\u010duje<\/small>\t\t<\/div>\n<p>\t\tV\u0161echny recenze\t<\/p><\/div>\n<\/p><\/div>\n<div class=\"detail-description__left\">\n<div class=\"detail-description__left__overflow\">\n<div class=\"detail-description__left__head\">\t\t\t\t\t\tPopis:\t\t\t\t\t<\/div>\n<div class=\"ul-style ul-style--check\">\n<p>Tento v\u00fdlez je vhodn\u00fd pro neob\u00fdvan\u00e9 st\u0159e\u0161n\u00ed prostory se sklonem st\u0159echy od 15 do 65\u00b0.\u00a0<strong>Dvojsklo s vn\u011bj\u0161\u00ed tvrzenou \u010d\u00e1st\u00ed<\/strong>\u00a0odol\u00e1 i nep\u0159\u00edzniv\u00fdm podnebn\u00edm podm\u00ednk\u00e1m. R\u00e1m v\u00fdlezu je vyroben z impregnovan\u00e9ho borovicov\u00e9ho d\u0159eva. <strong>Otev\u00edr\u00e1 se sm\u011brem nahoru.<\/strong>\u00a0Otev\u00edr\u00e1n\u00ed s fixa\u010dn\u00edm omezova\u010dem lze d\u00edky madlu nastavit na 3 polohy.<\/p>\n<ul class=\"plusminus\">\n<li><i class=\"fas fa-check\"><\/i><span>Hydroizola\u010dn\u00ed f\u00f3lie<\/span><\/li>\n<li><i class=\"fas fa-check\"><\/i><span>Ocelov\u00fd n\u00e1\u0161lap<\/span><\/li>\n<\/ul>\n<p>V\u00fdlez na st\u0159echu zna\u010dn\u011b usnad\u0148uje <strong>ocelov\u00e1 v\u00fdztuha spodn\u00ed \u010d\u00e1sti r\u00e1mu.\u00a0<\/strong>Integrovan\u00fd hydroizola\u010dn\u00ed l\u00edmec zlep\u0161uje napojen\u00ed na existuj\u00edc\u00ed st\u0159e\u0161n\u00ed folie. Pevn\u00e9 spojen\u00ed se st\u0159echou zabezpe\u010duje\u00a0<strong>integrovan\u00e9 oplechov\u00e1n\u00ed\u00a0s EPDM z\u00e1st\u011brou<\/strong>.\u00a0Sou\u010d\u00e1st\u00ed v\u00fdbavy je tak\u00e9\u00a0okapnice pro profilovan\u00e9 krytiny\u00a0slou\u017e\u00edc\u00ed k\u00a0odv\u00e1d\u011bn\u00ed kondenz\u00e1tu mimo v\u00fdlez.<\/p>\n<\/div>\n<div class=\"detail-description__left__more\">\t\t\t\t\t\t<span> <\/span><span> <\/span>\t\t\t\t\t<\/div>\n<\/p><\/div>\n<\/p><\/div>\n<div class=\"detail-description__more\"><span> <\/span><span> <\/span><\/div>\n<\/p><\/div>\n<\/p><\/div>\n<div class=\"tab tab-detail-7\">\n<div class=\"table-size-classic  table-size--selectable\">\n<table>\n<thead>\n<tr>\n<th data-product-code=\"[&quot;K\u00f3d&quot;]\"><span class=\"selected\">Vybr\u00e1no<\/span><span>Versa WVM+<\/span><\/th>\n<th data-product-code=\"[&quot;5907198609891&quot;]\"><span class=\"selected\">Vybr\u00e1no<\/span><span><\/span><\/th>\n<\/tr>\n<\/thead>\n<tbody>\n<tr class=\"space\">\n<td><\/td>\n<td><\/td>\n<\/tr>\n<tr>\n<td><strong>\u0160\u00ed\u0159ka<\/strong><\/td>\n<td>470 mm<\/td>\n<\/tr>\n<tr>\n<td><strong>V\u00fd\u0161ka<\/strong><\/td>\n<td>570 mm<\/td>\n<\/tr>\n<tr>\n<td><strong>Hmotnost<\/strong><\/td>\n<td>12,5 kg<\/td>\n<\/tr>\n<\/tbody>\n<\/table>\n<\/div><\/div>\n","protected":false},"excerpt":{"rendered":"<p>Parametry Materi\u00e1l d\u0159evo Typ okna dvojsklo Otev\u00edr\u00e1n\u00ed nahoru \u0160\u00ed\u0159ka 470 mm V\u00fd\u0161ka 570 mm Sou\u010dinitel U 3,00\u00a0W\/m\u00b2K Barva oplechov\u00e1n\u00ed antracit Hmotnost 12,5\u00a0kg Sklon st\u0159echy 15\u00a0\u2013 65\u00b0 Maxim\u00e1ln\u00ed v\u00fd\u0161ka st\u0159e\u0161n\u00ed krytiny 90 mm Parametry P\u016fvod Vyrobeno v\u00a0PL Z\u00e1ruka 2 roky Zna\u010dka Okpol 1recenze 1z\u00e1kazn\u00edk doporu\u010duje V\u0161echny recenze Popis: Tento v\u00fdlez je vhodn\u00fd pro neob\u00fdvan\u00e9 st\u0159e\u0161n\u00ed prostory [&hellip;]<\/p>\n","protected":false},"featured_media":42214,"comment_status":"open","ping_status":"open","template":"","meta":[],"product_brand":[],"product_cat":[44],"product_tag":[],"class_list":{"0":"post-42114","1":"product","2":"type-product","3":"status-publish","4":"has-post-thumbnail","6":"product_cat-stavba","8":"first","9":"instock","10":"sale","11":"shipping-taxable","12":"purchasable","13":"product-type-simple"},"yoast_head":"<!-- This site is optimized with the Yoast SEO plugin v26.8 - https:\/\/yoast.com\/product\/yoast-seo-wordpress\/ -->\n<title>Zna\u010dkov\u00fd Okpol Versa WVM Plus 470 x 570 mm -<\/title>\n<meta name=\"robots\" content=\"index, follow, max-snippet:-1, max-image-preview:large, max-video-preview:-1\" \/>\n<link rel=\"canonical\" href=\"https:\/\/www.domkraftpro.com\/index.php\/produkt\/znackovy-okpol-versa-wvm-plus-470-x-570-mm-42114\/\" \/>\n<meta property=\"og:locale\" content=\"cs_CZ\" \/>\n<meta property=\"og:type\" content=\"article\" \/>\n<meta property=\"og:title\" content=\"Zna\u010dkov\u00fd Okpol Versa WVM Plus 470 x 570 mm -\" \/>\n<meta property=\"og:description\" content=\"Parametry Materi\u00e1l d\u0159evo Typ okna dvojsklo Otev\u00edr\u00e1n\u00ed nahoru \u0160\u00ed\u0159ka 470 mm V\u00fd\u0161ka 570 mm Sou\u010dinitel U 3,00\u00a0W\/m\u00b2K Barva oplechov\u00e1n\u00ed antracit Hmotnost 12,5\u00a0kg Sklon st\u0159echy 15\u00a0\u2013 65\u00b0 Maxim\u00e1ln\u00ed v\u00fd\u0161ka st\u0159e\u0161n\u00ed krytiny 90 mm Parametry P\u016fvod Vyrobeno v\u00a0PL Z\u00e1ruka 2 roky Zna\u010dka Okpol 1recenze 1z\u00e1kazn\u00edk doporu\u010duje V\u0161echny recenze Popis: Tento v\u00fdlez je vhodn\u00fd pro neob\u00fdvan\u00e9 st\u0159e\u0161n\u00ed prostory [&hellip;]\" \/>\n<meta property=\"og:url\" content=\"https:\/\/www.domkraftpro.com\/index.php\/produkt\/znackovy-okpol-versa-wvm-plus-470-x-570-mm-42114\/\" \/>\n<meta property=\"og:image\" content=\"https:\/\/www.domkraftpro.com\/wp-content\/uploads\/2026\/SK0010633-CZ20260425-091936-0-1777079982-stresni-vylez-okpol-versa-wvm-plus-470-x-570-mm-w1200-h628-.webp\" \/>\n\t<meta property=\"og:image:width\" content=\"1000\" \/>\n\t<meta property=\"og:image:height\" content=\"523\" \/>\n\t<meta property=\"og:image:type\" content=\"image\/webp\" \/>\n<meta name=\"twitter:card\" content=\"summary_large_image\" \/>\n<meta name=\"twitter:label1\" content=\"Odhadovan\u00e1 doba \u010dten\u00ed\" \/>\n\t<meta name=\"twitter:data1\" content=\"1 minuta\" \/>\n<script type=\"application\/ld+json\" class=\"yoast-schema-graph\">{\"@context\":\"https:\/\/schema.org\",\"@graph\":[{\"@type\":\"WebPage\",\"@id\":\"https:\/\/www.domkraftpro.com\/index.php\/produkt\/znackovy-okpol-versa-wvm-plus-470-x-570-mm-42114\/\",\"url\":\"https:\/\/www.domkraftpro.com\/index.php\/produkt\/znackovy-okpol-versa-wvm-plus-470-x-570-mm-42114\/\",\"name\":\"Zna\u010dkov\u00fd Okpol Versa WVM Plus 470 x 570 mm -\",\"isPartOf\":{\"@id\":\"https:\/\/www.domkraftpro.com\/#website\"},\"primaryImageOfPage\":{\"@id\":\"https:\/\/www.domkraftpro.com\/index.php\/produkt\/znackovy-okpol-versa-wvm-plus-470-x-570-mm-42114\/#primaryimage\"},\"image\":{\"@id\":\"https:\/\/www.domkraftpro.com\/index.php\/produkt\/znackovy-okpol-versa-wvm-plus-470-x-570-mm-42114\/#primaryimage\"},\"thumbnailUrl\":\"https:\/\/www.domkraftpro.com\/wp-content\/uploads\/2026\/SK0010633-CZ20260425-091936-0-1777079982-stresni-vylez-okpol-versa-wvm-plus-470-x-570-mm-w1200-h628-.webp\",\"datePublished\":\"2026-04-27T04:42:15+00:00\",\"breadcrumb\":{\"@id\":\"https:\/\/www.domkraftpro.com\/index.php\/produkt\/znackovy-okpol-versa-wvm-plus-470-x-570-mm-42114\/#breadcrumb\"},\"inLanguage\":\"cs\",\"potentialAction\":[{\"@type\":\"ReadAction\",\"target\":[\"https:\/\/www.domkraftpro.com\/index.php\/produkt\/znackovy-okpol-versa-wvm-plus-470-x-570-mm-42114\/\"]}]},{\"@type\":\"ImageObject\",\"inLanguage\":\"cs\",\"@id\":\"https:\/\/www.domkraftpro.com\/index.php\/produkt\/znackovy-okpol-versa-wvm-plus-470-x-570-mm-42114\/#primaryimage\",\"url\":\"https:\/\/www.domkraftpro.com\/wp-content\/uploads\/2026\/SK0010633-CZ20260425-091936-0-1777079982-stresni-vylez-okpol-versa-wvm-plus-470-x-570-mm-w1200-h628-.webp\",\"contentUrl\":\"https:\/\/www.domkraftpro.com\/wp-content\/uploads\/2026\/SK0010633-CZ20260425-091936-0-1777079982-stresni-vylez-okpol-versa-wvm-plus-470-x-570-mm-w1200-h628-.webp\",\"width\":1000,\"height\":523},{\"@type\":\"BreadcrumbList\",\"@id\":\"https:\/\/www.domkraftpro.com\/index.php\/produkt\/znackovy-okpol-versa-wvm-plus-470-x-570-mm-42114\/#breadcrumb\",\"itemListElement\":[{\"@type\":\"ListItem\",\"position\":1,\"name\":\"Home\",\"item\":\"https:\/\/www.domkraftpro.com\/\"},{\"@type\":\"ListItem\",\"position\":2,\"name\":\"Products\",\"item\":\"https:\/\/www.domkraftpro.com\/index.php\/products\/\"},{\"@type\":\"ListItem\",\"position\":3,\"name\":\"Zna\u010dkov\u00fd Okpol Versa WVM Plus 470 x 570 mm\"}]},{\"@type\":\"WebSite\",\"@id\":\"https:\/\/www.domkraftpro.com\/#website\",\"url\":\"https:\/\/www.domkraftpro.com\/\",\"name\":\"\",\"description\":\"\",\"potentialAction\":[{\"@type\":\"SearchAction\",\"target\":{\"@type\":\"EntryPoint\",\"urlTemplate\":\"https:\/\/www.domkraftpro.com\/?s={search_term_string}\"},\"query-input\":{\"@type\":\"PropertyValueSpecification\",\"valueRequired\":true,\"valueName\":\"search_term_string\"}}],\"inLanguage\":\"cs\"}]}<\/script>\n<!-- \/ Yoast SEO plugin. -->","yoast_head_json":{"title":"Zna\u010dkov\u00fd Okpol Versa WVM Plus 470 x 570 mm -","robots":{"index":"index","follow":"follow","max-snippet":"max-snippet:-1","max-image-preview":"max-image-preview:large","max-video-preview":"max-video-preview:-1"},"canonical":"https:\/\/www.domkraftpro.com\/index.php\/produkt\/znackovy-okpol-versa-wvm-plus-470-x-570-mm-42114\/","og_locale":"cs_CZ","og_type":"article","og_title":"Zna\u010dkov\u00fd Okpol Versa WVM Plus 470 x 570 mm -","og_description":"Parametry Materi\u00e1l d\u0159evo Typ okna dvojsklo Otev\u00edr\u00e1n\u00ed nahoru \u0160\u00ed\u0159ka 470 mm V\u00fd\u0161ka 570 mm Sou\u010dinitel U 3,00\u00a0W\/m\u00b2K Barva oplechov\u00e1n\u00ed antracit Hmotnost 12,5\u00a0kg Sklon st\u0159echy 15\u00a0\u2013 65\u00b0 Maxim\u00e1ln\u00ed v\u00fd\u0161ka st\u0159e\u0161n\u00ed krytiny 90 mm Parametry P\u016fvod Vyrobeno v\u00a0PL Z\u00e1ruka 2 roky Zna\u010dka Okpol 1recenze 1z\u00e1kazn\u00edk doporu\u010duje V\u0161echny recenze Popis: Tento v\u00fdlez je vhodn\u00fd pro neob\u00fdvan\u00e9 st\u0159e\u0161n\u00ed prostory [&hellip;]","og_url":"https:\/\/www.domkraftpro.com\/index.php\/produkt\/znackovy-okpol-versa-wvm-plus-470-x-570-mm-42114\/","og_image":[{"width":1000,"height":523,"url":"https:\/\/www.domkraftpro.com\/wp-content\/uploads\/2026\/SK0010633-CZ20260425-091936-0-1777079982-stresni-vylez-okpol-versa-wvm-plus-470-x-570-mm-w1200-h628-.webp","type":"image\/webp"}],"twitter_card":"summary_large_image","twitter_misc":{"Odhadovan\u00e1 doba \u010dten\u00ed":"1 minuta"},"schema":{"@context":"https:\/\/schema.org","@graph":[{"@type":"WebPage","@id":"https:\/\/www.domkraftpro.com\/index.php\/produkt\/znackovy-okpol-versa-wvm-plus-470-x-570-mm-42114\/","url":"https:\/\/www.domkraftpro.com\/index.php\/produkt\/znackovy-okpol-versa-wvm-plus-470-x-570-mm-42114\/","name":"Zna\u010dkov\u00fd Okpol Versa WVM Plus 470 x 570 mm -","isPartOf":{"@id":"https:\/\/www.domkraftpro.com\/#website"},"primaryImageOfPage":{"@id":"https:\/\/www.domkraftpro.com\/index.php\/produkt\/znackovy-okpol-versa-wvm-plus-470-x-570-mm-42114\/#primaryimage"},"image":{"@id":"https:\/\/www.domkraftpro.com\/index.php\/produkt\/znackovy-okpol-versa-wvm-plus-470-x-570-mm-42114\/#primaryimage"},"thumbnailUrl":"https:\/\/www.domkraftpro.com\/wp-content\/uploads\/2026\/SK0010633-CZ20260425-091936-0-1777079982-stresni-vylez-okpol-versa-wvm-plus-470-x-570-mm-w1200-h628-.webp","datePublished":"2026-04-27T04:42:15+00:00","breadcrumb":{"@id":"https:\/\/www.domkraftpro.com\/index.php\/produkt\/znackovy-okpol-versa-wvm-plus-470-x-570-mm-42114\/#breadcrumb"},"inLanguage":"cs","potentialAction":[{"@type":"ReadAction","target":["https:\/\/www.domkraftpro.com\/index.php\/produkt\/znackovy-okpol-versa-wvm-plus-470-x-570-mm-42114\/"]}]},{"@type":"ImageObject","inLanguage":"cs","@id":"https:\/\/www.domkraftpro.com\/index.php\/produkt\/znackovy-okpol-versa-wvm-plus-470-x-570-mm-42114\/#primaryimage","url":"https:\/\/www.domkraftpro.com\/wp-content\/uploads\/2026\/SK0010633-CZ20260425-091936-0-1777079982-stresni-vylez-okpol-versa-wvm-plus-470-x-570-mm-w1200-h628-.webp","contentUrl":"https:\/\/www.domkraftpro.com\/wp-content\/uploads\/2026\/SK0010633-CZ20260425-091936-0-1777079982-stresni-vylez-okpol-versa-wvm-plus-470-x-570-mm-w1200-h628-.webp","width":1000,"height":523},{"@type":"BreadcrumbList","@id":"https:\/\/www.domkraftpro.com\/index.php\/produkt\/znackovy-okpol-versa-wvm-plus-470-x-570-mm-42114\/#breadcrumb","itemListElement":[{"@type":"ListItem","position":1,"name":"Home","item":"https:\/\/www.domkraftpro.com\/"},{"@type":"ListItem","position":2,"name":"Products","item":"https:\/\/www.domkraftpro.com\/index.php\/products\/"},{"@type":"ListItem","position":3,"name":"Zna\u010dkov\u00fd Okpol Versa WVM Plus 470 x 570 mm"}]},{"@type":"WebSite","@id":"https:\/\/www.domkraftpro.com\/#website","url":"https:\/\/www.domkraftpro.com\/","name":"","description":"","potentialAction":[{"@type":"SearchAction","target":{"@type":"EntryPoint","urlTemplate":"https:\/\/www.domkraftpro.com\/?s={search_term_string}"},"query-input":{"@type":"PropertyValueSpecification","valueRequired":true,"valueName":"search_term_string"}}],"inLanguage":"cs"}]}},"_links":{"self":[{"href":"https:\/\/www.domkraftpro.com\/index.php\/wp-json\/wp\/v2\/product\/42114","targetHints":{"allow":["GET"]}}],"collection":[{"href":"https:\/\/www.domkraftpro.com\/index.php\/wp-json\/wp\/v2\/product"}],"about":[{"href":"https:\/\/www.domkraftpro.com\/index.php\/wp-json\/wp\/v2\/types\/product"}],"replies":[{"embeddable":true,"href":"https:\/\/www.domkraftpro.com\/index.php\/wp-json\/wp\/v2\/comments?post=42114"}],"wp:featuredmedia":[{"embeddable":true,"href":"https:\/\/www.domkraftpro.com\/index.php\/wp-json\/wp\/v2\/media\/42214"}],"wp:attachment":[{"href":"https:\/\/www.domkraftpro.com\/index.php\/wp-json\/wp\/v2\/media?parent=42114"}],"wp:term":[{"taxonomy":"product_brand","embeddable":true,"href":"https:\/\/www.domkraftpro.com\/index.php\/wp-json\/wp\/v2\/product_brand?post=42114"},{"taxonomy":"product_cat","embeddable":true,"href":"https:\/\/www.domkraftpro.com\/index.php\/wp-json\/wp\/v2\/product_cat?post=42114"},{"taxonomy":"product_tag","embeddable":true,"href":"https:\/\/www.domkraftpro.com\/index.php\/wp-json\/wp\/v2\/product_tag?post=42114"}],"curies":[{"name":"wp","href":"https:\/\/api.w.org\/{rel}","templated":true}]}}