{"id":37538,"date":"2026-04-27T04:42:02","date_gmt":"2026-04-27T04:42:02","guid":{"rendered":""},"modified":"2026-04-27T04:42:02","modified_gmt":"2026-04-27T04:42:02","slug":"akce-cerano-sprchova-vanicka-obdelnikova-pablo-smc-mineralni-kompozit-strukturovana-cerna-matna-80x70x3-cm-37538","status":"publish","type":"product","link":"https:\/\/www.domkraftpro.com\/index.php\/produkt\/akce-cerano-sprchova-vanicka-obdelnikova-pablo-smc-mineralni-kompozit-strukturovana-cerna-matna-80x70x3-cm-37538\/","title":{"rendered":"Akce CERANO &#8211; Sprchov\u00e1 vani\u010dka obd\u00e9ln\u00edkov\u00e1 Pablo &#8211; SMC\/miner\u00e1ln\u00ed kompozit &#8211; strukturovan\u00e1 \u010dern\u00e1 matn\u00e1 &#8211; 80x70x3 cm"},"content":{"rendered":"<h3>Dopl\u0148kov\u00e9 parametry<\/h3>\n<table class=\"detail-parameters\">\n<tbody>\n<tr>\n<th>        <span class=\"row-header-label\">            Kategorie<span class=\"row-header-label-colon\">:<\/span>        <\/span>    <\/th>\n<td>        Obdeln\u00edkov\u00e9 vani\u010dky \u0161\u00ed\u0159ka 70 &#8211; 90 cm    <\/td>\n<\/tr>\n<tr>\n<th>            <span class=\"row-header-label\">                Z\u00e1ruka<span class=\"row-header-label-colon\">:<\/span>            <\/span>        <\/th>\n<td>            5 let        <\/td>\n<\/tr>\n<tr>\n<th>            <span class=\"row-header-label\">                Hmotnost<span class=\"row-header-label-colon\">:<\/span>            <\/span>        <\/th>\n<td>            10.9 kg        <\/td>\n<\/tr>\n<tr class=\"productEan\">\n<th>          <span class=\"row-header-label productEan__label\">              EAN<span class=\"row-header-label-colon\">:<\/span>          <\/span>      <\/th>\n<td>          <span class=\"productEan__value\">8595725614547<\/span>      <\/td>\n<\/tr>\n<tr>\n<th>                <span class=\"row-header-label\">                                            Barva<span class=\"row-header-label-colon\">:<\/span>                                    <\/span>            <\/th>\n<td>                                                            \u010cern\u00e1                                                <\/td>\n<\/tr>\n<tr>\n<th>                <span class=\"row-header-label\">                                            Hloubka<span class=\"row-header-label-colon\">:<\/span>                                    <\/span>            <\/th>\n<td>                                                            70 cm                                                <\/td>\n<\/tr>\n<tr>\n<th>                <span class=\"row-header-label\">                                            Materi\u00e1l<span class=\"row-header-label-colon\">:<\/span>                                    <\/span>            <\/th>\n<td>                                                            SMC + Miner\u00e1ln\u00ed kompozit                                                <\/td>\n<\/tr>\n<tr>\n<th>                <span class=\"row-header-label\">                                            S\u00e9rie<span class=\"row-header-label-colon\">:<\/span>                                    <\/span>            <\/th>\n<td>                                                            Pablo                                                <\/td>\n<\/tr>\n<tr>\n<th>                <span class=\"row-header-label\">                                            \u0160\u00ed\u0159ka<span class=\"row-header-label-colon\">:<\/span>                                    <\/span>            <\/th>\n<td>                                                            80 cm                                                <\/td>\n<\/tr>\n<tr>\n<th>                <span class=\"row-header-label\">                                            Tvar<span class=\"row-header-label-colon\">:<\/span>                                    <\/span>            <\/th>\n<td>                                                            Obd\u00e9ln\u00edk                                                <\/td>\n<\/tr>\n<tr>\n<th>                <span class=\"row-header-label\">                                            V\u00fd\u0161ka<span class=\"row-header-label-colon\">:<\/span>                                    <\/span>            <\/th>\n<td>                                                            3 cm                                                <\/td>\n<\/tr>\n<tr>\n<th>                <span class=\"row-header-label\">                                                                        Nosnost<span class=\"row-header-label-colon\">:<\/span>                                                            <\/span>            <\/th>\n<td>500 kg<\/td>\n<\/tr>\n<tr>\n<th>                <span class=\"row-header-label\">                                                                        Povrchov\u00e1 \u00faprava<span class=\"row-header-label-colon\">:<\/span>                                                            <\/span>            <\/th>\n<td>Struktura<\/td>\n<\/tr>\n<tr>\n<th>                <span class=\"row-header-label\">                                                                        Protiskluzov\u00fd povrch<span class=\"row-header-label-colon\">:<\/span>                                                            <\/span>            <\/th>\n<td>Ano<\/td>\n<\/tr>\n<tr>\n<th>                <span class=\"row-header-label\">                                                                        Instalace<span class=\"row-header-label-colon\">:<\/span>                                                            <\/span>            <\/th>\n<td>Na podlahu\/podezd\u00edvku\/do podlahy<\/td>\n<\/tr>\n<tr>\n<th>                <span class=\"row-header-label\">                                                                        Pr\u016fm\u011br odtoku<span class=\"row-header-label-colon\">:<\/span>                                                            <\/span>            <\/th>\n<td>9 cm<\/td>\n<\/tr>\n<tr>\n<th>                <span class=\"row-header-label\">                                                                        V\u010detn\u011b sifonu<span class=\"row-header-label-colon\">:<\/span>                                                            <\/span>            <\/th>\n<td>Ne<\/td>\n<\/tr>\n<tr>\n<th>                <span class=\"row-header-label\">                                                                        Kryt odtoku<span class=\"row-header-label-colon\">:<\/span>                                                            <\/span>            <\/th>\n<td>Ano<\/td>\n<\/tr>\n<tr>\n<th>                <span class=\"row-header-label\">                                                                        Mo\u017enost \u0159ezat na m\u00edru<span class=\"row-header-label-colon\">:<\/span>                                                            <\/span>            <\/th>\n<td>Ano<\/td>\n<\/tr>\n<\/tbody>\n<\/table><\/div>\n<\/p><\/div>\n<\/p><\/div>\n","protected":false},"excerpt":{"rendered":"<p>Dopl\u0148kov\u00e9 parametry Kategorie: Obdeln\u00edkov\u00e9 vani\u010dky \u0161\u00ed\u0159ka 70 &#8211; 90 cm Z\u00e1ruka: 5 let Hmotnost: 10.9 kg EAN: 8595725614547 Barva: \u010cern\u00e1 Hloubka: 70 cm Materi\u00e1l: SMC + Miner\u00e1ln\u00ed kompozit S\u00e9rie: Pablo \u0160\u00ed\u0159ka: 80 cm Tvar: Obd\u00e9ln\u00edk V\u00fd\u0161ka: 3 cm Nosnost: 500 kg Povrchov\u00e1 \u00faprava: Struktura Protiskluzov\u00fd povrch: Ano Instalace: Na podlahu\/podezd\u00edvku\/do podlahy Pr\u016fm\u011br odtoku: 9 cm [&hellip;]<\/p>\n","protected":false},"featured_media":37638,"comment_status":"open","ping_status":"open","template":"","meta":[],"product_brand":[],"product_cat":[95],"product_tag":[],"class_list":{"0":"post-37538","1":"product","2":"type-product","3":"status-publish","4":"has-post-thumbnail","6":"product_cat-koupelna","8":"first","9":"instock","10":"sale","11":"shipping-taxable","12":"purchasable","13":"product-type-simple"},"yoast_head":"<!-- This site is optimized with the Yoast SEO plugin v26.8 - https:\/\/yoast.com\/product\/yoast-seo-wordpress\/ -->\n<title>Akce CERANO - Sprchov\u00e1 vani\u010dka obd\u00e9ln\u00edkov\u00e1 Pablo - SMC\/miner\u00e1ln\u00ed kompozit - strukturovan\u00e1 \u010dern\u00e1 matn\u00e1 - 80x70x3 cm -<\/title>\n<meta name=\"robots\" content=\"index, follow, max-snippet:-1, max-image-preview:large, max-video-preview:-1\" \/>\n<link rel=\"canonical\" href=\"https:\/\/www.domkraftpro.com\/index.php\/produkt\/akce-cerano-sprchova-vanicka-obdelnikova-pablo-smc-mineralni-kompozit-strukturovana-cerna-matna-80x70x3-cm-37538\/\" \/>\n<meta property=\"og:locale\" content=\"cs_CZ\" \/>\n<meta property=\"og:type\" content=\"article\" \/>\n<meta property=\"og:title\" content=\"Akce CERANO - Sprchov\u00e1 vani\u010dka obd\u00e9ln\u00edkov\u00e1 Pablo - SMC\/miner\u00e1ln\u00ed kompozit - strukturovan\u00e1 \u010dern\u00e1 matn\u00e1 - 80x70x3 cm -\" \/>\n<meta property=\"og:description\" content=\"Dopl\u0148kov\u00e9 parametry Kategorie: Obdeln\u00edkov\u00e9 vani\u010dky \u0161\u00ed\u0159ka 70 &#8211; 90 cm Z\u00e1ruka: 5 let Hmotnost: 10.9 kg EAN: 8595725614547 Barva: \u010cern\u00e1 Hloubka: 70 cm Materi\u00e1l: SMC + Miner\u00e1ln\u00ed kompozit S\u00e9rie: Pablo \u0160\u00ed\u0159ka: 80 cm Tvar: Obd\u00e9ln\u00edk V\u00fd\u0161ka: 3 cm Nosnost: 500 kg Povrchov\u00e1 \u00faprava: Struktura Protiskluzov\u00fd povrch: Ano Instalace: Na podlahu\/podezd\u00edvku\/do podlahy Pr\u016fm\u011br odtoku: 9 cm [&hellip;]\" \/>\n<meta property=\"og:url\" content=\"https:\/\/www.domkraftpro.com\/index.php\/produkt\/akce-cerano-sprchova-vanicka-obdelnikova-pablo-smc-mineralni-kompozit-strukturovana-cerna-matna-80x70x3-cm-37538\/\" \/>\n<meta property=\"og:image\" content=\"https:\/\/www.domkraftpro.com\/wp-content\/uploads\/2026\/SK0006505-CZ20260425-093702-0-1777081025-446187-1_446187-7-cerano-sprchova-vanicka-obdelnikova-pablo.webp\" \/>\n\t<meta property=\"og:image:width\" content=\"1000\" \/>\n\t<meta property=\"og:image:height\" content=\"750\" \/>\n\t<meta property=\"og:image:type\" content=\"image\/webp\" \/>\n<meta name=\"twitter:card\" content=\"summary_large_image\" \/>\n<script type=\"application\/ld+json\" class=\"yoast-schema-graph\">{\"@context\":\"https:\/\/schema.org\",\"@graph\":[{\"@type\":\"WebPage\",\"@id\":\"https:\/\/www.domkraftpro.com\/index.php\/produkt\/akce-cerano-sprchova-vanicka-obdelnikova-pablo-smc-mineralni-kompozit-strukturovana-cerna-matna-80x70x3-cm-37538\/\",\"url\":\"https:\/\/www.domkraftpro.com\/index.php\/produkt\/akce-cerano-sprchova-vanicka-obdelnikova-pablo-smc-mineralni-kompozit-strukturovana-cerna-matna-80x70x3-cm-37538\/\",\"name\":\"Akce CERANO - Sprchov\u00e1 vani\u010dka obd\u00e9ln\u00edkov\u00e1 Pablo - SMC\/miner\u00e1ln\u00ed kompozit - strukturovan\u00e1 \u010dern\u00e1 matn\u00e1 - 80x70x3 cm -\",\"isPartOf\":{\"@id\":\"https:\/\/www.domkraftpro.com\/#website\"},\"primaryImageOfPage\":{\"@id\":\"https:\/\/www.domkraftpro.com\/index.php\/produkt\/akce-cerano-sprchova-vanicka-obdelnikova-pablo-smc-mineralni-kompozit-strukturovana-cerna-matna-80x70x3-cm-37538\/#primaryimage\"},\"image\":{\"@id\":\"https:\/\/www.domkraftpro.com\/index.php\/produkt\/akce-cerano-sprchova-vanicka-obdelnikova-pablo-smc-mineralni-kompozit-strukturovana-cerna-matna-80x70x3-cm-37538\/#primaryimage\"},\"thumbnailUrl\":\"https:\/\/www.domkraftpro.com\/wp-content\/uploads\/2026\/SK0006505-CZ20260425-093702-0-1777081025-446187-1_446187-7-cerano-sprchova-vanicka-obdelnikova-pablo.webp\",\"datePublished\":\"2026-04-27T04:42:02+00:00\",\"breadcrumb\":{\"@id\":\"https:\/\/www.domkraftpro.com\/index.php\/produkt\/akce-cerano-sprchova-vanicka-obdelnikova-pablo-smc-mineralni-kompozit-strukturovana-cerna-matna-80x70x3-cm-37538\/#breadcrumb\"},\"inLanguage\":\"cs\",\"potentialAction\":[{\"@type\":\"ReadAction\",\"target\":[\"https:\/\/www.domkraftpro.com\/index.php\/produkt\/akce-cerano-sprchova-vanicka-obdelnikova-pablo-smc-mineralni-kompozit-strukturovana-cerna-matna-80x70x3-cm-37538\/\"]}]},{\"@type\":\"ImageObject\",\"inLanguage\":\"cs\",\"@id\":\"https:\/\/www.domkraftpro.com\/index.php\/produkt\/akce-cerano-sprchova-vanicka-obdelnikova-pablo-smc-mineralni-kompozit-strukturovana-cerna-matna-80x70x3-cm-37538\/#primaryimage\",\"url\":\"https:\/\/www.domkraftpro.com\/wp-content\/uploads\/2026\/SK0006505-CZ20260425-093702-0-1777081025-446187-1_446187-7-cerano-sprchova-vanicka-obdelnikova-pablo.webp\",\"contentUrl\":\"https:\/\/www.domkraftpro.com\/wp-content\/uploads\/2026\/SK0006505-CZ20260425-093702-0-1777081025-446187-1_446187-7-cerano-sprchova-vanicka-obdelnikova-pablo.webp\",\"width\":1000,\"height\":750},{\"@type\":\"BreadcrumbList\",\"@id\":\"https:\/\/www.domkraftpro.com\/index.php\/produkt\/akce-cerano-sprchova-vanicka-obdelnikova-pablo-smc-mineralni-kompozit-strukturovana-cerna-matna-80x70x3-cm-37538\/#breadcrumb\",\"itemListElement\":[{\"@type\":\"ListItem\",\"position\":1,\"name\":\"Home\",\"item\":\"https:\/\/www.domkraftpro.com\/\"},{\"@type\":\"ListItem\",\"position\":2,\"name\":\"Products\",\"item\":\"https:\/\/www.domkraftpro.com\/index.php\/products\/\"},{\"@type\":\"ListItem\",\"position\":3,\"name\":\"Akce CERANO &#8211; Sprchov\u00e1 vani\u010dka obd\u00e9ln\u00edkov\u00e1 Pablo &#8211; SMC\/miner\u00e1ln\u00ed kompozit &#8211; strukturovan\u00e1 \u010dern\u00e1 matn\u00e1 &#8211; 80x70x3 cm\"}]},{\"@type\":\"WebSite\",\"@id\":\"https:\/\/www.domkraftpro.com\/#website\",\"url\":\"https:\/\/www.domkraftpro.com\/\",\"name\":\"\",\"description\":\"\",\"potentialAction\":[{\"@type\":\"SearchAction\",\"target\":{\"@type\":\"EntryPoint\",\"urlTemplate\":\"https:\/\/www.domkraftpro.com\/?s={search_term_string}\"},\"query-input\":{\"@type\":\"PropertyValueSpecification\",\"valueRequired\":true,\"valueName\":\"search_term_string\"}}],\"inLanguage\":\"cs\"}]}<\/script>\n<!-- \/ Yoast SEO plugin. -->","yoast_head_json":{"title":"Akce CERANO - Sprchov\u00e1 vani\u010dka obd\u00e9ln\u00edkov\u00e1 Pablo - SMC\/miner\u00e1ln\u00ed kompozit - strukturovan\u00e1 \u010dern\u00e1 matn\u00e1 - 80x70x3 cm -","robots":{"index":"index","follow":"follow","max-snippet":"max-snippet:-1","max-image-preview":"max-image-preview:large","max-video-preview":"max-video-preview:-1"},"canonical":"https:\/\/www.domkraftpro.com\/index.php\/produkt\/akce-cerano-sprchova-vanicka-obdelnikova-pablo-smc-mineralni-kompozit-strukturovana-cerna-matna-80x70x3-cm-37538\/","og_locale":"cs_CZ","og_type":"article","og_title":"Akce CERANO - Sprchov\u00e1 vani\u010dka obd\u00e9ln\u00edkov\u00e1 Pablo - SMC\/miner\u00e1ln\u00ed kompozit - strukturovan\u00e1 \u010dern\u00e1 matn\u00e1 - 80x70x3 cm -","og_description":"Dopl\u0148kov\u00e9 parametry Kategorie: Obdeln\u00edkov\u00e9 vani\u010dky \u0161\u00ed\u0159ka 70 &#8211; 90 cm Z\u00e1ruka: 5 let Hmotnost: 10.9 kg EAN: 8595725614547 Barva: \u010cern\u00e1 Hloubka: 70 cm Materi\u00e1l: SMC + Miner\u00e1ln\u00ed kompozit S\u00e9rie: Pablo \u0160\u00ed\u0159ka: 80 cm Tvar: Obd\u00e9ln\u00edk V\u00fd\u0161ka: 3 cm Nosnost: 500 kg Povrchov\u00e1 \u00faprava: Struktura Protiskluzov\u00fd povrch: Ano Instalace: Na podlahu\/podezd\u00edvku\/do podlahy Pr\u016fm\u011br odtoku: 9 cm [&hellip;]","og_url":"https:\/\/www.domkraftpro.com\/index.php\/produkt\/akce-cerano-sprchova-vanicka-obdelnikova-pablo-smc-mineralni-kompozit-strukturovana-cerna-matna-80x70x3-cm-37538\/","og_image":[{"width":1000,"height":750,"url":"https:\/\/www.domkraftpro.com\/wp-content\/uploads\/2026\/SK0006505-CZ20260425-093702-0-1777081025-446187-1_446187-7-cerano-sprchova-vanicka-obdelnikova-pablo.webp","type":"image\/webp"}],"twitter_card":"summary_large_image","schema":{"@context":"https:\/\/schema.org","@graph":[{"@type":"WebPage","@id":"https:\/\/www.domkraftpro.com\/index.php\/produkt\/akce-cerano-sprchova-vanicka-obdelnikova-pablo-smc-mineralni-kompozit-strukturovana-cerna-matna-80x70x3-cm-37538\/","url":"https:\/\/www.domkraftpro.com\/index.php\/produkt\/akce-cerano-sprchova-vanicka-obdelnikova-pablo-smc-mineralni-kompozit-strukturovana-cerna-matna-80x70x3-cm-37538\/","name":"Akce CERANO - Sprchov\u00e1 vani\u010dka obd\u00e9ln\u00edkov\u00e1 Pablo - SMC\/miner\u00e1ln\u00ed kompozit - strukturovan\u00e1 \u010dern\u00e1 matn\u00e1 - 80x70x3 cm -","isPartOf":{"@id":"https:\/\/www.domkraftpro.com\/#website"},"primaryImageOfPage":{"@id":"https:\/\/www.domkraftpro.com\/index.php\/produkt\/akce-cerano-sprchova-vanicka-obdelnikova-pablo-smc-mineralni-kompozit-strukturovana-cerna-matna-80x70x3-cm-37538\/#primaryimage"},"image":{"@id":"https:\/\/www.domkraftpro.com\/index.php\/produkt\/akce-cerano-sprchova-vanicka-obdelnikova-pablo-smc-mineralni-kompozit-strukturovana-cerna-matna-80x70x3-cm-37538\/#primaryimage"},"thumbnailUrl":"https:\/\/www.domkraftpro.com\/wp-content\/uploads\/2026\/SK0006505-CZ20260425-093702-0-1777081025-446187-1_446187-7-cerano-sprchova-vanicka-obdelnikova-pablo.webp","datePublished":"2026-04-27T04:42:02+00:00","breadcrumb":{"@id":"https:\/\/www.domkraftpro.com\/index.php\/produkt\/akce-cerano-sprchova-vanicka-obdelnikova-pablo-smc-mineralni-kompozit-strukturovana-cerna-matna-80x70x3-cm-37538\/#breadcrumb"},"inLanguage":"cs","potentialAction":[{"@type":"ReadAction","target":["https:\/\/www.domkraftpro.com\/index.php\/produkt\/akce-cerano-sprchova-vanicka-obdelnikova-pablo-smc-mineralni-kompozit-strukturovana-cerna-matna-80x70x3-cm-37538\/"]}]},{"@type":"ImageObject","inLanguage":"cs","@id":"https:\/\/www.domkraftpro.com\/index.php\/produkt\/akce-cerano-sprchova-vanicka-obdelnikova-pablo-smc-mineralni-kompozit-strukturovana-cerna-matna-80x70x3-cm-37538\/#primaryimage","url":"https:\/\/www.domkraftpro.com\/wp-content\/uploads\/2026\/SK0006505-CZ20260425-093702-0-1777081025-446187-1_446187-7-cerano-sprchova-vanicka-obdelnikova-pablo.webp","contentUrl":"https:\/\/www.domkraftpro.com\/wp-content\/uploads\/2026\/SK0006505-CZ20260425-093702-0-1777081025-446187-1_446187-7-cerano-sprchova-vanicka-obdelnikova-pablo.webp","width":1000,"height":750},{"@type":"BreadcrumbList","@id":"https:\/\/www.domkraftpro.com\/index.php\/produkt\/akce-cerano-sprchova-vanicka-obdelnikova-pablo-smc-mineralni-kompozit-strukturovana-cerna-matna-80x70x3-cm-37538\/#breadcrumb","itemListElement":[{"@type":"ListItem","position":1,"name":"Home","item":"https:\/\/www.domkraftpro.com\/"},{"@type":"ListItem","position":2,"name":"Products","item":"https:\/\/www.domkraftpro.com\/index.php\/products\/"},{"@type":"ListItem","position":3,"name":"Akce CERANO &#8211; Sprchov\u00e1 vani\u010dka obd\u00e9ln\u00edkov\u00e1 Pablo &#8211; SMC\/miner\u00e1ln\u00ed kompozit &#8211; strukturovan\u00e1 \u010dern\u00e1 matn\u00e1 &#8211; 80x70x3 cm"}]},{"@type":"WebSite","@id":"https:\/\/www.domkraftpro.com\/#website","url":"https:\/\/www.domkraftpro.com\/","name":"","description":"","potentialAction":[{"@type":"SearchAction","target":{"@type":"EntryPoint","urlTemplate":"https:\/\/www.domkraftpro.com\/?s={search_term_string}"},"query-input":{"@type":"PropertyValueSpecification","valueRequired":true,"valueName":"search_term_string"}}],"inLanguage":"cs"}]}},"_links":{"self":[{"href":"https:\/\/www.domkraftpro.com\/index.php\/wp-json\/wp\/v2\/product\/37538","targetHints":{"allow":["GET"]}}],"collection":[{"href":"https:\/\/www.domkraftpro.com\/index.php\/wp-json\/wp\/v2\/product"}],"about":[{"href":"https:\/\/www.domkraftpro.com\/index.php\/wp-json\/wp\/v2\/types\/product"}],"replies":[{"embeddable":true,"href":"https:\/\/www.domkraftpro.com\/index.php\/wp-json\/wp\/v2\/comments?post=37538"}],"wp:featuredmedia":[{"embeddable":true,"href":"https:\/\/www.domkraftpro.com\/index.php\/wp-json\/wp\/v2\/media\/37638"}],"wp:attachment":[{"href":"https:\/\/www.domkraftpro.com\/index.php\/wp-json\/wp\/v2\/media?parent=37538"}],"wp:term":[{"taxonomy":"product_brand","embeddable":true,"href":"https:\/\/www.domkraftpro.com\/index.php\/wp-json\/wp\/v2\/product_brand?post=37538"},{"taxonomy":"product_cat","embeddable":true,"href":"https:\/\/www.domkraftpro.com\/index.php\/wp-json\/wp\/v2\/product_cat?post=37538"},{"taxonomy":"product_tag","embeddable":true,"href":"https:\/\/www.domkraftpro.com\/index.php\/wp-json\/wp\/v2\/product_tag?post=37538"}],"curies":[{"name":"wp","href":"https:\/\/api.w.org\/{rel}","templated":true}]}}