{"id":2973,"date":"2026-04-27T04:40:34","date_gmt":"2026-04-27T04:40:34","guid":{"rendered":""},"modified":"2026-04-27T04:40:34","modified_gmt":"2026-04-27T04:40:34","slug":"sezonni-sleva-ceska-manufaktura-mates-100-cm-x-120-cm-prirodni-2973","status":"publish","type":"product","link":"https:\/\/www.domkraftpro.com\/index.php\/produkt\/sezonni-sleva-ceska-manufaktura-mates-100-cm-x-120-cm-prirodni-2973\/","title":{"rendered":"Sez\u00f3nn\u00ed Sleva \u010cesk\u00e1 Manufaktura Mates 100 cm x 120 cm p\u0159\u00edrodn\u00ed"},"content":{"rendered":"<div class=\"detail-description__right\">\n<div class=\"parameters\">\n<div class=\"table table--simple\">\n<table>\n<tbody>\n<tr>\n<td colspan=\"2\">\n<h4>Vlastnosti<\/h4>\n<\/td>\n<\/tr>\n<tr>\n<td>Materi\u00e1l konstrukce<\/td>\n<td>d\u0159evo<\/td>\n<\/tr>\n<tr>\n<td>Povrchov\u00e1 \u00faprava<\/td>\n<td>hoblov\u00e1n\u00ed<\/td>\n<\/tr>\n<tr>\n<td>Impregnace<\/td>\n<td>ano<\/td>\n<\/tr>\n<tr>\n<td>V\u00fd\u0161ka<\/td>\n<td>1200\u00a0\u2013 1600\u00a0mm<\/td>\n<\/tr>\n<tr>\n<td>\u0160\u00ed\u0159ka<\/td>\n<td>1000\u00a0\u2013 2000\u00a0mm<\/td>\n<\/tr>\n<tr>\n<td colspan=\"2\">\n<h4>Parametry<\/h4>\n<\/td>\n<\/tr>\n<tr>\n<td>P\u016fvod<\/td>\n<td>Vyrobeno v\u00a0\u010cR<\/td>\n<\/tr>\n<tr>\n<td>Z\u00e1ruka<\/td>\n<td>2 roky<\/td>\n<\/tr>\n<tr>\n<td>Zna\u010dka<\/td>\n<td>\u010cesk\u00e1 Manufaktura<\/td>\n<\/tr>\n<\/tbody>\n<\/table><\/div>\n<\/div><\/div>\n<div class=\"detail-description__top\">\t\t\t\t<\/div>\n<div class=\"detail-description__left\">\n<div class=\"detail-description__left__overflow\">\n<div class=\"detail-description__left__head\">\t\t\t\t\t\tPopis:\t\t\t\t\t<\/div>\n<div class=\"ul-style ul-style--check\">\n<p>Kvalitn\u00ed d\u0159ev\u011bn\u00fd krmelec \u0161\u00ed\u0159ky 100 &#8211; 200 cm z vysu\u0161en\u00e9ho ohoblovan\u00e9ho smrkov\u00e9ho d\u0159eva. Z\u00e1klad tvo\u0159\u00ed la\u0165ov\u00e1 konstrukce sv\u011btle hn\u011bd\u00e9 barvy. Vhodn\u00e9 <strong>pro ovce, kozy, zv\u011b\u0159inu nebo telata<\/strong>. Uchov\u00e1v\u00e1 krmen\u00ed na stejn\u00e9m m\u00edst\u011b, pro mal\u00e9 bal\u00edky \u010di voln\u011b lo\u017een\u00e9 seno.<\/p>\n<ul class=\"plusminus\">\n<li><i class=\"fas fa-check\"><\/i><span>\u010cesk\u00fd v\u00fdrobek<\/span><\/li>\n<li><i class=\"fas fa-check\"><\/i><span>Kvalitn\u00ed smrkov\u00e9 d\u0159evo<\/span><\/li>\n<li><i class=\"fas fa-check\"><\/i><span>Ru\u010dn\u00ed zpracov\u00e1n\u00ed<\/span><\/li>\n<\/ul>\n<\/div>\n<div class=\"detail-description__left__more\">\t\t\t\t\t\t<span> <\/span><span> <\/span>\t\t\t\t\t<\/div>\n<\/p><\/div>\n<div class=\"extra-note\">\n<p>V\u00e1\u017een\u00ed z\u00e1kazn\u00edci, uveden\u00e1 doba \u201edod\u00e1n\u00ed\u201c zde odpov\u00edd\u00e1 \u010dasu, za kter\u00fd bude V\u00e1\u0161 produkt vyroben od momentu uhrazen\u00ed objedn\u00e1vky. Term\u00edn z\u00e1vozu V\u00e1m ozn\u00e1m\u00edme, jakmile bude po p\u0159ijet\u00ed \u010d\u00e1stky za\u0159azen do rozvozov\u00e9ho pl\u00e1nu.<\/p>\n<\/p><\/div>\n<\/p><\/div>\n<div class=\"detail-description__more\"><span> <\/span><span> <\/span><\/div>\n<\/p><\/div>\n<\/p><\/div>\n","protected":false},"excerpt":{"rendered":"<p>Vlastnosti Materi\u00e1l konstrukce d\u0159evo Povrchov\u00e1 \u00faprava hoblov\u00e1n\u00ed Impregnace ano V\u00fd\u0161ka 1200\u00a0\u2013 1600\u00a0mm \u0160\u00ed\u0159ka 1000\u00a0\u2013 2000\u00a0mm Parametry P\u016fvod Vyrobeno v\u00a0\u010cR Z\u00e1ruka 2 roky Zna\u010dka \u010cesk\u00e1 Manufaktura Popis: Kvalitn\u00ed d\u0159ev\u011bn\u00fd krmelec \u0161\u00ed\u0159ky 100 &#8211; 200 cm z vysu\u0161en\u00e9ho ohoblovan\u00e9ho smrkov\u00e9ho d\u0159eva. Z\u00e1klad tvo\u0159\u00ed la\u0165ov\u00e1 konstrukce sv\u011btle hn\u011bd\u00e9 barvy. Vhodn\u00e9 pro ovce, kozy, zv\u011b\u0159inu nebo telata. Uchov\u00e1v\u00e1 krmen\u00ed [&hellip;]<\/p>\n","protected":false},"featured_media":3073,"comment_status":"open","ping_status":"open","template":"","meta":[],"product_brand":[],"product_cat":[33],"product_tag":[],"class_list":{"0":"post-2973","1":"product","2":"type-product","3":"status-publish","4":"has-post-thumbnail","6":"product_cat-specialni-nabidka","8":"first","9":"instock","10":"sale","11":"shipping-taxable","12":"purchasable","13":"product-type-simple"},"yoast_head":"<!-- This site is optimized with the Yoast SEO plugin v26.8 - https:\/\/yoast.com\/product\/yoast-seo-wordpress\/ -->\n<title>Sez\u00f3nn\u00ed Sleva \u010cesk\u00e1 Manufaktura Mates 100 cm x 120 cm p\u0159\u00edrodn\u00ed -<\/title>\n<meta name=\"robots\" content=\"index, follow, max-snippet:-1, max-image-preview:large, max-video-preview:-1\" \/>\n<link rel=\"canonical\" href=\"https:\/\/www.domkraftpro.com\/index.php\/produkt\/sezonni-sleva-ceska-manufaktura-mates-100-cm-x-120-cm-prirodni-2973\/\" \/>\n<meta property=\"og:locale\" content=\"cs_CZ\" \/>\n<meta property=\"og:type\" content=\"article\" \/>\n<meta property=\"og:title\" content=\"Sez\u00f3nn\u00ed Sleva \u010cesk\u00e1 Manufaktura Mates 100 cm x 120 cm p\u0159\u00edrodn\u00ed -\" \/>\n<meta property=\"og:description\" content=\"Vlastnosti Materi\u00e1l konstrukce d\u0159evo Povrchov\u00e1 \u00faprava hoblov\u00e1n\u00ed Impregnace ano V\u00fd\u0161ka 1200\u00a0\u2013 1600\u00a0mm \u0160\u00ed\u0159ka 1000\u00a0\u2013 2000\u00a0mm Parametry P\u016fvod Vyrobeno v\u00a0\u010cR Z\u00e1ruka 2 roky Zna\u010dka \u010cesk\u00e1 Manufaktura Popis: Kvalitn\u00ed d\u0159ev\u011bn\u00fd krmelec \u0161\u00ed\u0159ky 100 &#8211; 200 cm z vysu\u0161en\u00e9ho ohoblovan\u00e9ho smrkov\u00e9ho d\u0159eva. Z\u00e1klad tvo\u0159\u00ed la\u0165ov\u00e1 konstrukce sv\u011btle hn\u011bd\u00e9 barvy. Vhodn\u00e9 pro ovce, kozy, zv\u011b\u0159inu nebo telata. Uchov\u00e1v\u00e1 krmen\u00ed [&hellip;]\" \/>\n<meta property=\"og:url\" content=\"https:\/\/www.domkraftpro.com\/index.php\/produkt\/sezonni-sleva-ceska-manufaktura-mates-100-cm-x-120-cm-prirodni-2973\/\" \/>\n<meta property=\"og:image\" content=\"https:\/\/www.domkraftpro.com\/wp-content\/uploads\/2026\/SK0008760-CZ20260425-091936-0-1777079982-krmelec-ceska-manufaktura-mates-w1200-h628-f8-27eaa67225f3c.webp\" \/>\n\t<meta property=\"og:image:width\" content=\"1000\" \/>\n\t<meta property=\"og:image:height\" content=\"523\" \/>\n\t<meta property=\"og:image:type\" content=\"image\/webp\" \/>\n<meta name=\"twitter:card\" content=\"summary_large_image\" \/>\n<meta name=\"twitter:label1\" content=\"Odhadovan\u00e1 doba \u010dten\u00ed\" \/>\n\t<meta name=\"twitter:data1\" content=\"1 minuta\" \/>\n<script type=\"application\/ld+json\" class=\"yoast-schema-graph\">{\"@context\":\"https:\/\/schema.org\",\"@graph\":[{\"@type\":\"WebPage\",\"@id\":\"https:\/\/www.domkraftpro.com\/index.php\/produkt\/sezonni-sleva-ceska-manufaktura-mates-100-cm-x-120-cm-prirodni-2973\/\",\"url\":\"https:\/\/www.domkraftpro.com\/index.php\/produkt\/sezonni-sleva-ceska-manufaktura-mates-100-cm-x-120-cm-prirodni-2973\/\",\"name\":\"Sez\u00f3nn\u00ed Sleva \u010cesk\u00e1 Manufaktura Mates 100 cm x 120 cm p\u0159\u00edrodn\u00ed -\",\"isPartOf\":{\"@id\":\"https:\/\/www.domkraftpro.com\/#website\"},\"primaryImageOfPage\":{\"@id\":\"https:\/\/www.domkraftpro.com\/index.php\/produkt\/sezonni-sleva-ceska-manufaktura-mates-100-cm-x-120-cm-prirodni-2973\/#primaryimage\"},\"image\":{\"@id\":\"https:\/\/www.domkraftpro.com\/index.php\/produkt\/sezonni-sleva-ceska-manufaktura-mates-100-cm-x-120-cm-prirodni-2973\/#primaryimage\"},\"thumbnailUrl\":\"https:\/\/www.domkraftpro.com\/wp-content\/uploads\/2026\/SK0008760-CZ20260425-091936-0-1777079982-krmelec-ceska-manufaktura-mates-w1200-h628-f8-27eaa67225f3c.webp\",\"datePublished\":\"2026-04-27T04:40:34+00:00\",\"breadcrumb\":{\"@id\":\"https:\/\/www.domkraftpro.com\/index.php\/produkt\/sezonni-sleva-ceska-manufaktura-mates-100-cm-x-120-cm-prirodni-2973\/#breadcrumb\"},\"inLanguage\":\"cs\",\"potentialAction\":[{\"@type\":\"ReadAction\",\"target\":[\"https:\/\/www.domkraftpro.com\/index.php\/produkt\/sezonni-sleva-ceska-manufaktura-mates-100-cm-x-120-cm-prirodni-2973\/\"]}]},{\"@type\":\"ImageObject\",\"inLanguage\":\"cs\",\"@id\":\"https:\/\/www.domkraftpro.com\/index.php\/produkt\/sezonni-sleva-ceska-manufaktura-mates-100-cm-x-120-cm-prirodni-2973\/#primaryimage\",\"url\":\"https:\/\/www.domkraftpro.com\/wp-content\/uploads\/2026\/SK0008760-CZ20260425-091936-0-1777079982-krmelec-ceska-manufaktura-mates-w1200-h628-f8-27eaa67225f3c.webp\",\"contentUrl\":\"https:\/\/www.domkraftpro.com\/wp-content\/uploads\/2026\/SK0008760-CZ20260425-091936-0-1777079982-krmelec-ceska-manufaktura-mates-w1200-h628-f8-27eaa67225f3c.webp\",\"width\":1000,\"height\":523},{\"@type\":\"BreadcrumbList\",\"@id\":\"https:\/\/www.domkraftpro.com\/index.php\/produkt\/sezonni-sleva-ceska-manufaktura-mates-100-cm-x-120-cm-prirodni-2973\/#breadcrumb\",\"itemListElement\":[{\"@type\":\"ListItem\",\"position\":1,\"name\":\"Home\",\"item\":\"https:\/\/www.domkraftpro.com\/\"},{\"@type\":\"ListItem\",\"position\":2,\"name\":\"Products\",\"item\":\"https:\/\/www.domkraftpro.com\/index.php\/products\/\"},{\"@type\":\"ListItem\",\"position\":3,\"name\":\"Sez\u00f3nn\u00ed Sleva \u010cesk\u00e1 Manufaktura Mates 100 cm x 120 cm p\u0159\u00edrodn\u00ed\"}]},{\"@type\":\"WebSite\",\"@id\":\"https:\/\/www.domkraftpro.com\/#website\",\"url\":\"https:\/\/www.domkraftpro.com\/\",\"name\":\"\",\"description\":\"\",\"potentialAction\":[{\"@type\":\"SearchAction\",\"target\":{\"@type\":\"EntryPoint\",\"urlTemplate\":\"https:\/\/www.domkraftpro.com\/?s={search_term_string}\"},\"query-input\":{\"@type\":\"PropertyValueSpecification\",\"valueRequired\":true,\"valueName\":\"search_term_string\"}}],\"inLanguage\":\"cs\"}]}<\/script>\n<!-- \/ Yoast SEO plugin. -->","yoast_head_json":{"title":"Sez\u00f3nn\u00ed Sleva \u010cesk\u00e1 Manufaktura Mates 100 cm x 120 cm p\u0159\u00edrodn\u00ed -","robots":{"index":"index","follow":"follow","max-snippet":"max-snippet:-1","max-image-preview":"max-image-preview:large","max-video-preview":"max-video-preview:-1"},"canonical":"https:\/\/www.domkraftpro.com\/index.php\/produkt\/sezonni-sleva-ceska-manufaktura-mates-100-cm-x-120-cm-prirodni-2973\/","og_locale":"cs_CZ","og_type":"article","og_title":"Sez\u00f3nn\u00ed Sleva \u010cesk\u00e1 Manufaktura Mates 100 cm x 120 cm p\u0159\u00edrodn\u00ed -","og_description":"Vlastnosti Materi\u00e1l konstrukce d\u0159evo Povrchov\u00e1 \u00faprava hoblov\u00e1n\u00ed Impregnace ano V\u00fd\u0161ka 1200\u00a0\u2013 1600\u00a0mm \u0160\u00ed\u0159ka 1000\u00a0\u2013 2000\u00a0mm Parametry P\u016fvod Vyrobeno v\u00a0\u010cR Z\u00e1ruka 2 roky Zna\u010dka \u010cesk\u00e1 Manufaktura Popis: Kvalitn\u00ed d\u0159ev\u011bn\u00fd krmelec \u0161\u00ed\u0159ky 100 &#8211; 200 cm z vysu\u0161en\u00e9ho ohoblovan\u00e9ho smrkov\u00e9ho d\u0159eva. Z\u00e1klad tvo\u0159\u00ed la\u0165ov\u00e1 konstrukce sv\u011btle hn\u011bd\u00e9 barvy. Vhodn\u00e9 pro ovce, kozy, zv\u011b\u0159inu nebo telata. Uchov\u00e1v\u00e1 krmen\u00ed [&hellip;]","og_url":"https:\/\/www.domkraftpro.com\/index.php\/produkt\/sezonni-sleva-ceska-manufaktura-mates-100-cm-x-120-cm-prirodni-2973\/","og_image":[{"width":1000,"height":523,"url":"https:\/\/www.domkraftpro.com\/wp-content\/uploads\/2026\/SK0008760-CZ20260425-091936-0-1777079982-krmelec-ceska-manufaktura-mates-w1200-h628-f8-27eaa67225f3c.webp","type":"image\/webp"}],"twitter_card":"summary_large_image","twitter_misc":{"Odhadovan\u00e1 doba \u010dten\u00ed":"1 minuta"},"schema":{"@context":"https:\/\/schema.org","@graph":[{"@type":"WebPage","@id":"https:\/\/www.domkraftpro.com\/index.php\/produkt\/sezonni-sleva-ceska-manufaktura-mates-100-cm-x-120-cm-prirodni-2973\/","url":"https:\/\/www.domkraftpro.com\/index.php\/produkt\/sezonni-sleva-ceska-manufaktura-mates-100-cm-x-120-cm-prirodni-2973\/","name":"Sez\u00f3nn\u00ed Sleva \u010cesk\u00e1 Manufaktura Mates 100 cm x 120 cm p\u0159\u00edrodn\u00ed -","isPartOf":{"@id":"https:\/\/www.domkraftpro.com\/#website"},"primaryImageOfPage":{"@id":"https:\/\/www.domkraftpro.com\/index.php\/produkt\/sezonni-sleva-ceska-manufaktura-mates-100-cm-x-120-cm-prirodni-2973\/#primaryimage"},"image":{"@id":"https:\/\/www.domkraftpro.com\/index.php\/produkt\/sezonni-sleva-ceska-manufaktura-mates-100-cm-x-120-cm-prirodni-2973\/#primaryimage"},"thumbnailUrl":"https:\/\/www.domkraftpro.com\/wp-content\/uploads\/2026\/SK0008760-CZ20260425-091936-0-1777079982-krmelec-ceska-manufaktura-mates-w1200-h628-f8-27eaa67225f3c.webp","datePublished":"2026-04-27T04:40:34+00:00","breadcrumb":{"@id":"https:\/\/www.domkraftpro.com\/index.php\/produkt\/sezonni-sleva-ceska-manufaktura-mates-100-cm-x-120-cm-prirodni-2973\/#breadcrumb"},"inLanguage":"cs","potentialAction":[{"@type":"ReadAction","target":["https:\/\/www.domkraftpro.com\/index.php\/produkt\/sezonni-sleva-ceska-manufaktura-mates-100-cm-x-120-cm-prirodni-2973\/"]}]},{"@type":"ImageObject","inLanguage":"cs","@id":"https:\/\/www.domkraftpro.com\/index.php\/produkt\/sezonni-sleva-ceska-manufaktura-mates-100-cm-x-120-cm-prirodni-2973\/#primaryimage","url":"https:\/\/www.domkraftpro.com\/wp-content\/uploads\/2026\/SK0008760-CZ20260425-091936-0-1777079982-krmelec-ceska-manufaktura-mates-w1200-h628-f8-27eaa67225f3c.webp","contentUrl":"https:\/\/www.domkraftpro.com\/wp-content\/uploads\/2026\/SK0008760-CZ20260425-091936-0-1777079982-krmelec-ceska-manufaktura-mates-w1200-h628-f8-27eaa67225f3c.webp","width":1000,"height":523},{"@type":"BreadcrumbList","@id":"https:\/\/www.domkraftpro.com\/index.php\/produkt\/sezonni-sleva-ceska-manufaktura-mates-100-cm-x-120-cm-prirodni-2973\/#breadcrumb","itemListElement":[{"@type":"ListItem","position":1,"name":"Home","item":"https:\/\/www.domkraftpro.com\/"},{"@type":"ListItem","position":2,"name":"Products","item":"https:\/\/www.domkraftpro.com\/index.php\/products\/"},{"@type":"ListItem","position":3,"name":"Sez\u00f3nn\u00ed Sleva \u010cesk\u00e1 Manufaktura Mates 100 cm x 120 cm p\u0159\u00edrodn\u00ed"}]},{"@type":"WebSite","@id":"https:\/\/www.domkraftpro.com\/#website","url":"https:\/\/www.domkraftpro.com\/","name":"","description":"","potentialAction":[{"@type":"SearchAction","target":{"@type":"EntryPoint","urlTemplate":"https:\/\/www.domkraftpro.com\/?s={search_term_string}"},"query-input":{"@type":"PropertyValueSpecification","valueRequired":true,"valueName":"search_term_string"}}],"inLanguage":"cs"}]}},"_links":{"self":[{"href":"https:\/\/www.domkraftpro.com\/index.php\/wp-json\/wp\/v2\/product\/2973","targetHints":{"allow":["GET"]}}],"collection":[{"href":"https:\/\/www.domkraftpro.com\/index.php\/wp-json\/wp\/v2\/product"}],"about":[{"href":"https:\/\/www.domkraftpro.com\/index.php\/wp-json\/wp\/v2\/types\/product"}],"replies":[{"embeddable":true,"href":"https:\/\/www.domkraftpro.com\/index.php\/wp-json\/wp\/v2\/comments?post=2973"}],"wp:featuredmedia":[{"embeddable":true,"href":"https:\/\/www.domkraftpro.com\/index.php\/wp-json\/wp\/v2\/media\/3073"}],"wp:attachment":[{"href":"https:\/\/www.domkraftpro.com\/index.php\/wp-json\/wp\/v2\/media?parent=2973"}],"wp:term":[{"taxonomy":"product_brand","embeddable":true,"href":"https:\/\/www.domkraftpro.com\/index.php\/wp-json\/wp\/v2\/product_brand?post=2973"},{"taxonomy":"product_cat","embeddable":true,"href":"https:\/\/www.domkraftpro.com\/index.php\/wp-json\/wp\/v2\/product_cat?post=2973"},{"taxonomy":"product_tag","embeddable":true,"href":"https:\/\/www.domkraftpro.com\/index.php\/wp-json\/wp\/v2\/product_tag?post=2973"}],"curies":[{"name":"wp","href":"https:\/\/api.w.org\/{rel}","templated":true}]}}