{"id":2497,"date":"2026-04-27T04:40:34","date_gmt":"2026-04-27T04:40:34","guid":{"rendered":""},"modified":"2026-04-27T04:40:34","modified_gmt":"2026-04-27T04:40:34","slug":"limec-pro-izolaci-chudej-vikendova-akce-2497","status":"publish","type":"product","link":"https:\/\/www.domkraftpro.com\/index.php\/produkt\/limec-pro-izolaci-chudej-vikendova-akce-2497\/","title":{"rendered":"L\u00edmec pro izolaci Chud\u011bj V\u00edkendov\u00e1 Akce"},"content":{"rendered":"<div class=\"detail-description__right\">\n<div class=\"parameters\">\n<div class=\"table table--simple\">\n<table>\n<tbody>\n<tr>\n<td colspan=\"2\">\n<h4>Vlastnosti<\/h4>\n<\/td>\n<\/tr>\n<tr>\n<td>Materi\u00e1l<\/td>\n<td>plast<\/td>\n<\/tr>\n<tr>\n<td>Barva<\/td>\n<td>\u0161ed\u00e1<\/td>\n<\/tr>\n<tr>\n<td>Rozm\u011bry<\/td>\n<td>220\u00a0\u00d7\u00a0220 mm<\/td>\n<\/tr>\n<tr>\n<td>Pr\u016fm\u011br<\/td>\n<td>115 mm<\/td>\n<\/tr>\n<tr>\n<td colspan=\"2\">\n<h4>Parametry<\/h4>\n<\/td>\n<\/tr>\n<tr>\n<td>P\u016fvod<\/td>\n<td>Vyrobeno v\u00a0\u010cR<\/td>\n<\/tr>\n<tr>\n<td>Z\u00e1ruka<\/td>\n<td>2 roky<\/td>\n<\/tr>\n<tr>\n<td>Zna\u010dka<\/td>\n<td>Chud\u011bj<\/td>\n<\/tr>\n<\/tbody>\n<\/table><\/div>\n<\/div><\/div>\n<div class=\"detail-description__top\">\t\t\t\t<\/div>\n<div class=\"detail-description__left\">\n<div class=\"detail-description__left__overflow\">\n<div class=\"detail-description__left__head\">\t\t\t\t\t\tPopis:\t\t\t\t\t<\/div>\n<div class=\"ul-style ul-style--check\">\n<p>L\u00edmec pro iztolaci Chud\u011bj\u00a0v\u010detn\u011b t\u011bsn\u00edc\u00edho krou\u017eku je vyroben\u00fd z polypropylenu a slou\u017e\u00ed pro <strong>snadnou mont\u00e1\u017e hydroizola\u010dn\u00edch materi\u00e1l\u016f<\/strong> podlahov\u00fdch vpust\u00ed Chud\u011bj. Rozm\u011bry \u010din\u00ed 220 x 220 mm, pr\u016fm\u011br p\u0159ipojen\u00ed je D115.<\/p>\n<\/div>\n<div class=\"detail-description__left__more\">\t\t\t\t\t\t<span> <\/span><span> <\/span>\t\t\t\t\t<\/div>\n<\/p><\/div>\n<\/p><\/div>\n<div class=\"detail-description__more\"><span> <\/span><span> <\/span><\/div>\n<\/p><\/div>\n<\/p><\/div>\n","protected":false},"excerpt":{"rendered":"<p>Vlastnosti Materi\u00e1l plast Barva \u0161ed\u00e1 Rozm\u011bry 220\u00a0\u00d7\u00a0220 mm Pr\u016fm\u011br 115 mm Parametry P\u016fvod Vyrobeno v\u00a0\u010cR Z\u00e1ruka 2 roky Zna\u010dka Chud\u011bj Popis: L\u00edmec pro iztolaci Chud\u011bj\u00a0v\u010detn\u011b t\u011bsn\u00edc\u00edho krou\u017eku je vyroben\u00fd z polypropylenu a slou\u017e\u00ed pro snadnou mont\u00e1\u017e hydroizola\u010dn\u00edch materi\u00e1l\u016f podlahov\u00fdch vpust\u00ed Chud\u011bj. Rozm\u011bry \u010din\u00ed 220 x 220 mm, pr\u016fm\u011br p\u0159ipojen\u00ed je D115.<\/p>\n","protected":false},"featured_media":2597,"comment_status":"open","ping_status":"open","template":"","meta":[],"product_brand":[],"product_cat":[46],"product_tag":[],"class_list":{"0":"post-2497","1":"product","2":"type-product","3":"status-publish","4":"has-post-thumbnail","6":"product_cat-odvodneni","8":"first","9":"instock","10":"sale","11":"shipping-taxable","12":"purchasable","13":"product-type-simple"},"yoast_head":"<!-- This site is optimized with the Yoast SEO plugin v26.8 - https:\/\/yoast.com\/product\/yoast-seo-wordpress\/ -->\n<title>L\u00edmec pro izolaci Chud\u011bj V\u00edkendov\u00e1 Akce -<\/title>\n<meta name=\"robots\" content=\"index, follow, max-snippet:-1, max-image-preview:large, max-video-preview:-1\" \/>\n<link rel=\"canonical\" href=\"https:\/\/www.domkraftpro.com\/index.php\/produkt\/limec-pro-izolaci-chudej-vikendova-akce-2497\/\" \/>\n<meta property=\"og:locale\" content=\"cs_CZ\" \/>\n<meta property=\"og:type\" content=\"article\" \/>\n<meta property=\"og:title\" content=\"L\u00edmec pro izolaci Chud\u011bj V\u00edkendov\u00e1 Akce -\" \/>\n<meta property=\"og:description\" content=\"Vlastnosti Materi\u00e1l plast Barva \u0161ed\u00e1 Rozm\u011bry 220\u00a0\u00d7\u00a0220 mm Pr\u016fm\u011br 115 mm Parametry P\u016fvod Vyrobeno v\u00a0\u010cR Z\u00e1ruka 2 roky Zna\u010dka Chud\u011bj Popis: L\u00edmec pro iztolaci Chud\u011bj\u00a0v\u010detn\u011b t\u011bsn\u00edc\u00edho krou\u017eku je vyroben\u00fd z polypropylenu a slou\u017e\u00ed pro snadnou mont\u00e1\u017e hydroizola\u010dn\u00edch materi\u00e1l\u016f podlahov\u00fdch vpust\u00ed Chud\u011bj. Rozm\u011bry \u010din\u00ed 220 x 220 mm, pr\u016fm\u011br p\u0159ipojen\u00ed je D115.\" \/>\n<meta property=\"og:url\" content=\"https:\/\/www.domkraftpro.com\/index.php\/produkt\/limec-pro-izolaci-chudej-vikendova-akce-2497\/\" \/>\n<meta property=\"og:image\" content=\"https:\/\/www.domkraftpro.com\/wp-content\/uploads\/2026\/SK0008784-CZ20260425-091936-0-1777079982-limec-pro-izolaci-chudej-w1200-h628-f8-9b0df0e80a86f2c9bba7.webp\" \/>\n\t<meta property=\"og:image:width\" content=\"1000\" \/>\n\t<meta property=\"og:image:height\" content=\"523\" \/>\n\t<meta property=\"og:image:type\" content=\"image\/webp\" \/>\n<meta name=\"twitter:card\" content=\"summary_large_image\" \/>\n<script type=\"application\/ld+json\" class=\"yoast-schema-graph\">{\"@context\":\"https:\/\/schema.org\",\"@graph\":[{\"@type\":\"WebPage\",\"@id\":\"https:\/\/www.domkraftpro.com\/index.php\/produkt\/limec-pro-izolaci-chudej-vikendova-akce-2497\/\",\"url\":\"https:\/\/www.domkraftpro.com\/index.php\/produkt\/limec-pro-izolaci-chudej-vikendova-akce-2497\/\",\"name\":\"L\u00edmec pro izolaci Chud\u011bj V\u00edkendov\u00e1 Akce -\",\"isPartOf\":{\"@id\":\"https:\/\/www.domkraftpro.com\/#website\"},\"primaryImageOfPage\":{\"@id\":\"https:\/\/www.domkraftpro.com\/index.php\/produkt\/limec-pro-izolaci-chudej-vikendova-akce-2497\/#primaryimage\"},\"image\":{\"@id\":\"https:\/\/www.domkraftpro.com\/index.php\/produkt\/limec-pro-izolaci-chudej-vikendova-akce-2497\/#primaryimage\"},\"thumbnailUrl\":\"https:\/\/www.domkraftpro.com\/wp-content\/uploads\/2026\/SK0008784-CZ20260425-091936-0-1777079982-limec-pro-izolaci-chudej-w1200-h628-f8-9b0df0e80a86f2c9bba7.webp\",\"datePublished\":\"2026-04-27T04:40:34+00:00\",\"breadcrumb\":{\"@id\":\"https:\/\/www.domkraftpro.com\/index.php\/produkt\/limec-pro-izolaci-chudej-vikendova-akce-2497\/#breadcrumb\"},\"inLanguage\":\"cs\",\"potentialAction\":[{\"@type\":\"ReadAction\",\"target\":[\"https:\/\/www.domkraftpro.com\/index.php\/produkt\/limec-pro-izolaci-chudej-vikendova-akce-2497\/\"]}]},{\"@type\":\"ImageObject\",\"inLanguage\":\"cs\",\"@id\":\"https:\/\/www.domkraftpro.com\/index.php\/produkt\/limec-pro-izolaci-chudej-vikendova-akce-2497\/#primaryimage\",\"url\":\"https:\/\/www.domkraftpro.com\/wp-content\/uploads\/2026\/SK0008784-CZ20260425-091936-0-1777079982-limec-pro-izolaci-chudej-w1200-h628-f8-9b0df0e80a86f2c9bba7.webp\",\"contentUrl\":\"https:\/\/www.domkraftpro.com\/wp-content\/uploads\/2026\/SK0008784-CZ20260425-091936-0-1777079982-limec-pro-izolaci-chudej-w1200-h628-f8-9b0df0e80a86f2c9bba7.webp\",\"width\":1000,\"height\":523},{\"@type\":\"BreadcrumbList\",\"@id\":\"https:\/\/www.domkraftpro.com\/index.php\/produkt\/limec-pro-izolaci-chudej-vikendova-akce-2497\/#breadcrumb\",\"itemListElement\":[{\"@type\":\"ListItem\",\"position\":1,\"name\":\"Home\",\"item\":\"https:\/\/www.domkraftpro.com\/\"},{\"@type\":\"ListItem\",\"position\":2,\"name\":\"Products\",\"item\":\"https:\/\/www.domkraftpro.com\/index.php\/products\/\"},{\"@type\":\"ListItem\",\"position\":3,\"name\":\"L\u00edmec pro izolaci Chud\u011bj V\u00edkendov\u00e1 Akce\"}]},{\"@type\":\"WebSite\",\"@id\":\"https:\/\/www.domkraftpro.com\/#website\",\"url\":\"https:\/\/www.domkraftpro.com\/\",\"name\":\"\",\"description\":\"\",\"potentialAction\":[{\"@type\":\"SearchAction\",\"target\":{\"@type\":\"EntryPoint\",\"urlTemplate\":\"https:\/\/www.domkraftpro.com\/?s={search_term_string}\"},\"query-input\":{\"@type\":\"PropertyValueSpecification\",\"valueRequired\":true,\"valueName\":\"search_term_string\"}}],\"inLanguage\":\"cs\"}]}<\/script>\n<!-- \/ Yoast SEO plugin. -->","yoast_head_json":{"title":"L\u00edmec pro izolaci Chud\u011bj V\u00edkendov\u00e1 Akce -","robots":{"index":"index","follow":"follow","max-snippet":"max-snippet:-1","max-image-preview":"max-image-preview:large","max-video-preview":"max-video-preview:-1"},"canonical":"https:\/\/www.domkraftpro.com\/index.php\/produkt\/limec-pro-izolaci-chudej-vikendova-akce-2497\/","og_locale":"cs_CZ","og_type":"article","og_title":"L\u00edmec pro izolaci Chud\u011bj V\u00edkendov\u00e1 Akce -","og_description":"Vlastnosti Materi\u00e1l plast Barva \u0161ed\u00e1 Rozm\u011bry 220\u00a0\u00d7\u00a0220 mm Pr\u016fm\u011br 115 mm Parametry P\u016fvod Vyrobeno v\u00a0\u010cR Z\u00e1ruka 2 roky Zna\u010dka Chud\u011bj Popis: L\u00edmec pro iztolaci Chud\u011bj\u00a0v\u010detn\u011b t\u011bsn\u00edc\u00edho krou\u017eku je vyroben\u00fd z polypropylenu a slou\u017e\u00ed pro snadnou mont\u00e1\u017e hydroizola\u010dn\u00edch materi\u00e1l\u016f podlahov\u00fdch vpust\u00ed Chud\u011bj. Rozm\u011bry \u010din\u00ed 220 x 220 mm, pr\u016fm\u011br p\u0159ipojen\u00ed je D115.","og_url":"https:\/\/www.domkraftpro.com\/index.php\/produkt\/limec-pro-izolaci-chudej-vikendova-akce-2497\/","og_image":[{"width":1000,"height":523,"url":"https:\/\/www.domkraftpro.com\/wp-content\/uploads\/2026\/SK0008784-CZ20260425-091936-0-1777079982-limec-pro-izolaci-chudej-w1200-h628-f8-9b0df0e80a86f2c9bba7.webp","type":"image\/webp"}],"twitter_card":"summary_large_image","schema":{"@context":"https:\/\/schema.org","@graph":[{"@type":"WebPage","@id":"https:\/\/www.domkraftpro.com\/index.php\/produkt\/limec-pro-izolaci-chudej-vikendova-akce-2497\/","url":"https:\/\/www.domkraftpro.com\/index.php\/produkt\/limec-pro-izolaci-chudej-vikendova-akce-2497\/","name":"L\u00edmec pro izolaci Chud\u011bj V\u00edkendov\u00e1 Akce -","isPartOf":{"@id":"https:\/\/www.domkraftpro.com\/#website"},"primaryImageOfPage":{"@id":"https:\/\/www.domkraftpro.com\/index.php\/produkt\/limec-pro-izolaci-chudej-vikendova-akce-2497\/#primaryimage"},"image":{"@id":"https:\/\/www.domkraftpro.com\/index.php\/produkt\/limec-pro-izolaci-chudej-vikendova-akce-2497\/#primaryimage"},"thumbnailUrl":"https:\/\/www.domkraftpro.com\/wp-content\/uploads\/2026\/SK0008784-CZ20260425-091936-0-1777079982-limec-pro-izolaci-chudej-w1200-h628-f8-9b0df0e80a86f2c9bba7.webp","datePublished":"2026-04-27T04:40:34+00:00","breadcrumb":{"@id":"https:\/\/www.domkraftpro.com\/index.php\/produkt\/limec-pro-izolaci-chudej-vikendova-akce-2497\/#breadcrumb"},"inLanguage":"cs","potentialAction":[{"@type":"ReadAction","target":["https:\/\/www.domkraftpro.com\/index.php\/produkt\/limec-pro-izolaci-chudej-vikendova-akce-2497\/"]}]},{"@type":"ImageObject","inLanguage":"cs","@id":"https:\/\/www.domkraftpro.com\/index.php\/produkt\/limec-pro-izolaci-chudej-vikendova-akce-2497\/#primaryimage","url":"https:\/\/www.domkraftpro.com\/wp-content\/uploads\/2026\/SK0008784-CZ20260425-091936-0-1777079982-limec-pro-izolaci-chudej-w1200-h628-f8-9b0df0e80a86f2c9bba7.webp","contentUrl":"https:\/\/www.domkraftpro.com\/wp-content\/uploads\/2026\/SK0008784-CZ20260425-091936-0-1777079982-limec-pro-izolaci-chudej-w1200-h628-f8-9b0df0e80a86f2c9bba7.webp","width":1000,"height":523},{"@type":"BreadcrumbList","@id":"https:\/\/www.domkraftpro.com\/index.php\/produkt\/limec-pro-izolaci-chudej-vikendova-akce-2497\/#breadcrumb","itemListElement":[{"@type":"ListItem","position":1,"name":"Home","item":"https:\/\/www.domkraftpro.com\/"},{"@type":"ListItem","position":2,"name":"Products","item":"https:\/\/www.domkraftpro.com\/index.php\/products\/"},{"@type":"ListItem","position":3,"name":"L\u00edmec pro izolaci Chud\u011bj V\u00edkendov\u00e1 Akce"}]},{"@type":"WebSite","@id":"https:\/\/www.domkraftpro.com\/#website","url":"https:\/\/www.domkraftpro.com\/","name":"","description":"","potentialAction":[{"@type":"SearchAction","target":{"@type":"EntryPoint","urlTemplate":"https:\/\/www.domkraftpro.com\/?s={search_term_string}"},"query-input":{"@type":"PropertyValueSpecification","valueRequired":true,"valueName":"search_term_string"}}],"inLanguage":"cs"}]}},"_links":{"self":[{"href":"https:\/\/www.domkraftpro.com\/index.php\/wp-json\/wp\/v2\/product\/2497","targetHints":{"allow":["GET"]}}],"collection":[{"href":"https:\/\/www.domkraftpro.com\/index.php\/wp-json\/wp\/v2\/product"}],"about":[{"href":"https:\/\/www.domkraftpro.com\/index.php\/wp-json\/wp\/v2\/types\/product"}],"replies":[{"embeddable":true,"href":"https:\/\/www.domkraftpro.com\/index.php\/wp-json\/wp\/v2\/comments?post=2497"}],"wp:featuredmedia":[{"embeddable":true,"href":"https:\/\/www.domkraftpro.com\/index.php\/wp-json\/wp\/v2\/media\/2597"}],"wp:attachment":[{"href":"https:\/\/www.domkraftpro.com\/index.php\/wp-json\/wp\/v2\/media?parent=2497"}],"wp:term":[{"taxonomy":"product_brand","embeddable":true,"href":"https:\/\/www.domkraftpro.com\/index.php\/wp-json\/wp\/v2\/product_brand?post=2497"},{"taxonomy":"product_cat","embeddable":true,"href":"https:\/\/www.domkraftpro.com\/index.php\/wp-json\/wp\/v2\/product_cat?post=2497"},{"taxonomy":"product_tag","embeddable":true,"href":"https:\/\/www.domkraftpro.com\/index.php\/wp-json\/wp\/v2\/product_tag?post=2497"}],"curies":[{"name":"wp","href":"https:\/\/api.w.org\/{rel}","templated":true}]}}