{"id":24180,"date":"2026-04-27T04:41:25","date_gmt":"2026-04-27T04:41:25","guid":{"rendered":""},"modified":"2026-04-27T04:41:25","modified_gmt":"2026-04-27T04:41:25","slug":"znackovy-nastenna-vanova-baterie-decco-chrom-s-prislusenstvim-24180","status":"publish","type":"product","link":"https:\/\/www.domkraftpro.com\/index.php\/produkt\/znackovy-nastenna-vanova-baterie-decco-chrom-s-prislusenstvim-24180\/","title":{"rendered":"Zna\u010dkov\u00fd N\u00e1st\u011bnn\u00e1 vanov\u00e1 baterie DECCO Chrom s p\u0159\u00edslu\u0161enstv\u00edm"},"content":{"rendered":"<div class=\"tabs__content-outer\" id=\"tab_description\" data-hash=\"description\" data-tabindex=\"-1\">\n<div class=\"tabs__content toggle_description\" id=\"content_description\">\n<div class=\"wysiwyg-content\">\n<div class=\"product__tab product__description full-width\">\n<div class=\"container\">\n<div >\n<h3>N\u00e1st\u011bnn\u00e1 vanov\u00e1 baterie DECCO Chrom s p\u0159\u00edslu\u0161enstv\u00edm<\/h3>\n<p><strong>N\u00e1st\u011bnn\u00e1 vanov\u00e1 baterie DECCO<\/strong> z prvot\u0159\u00eddn\u00edho materi\u00e1lu. Uvnit\u0159 baterie je keramick\u00e1 kartu\u0161e, ta se star\u00e1 o dlouhou \u017eivotnost a spolehlivost. Sou\u010d\u00e1st\u00ed balen\u00ed je <strong>p\u0159\u00edslu\u0161enstv\u00ed pro vanov\u00e9 baterie<\/strong> &#8211; sprchov\u00e1 hlavice, jej\u00ed dr\u017e\u00e1k na st\u011bnu a sprchov\u00e1 hadice. Ur\u010den\u00e1 k instalaci na st\u011bnu, <strong>rozte\u010d 150 mm.<\/strong> Dod\u00e1v\u00e1me ve <strong>dvou barv\u00e1ch<\/strong> a to leskl\u00fd <strong>chrom <\/strong>nebo <strong>\u010dern\u00e1 matn\u00e1<\/strong>.<\/p>\n<p>Vodovodn\u00ed baterie s\u00e9rie\u00a0<strong>DECCO<\/strong>\u00a0je pro z\u00e1kazn\u00edky, kte\u0159\u00ed cht\u011bj\u00ed pohodln\u00e9, elegantn\u00ed a p\u0159itom praktick\u00e9 \u0159e\u0161en\u00ed s jednoduch\u00fdm nad\u010dasov\u00fdm designem.\u00a0<strong>Vanov\u00e1\u00a0baterie<\/strong>\u00a0m\u00e1 minimum detail\u016f, co\u017e produkt\u00a0opticky odleh\u010duje.\u00a0<\/p>\n<p><strong>P\u0159ednosti\u00a0vanov\u00e9 baterie DECCO:<\/strong><\/p>\n<ul>\n<li>Elegance\u00a0a\u00a0modern\u00ed design<\/li>\n<li><strong>N\u00e1st\u011bnn\u00e1 vanov\u00e1\u00a0<\/strong>p\u00e1kov\u00e1 baterie\u00a0<strong>s p\u0159\u00edslu\u0161enstv\u00edm<\/strong><\/li>\n<li><strong>Rozte\u010d:\u00a0150 mm<\/strong><\/li>\n<li>Anti line aretator\u00a0(proti usazov\u00e1n\u00ed vodn\u00edho kamene)<\/li>\n<li><strong>Proveden\u00ed:<\/strong>\u00a0pochromovan\u00fd kov, \u010dern\u00e1 matn\u00e1<\/li>\n<li>Modern\u00ed perl\u00e1tor<\/li>\n<li>Prov\u011b\u0159en\u00e1\u00a0technologie<\/li>\n<li><strong>Keramick\u00e1 kartu\u0161e<\/strong><\/li>\n<li>V\u0161echny d\u00edly odpov\u00eddaj\u00ed p\u0159edpis\u016fm\u00a0EN817<\/li>\n<li><strong>Sprchov\u00e1 hlavice, hadice, dr\u017e\u00e1k na st\u011bnu<\/strong><\/li>\n<li>\u00daspora vody<\/li>\n<li><strong>Z\u00e1ruka 5 let<\/strong><\/li>\n<\/ul>\n<div>\n<div class=\"gtx-trans-icon\">\u00a0<\/div>\n<\/p><\/div>\n<p><strong>Vlastnosti<\/strong><\/p>\n<ul>\n<li><span>Materi\u00e1l:<\/span> Mosaz<\/li>\n<li><span>Barva:<\/span> Chrom<\/li>\n<li><span>S\u00e9rie:<\/span> DECCO<\/li>\n<li><span>Typ:<\/span> Baterie s p\u0159\u00edslu\u0161enstv\u00edm<\/li>\n<li><span>Ovl\u00e1d\u00e1n\u00ed_baterie:<\/span> P\u00e1kov\u00e9<\/li>\n<li><span>Druh baterie:<\/span> 15 cm<\/li>\n<li><span>Druh baterie:<\/span> N\u00e1st\u011bnn\u00e9<\/li>\n<li><span>Vyu\u017eit\u00ed_baterie:<\/span> Koupelnov\u00e9<\/li>\n<\/ul>\n<\/div><\/div>\n<\/p><\/div>\n<\/p><\/div>\n<\/p><\/div>\n","protected":false},"excerpt":{"rendered":"<p>N\u00e1st\u011bnn\u00e1 vanov\u00e1 baterie DECCO Chrom s p\u0159\u00edslu\u0161enstv\u00edm N\u00e1st\u011bnn\u00e1 vanov\u00e1 baterie DECCO z prvot\u0159\u00eddn\u00edho materi\u00e1lu. Uvnit\u0159 baterie je keramick\u00e1 kartu\u0161e, ta se star\u00e1 o dlouhou \u017eivotnost a spolehlivost. Sou\u010d\u00e1st\u00ed balen\u00ed je p\u0159\u00edslu\u0161enstv\u00ed pro vanov\u00e9 baterie &#8211; sprchov\u00e1 hlavice, jej\u00ed dr\u017e\u00e1k na st\u011bnu a sprchov\u00e1 hadice. Ur\u010den\u00e1 k instalaci na st\u011bnu, rozte\u010d 150 mm. Dod\u00e1v\u00e1me ve dvou [&hellip;]<\/p>\n","protected":false},"featured_media":24280,"comment_status":"open","ping_status":"open","template":"","meta":[],"product_brand":[],"product_cat":[95],"product_tag":[],"class_list":{"0":"post-24180","1":"product","2":"type-product","3":"status-publish","4":"has-post-thumbnail","6":"product_cat-koupelna","8":"first","9":"instock","10":"sale","11":"shipping-taxable","12":"purchasable","13":"product-type-simple"},"yoast_head":"<!-- This site is optimized with the Yoast SEO plugin v26.8 - https:\/\/yoast.com\/product\/yoast-seo-wordpress\/ -->\n<title>Zna\u010dkov\u00fd N\u00e1st\u011bnn\u00e1 vanov\u00e1 baterie DECCO Chrom s p\u0159\u00edslu\u0161enstv\u00edm -<\/title>\n<meta name=\"robots\" content=\"index, follow, max-snippet:-1, max-image-preview:large, max-video-preview:-1\" \/>\n<link rel=\"canonical\" href=\"https:\/\/www.domkraftpro.com\/index.php\/produkt\/znackovy-nastenna-vanova-baterie-decco-chrom-s-prislusenstvim-24180\/\" \/>\n<meta property=\"og:locale\" content=\"cs_CZ\" \/>\n<meta property=\"og:type\" content=\"article\" \/>\n<meta property=\"og:title\" content=\"Zna\u010dkov\u00fd N\u00e1st\u011bnn\u00e1 vanov\u00e1 baterie DECCO Chrom s p\u0159\u00edslu\u0161enstv\u00edm -\" \/>\n<meta property=\"og:description\" content=\"N\u00e1st\u011bnn\u00e1 vanov\u00e1 baterie DECCO Chrom s p\u0159\u00edslu\u0161enstv\u00edm N\u00e1st\u011bnn\u00e1 vanov\u00e1 baterie DECCO z prvot\u0159\u00eddn\u00edho materi\u00e1lu. Uvnit\u0159 baterie je keramick\u00e1 kartu\u0161e, ta se star\u00e1 o dlouhou \u017eivotnost a spolehlivost. Sou\u010d\u00e1st\u00ed balen\u00ed je p\u0159\u00edslu\u0161enstv\u00ed pro vanov\u00e9 baterie &#8211; sprchov\u00e1 hlavice, jej\u00ed dr\u017e\u00e1k na st\u011bnu a sprchov\u00e1 hadice. Ur\u010den\u00e1 k instalaci na st\u011bnu, rozte\u010d 150 mm. Dod\u00e1v\u00e1me ve dvou [&hellip;]\" \/>\n<meta property=\"og:url\" content=\"https:\/\/www.domkraftpro.com\/index.php\/produkt\/znackovy-nastenna-vanova-baterie-decco-chrom-s-prislusenstvim-24180\/\" \/>\n<meta property=\"og:image\" content=\"https:\/\/www.domkraftpro.com\/wp-content\/uploads\/2026\/SK0007556-CZ20260425-093041-0-1777080643-nastenna-vanova-baterie-decco-chrom-s-prislusenstvim.webp\" \/>\n\t<meta property=\"og:image:width\" content=\"396\" \/>\n\t<meta property=\"og:image:height\" content=\"742\" \/>\n\t<meta property=\"og:image:type\" content=\"image\/webp\" \/>\n<meta name=\"twitter:card\" content=\"summary_large_image\" \/>\n<meta name=\"twitter:label1\" content=\"Odhadovan\u00e1 doba \u010dten\u00ed\" \/>\n\t<meta name=\"twitter:data1\" content=\"1 minuta\" \/>\n<script type=\"application\/ld+json\" class=\"yoast-schema-graph\">{\"@context\":\"https:\/\/schema.org\",\"@graph\":[{\"@type\":\"WebPage\",\"@id\":\"https:\/\/www.domkraftpro.com\/index.php\/produkt\/znackovy-nastenna-vanova-baterie-decco-chrom-s-prislusenstvim-24180\/\",\"url\":\"https:\/\/www.domkraftpro.com\/index.php\/produkt\/znackovy-nastenna-vanova-baterie-decco-chrom-s-prislusenstvim-24180\/\",\"name\":\"Zna\u010dkov\u00fd N\u00e1st\u011bnn\u00e1 vanov\u00e1 baterie DECCO Chrom s p\u0159\u00edslu\u0161enstv\u00edm -\",\"isPartOf\":{\"@id\":\"https:\/\/www.domkraftpro.com\/#website\"},\"primaryImageOfPage\":{\"@id\":\"https:\/\/www.domkraftpro.com\/index.php\/produkt\/znackovy-nastenna-vanova-baterie-decco-chrom-s-prislusenstvim-24180\/#primaryimage\"},\"image\":{\"@id\":\"https:\/\/www.domkraftpro.com\/index.php\/produkt\/znackovy-nastenna-vanova-baterie-decco-chrom-s-prislusenstvim-24180\/#primaryimage\"},\"thumbnailUrl\":\"https:\/\/www.domkraftpro.com\/wp-content\/uploads\/2026\/SK0007556-CZ20260425-093041-0-1777080643-nastenna-vanova-baterie-decco-chrom-s-prislusenstvim.webp\",\"datePublished\":\"2026-04-27T04:41:25+00:00\",\"breadcrumb\":{\"@id\":\"https:\/\/www.domkraftpro.com\/index.php\/produkt\/znackovy-nastenna-vanova-baterie-decco-chrom-s-prislusenstvim-24180\/#breadcrumb\"},\"inLanguage\":\"cs\",\"potentialAction\":[{\"@type\":\"ReadAction\",\"target\":[\"https:\/\/www.domkraftpro.com\/index.php\/produkt\/znackovy-nastenna-vanova-baterie-decco-chrom-s-prislusenstvim-24180\/\"]}]},{\"@type\":\"ImageObject\",\"inLanguage\":\"cs\",\"@id\":\"https:\/\/www.domkraftpro.com\/index.php\/produkt\/znackovy-nastenna-vanova-baterie-decco-chrom-s-prislusenstvim-24180\/#primaryimage\",\"url\":\"https:\/\/www.domkraftpro.com\/wp-content\/uploads\/2026\/SK0007556-CZ20260425-093041-0-1777080643-nastenna-vanova-baterie-decco-chrom-s-prislusenstvim.webp\",\"contentUrl\":\"https:\/\/www.domkraftpro.com\/wp-content\/uploads\/2026\/SK0007556-CZ20260425-093041-0-1777080643-nastenna-vanova-baterie-decco-chrom-s-prislusenstvim.webp\",\"width\":396,\"height\":742},{\"@type\":\"BreadcrumbList\",\"@id\":\"https:\/\/www.domkraftpro.com\/index.php\/produkt\/znackovy-nastenna-vanova-baterie-decco-chrom-s-prislusenstvim-24180\/#breadcrumb\",\"itemListElement\":[{\"@type\":\"ListItem\",\"position\":1,\"name\":\"Home\",\"item\":\"https:\/\/www.domkraftpro.com\/\"},{\"@type\":\"ListItem\",\"position\":2,\"name\":\"Products\",\"item\":\"https:\/\/www.domkraftpro.com\/index.php\/products\/\"},{\"@type\":\"ListItem\",\"position\":3,\"name\":\"Zna\u010dkov\u00fd N\u00e1st\u011bnn\u00e1 vanov\u00e1 baterie DECCO Chrom s p\u0159\u00edslu\u0161enstv\u00edm\"}]},{\"@type\":\"WebSite\",\"@id\":\"https:\/\/www.domkraftpro.com\/#website\",\"url\":\"https:\/\/www.domkraftpro.com\/\",\"name\":\"\",\"description\":\"\",\"potentialAction\":[{\"@type\":\"SearchAction\",\"target\":{\"@type\":\"EntryPoint\",\"urlTemplate\":\"https:\/\/www.domkraftpro.com\/?s={search_term_string}\"},\"query-input\":{\"@type\":\"PropertyValueSpecification\",\"valueRequired\":true,\"valueName\":\"search_term_string\"}}],\"inLanguage\":\"cs\"}]}<\/script>\n<!-- \/ Yoast SEO plugin. -->","yoast_head_json":{"title":"Zna\u010dkov\u00fd N\u00e1st\u011bnn\u00e1 vanov\u00e1 baterie DECCO Chrom s p\u0159\u00edslu\u0161enstv\u00edm -","robots":{"index":"index","follow":"follow","max-snippet":"max-snippet:-1","max-image-preview":"max-image-preview:large","max-video-preview":"max-video-preview:-1"},"canonical":"https:\/\/www.domkraftpro.com\/index.php\/produkt\/znackovy-nastenna-vanova-baterie-decco-chrom-s-prislusenstvim-24180\/","og_locale":"cs_CZ","og_type":"article","og_title":"Zna\u010dkov\u00fd N\u00e1st\u011bnn\u00e1 vanov\u00e1 baterie DECCO Chrom s p\u0159\u00edslu\u0161enstv\u00edm -","og_description":"N\u00e1st\u011bnn\u00e1 vanov\u00e1 baterie DECCO Chrom s p\u0159\u00edslu\u0161enstv\u00edm N\u00e1st\u011bnn\u00e1 vanov\u00e1 baterie DECCO z prvot\u0159\u00eddn\u00edho materi\u00e1lu. Uvnit\u0159 baterie je keramick\u00e1 kartu\u0161e, ta se star\u00e1 o dlouhou \u017eivotnost a spolehlivost. Sou\u010d\u00e1st\u00ed balen\u00ed je p\u0159\u00edslu\u0161enstv\u00ed pro vanov\u00e9 baterie &#8211; sprchov\u00e1 hlavice, jej\u00ed dr\u017e\u00e1k na st\u011bnu a sprchov\u00e1 hadice. Ur\u010den\u00e1 k instalaci na st\u011bnu, rozte\u010d 150 mm. Dod\u00e1v\u00e1me ve dvou [&hellip;]","og_url":"https:\/\/www.domkraftpro.com\/index.php\/produkt\/znackovy-nastenna-vanova-baterie-decco-chrom-s-prislusenstvim-24180\/","og_image":[{"width":396,"height":742,"url":"https:\/\/www.domkraftpro.com\/wp-content\/uploads\/2026\/SK0007556-CZ20260425-093041-0-1777080643-nastenna-vanova-baterie-decco-chrom-s-prislusenstvim.webp","type":"image\/webp"}],"twitter_card":"summary_large_image","twitter_misc":{"Odhadovan\u00e1 doba \u010dten\u00ed":"1 minuta"},"schema":{"@context":"https:\/\/schema.org","@graph":[{"@type":"WebPage","@id":"https:\/\/www.domkraftpro.com\/index.php\/produkt\/znackovy-nastenna-vanova-baterie-decco-chrom-s-prislusenstvim-24180\/","url":"https:\/\/www.domkraftpro.com\/index.php\/produkt\/znackovy-nastenna-vanova-baterie-decco-chrom-s-prislusenstvim-24180\/","name":"Zna\u010dkov\u00fd N\u00e1st\u011bnn\u00e1 vanov\u00e1 baterie DECCO Chrom s p\u0159\u00edslu\u0161enstv\u00edm -","isPartOf":{"@id":"https:\/\/www.domkraftpro.com\/#website"},"primaryImageOfPage":{"@id":"https:\/\/www.domkraftpro.com\/index.php\/produkt\/znackovy-nastenna-vanova-baterie-decco-chrom-s-prislusenstvim-24180\/#primaryimage"},"image":{"@id":"https:\/\/www.domkraftpro.com\/index.php\/produkt\/znackovy-nastenna-vanova-baterie-decco-chrom-s-prislusenstvim-24180\/#primaryimage"},"thumbnailUrl":"https:\/\/www.domkraftpro.com\/wp-content\/uploads\/2026\/SK0007556-CZ20260425-093041-0-1777080643-nastenna-vanova-baterie-decco-chrom-s-prislusenstvim.webp","datePublished":"2026-04-27T04:41:25+00:00","breadcrumb":{"@id":"https:\/\/www.domkraftpro.com\/index.php\/produkt\/znackovy-nastenna-vanova-baterie-decco-chrom-s-prislusenstvim-24180\/#breadcrumb"},"inLanguage":"cs","potentialAction":[{"@type":"ReadAction","target":["https:\/\/www.domkraftpro.com\/index.php\/produkt\/znackovy-nastenna-vanova-baterie-decco-chrom-s-prislusenstvim-24180\/"]}]},{"@type":"ImageObject","inLanguage":"cs","@id":"https:\/\/www.domkraftpro.com\/index.php\/produkt\/znackovy-nastenna-vanova-baterie-decco-chrom-s-prislusenstvim-24180\/#primaryimage","url":"https:\/\/www.domkraftpro.com\/wp-content\/uploads\/2026\/SK0007556-CZ20260425-093041-0-1777080643-nastenna-vanova-baterie-decco-chrom-s-prislusenstvim.webp","contentUrl":"https:\/\/www.domkraftpro.com\/wp-content\/uploads\/2026\/SK0007556-CZ20260425-093041-0-1777080643-nastenna-vanova-baterie-decco-chrom-s-prislusenstvim.webp","width":396,"height":742},{"@type":"BreadcrumbList","@id":"https:\/\/www.domkraftpro.com\/index.php\/produkt\/znackovy-nastenna-vanova-baterie-decco-chrom-s-prislusenstvim-24180\/#breadcrumb","itemListElement":[{"@type":"ListItem","position":1,"name":"Home","item":"https:\/\/www.domkraftpro.com\/"},{"@type":"ListItem","position":2,"name":"Products","item":"https:\/\/www.domkraftpro.com\/index.php\/products\/"},{"@type":"ListItem","position":3,"name":"Zna\u010dkov\u00fd N\u00e1st\u011bnn\u00e1 vanov\u00e1 baterie DECCO Chrom s p\u0159\u00edslu\u0161enstv\u00edm"}]},{"@type":"WebSite","@id":"https:\/\/www.domkraftpro.com\/#website","url":"https:\/\/www.domkraftpro.com\/","name":"","description":"","potentialAction":[{"@type":"SearchAction","target":{"@type":"EntryPoint","urlTemplate":"https:\/\/www.domkraftpro.com\/?s={search_term_string}"},"query-input":{"@type":"PropertyValueSpecification","valueRequired":true,"valueName":"search_term_string"}}],"inLanguage":"cs"}]}},"_links":{"self":[{"href":"https:\/\/www.domkraftpro.com\/index.php\/wp-json\/wp\/v2\/product\/24180","targetHints":{"allow":["GET"]}}],"collection":[{"href":"https:\/\/www.domkraftpro.com\/index.php\/wp-json\/wp\/v2\/product"}],"about":[{"href":"https:\/\/www.domkraftpro.com\/index.php\/wp-json\/wp\/v2\/types\/product"}],"replies":[{"embeddable":true,"href":"https:\/\/www.domkraftpro.com\/index.php\/wp-json\/wp\/v2\/comments?post=24180"}],"wp:featuredmedia":[{"embeddable":true,"href":"https:\/\/www.domkraftpro.com\/index.php\/wp-json\/wp\/v2\/media\/24280"}],"wp:attachment":[{"href":"https:\/\/www.domkraftpro.com\/index.php\/wp-json\/wp\/v2\/media?parent=24180"}],"wp:term":[{"taxonomy":"product_brand","embeddable":true,"href":"https:\/\/www.domkraftpro.com\/index.php\/wp-json\/wp\/v2\/product_brand?post=24180"},{"taxonomy":"product_cat","embeddable":true,"href":"https:\/\/www.domkraftpro.com\/index.php\/wp-json\/wp\/v2\/product_cat?post=24180"},{"taxonomy":"product_tag","embeddable":true,"href":"https:\/\/www.domkraftpro.com\/index.php\/wp-json\/wp\/v2\/product_tag?post=24180"}],"curies":[{"name":"wp","href":"https:\/\/api.w.org\/{rel}","templated":true}]}}