{"id":22384,"date":"2026-04-27T04:41:19","date_gmt":"2026-04-27T04:41:19","guid":{"rendered":""},"modified":"2026-04-27T04:41:19","modified_gmt":"2026-04-27T04:41:19","slug":"sprchova-vanicka-mexen-stone-70x180-cm-bila-mineralni-kompozit-44107018-posledni-sance-22384","status":"publish","type":"product","link":"https:\/\/www.domkraftpro.com\/index.php\/produkt\/sprchova-vanicka-mexen-stone-70x180-cm-bila-mineralni-kompozit-44107018-posledni-sance-22384\/","title":{"rendered":"Sprchov\u00e1 vani\u010dka MEXEN STONE+ 70&#215;180 cm &#8211; b\u00edl\u00e1 &#8211; miner\u00e1ln\u00ed kompozit, 44107018 Posledn\u00ed \u0160ance"},"content":{"rendered":"<div class=\"tabs__content-outer\" id=\"tab_description\" data-hash=\"description\" data-tabindex=\"-1\">\n<div class=\"tabs__content toggle_description\" id=\"content_description\">\n<div class=\"wysiwyg-content\">\n<div class=\"product__tab product__description full-width\">\n<div class=\"container\">\n<div >\n<h3>Sprchov\u00e1 vani\u010dka STONE+ 70&#215;180 cm &#8211; b\u00edl\u00e1 &#8211; miner\u00e1ln\u00ed kompozit<\/h3>\n<p><span style=\"font-family: verdana, geneva, sans-serif;\">Sprchov\u00e1 vani\u010dka kolekce STONE+ je vyrobena z kvalitn\u00edho\u00a0<strong>miner\u00e1ln\u00edho kompozitu<\/strong>, kter\u00fd je slo\u017een z uhli\u010ditanu v\u00e1penat\u00e9ho, prysky\u0159ice a gelov\u00e9ho plnidla. Materi\u00e1ly jsou za vysok\u00e9ho tlaku a teploty vytvrzov\u00e1ny. To jim dod\u00e1v\u00e1 <strong>vysokou pevnost<\/strong>, odolnost v\u016f\u010di po\u0161kr\u00e1b\u00e1n\u00ed i vysokou nosnost.\u00a0<\/span><\/p>\n<p><span style=\"font-family: verdana, geneva, sans-serif;\">Sv\u00fdm povrchov\u00fdm vzorem napodobuje kamennou vani\u010dku, ale nab\u00eddne vy\u0161\u0161\u00ed odolnost a st\u00e1lost. Vani\u010dku lze\u00a0<strong>usadit p\u0159\u00edmo na podlahu nebo do maltov\u00e9 lo\u017ee<\/strong>, p\u0159\u00edpadn\u011b <strong>zapustit<\/strong> do roviny s podlahou.\u00a0<\/span><\/p>\n<p><span style=\"font-family: verdana, geneva, sans-serif;\">Pou\u017eit\u00fd kvalitn\u00ed kompozit, s m\u0159\u00ed\u017ekovanou strukturou ze spodn\u00ed strany vani\u010dky, nab\u00edz\u00ed vysokou nosnost a\u017e 200 kg. Sifon a m\u0159\u00ed\u017eka na sifon nejsou sou\u010d\u00e1st\u00ed balen\u00ed. <\/span><\/p>\n<p><span style=\"font-family: verdana, geneva, sans-serif;\"><strong>Parametry<\/strong>:<\/span><\/p>\n<ul>\n<li style=\"font-family: verdana, geneva, sans-serif;\"><span style=\"font-family: verdana, geneva, sans-serif;\">materi\u00e1l: miner\u00e1ln\u00ed kompozit\u00a0<\/span><\/li>\n<li style=\"font-family: verdana, geneva, sans-serif;\"><span style=\"font-family: verdana, geneva, sans-serif;\">v\u00fd\u0161ka: 2,5 cm\u00a0<\/span><\/li>\n<li style=\"font-family: verdana, geneva, sans-serif;\"><span style=\"font-family: verdana, geneva, sans-serif;\">pr\u016fm\u011br odtoku: 90 mm\u00a0<\/span><\/li>\n<li style=\"font-family: verdana, geneva, sans-serif;\"><span style=\"font-family: verdana, geneva, sans-serif;\">dekorativn\u00ed krytka na sifon a sifon nejsou sou\u010d\u00e1st\u00ed balen\u00ed <\/span><\/li>\n<\/ul>\n<\/div><\/div>\n<\/p><\/div>\n<\/p><\/div>\n<\/p><\/div>\n","protected":false},"excerpt":{"rendered":"<p>Sprchov\u00e1 vani\u010dka STONE+ 70&#215;180 cm &#8211; b\u00edl\u00e1 &#8211; miner\u00e1ln\u00ed kompozit Sprchov\u00e1 vani\u010dka kolekce STONE+ je vyrobena z kvalitn\u00edho\u00a0miner\u00e1ln\u00edho kompozitu, kter\u00fd je slo\u017een z uhli\u010ditanu v\u00e1penat\u00e9ho, prysky\u0159ice a gelov\u00e9ho plnidla. Materi\u00e1ly jsou za vysok\u00e9ho tlaku a teploty vytvrzov\u00e1ny. To jim dod\u00e1v\u00e1 vysokou pevnost, odolnost v\u016f\u010di po\u0161kr\u00e1b\u00e1n\u00ed i vysokou nosnost.\u00a0 Sv\u00fdm povrchov\u00fdm vzorem napodobuje kamennou vani\u010dku, ale [&hellip;]<\/p>\n","protected":false},"featured_media":22484,"comment_status":"open","ping_status":"open","template":"","meta":[],"product_brand":[],"product_cat":[95],"product_tag":[],"class_list":{"0":"post-22384","1":"product","2":"type-product","3":"status-publish","4":"has-post-thumbnail","6":"product_cat-koupelna","8":"first","9":"instock","10":"sale","11":"shipping-taxable","12":"purchasable","13":"product-type-simple"},"yoast_head":"<!-- This site is optimized with the Yoast SEO plugin v26.8 - https:\/\/yoast.com\/product\/yoast-seo-wordpress\/ -->\n<title>Sprchov\u00e1 vani\u010dka MEXEN STONE+ 70x180 cm - b\u00edl\u00e1 - miner\u00e1ln\u00ed kompozit, 44107018 Posledn\u00ed \u0160ance -<\/title>\n<meta name=\"robots\" content=\"index, follow, max-snippet:-1, max-image-preview:large, max-video-preview:-1\" \/>\n<link rel=\"canonical\" href=\"https:\/\/www.domkraftpro.com\/index.php\/produkt\/sprchova-vanicka-mexen-stone-70x180-cm-bila-mineralni-kompozit-44107018-posledni-sance-22384\/\" \/>\n<meta property=\"og:locale\" content=\"cs_CZ\" \/>\n<meta property=\"og:type\" content=\"article\" \/>\n<meta property=\"og:title\" content=\"Sprchov\u00e1 vani\u010dka MEXEN STONE+ 70x180 cm - b\u00edl\u00e1 - miner\u00e1ln\u00ed kompozit, 44107018 Posledn\u00ed \u0160ance -\" \/>\n<meta property=\"og:description\" content=\"Sprchov\u00e1 vani\u010dka STONE+ 70&#215;180 cm &#8211; b\u00edl\u00e1 &#8211; miner\u00e1ln\u00ed kompozit Sprchov\u00e1 vani\u010dka kolekce STONE+ je vyrobena z kvalitn\u00edho\u00a0miner\u00e1ln\u00edho kompozitu, kter\u00fd je slo\u017een z uhli\u010ditanu v\u00e1penat\u00e9ho, prysky\u0159ice a gelov\u00e9ho plnidla. Materi\u00e1ly jsou za vysok\u00e9ho tlaku a teploty vytvrzov\u00e1ny. To jim dod\u00e1v\u00e1 vysokou pevnost, odolnost v\u016f\u010di po\u0161kr\u00e1b\u00e1n\u00ed i vysokou nosnost.\u00a0 Sv\u00fdm povrchov\u00fdm vzorem napodobuje kamennou vani\u010dku, ale [&hellip;]\" \/>\n<meta property=\"og:url\" content=\"https:\/\/www.domkraftpro.com\/index.php\/produkt\/sprchova-vanicka-mexen-stone-70x180-cm-bila-mineralni-kompozit-44107018-posledni-sance-22384\/\" \/>\n<meta property=\"og:image\" content=\"https:\/\/www.domkraftpro.com\/wp-content\/uploads\/2026\/SK0006640-CZ20260425-093041-0-1777080643-export_4db8-u6.webp\" \/>\n\t<meta property=\"og:image:width\" content=\"1000\" \/>\n\t<meta property=\"og:image:height\" content=\"783\" \/>\n\t<meta property=\"og:image:type\" content=\"image\/webp\" \/>\n<meta name=\"twitter:card\" content=\"summary_large_image\" \/>\n<meta name=\"twitter:label1\" content=\"Odhadovan\u00e1 doba \u010dten\u00ed\" \/>\n\t<meta name=\"twitter:data1\" content=\"1 minuta\" \/>\n<script type=\"application\/ld+json\" class=\"yoast-schema-graph\">{\"@context\":\"https:\/\/schema.org\",\"@graph\":[{\"@type\":\"WebPage\",\"@id\":\"https:\/\/www.domkraftpro.com\/index.php\/produkt\/sprchova-vanicka-mexen-stone-70x180-cm-bila-mineralni-kompozit-44107018-posledni-sance-22384\/\",\"url\":\"https:\/\/www.domkraftpro.com\/index.php\/produkt\/sprchova-vanicka-mexen-stone-70x180-cm-bila-mineralni-kompozit-44107018-posledni-sance-22384\/\",\"name\":\"Sprchov\u00e1 vani\u010dka MEXEN STONE+ 70x180 cm - b\u00edl\u00e1 - miner\u00e1ln\u00ed kompozit, 44107018 Posledn\u00ed \u0160ance -\",\"isPartOf\":{\"@id\":\"https:\/\/www.domkraftpro.com\/#website\"},\"primaryImageOfPage\":{\"@id\":\"https:\/\/www.domkraftpro.com\/index.php\/produkt\/sprchova-vanicka-mexen-stone-70x180-cm-bila-mineralni-kompozit-44107018-posledni-sance-22384\/#primaryimage\"},\"image\":{\"@id\":\"https:\/\/www.domkraftpro.com\/index.php\/produkt\/sprchova-vanicka-mexen-stone-70x180-cm-bila-mineralni-kompozit-44107018-posledni-sance-22384\/#primaryimage\"},\"thumbnailUrl\":\"https:\/\/www.domkraftpro.com\/wp-content\/uploads\/2026\/SK0006640-CZ20260425-093041-0-1777080643-export_4db8-u6.webp\",\"datePublished\":\"2026-04-27T04:41:19+00:00\",\"breadcrumb\":{\"@id\":\"https:\/\/www.domkraftpro.com\/index.php\/produkt\/sprchova-vanicka-mexen-stone-70x180-cm-bila-mineralni-kompozit-44107018-posledni-sance-22384\/#breadcrumb\"},\"inLanguage\":\"cs\",\"potentialAction\":[{\"@type\":\"ReadAction\",\"target\":[\"https:\/\/www.domkraftpro.com\/index.php\/produkt\/sprchova-vanicka-mexen-stone-70x180-cm-bila-mineralni-kompozit-44107018-posledni-sance-22384\/\"]}]},{\"@type\":\"ImageObject\",\"inLanguage\":\"cs\",\"@id\":\"https:\/\/www.domkraftpro.com\/index.php\/produkt\/sprchova-vanicka-mexen-stone-70x180-cm-bila-mineralni-kompozit-44107018-posledni-sance-22384\/#primaryimage\",\"url\":\"https:\/\/www.domkraftpro.com\/wp-content\/uploads\/2026\/SK0006640-CZ20260425-093041-0-1777080643-export_4db8-u6.webp\",\"contentUrl\":\"https:\/\/www.domkraftpro.com\/wp-content\/uploads\/2026\/SK0006640-CZ20260425-093041-0-1777080643-export_4db8-u6.webp\",\"width\":1000,\"height\":783},{\"@type\":\"BreadcrumbList\",\"@id\":\"https:\/\/www.domkraftpro.com\/index.php\/produkt\/sprchova-vanicka-mexen-stone-70x180-cm-bila-mineralni-kompozit-44107018-posledni-sance-22384\/#breadcrumb\",\"itemListElement\":[{\"@type\":\"ListItem\",\"position\":1,\"name\":\"Home\",\"item\":\"https:\/\/www.domkraftpro.com\/\"},{\"@type\":\"ListItem\",\"position\":2,\"name\":\"Products\",\"item\":\"https:\/\/www.domkraftpro.com\/index.php\/products\/\"},{\"@type\":\"ListItem\",\"position\":3,\"name\":\"Sprchov\u00e1 vani\u010dka MEXEN STONE+ 70&#215;180 cm &#8211; b\u00edl\u00e1 &#8211; miner\u00e1ln\u00ed kompozit, 44107018 Posledn\u00ed \u0160ance\"}]},{\"@type\":\"WebSite\",\"@id\":\"https:\/\/www.domkraftpro.com\/#website\",\"url\":\"https:\/\/www.domkraftpro.com\/\",\"name\":\"\",\"description\":\"\",\"potentialAction\":[{\"@type\":\"SearchAction\",\"target\":{\"@type\":\"EntryPoint\",\"urlTemplate\":\"https:\/\/www.domkraftpro.com\/?s={search_term_string}\"},\"query-input\":{\"@type\":\"PropertyValueSpecification\",\"valueRequired\":true,\"valueName\":\"search_term_string\"}}],\"inLanguage\":\"cs\"}]}<\/script>\n<!-- \/ Yoast SEO plugin. -->","yoast_head_json":{"title":"Sprchov\u00e1 vani\u010dka MEXEN STONE+ 70x180 cm - b\u00edl\u00e1 - miner\u00e1ln\u00ed kompozit, 44107018 Posledn\u00ed \u0160ance -","robots":{"index":"index","follow":"follow","max-snippet":"max-snippet:-1","max-image-preview":"max-image-preview:large","max-video-preview":"max-video-preview:-1"},"canonical":"https:\/\/www.domkraftpro.com\/index.php\/produkt\/sprchova-vanicka-mexen-stone-70x180-cm-bila-mineralni-kompozit-44107018-posledni-sance-22384\/","og_locale":"cs_CZ","og_type":"article","og_title":"Sprchov\u00e1 vani\u010dka MEXEN STONE+ 70x180 cm - b\u00edl\u00e1 - miner\u00e1ln\u00ed kompozit, 44107018 Posledn\u00ed \u0160ance -","og_description":"Sprchov\u00e1 vani\u010dka STONE+ 70&#215;180 cm &#8211; b\u00edl\u00e1 &#8211; miner\u00e1ln\u00ed kompozit Sprchov\u00e1 vani\u010dka kolekce STONE+ je vyrobena z kvalitn\u00edho\u00a0miner\u00e1ln\u00edho kompozitu, kter\u00fd je slo\u017een z uhli\u010ditanu v\u00e1penat\u00e9ho, prysky\u0159ice a gelov\u00e9ho plnidla. Materi\u00e1ly jsou za vysok\u00e9ho tlaku a teploty vytvrzov\u00e1ny. To jim dod\u00e1v\u00e1 vysokou pevnost, odolnost v\u016f\u010di po\u0161kr\u00e1b\u00e1n\u00ed i vysokou nosnost.\u00a0 Sv\u00fdm povrchov\u00fdm vzorem napodobuje kamennou vani\u010dku, ale [&hellip;]","og_url":"https:\/\/www.domkraftpro.com\/index.php\/produkt\/sprchova-vanicka-mexen-stone-70x180-cm-bila-mineralni-kompozit-44107018-posledni-sance-22384\/","og_image":[{"width":1000,"height":783,"url":"https:\/\/www.domkraftpro.com\/wp-content\/uploads\/2026\/SK0006640-CZ20260425-093041-0-1777080643-export_4db8-u6.webp","type":"image\/webp"}],"twitter_card":"summary_large_image","twitter_misc":{"Odhadovan\u00e1 doba \u010dten\u00ed":"1 minuta"},"schema":{"@context":"https:\/\/schema.org","@graph":[{"@type":"WebPage","@id":"https:\/\/www.domkraftpro.com\/index.php\/produkt\/sprchova-vanicka-mexen-stone-70x180-cm-bila-mineralni-kompozit-44107018-posledni-sance-22384\/","url":"https:\/\/www.domkraftpro.com\/index.php\/produkt\/sprchova-vanicka-mexen-stone-70x180-cm-bila-mineralni-kompozit-44107018-posledni-sance-22384\/","name":"Sprchov\u00e1 vani\u010dka MEXEN STONE+ 70x180 cm - b\u00edl\u00e1 - miner\u00e1ln\u00ed kompozit, 44107018 Posledn\u00ed \u0160ance -","isPartOf":{"@id":"https:\/\/www.domkraftpro.com\/#website"},"primaryImageOfPage":{"@id":"https:\/\/www.domkraftpro.com\/index.php\/produkt\/sprchova-vanicka-mexen-stone-70x180-cm-bila-mineralni-kompozit-44107018-posledni-sance-22384\/#primaryimage"},"image":{"@id":"https:\/\/www.domkraftpro.com\/index.php\/produkt\/sprchova-vanicka-mexen-stone-70x180-cm-bila-mineralni-kompozit-44107018-posledni-sance-22384\/#primaryimage"},"thumbnailUrl":"https:\/\/www.domkraftpro.com\/wp-content\/uploads\/2026\/SK0006640-CZ20260425-093041-0-1777080643-export_4db8-u6.webp","datePublished":"2026-04-27T04:41:19+00:00","breadcrumb":{"@id":"https:\/\/www.domkraftpro.com\/index.php\/produkt\/sprchova-vanicka-mexen-stone-70x180-cm-bila-mineralni-kompozit-44107018-posledni-sance-22384\/#breadcrumb"},"inLanguage":"cs","potentialAction":[{"@type":"ReadAction","target":["https:\/\/www.domkraftpro.com\/index.php\/produkt\/sprchova-vanicka-mexen-stone-70x180-cm-bila-mineralni-kompozit-44107018-posledni-sance-22384\/"]}]},{"@type":"ImageObject","inLanguage":"cs","@id":"https:\/\/www.domkraftpro.com\/index.php\/produkt\/sprchova-vanicka-mexen-stone-70x180-cm-bila-mineralni-kompozit-44107018-posledni-sance-22384\/#primaryimage","url":"https:\/\/www.domkraftpro.com\/wp-content\/uploads\/2026\/SK0006640-CZ20260425-093041-0-1777080643-export_4db8-u6.webp","contentUrl":"https:\/\/www.domkraftpro.com\/wp-content\/uploads\/2026\/SK0006640-CZ20260425-093041-0-1777080643-export_4db8-u6.webp","width":1000,"height":783},{"@type":"BreadcrumbList","@id":"https:\/\/www.domkraftpro.com\/index.php\/produkt\/sprchova-vanicka-mexen-stone-70x180-cm-bila-mineralni-kompozit-44107018-posledni-sance-22384\/#breadcrumb","itemListElement":[{"@type":"ListItem","position":1,"name":"Home","item":"https:\/\/www.domkraftpro.com\/"},{"@type":"ListItem","position":2,"name":"Products","item":"https:\/\/www.domkraftpro.com\/index.php\/products\/"},{"@type":"ListItem","position":3,"name":"Sprchov\u00e1 vani\u010dka MEXEN STONE+ 70&#215;180 cm &#8211; b\u00edl\u00e1 &#8211; miner\u00e1ln\u00ed kompozit, 44107018 Posledn\u00ed \u0160ance"}]},{"@type":"WebSite","@id":"https:\/\/www.domkraftpro.com\/#website","url":"https:\/\/www.domkraftpro.com\/","name":"","description":"","potentialAction":[{"@type":"SearchAction","target":{"@type":"EntryPoint","urlTemplate":"https:\/\/www.domkraftpro.com\/?s={search_term_string}"},"query-input":{"@type":"PropertyValueSpecification","valueRequired":true,"valueName":"search_term_string"}}],"inLanguage":"cs"}]}},"_links":{"self":[{"href":"https:\/\/www.domkraftpro.com\/index.php\/wp-json\/wp\/v2\/product\/22384","targetHints":{"allow":["GET"]}}],"collection":[{"href":"https:\/\/www.domkraftpro.com\/index.php\/wp-json\/wp\/v2\/product"}],"about":[{"href":"https:\/\/www.domkraftpro.com\/index.php\/wp-json\/wp\/v2\/types\/product"}],"replies":[{"embeddable":true,"href":"https:\/\/www.domkraftpro.com\/index.php\/wp-json\/wp\/v2\/comments?post=22384"}],"wp:featuredmedia":[{"embeddable":true,"href":"https:\/\/www.domkraftpro.com\/index.php\/wp-json\/wp\/v2\/media\/22484"}],"wp:attachment":[{"href":"https:\/\/www.domkraftpro.com\/index.php\/wp-json\/wp\/v2\/media?parent=22384"}],"wp:term":[{"taxonomy":"product_brand","embeddable":true,"href":"https:\/\/www.domkraftpro.com\/index.php\/wp-json\/wp\/v2\/product_brand?post=22384"},{"taxonomy":"product_cat","embeddable":true,"href":"https:\/\/www.domkraftpro.com\/index.php\/wp-json\/wp\/v2\/product_cat?post=22384"},{"taxonomy":"product_tag","embeddable":true,"href":"https:\/\/www.domkraftpro.com\/index.php\/wp-json\/wp\/v2\/product_tag?post=22384"}],"curies":[{"name":"wp","href":"https:\/\/api.w.org\/{rel}","templated":true}]}}