{"id":22377,"date":"2026-04-27T04:41:19","date_gmt":"2026-04-27T04:41:19","guid":{"rendered":""},"modified":"2026-04-27T04:41:19","modified_gmt":"2026-04-27T04:41:19","slug":"tovarni-cena-gedy-pirenei-hacek-baleni-2-ks-chrom-pi2713-22377","status":"publish","type":"product","link":"https:\/\/www.domkraftpro.com\/index.php\/produkt\/tovarni-cena-gedy-pirenei-hacek-baleni-2-ks-chrom-pi2713-22377\/","title":{"rendered":"Tov\u00e1rn\u00ed Cena Gedy PIRENEI h\u00e1\u010dek, balen\u00ed 2 ks, chrom PI2713"},"content":{"rendered":"<div class=\"tabs__content-outer\" id=\"tab_description\" data-hash=\"description\" data-tabindex=\"-1\">\n<div class=\"tabs__content toggle_description\" id=\"content_description\">\n<div class=\"wysiwyg-content\">\n<div class=\"product__tab product__description full-width\">\n<div class=\"container\">\n<div >\n<h3>Gedy PIRENEI h\u00e1\u010dek, balen\u00ed 2 ks, chrom PI2713<\/h3>\n<p style=\"text-align: justify;\">Snad inspirov\u00e1n pohledem na kr\u00e1su Pyrenej\u00ed navrhl design\u00e9r s\u00e9rii dopl\u0148k\u016f PIRENEI. Masivn\u00ed z\u00e1kladna, kombinace p\u0159\u00edm\u00fdch lini\u00ed a zaoblen\u00fdch hran je spojen\u00edm elegance a majest\u00e1tnosti. Na v\u00fdb\u011br jsou dopl\u0148ky v proveden\u00ed v chromov\u00e9, matn\u00e9 \u010dern\u00e9, matn\u00e9 b\u00edl\u00e9, zlat\u00e9 a matn\u00e9 zlat\u00e9 variant\u011b.<\/p>\n<p><\/p>\n<p><b>Vlastnosti<\/b><\/p>\n<ul>\n<li><span>Materi\u00e1l:<\/span> Slitina<\/li>\n<li><span>Barva:<\/span> St\u0159\u00edbrn\u00e1<\/li>\n<li><span>Instalace:<\/span> Vrt\u00e1n\u00ed<\/li>\n<li><span>Tvar:<\/span> Hranat\u00e9<\/li>\n<li><span>Rozm\u011br:<\/span> 20x53x33 mm<\/li>\n<li><span>Druh:<\/span> H\u00e1\u010dek<\/li>\n<li><span>\u0160\u00ed\u0159ka:<\/span> 20 mm<\/li>\n<li><span>V\u00fd\u0161ka:<\/span> 53 mm<\/li>\n<li><span>Hloubka:<\/span> 33 mm<\/li>\n<\/ul>\n<\/div><\/div>\n<\/p><\/div>\n<\/p><\/div>\n<\/p><\/div>\n","protected":false},"excerpt":{"rendered":"<p>Gedy PIRENEI h\u00e1\u010dek, balen\u00ed 2 ks, chrom PI2713 Snad inspirov\u00e1n pohledem na kr\u00e1su Pyrenej\u00ed navrhl design\u00e9r s\u00e9rii dopl\u0148k\u016f PIRENEI. Masivn\u00ed z\u00e1kladna, kombinace p\u0159\u00edm\u00fdch lini\u00ed a zaoblen\u00fdch hran je spojen\u00edm elegance a majest\u00e1tnosti. Na v\u00fdb\u011br jsou dopl\u0148ky v proveden\u00ed v chromov\u00e9, matn\u00e9 \u010dern\u00e9, matn\u00e9 b\u00edl\u00e9, zlat\u00e9 a matn\u00e9 zlat\u00e9 variant\u011b. Vlastnosti Materi\u00e1l: Slitina Barva: St\u0159\u00edbrn\u00e1 Instalace: [&hellip;]<\/p>\n","protected":false},"featured_media":22477,"comment_status":"open","ping_status":"open","template":"","meta":[],"product_brand":[],"product_cat":[95],"product_tag":[],"class_list":{"0":"post-22377","1":"product","2":"type-product","3":"status-publish","4":"has-post-thumbnail","6":"product_cat-koupelna","8":"first","9":"instock","10":"sale","11":"shipping-taxable","12":"purchasable","13":"product-type-simple"},"yoast_head":"<!-- This site is optimized with the Yoast SEO plugin v26.8 - https:\/\/yoast.com\/product\/yoast-seo-wordpress\/ -->\n<title>Tov\u00e1rn\u00ed Cena Gedy PIRENEI h\u00e1\u010dek, balen\u00ed 2 ks, chrom PI2713 -<\/title>\n<meta name=\"robots\" content=\"index, follow, max-snippet:-1, max-image-preview:large, max-video-preview:-1\" \/>\n<link rel=\"canonical\" href=\"https:\/\/www.domkraftpro.com\/index.php\/produkt\/tovarni-cena-gedy-pirenei-hacek-baleni-2-ks-chrom-pi2713-22377\/\" \/>\n<meta property=\"og:locale\" content=\"cs_CZ\" \/>\n<meta property=\"og:type\" content=\"article\" \/>\n<meta property=\"og:title\" content=\"Tov\u00e1rn\u00ed Cena Gedy PIRENEI h\u00e1\u010dek, balen\u00ed 2 ks, chrom PI2713 -\" \/>\n<meta property=\"og:description\" content=\"Gedy PIRENEI h\u00e1\u010dek, balen\u00ed 2 ks, chrom PI2713 Snad inspirov\u00e1n pohledem na kr\u00e1su Pyrenej\u00ed navrhl design\u00e9r s\u00e9rii dopl\u0148k\u016f PIRENEI. Masivn\u00ed z\u00e1kladna, kombinace p\u0159\u00edm\u00fdch lini\u00ed a zaoblen\u00fdch hran je spojen\u00edm elegance a majest\u00e1tnosti. Na v\u00fdb\u011br jsou dopl\u0148ky v proveden\u00ed v chromov\u00e9, matn\u00e9 \u010dern\u00e9, matn\u00e9 b\u00edl\u00e9, zlat\u00e9 a matn\u00e9 zlat\u00e9 variant\u011b. Vlastnosti Materi\u00e1l: Slitina Barva: St\u0159\u00edbrn\u00e1 Instalace: [&hellip;]\" \/>\n<meta property=\"og:url\" content=\"https:\/\/www.domkraftpro.com\/index.php\/produkt\/tovarni-cena-gedy-pirenei-hacek-baleni-2-ks-chrom-pi2713-22377\/\" \/>\n<meta property=\"og:image\" content=\"https:\/\/www.domkraftpro.com\/wp-content\/uploads\/2026\/SK0006632-CZ20260425-093041-0-1777080643-30ce3942975aaced08c33921343c49af.webp\" \/>\n\t<meta property=\"og:image:width\" content=\"700\" \/>\n\t<meta property=\"og:image:height\" content=\"600\" \/>\n\t<meta property=\"og:image:type\" content=\"image\/webp\" \/>\n<meta name=\"twitter:card\" content=\"summary_large_image\" \/>\n<script type=\"application\/ld+json\" class=\"yoast-schema-graph\">{\"@context\":\"https:\/\/schema.org\",\"@graph\":[{\"@type\":\"WebPage\",\"@id\":\"https:\/\/www.domkraftpro.com\/index.php\/produkt\/tovarni-cena-gedy-pirenei-hacek-baleni-2-ks-chrom-pi2713-22377\/\",\"url\":\"https:\/\/www.domkraftpro.com\/index.php\/produkt\/tovarni-cena-gedy-pirenei-hacek-baleni-2-ks-chrom-pi2713-22377\/\",\"name\":\"Tov\u00e1rn\u00ed Cena Gedy PIRENEI h\u00e1\u010dek, balen\u00ed 2 ks, chrom PI2713 -\",\"isPartOf\":{\"@id\":\"https:\/\/www.domkraftpro.com\/#website\"},\"primaryImageOfPage\":{\"@id\":\"https:\/\/www.domkraftpro.com\/index.php\/produkt\/tovarni-cena-gedy-pirenei-hacek-baleni-2-ks-chrom-pi2713-22377\/#primaryimage\"},\"image\":{\"@id\":\"https:\/\/www.domkraftpro.com\/index.php\/produkt\/tovarni-cena-gedy-pirenei-hacek-baleni-2-ks-chrom-pi2713-22377\/#primaryimage\"},\"thumbnailUrl\":\"https:\/\/www.domkraftpro.com\/wp-content\/uploads\/2026\/SK0006632-CZ20260425-093041-0-1777080643-30ce3942975aaced08c33921343c49af.webp\",\"datePublished\":\"2026-04-27T04:41:19+00:00\",\"breadcrumb\":{\"@id\":\"https:\/\/www.domkraftpro.com\/index.php\/produkt\/tovarni-cena-gedy-pirenei-hacek-baleni-2-ks-chrom-pi2713-22377\/#breadcrumb\"},\"inLanguage\":\"cs\",\"potentialAction\":[{\"@type\":\"ReadAction\",\"target\":[\"https:\/\/www.domkraftpro.com\/index.php\/produkt\/tovarni-cena-gedy-pirenei-hacek-baleni-2-ks-chrom-pi2713-22377\/\"]}]},{\"@type\":\"ImageObject\",\"inLanguage\":\"cs\",\"@id\":\"https:\/\/www.domkraftpro.com\/index.php\/produkt\/tovarni-cena-gedy-pirenei-hacek-baleni-2-ks-chrom-pi2713-22377\/#primaryimage\",\"url\":\"https:\/\/www.domkraftpro.com\/wp-content\/uploads\/2026\/SK0006632-CZ20260425-093041-0-1777080643-30ce3942975aaced08c33921343c49af.webp\",\"contentUrl\":\"https:\/\/www.domkraftpro.com\/wp-content\/uploads\/2026\/SK0006632-CZ20260425-093041-0-1777080643-30ce3942975aaced08c33921343c49af.webp\",\"width\":700,\"height\":600},{\"@type\":\"BreadcrumbList\",\"@id\":\"https:\/\/www.domkraftpro.com\/index.php\/produkt\/tovarni-cena-gedy-pirenei-hacek-baleni-2-ks-chrom-pi2713-22377\/#breadcrumb\",\"itemListElement\":[{\"@type\":\"ListItem\",\"position\":1,\"name\":\"Home\",\"item\":\"https:\/\/www.domkraftpro.com\/\"},{\"@type\":\"ListItem\",\"position\":2,\"name\":\"Products\",\"item\":\"https:\/\/www.domkraftpro.com\/index.php\/products\/\"},{\"@type\":\"ListItem\",\"position\":3,\"name\":\"Tov\u00e1rn\u00ed Cena Gedy PIRENEI h\u00e1\u010dek, balen\u00ed 2 ks, chrom PI2713\"}]},{\"@type\":\"WebSite\",\"@id\":\"https:\/\/www.domkraftpro.com\/#website\",\"url\":\"https:\/\/www.domkraftpro.com\/\",\"name\":\"\",\"description\":\"\",\"potentialAction\":[{\"@type\":\"SearchAction\",\"target\":{\"@type\":\"EntryPoint\",\"urlTemplate\":\"https:\/\/www.domkraftpro.com\/?s={search_term_string}\"},\"query-input\":{\"@type\":\"PropertyValueSpecification\",\"valueRequired\":true,\"valueName\":\"search_term_string\"}}],\"inLanguage\":\"cs\"}]}<\/script>\n<!-- \/ Yoast SEO plugin. -->","yoast_head_json":{"title":"Tov\u00e1rn\u00ed Cena Gedy PIRENEI h\u00e1\u010dek, balen\u00ed 2 ks, chrom PI2713 -","robots":{"index":"index","follow":"follow","max-snippet":"max-snippet:-1","max-image-preview":"max-image-preview:large","max-video-preview":"max-video-preview:-1"},"canonical":"https:\/\/www.domkraftpro.com\/index.php\/produkt\/tovarni-cena-gedy-pirenei-hacek-baleni-2-ks-chrom-pi2713-22377\/","og_locale":"cs_CZ","og_type":"article","og_title":"Tov\u00e1rn\u00ed Cena Gedy PIRENEI h\u00e1\u010dek, balen\u00ed 2 ks, chrom PI2713 -","og_description":"Gedy PIRENEI h\u00e1\u010dek, balen\u00ed 2 ks, chrom PI2713 Snad inspirov\u00e1n pohledem na kr\u00e1su Pyrenej\u00ed navrhl design\u00e9r s\u00e9rii dopl\u0148k\u016f PIRENEI. Masivn\u00ed z\u00e1kladna, kombinace p\u0159\u00edm\u00fdch lini\u00ed a zaoblen\u00fdch hran je spojen\u00edm elegance a majest\u00e1tnosti. Na v\u00fdb\u011br jsou dopl\u0148ky v proveden\u00ed v chromov\u00e9, matn\u00e9 \u010dern\u00e9, matn\u00e9 b\u00edl\u00e9, zlat\u00e9 a matn\u00e9 zlat\u00e9 variant\u011b. Vlastnosti Materi\u00e1l: Slitina Barva: St\u0159\u00edbrn\u00e1 Instalace: [&hellip;]","og_url":"https:\/\/www.domkraftpro.com\/index.php\/produkt\/tovarni-cena-gedy-pirenei-hacek-baleni-2-ks-chrom-pi2713-22377\/","og_image":[{"width":700,"height":600,"url":"https:\/\/www.domkraftpro.com\/wp-content\/uploads\/2026\/SK0006632-CZ20260425-093041-0-1777080643-30ce3942975aaced08c33921343c49af.webp","type":"image\/webp"}],"twitter_card":"summary_large_image","schema":{"@context":"https:\/\/schema.org","@graph":[{"@type":"WebPage","@id":"https:\/\/www.domkraftpro.com\/index.php\/produkt\/tovarni-cena-gedy-pirenei-hacek-baleni-2-ks-chrom-pi2713-22377\/","url":"https:\/\/www.domkraftpro.com\/index.php\/produkt\/tovarni-cena-gedy-pirenei-hacek-baleni-2-ks-chrom-pi2713-22377\/","name":"Tov\u00e1rn\u00ed Cena Gedy PIRENEI h\u00e1\u010dek, balen\u00ed 2 ks, chrom PI2713 -","isPartOf":{"@id":"https:\/\/www.domkraftpro.com\/#website"},"primaryImageOfPage":{"@id":"https:\/\/www.domkraftpro.com\/index.php\/produkt\/tovarni-cena-gedy-pirenei-hacek-baleni-2-ks-chrom-pi2713-22377\/#primaryimage"},"image":{"@id":"https:\/\/www.domkraftpro.com\/index.php\/produkt\/tovarni-cena-gedy-pirenei-hacek-baleni-2-ks-chrom-pi2713-22377\/#primaryimage"},"thumbnailUrl":"https:\/\/www.domkraftpro.com\/wp-content\/uploads\/2026\/SK0006632-CZ20260425-093041-0-1777080643-30ce3942975aaced08c33921343c49af.webp","datePublished":"2026-04-27T04:41:19+00:00","breadcrumb":{"@id":"https:\/\/www.domkraftpro.com\/index.php\/produkt\/tovarni-cena-gedy-pirenei-hacek-baleni-2-ks-chrom-pi2713-22377\/#breadcrumb"},"inLanguage":"cs","potentialAction":[{"@type":"ReadAction","target":["https:\/\/www.domkraftpro.com\/index.php\/produkt\/tovarni-cena-gedy-pirenei-hacek-baleni-2-ks-chrom-pi2713-22377\/"]}]},{"@type":"ImageObject","inLanguage":"cs","@id":"https:\/\/www.domkraftpro.com\/index.php\/produkt\/tovarni-cena-gedy-pirenei-hacek-baleni-2-ks-chrom-pi2713-22377\/#primaryimage","url":"https:\/\/www.domkraftpro.com\/wp-content\/uploads\/2026\/SK0006632-CZ20260425-093041-0-1777080643-30ce3942975aaced08c33921343c49af.webp","contentUrl":"https:\/\/www.domkraftpro.com\/wp-content\/uploads\/2026\/SK0006632-CZ20260425-093041-0-1777080643-30ce3942975aaced08c33921343c49af.webp","width":700,"height":600},{"@type":"BreadcrumbList","@id":"https:\/\/www.domkraftpro.com\/index.php\/produkt\/tovarni-cena-gedy-pirenei-hacek-baleni-2-ks-chrom-pi2713-22377\/#breadcrumb","itemListElement":[{"@type":"ListItem","position":1,"name":"Home","item":"https:\/\/www.domkraftpro.com\/"},{"@type":"ListItem","position":2,"name":"Products","item":"https:\/\/www.domkraftpro.com\/index.php\/products\/"},{"@type":"ListItem","position":3,"name":"Tov\u00e1rn\u00ed Cena Gedy PIRENEI h\u00e1\u010dek, balen\u00ed 2 ks, chrom PI2713"}]},{"@type":"WebSite","@id":"https:\/\/www.domkraftpro.com\/#website","url":"https:\/\/www.domkraftpro.com\/","name":"","description":"","potentialAction":[{"@type":"SearchAction","target":{"@type":"EntryPoint","urlTemplate":"https:\/\/www.domkraftpro.com\/?s={search_term_string}"},"query-input":{"@type":"PropertyValueSpecification","valueRequired":true,"valueName":"search_term_string"}}],"inLanguage":"cs"}]}},"_links":{"self":[{"href":"https:\/\/www.domkraftpro.com\/index.php\/wp-json\/wp\/v2\/product\/22377","targetHints":{"allow":["GET"]}}],"collection":[{"href":"https:\/\/www.domkraftpro.com\/index.php\/wp-json\/wp\/v2\/product"}],"about":[{"href":"https:\/\/www.domkraftpro.com\/index.php\/wp-json\/wp\/v2\/types\/product"}],"replies":[{"embeddable":true,"href":"https:\/\/www.domkraftpro.com\/index.php\/wp-json\/wp\/v2\/comments?post=22377"}],"wp:featuredmedia":[{"embeddable":true,"href":"https:\/\/www.domkraftpro.com\/index.php\/wp-json\/wp\/v2\/media\/22477"}],"wp:attachment":[{"href":"https:\/\/www.domkraftpro.com\/index.php\/wp-json\/wp\/v2\/media?parent=22377"}],"wp:term":[{"taxonomy":"product_brand","embeddable":true,"href":"https:\/\/www.domkraftpro.com\/index.php\/wp-json\/wp\/v2\/product_brand?post=22377"},{"taxonomy":"product_cat","embeddable":true,"href":"https:\/\/www.domkraftpro.com\/index.php\/wp-json\/wp\/v2\/product_cat?post=22377"},{"taxonomy":"product_tag","embeddable":true,"href":"https:\/\/www.domkraftpro.com\/index.php\/wp-json\/wp\/v2\/product_tag?post=22377"}],"curies":[{"name":"wp","href":"https:\/\/api.w.org\/{rel}","templated":true}]}}