{"id":21320,"date":"2026-04-27T04:41:17","date_gmt":"2026-04-27T04:41:17","guid":{"rendered":""},"modified":"2026-04-27T04:41:17","modified_gmt":"2026-04-27T04:41:17","slug":"znackovy-ivar-cs-termostaticky-ventil-ivar-vd-2101-n-primy-dvouregulacni-s-prednastavenim-21320","status":"publish","type":"product","link":"https:\/\/www.domkraftpro.com\/index.php\/produkt\/znackovy-ivar-cs-termostaticky-ventil-ivar-vd-2101-n-primy-dvouregulacni-s-prednastavenim-21320\/","title":{"rendered":"Zna\u010dkov\u00fd Ivar CS Termostatick\u00fd ventil IVAR.VD 2101 N p\u0159\u00edm\u00fd dvouregula\u010dn\u00ed s p\u0159ednastaven\u00edm"},"content":{"rendered":"<div class=\"ProductDetail-content NoFixImageContainer\" id=\"productDescription\">\n<div class=\"Heading\">\n<h2 class=\"Heading-title\">Popis produktu <span class=''>Ivar CS Termostatick\u00fd ventil IVAR.VD 2101 N p\u0159\u00edm\u00fd dvouregula\u010dn\u00ed s p\u0159ednastaven\u00edm<\/span><\/h2>\n<\/p><\/div>\n<div class=\"ProductDetailContent\">\n<p><span style=\"font-size:16px\">Termostatick\u00fd ventil dvouregula\u010dn\u00ed pro p\u0159ipojen\u00ed otopn\u00fdch t\u011bles umo\u017e\u0148uje omezen\u00ed pr\u016ftoku vody otopn\u00fdm t\u011blesem nebo jeho \u00fapln\u00e9 uzav\u0159en\u00ed. Pro ovl\u00e1d\u00e1n\u00ed ventilu lze pou\u017e\u00edt hlavici ru\u010dn\u00ed, termostatickou nebo elektrotermickou, kter\u00e1 zaji\u0161\u0165uje nez\u00e1vislou regulaci teploty v jednotliv\u00fdch m\u00edstnostech, maxim\u00e1ln\u00ed u\u017eivatelsk\u00fd komfort a zna\u010dn\u00e9 \u00faspory podle po\u017eadavk\u016f n\u00e1rodn\u00edch nebo mezin\u00e1rodn\u00edch p\u0159edpis\u016f. Kalibrovan\u00fdmi otvory v regula\u010dn\u00ed clon\u011b ku\u017eelky lze nastavit \u0161est r\u016fzn\u00fdch Kv hodnot jmenovit\u00e9ho pr\u016ftoku odpov\u00eddaj\u00edc\u00edch pln\u011b otev\u0159en\u00e9mu venti<\/span>lu.<\/p>\n<ul>\n<li><span style=\"font-size:16px\"><span style=\"font-family:sans-serif\">Umo\u017e\u0148uje regulaci pr\u016ftoku vody otopn\u00fdm t\u011blesem nebo jeho \u00fapln\u00e9 uzav\u0159en\u00ed.<\/span><\/span><\/li>\n<li><span style=\"font-size:16px\"><span style=\"font-family:sans-serif\">Pro<\/span><span style=\"font-family:sans-serif\"> <\/span><span style=\"font-family:sans-serif\">ovl\u00e1d\u00e1n\u00ed<\/span><span style=\"font-family:sans-serif\"> <\/span><span style=\"font-family:sans-serif\">termostatick\u00e9ho<\/span><span style=\"font-family:sans-serif\"> <\/span><span style=\"font-family:sans-serif\">ventilu<\/span><span style=\"font-family:sans-serif\"> <\/span><span style=\"font-family:sans-serif\">lze<\/span><span style=\"font-family:sans-serif\"> <\/span><span style=\"font-family:sans-serif\">pou\u017e\u00edt<\/span><span style=\"font-family:sans-serif\"> <\/span><span style=\"font-family:sans-serif\">hlavici<\/span><span style=\"font-family:sans-serif\"> <\/span><span style=\"font-family:sans-serif\">ru\u010dn\u00ed,<\/span><span style=\"font-family:sans-serif\"> <\/span><span style=\"font-family:sans-serif\">termostatickou<\/span><span style=\"font-family:sans-serif\"> <\/span><span style=\"font-family:sans-serif\">nebo<\/span><span style=\"font-family:sans-serif\"> elektrotermickou,<\/span><span style=\"font-family:sans-serif\"> <\/span><span style=\"font-family:sans-serif\">kter\u00e9<\/span><span style=\"font-family:sans-serif\"> <\/span><span style=\"font-family:sans-serif\">zaji\u0161\u0165uj\u00ed<\/span><span style=\"font-family:sans-serif\"> <\/span><span style=\"font-family:sans-serif\">nez\u00e1vislou regulaci<\/span><span style=\"font-family:sans-serif\"> <\/span><span style=\"font-family:sans-serif\">teploty v<\/span><span style=\"font-family:sans-serif\"> <\/span><span style=\"font-family:sans-serif\">jednotliv\u00fdch<\/span><span style=\"font-family:sans-serif\"> <\/span><span style=\"font-family:sans-serif\">m\u00edstnostech,<\/span><span style=\"font-family:sans-serif\"> maxim\u00e1ln\u00ed<\/span><span style=\"font-family:sans-serif\"> <\/span><span style=\"font-family:sans-serif\">u\u017eivatelsk\u00fd<\/span><span style=\"font-family:sans-serif\"> <\/span><span style=\"font-family:sans-serif\">komfort<\/span><span style=\"font-family:sans-serif\"> <\/span><span style=\"font-family:sans-serif\">a<\/span><span style=\"font-family:sans-serif\"> <\/span><span style=\"font-family:sans-serif\">zna\u010dn\u00e9<\/span><span style=\"font-family:sans-serif\"> <\/span><span style=\"font-family:sans-serif\">\u00faspory<\/span><span style=\"font-family:sans-serif\"> <\/span><span style=\"font-family:sans-serif\">podle<\/span><span style=\"font-family:sans-serif\"> <\/span><span style=\"font-family:sans-serif\">po\u017eadavk\u016f<\/span><span style=\"font-family:sans-serif\"> <\/span><span style=\"font-family:sans-serif\">n\u00e1rod<\/span><span style=\"font-family:sans-serif\">n\u00edch<\/span><span style=\"font-family:sans-serif\"> <\/span><span style=\"font-family:sans-serif\">nebo<\/span><span style=\"font-family:sans-serif\"> mezin\u00e1rodn\u00edch p\u0159edpis\u016f.<\/span><\/span><\/li>\n<li><span style=\"font-size:16px\"><span style=\"font-family:sans-serif\">Kalibrovan\u00fdmi<\/span><span style=\"font-family:sans-serif\"> <\/span><span style=\"font-family:sans-serif\">otvory<\/span><span style=\"font-family:sans-serif\"> <\/span><span style=\"font-family:sans-serif\">v<\/span><span style=\"font-family:sans-serif\"> <\/span><span style=\"font-family:sans-serif\">regula\u010dn\u00ed<\/span><span style=\"font-family:sans-serif\"> <\/span><span style=\"font-family:sans-serif\">clon\u011b<\/span><span style=\"font-family:sans-serif\"> <\/span><span style=\"font-family:sans-serif\">ku\u017eelky<\/span><span style=\"font-family:sans-serif\"> <\/span><span style=\"font-family:sans-serif\">lze<\/span><span style=\"font-family:sans-serif\"> <\/span><span style=\"font-family:sans-serif\">nastavit<\/span><span style=\"font-family:sans-serif\"> <\/span><span style=\"font-family:sans-serif\">\u0161est<\/span><span style=\"font-family:sans-serif\"> <\/span><span style=\"font-family:sans-serif\">r\u016fzn\u00fdch<\/span><span style=\"font-family:sans-serif\"> <\/span><span style=\"font-family:sans-serif\">Kv<\/span><span style=\"font-family:sans-serif\"> <\/span><span style=\"font-family:sans-serif\">hodnot<\/span><span style=\"font-family:sans-serif\"> jmenovit\u00e9ho pr\u016ftoku odpov\u00eddaj\u00ed<\/span><span style=\"font-family:sans-serif\">c\u00edm<\/span><span style=\"font-family:sans-serif\"> <\/span><span style=\"font-family:sans-serif\">pln\u011b otev\u0159en\u00e9mu ventilu.<\/span><\/span><\/li>\n<li><span style=\"font-size:16px\"><span style=\"font-family:sans-serif\">V\u00fdm\u011bnn\u00e1 vlo\u017eka termostatick\u00e9ho ventilu IVAR.VTT 03 N.<\/span><\/span><\/li>\n<li><span style=\"font-size:16px\"><span style=\"font-family:sans-serif\">Ochrann\u00e1 krytka br\u00e1n\u00ed po\u0161kozen\u00ed o<\/span><span style=\"font-family:sans-serif\">vl\u00e1dac\u00ed h\u0159\u00eddele a umo\u017e\u0148uje pln\u00e9 uzav\u0159en\u00ed<\/span><span style=\"font-family:sans-serif\"> <\/span><span style=\"font-family:sans-serif\">ventilu.<\/span><\/span><\/li>\n<li><span style=\"font-size:16px\"><span style=\"font-family:sans-serif\">K p\u0159ipojen\u00ed na ocelov\u00e9 potrub\u00ed.<\/span><\/span><\/li>\n<li><span style=\"font-size:16px\"><span style=\"font-family:sans-serif\">Proveden\u00ed z\u00e1vit\u016f v<\/span><span style=\"font-family:sans-serif\"> <\/span><span style=\"font-family:sans-serif\">souladu s<\/span><span style=\"font-family:sans-serif\"> <\/span><span style=\"font-family:sans-serif\">ISO 228\/1 na stran\u011b p\u0159ipojen\u00ed na rozvod a s<\/span><span style=\"font-family:sans-serif\"> <\/span><span style=\"font-family:sans-serif\">UNI EN 10226-1<\/span><span style=\"font-family:sans-serif\"> na stran\u011b p\u0159ipojen\u00ed t\u011blesa.<\/span><\/span><\/li>\n<li><span style=\"font-size:16px\"><span style=\"font-family:sans-serif\">Certifikace dle \u010cSN EN 215.<\/span><\/span><\/li>\n<li><span style=\"font-size:16px\"><strong>PN 10, T = +120 \u00b0C<\/strong><\/span><\/li>\n<li><span style=\"font-size:16px\">P\u0159ednastaviteln\u00e1 hodnota Kv, k napojen\u00ed na ocelov\u00e9 potrub\u00ed<\/span><\/li>\n<li><span style=\"font-size:16px\">P\u0159ipojovac\u00ed&nbsp;rozm\u011br hlavice M 30 x 1,5<\/span><\/li>\n<li><span style=\"font-size:16px\">Materi\u00e1l niklovan\u00e1 mosaz CW617N<\/span><\/li>\n<\/ul><\/div>\n<div class=\"ProductDetailContent\">                                                                    <\/div>\n<\/p><\/div>\n<\/p><\/div>\n<\/p><\/div>\n","protected":false},"excerpt":{"rendered":"<p>Popis produktu Ivar CS Termostatick\u00fd ventil IVAR.VD 2101 N p\u0159\u00edm\u00fd dvouregula\u010dn\u00ed s p\u0159ednastaven\u00edm Termostatick\u00fd ventil dvouregula\u010dn\u00ed pro p\u0159ipojen\u00ed otopn\u00fdch t\u011bles umo\u017e\u0148uje omezen\u00ed pr\u016ftoku vody otopn\u00fdm t\u011blesem nebo jeho \u00fapln\u00e9 uzav\u0159en\u00ed. Pro ovl\u00e1d\u00e1n\u00ed ventilu lze pou\u017e\u00edt hlavici ru\u010dn\u00ed, termostatickou nebo elektrotermickou, kter\u00e1 zaji\u0161\u0165uje nez\u00e1vislou regulaci teploty v jednotliv\u00fdch m\u00edstnostech, maxim\u00e1ln\u00ed u\u017eivatelsk\u00fd komfort a zna\u010dn\u00e9 \u00faspory podle [&hellip;]<\/p>\n","protected":false},"featured_media":21420,"comment_status":"open","ping_status":"open","template":"","meta":[],"product_brand":[],"product_cat":[91],"product_tag":[],"class_list":{"0":"post-21320","1":"product","2":"type-product","3":"status-publish","4":"has-post-thumbnail","6":"product_cat-topeni","8":"first","9":"instock","10":"sale","11":"shipping-taxable","12":"purchasable","13":"product-type-simple"},"yoast_head":"<!-- This site is optimized with the Yoast SEO plugin v26.8 - https:\/\/yoast.com\/product\/yoast-seo-wordpress\/ -->\n<title>Zna\u010dkov\u00fd Ivar CS Termostatick\u00fd ventil IVAR.VD 2101 N p\u0159\u00edm\u00fd dvouregula\u010dn\u00ed s p\u0159ednastaven\u00edm -<\/title>\n<meta name=\"robots\" content=\"index, follow, max-snippet:-1, max-image-preview:large, max-video-preview:-1\" \/>\n<link rel=\"canonical\" href=\"https:\/\/www.domkraftpro.com\/index.php\/produkt\/znackovy-ivar-cs-termostaticky-ventil-ivar-vd-2101-n-primy-dvouregulacni-s-prednastavenim-21320\/\" \/>\n<meta property=\"og:locale\" content=\"cs_CZ\" \/>\n<meta property=\"og:type\" content=\"article\" \/>\n<meta property=\"og:title\" content=\"Zna\u010dkov\u00fd Ivar CS Termostatick\u00fd ventil IVAR.VD 2101 N p\u0159\u00edm\u00fd dvouregula\u010dn\u00ed s p\u0159ednastaven\u00edm -\" \/>\n<meta property=\"og:description\" content=\"Popis produktu Ivar CS Termostatick\u00fd ventil IVAR.VD 2101 N p\u0159\u00edm\u00fd dvouregula\u010dn\u00ed s p\u0159ednastaven\u00edm Termostatick\u00fd ventil dvouregula\u010dn\u00ed pro p\u0159ipojen\u00ed otopn\u00fdch t\u011bles umo\u017e\u0148uje omezen\u00ed pr\u016ftoku vody otopn\u00fdm t\u011blesem nebo jeho \u00fapln\u00e9 uzav\u0159en\u00ed. Pro ovl\u00e1d\u00e1n\u00ed ventilu lze pou\u017e\u00edt hlavici ru\u010dn\u00ed, termostatickou nebo elektrotermickou, kter\u00e1 zaji\u0161\u0165uje nez\u00e1vislou regulaci teploty v jednotliv\u00fdch m\u00edstnostech, maxim\u00e1ln\u00ed u\u017eivatelsk\u00fd komfort a zna\u010dn\u00e9 \u00faspory podle [&hellip;]\" \/>\n<meta property=\"og:url\" content=\"https:\/\/www.domkraftpro.com\/index.php\/produkt\/znackovy-ivar-cs-termostaticky-ventil-ivar-vd-2101-n-primy-dvouregulacni-s-prednastavenim-21320\/\" \/>\n<meta property=\"og:image\" content=\"https:\/\/www.domkraftpro.com\/wp-content\/uploads\/2026\/SK0007915-CZ20260425-092632-0-1777080397-ivar-cs-termostaticky-ventil-ivar-vd-2101-n-primy-dvouregul.webp\" \/>\n\t<meta property=\"og:image:width\" content=\"600\" \/>\n\t<meta property=\"og:image:height\" content=\"491\" \/>\n\t<meta property=\"og:image:type\" content=\"image\/webp\" \/>\n<meta name=\"twitter:card\" content=\"summary_large_image\" \/>\n<meta name=\"twitter:label1\" content=\"Odhadovan\u00e1 doba \u010dten\u00ed\" \/>\n\t<meta name=\"twitter:data1\" content=\"2 minuty\" \/>\n<script type=\"application\/ld+json\" class=\"yoast-schema-graph\">{\"@context\":\"https:\/\/schema.org\",\"@graph\":[{\"@type\":\"WebPage\",\"@id\":\"https:\/\/www.domkraftpro.com\/index.php\/produkt\/znackovy-ivar-cs-termostaticky-ventil-ivar-vd-2101-n-primy-dvouregulacni-s-prednastavenim-21320\/\",\"url\":\"https:\/\/www.domkraftpro.com\/index.php\/produkt\/znackovy-ivar-cs-termostaticky-ventil-ivar-vd-2101-n-primy-dvouregulacni-s-prednastavenim-21320\/\",\"name\":\"Zna\u010dkov\u00fd Ivar CS Termostatick\u00fd ventil IVAR.VD 2101 N p\u0159\u00edm\u00fd dvouregula\u010dn\u00ed s p\u0159ednastaven\u00edm -\",\"isPartOf\":{\"@id\":\"https:\/\/www.domkraftpro.com\/#website\"},\"primaryImageOfPage\":{\"@id\":\"https:\/\/www.domkraftpro.com\/index.php\/produkt\/znackovy-ivar-cs-termostaticky-ventil-ivar-vd-2101-n-primy-dvouregulacni-s-prednastavenim-21320\/#primaryimage\"},\"image\":{\"@id\":\"https:\/\/www.domkraftpro.com\/index.php\/produkt\/znackovy-ivar-cs-termostaticky-ventil-ivar-vd-2101-n-primy-dvouregulacni-s-prednastavenim-21320\/#primaryimage\"},\"thumbnailUrl\":\"https:\/\/www.domkraftpro.com\/wp-content\/uploads\/2026\/SK0007915-CZ20260425-092632-0-1777080397-ivar-cs-termostaticky-ventil-ivar-vd-2101-n-primy-dvouregul.webp\",\"datePublished\":\"2026-04-27T04:41:17+00:00\",\"breadcrumb\":{\"@id\":\"https:\/\/www.domkraftpro.com\/index.php\/produkt\/znackovy-ivar-cs-termostaticky-ventil-ivar-vd-2101-n-primy-dvouregulacni-s-prednastavenim-21320\/#breadcrumb\"},\"inLanguage\":\"cs\",\"potentialAction\":[{\"@type\":\"ReadAction\",\"target\":[\"https:\/\/www.domkraftpro.com\/index.php\/produkt\/znackovy-ivar-cs-termostaticky-ventil-ivar-vd-2101-n-primy-dvouregulacni-s-prednastavenim-21320\/\"]}]},{\"@type\":\"ImageObject\",\"inLanguage\":\"cs\",\"@id\":\"https:\/\/www.domkraftpro.com\/index.php\/produkt\/znackovy-ivar-cs-termostaticky-ventil-ivar-vd-2101-n-primy-dvouregulacni-s-prednastavenim-21320\/#primaryimage\",\"url\":\"https:\/\/www.domkraftpro.com\/wp-content\/uploads\/2026\/SK0007915-CZ20260425-092632-0-1777080397-ivar-cs-termostaticky-ventil-ivar-vd-2101-n-primy-dvouregul.webp\",\"contentUrl\":\"https:\/\/www.domkraftpro.com\/wp-content\/uploads\/2026\/SK0007915-CZ20260425-092632-0-1777080397-ivar-cs-termostaticky-ventil-ivar-vd-2101-n-primy-dvouregul.webp\",\"width\":600,\"height\":491},{\"@type\":\"BreadcrumbList\",\"@id\":\"https:\/\/www.domkraftpro.com\/index.php\/produkt\/znackovy-ivar-cs-termostaticky-ventil-ivar-vd-2101-n-primy-dvouregulacni-s-prednastavenim-21320\/#breadcrumb\",\"itemListElement\":[{\"@type\":\"ListItem\",\"position\":1,\"name\":\"Home\",\"item\":\"https:\/\/www.domkraftpro.com\/\"},{\"@type\":\"ListItem\",\"position\":2,\"name\":\"Products\",\"item\":\"https:\/\/www.domkraftpro.com\/index.php\/products\/\"},{\"@type\":\"ListItem\",\"position\":3,\"name\":\"Zna\u010dkov\u00fd Ivar CS Termostatick\u00fd ventil IVAR.VD 2101 N p\u0159\u00edm\u00fd dvouregula\u010dn\u00ed s p\u0159ednastaven\u00edm\"}]},{\"@type\":\"WebSite\",\"@id\":\"https:\/\/www.domkraftpro.com\/#website\",\"url\":\"https:\/\/www.domkraftpro.com\/\",\"name\":\"\",\"description\":\"\",\"potentialAction\":[{\"@type\":\"SearchAction\",\"target\":{\"@type\":\"EntryPoint\",\"urlTemplate\":\"https:\/\/www.domkraftpro.com\/?s={search_term_string}\"},\"query-input\":{\"@type\":\"PropertyValueSpecification\",\"valueRequired\":true,\"valueName\":\"search_term_string\"}}],\"inLanguage\":\"cs\"}]}<\/script>\n<!-- \/ Yoast SEO plugin. -->","yoast_head_json":{"title":"Zna\u010dkov\u00fd Ivar CS Termostatick\u00fd ventil IVAR.VD 2101 N p\u0159\u00edm\u00fd dvouregula\u010dn\u00ed s p\u0159ednastaven\u00edm -","robots":{"index":"index","follow":"follow","max-snippet":"max-snippet:-1","max-image-preview":"max-image-preview:large","max-video-preview":"max-video-preview:-1"},"canonical":"https:\/\/www.domkraftpro.com\/index.php\/produkt\/znackovy-ivar-cs-termostaticky-ventil-ivar-vd-2101-n-primy-dvouregulacni-s-prednastavenim-21320\/","og_locale":"cs_CZ","og_type":"article","og_title":"Zna\u010dkov\u00fd Ivar CS Termostatick\u00fd ventil IVAR.VD 2101 N p\u0159\u00edm\u00fd dvouregula\u010dn\u00ed s p\u0159ednastaven\u00edm -","og_description":"Popis produktu Ivar CS Termostatick\u00fd ventil IVAR.VD 2101 N p\u0159\u00edm\u00fd dvouregula\u010dn\u00ed s p\u0159ednastaven\u00edm Termostatick\u00fd ventil dvouregula\u010dn\u00ed pro p\u0159ipojen\u00ed otopn\u00fdch t\u011bles umo\u017e\u0148uje omezen\u00ed pr\u016ftoku vody otopn\u00fdm t\u011blesem nebo jeho \u00fapln\u00e9 uzav\u0159en\u00ed. Pro ovl\u00e1d\u00e1n\u00ed ventilu lze pou\u017e\u00edt hlavici ru\u010dn\u00ed, termostatickou nebo elektrotermickou, kter\u00e1 zaji\u0161\u0165uje nez\u00e1vislou regulaci teploty v jednotliv\u00fdch m\u00edstnostech, maxim\u00e1ln\u00ed u\u017eivatelsk\u00fd komfort a zna\u010dn\u00e9 \u00faspory podle [&hellip;]","og_url":"https:\/\/www.domkraftpro.com\/index.php\/produkt\/znackovy-ivar-cs-termostaticky-ventil-ivar-vd-2101-n-primy-dvouregulacni-s-prednastavenim-21320\/","og_image":[{"width":600,"height":491,"url":"https:\/\/www.domkraftpro.com\/wp-content\/uploads\/2026\/SK0007915-CZ20260425-092632-0-1777080397-ivar-cs-termostaticky-ventil-ivar-vd-2101-n-primy-dvouregul.webp","type":"image\/webp"}],"twitter_card":"summary_large_image","twitter_misc":{"Odhadovan\u00e1 doba \u010dten\u00ed":"2 minuty"},"schema":{"@context":"https:\/\/schema.org","@graph":[{"@type":"WebPage","@id":"https:\/\/www.domkraftpro.com\/index.php\/produkt\/znackovy-ivar-cs-termostaticky-ventil-ivar-vd-2101-n-primy-dvouregulacni-s-prednastavenim-21320\/","url":"https:\/\/www.domkraftpro.com\/index.php\/produkt\/znackovy-ivar-cs-termostaticky-ventil-ivar-vd-2101-n-primy-dvouregulacni-s-prednastavenim-21320\/","name":"Zna\u010dkov\u00fd Ivar CS Termostatick\u00fd ventil IVAR.VD 2101 N p\u0159\u00edm\u00fd dvouregula\u010dn\u00ed s p\u0159ednastaven\u00edm -","isPartOf":{"@id":"https:\/\/www.domkraftpro.com\/#website"},"primaryImageOfPage":{"@id":"https:\/\/www.domkraftpro.com\/index.php\/produkt\/znackovy-ivar-cs-termostaticky-ventil-ivar-vd-2101-n-primy-dvouregulacni-s-prednastavenim-21320\/#primaryimage"},"image":{"@id":"https:\/\/www.domkraftpro.com\/index.php\/produkt\/znackovy-ivar-cs-termostaticky-ventil-ivar-vd-2101-n-primy-dvouregulacni-s-prednastavenim-21320\/#primaryimage"},"thumbnailUrl":"https:\/\/www.domkraftpro.com\/wp-content\/uploads\/2026\/SK0007915-CZ20260425-092632-0-1777080397-ivar-cs-termostaticky-ventil-ivar-vd-2101-n-primy-dvouregul.webp","datePublished":"2026-04-27T04:41:17+00:00","breadcrumb":{"@id":"https:\/\/www.domkraftpro.com\/index.php\/produkt\/znackovy-ivar-cs-termostaticky-ventil-ivar-vd-2101-n-primy-dvouregulacni-s-prednastavenim-21320\/#breadcrumb"},"inLanguage":"cs","potentialAction":[{"@type":"ReadAction","target":["https:\/\/www.domkraftpro.com\/index.php\/produkt\/znackovy-ivar-cs-termostaticky-ventil-ivar-vd-2101-n-primy-dvouregulacni-s-prednastavenim-21320\/"]}]},{"@type":"ImageObject","inLanguage":"cs","@id":"https:\/\/www.domkraftpro.com\/index.php\/produkt\/znackovy-ivar-cs-termostaticky-ventil-ivar-vd-2101-n-primy-dvouregulacni-s-prednastavenim-21320\/#primaryimage","url":"https:\/\/www.domkraftpro.com\/wp-content\/uploads\/2026\/SK0007915-CZ20260425-092632-0-1777080397-ivar-cs-termostaticky-ventil-ivar-vd-2101-n-primy-dvouregul.webp","contentUrl":"https:\/\/www.domkraftpro.com\/wp-content\/uploads\/2026\/SK0007915-CZ20260425-092632-0-1777080397-ivar-cs-termostaticky-ventil-ivar-vd-2101-n-primy-dvouregul.webp","width":600,"height":491},{"@type":"BreadcrumbList","@id":"https:\/\/www.domkraftpro.com\/index.php\/produkt\/znackovy-ivar-cs-termostaticky-ventil-ivar-vd-2101-n-primy-dvouregulacni-s-prednastavenim-21320\/#breadcrumb","itemListElement":[{"@type":"ListItem","position":1,"name":"Home","item":"https:\/\/www.domkraftpro.com\/"},{"@type":"ListItem","position":2,"name":"Products","item":"https:\/\/www.domkraftpro.com\/index.php\/products\/"},{"@type":"ListItem","position":3,"name":"Zna\u010dkov\u00fd Ivar CS Termostatick\u00fd ventil IVAR.VD 2101 N p\u0159\u00edm\u00fd dvouregula\u010dn\u00ed s p\u0159ednastaven\u00edm"}]},{"@type":"WebSite","@id":"https:\/\/www.domkraftpro.com\/#website","url":"https:\/\/www.domkraftpro.com\/","name":"","description":"","potentialAction":[{"@type":"SearchAction","target":{"@type":"EntryPoint","urlTemplate":"https:\/\/www.domkraftpro.com\/?s={search_term_string}"},"query-input":{"@type":"PropertyValueSpecification","valueRequired":true,"valueName":"search_term_string"}}],"inLanguage":"cs"}]}},"_links":{"self":[{"href":"https:\/\/www.domkraftpro.com\/index.php\/wp-json\/wp\/v2\/product\/21320","targetHints":{"allow":["GET"]}}],"collection":[{"href":"https:\/\/www.domkraftpro.com\/index.php\/wp-json\/wp\/v2\/product"}],"about":[{"href":"https:\/\/www.domkraftpro.com\/index.php\/wp-json\/wp\/v2\/types\/product"}],"replies":[{"embeddable":true,"href":"https:\/\/www.domkraftpro.com\/index.php\/wp-json\/wp\/v2\/comments?post=21320"}],"wp:featuredmedia":[{"embeddable":true,"href":"https:\/\/www.domkraftpro.com\/index.php\/wp-json\/wp\/v2\/media\/21420"}],"wp:attachment":[{"href":"https:\/\/www.domkraftpro.com\/index.php\/wp-json\/wp\/v2\/media?parent=21320"}],"wp:term":[{"taxonomy":"product_brand","embeddable":true,"href":"https:\/\/www.domkraftpro.com\/index.php\/wp-json\/wp\/v2\/product_brand?post=21320"},{"taxonomy":"product_cat","embeddable":true,"href":"https:\/\/www.domkraftpro.com\/index.php\/wp-json\/wp\/v2\/product_cat?post=21320"},{"taxonomy":"product_tag","embeddable":true,"href":"https:\/\/www.domkraftpro.com\/index.php\/wp-json\/wp\/v2\/product_tag?post=21320"}],"curies":[{"name":"wp","href":"https:\/\/api.w.org\/{rel}","templated":true}]}}