{"id":20748,"date":"2026-04-27T04:41:15","date_gmt":"2026-04-27T04:41:15","guid":{"rendered":""},"modified":"2026-04-27T04:41:15","modified_gmt":"2026-04-27T04:41:15","slug":"originalni-sapho-eira-koupelnovy-ventilator-100-mm-vcetne-zpetne-klapky-bila-20748","status":"publish","type":"product","link":"https:\/\/www.domkraftpro.com\/produkt\/originalni-sapho-eira-koupelnovy-ventilator-100-mm-vcetne-zpetne-klapky-bila-20748\/","title":{"rendered":"Origin\u00e1ln\u00ed Sapho EIRA koupelnov\u00fd ventil\u00e1tor 100 mm v\u010detn\u011b zp\u011btn\u00e9 klapky, b\u00edl\u00e1"},"content":{"rendered":"<div class=\"ProductDetail-content NoFixImageContainer\" id=\"productDescription\">\n<div class=\"Heading\">\n<h2 class=\"Heading-title\">Popis produktu <span class=''>Sapho EIRA koupelnov\u00fd ventil\u00e1tor 100 mm v\u010detn\u011b zp\u011btn\u00e9 klapky, b\u00edl\u00e1<\/span><\/h2>\n<\/p><\/div>\n<div class=\"ProductDetailContent\">                                                                    <\/div>\n<div class=\"ProductDetailContent\">\n<div class=\"ProductDetailContent-item\">                                            Barva: B\u00edl\u00e1<br \/>Balen\u00ed: 1 ks<br \/>Pr\u016fm\u011br potrub\u00ed: 100 mm<br \/>V\u00fdkon: 80 m3\/hod<br \/>Hluk: 30 dB<br \/>Rozm\u011br: 150&#215;150 mm<br \/>Materi\u00e1l: Plast<br \/>P\u0159\u00edkon: 15 W<br \/>Z\u00e1ruka: 2 roky                                        <\/div>\n<div class=\"ProductDetailContent-item\">\n<p>Koupelnov\u00fd axi\u00e1ln\u00ed ventil\u00e1tor s v\u00fdbavou STANDARD<\/p>\n<ul>\n<li>Spou\u0161t\u00ed se samostatn\u00fdm vyp\u00edna\u010dem nebo vyp\u00edna\u010dem ovl\u00e1daj\u00edc\u00edm osv\u011btlen\u00ed<\/li>\n<li>V\u00fdkon 80 m3\/h<\/li>\n<li>Nap\u00e1jen\u00ed 220-240 V\/50 Hz<\/li>\n<\/ul><\/div>\n<div class=\"ProductDetailContent-item\">\n<h3>Popis s\u00e9rie<\/h3>\n<p><strong>V nab\u00eddce jsou 2 varianty ventil\u00e1tor\u016f:<\/strong><\/p>\n<p><strong>STANDARD<\/strong><span>&nbsp;<\/span>&#8211; aktivace&nbsp;samostatn\u00fdm vyp\u00edna\u010dem&nbsp;<span>nebo vyp\u00edna\u010dem ovl\u00e1daj\u00edc\u00edm osv\u011btlen\u00ed<\/span><br \/><strong>TIMER<\/strong><span>&nbsp;<\/span>&#8211;<span>&nbsp;spou\u0161t\u00ed se tla\u010d\u00edtkov\u00fdm vyp\u00edna\u010dem a po uplynut\u00ed nastaven\u00e9 doby se automaticky vypne<\/span><\/p>\n<ul>\n<li>Stupe\u0148 kryt\u00ed IPX4 (mo\u017enost instalace nad vanou)<\/li>\n<li>Mo\u017enost instalace na ze\u010f \u010di do stropu<\/li>\n<li>Aerodynamick\u00fd tvar odtahov\u00e9 \u010d\u00e1sti zaji\u0161\u0165uje velmi tich\u00fd chod<\/li>\n<li>Lehce odn\u00edmateln\u00fd \u010deln\u00ed panel pro snadn\u00e9 \u010di\u0161t\u011bn\u00ed<\/li>\n<li>V\u010detn\u011b zp\u011btn\u00e9 klapky<\/li>\n<li>Pouzdrov\u00e1 lo\u017eiska<\/li>\n<\/ul><\/div>\n<div class=\"ProductDetailContent-item\">\n<div style=\"background-color:#f9f9f9; border-left:5px solid #4caf50; border-radius:8px; box-shadow:0 4px 12px rgba(0,0,0,0.1); font-family:Arial,sans-serif; margin-bottom:20px; padding:25px 20px 20px 20px; position:relative\"><!-- Ikona info v lev\u00e9m horn\u00edm rohu --><\/p>\n<div style=\"align-items:center; background-color:#4caf50; border-radius:50%; color:#ffffff; display:flex; font-size:18px; font-weight:bold; height:30px; justify-content:center; left:-10px; position:absolute; top:-10px; width:30px\">i<\/div>\n<h3 style=\"margin-left:15px\">Rozd\u00edl mezi axi\u00e1ln\u00edm a radi\u00e1ln\u00edm ventil\u00e1torem<\/h3>\n<p><strong>Axi\u00e1ln\u00ed ventil\u00e1tory (osov\u00e9):<\/strong><\/p>\n<p>U axi\u00e1ln\u00edch ventil\u00e1tor\u016f proud\u00ed vzduch ve sm\u011bru osy ot\u00e1\u010den\u00ed ob\u011b\u017en\u00e9ho kola a pou\u017e\u00edvaj\u00ed se tam, kde je po\u017eadov\u00e1n velk\u00fd pr\u016ftok vzduchu bez vysok\u00fdch n\u00e1rok\u016f na dopravn\u00ed tlak.<\/p>\n<p><strong>Orienta\u010dn\u00ed maxim\u00e1ln\u00ed d\u00e9lky odtahu:<\/strong><\/p>\n<ul>\n<li>max. 3 m pro axi\u00e1ln\u00ed ventil\u00e1tory o pr\u016fm\u011bru 10 cm<\/li>\n<li>max. 5 m pro axi\u00e1ln\u00ed ventil\u00e1tory o pr\u016fm\u011bru 12,5 cm<\/li>\n<li>max. 8 m pro axi\u00e1ln\u00ed ventil\u00e1tory o pr\u016fm\u011bru 15 cm<\/li>\n<\/ul>\n<p><strong>Radi\u00e1ln\u00ed ventil\u00e1tory (odst\u0159ediv\u00e9):<\/strong><\/p>\n<p>U radi\u00e1ln\u00edch ventil\u00e1tor\u016f proud\u00ed vzduch kolmo na sm\u011br osy ot\u00e1\u010den\u00ed ob\u011b\u017en\u00e9ho kola a vyu\u017e\u00edvaj\u00ed se tam, kde je po\u017eadov\u00e1n vy\u0161\u0161\u00ed dopravn\u00ed tlak. Pat\u0159\u00ed sem i <strong>semiradi\u00e1ln\u00ed syst\u00e9m<\/strong>, co\u017e je p\u0159echod mezi radi\u00e1ln\u00edm a axi\u00e1ln\u00edm syst\u00e9mem. Vzduch proud\u00ed do ventil\u00e1toru v axi\u00e1ln\u00edm sm\u011bru, av\u0161ak v\u00fdtlak z ventil\u00e1toru je pod \u00fahlem men\u0161\u00edm ne\u017e 90\u00b0. <strong>V\u00fdhodou semiradi\u00e1ln\u00edho syst\u00e9mu jsou men\u0161\u00ed rozm\u011bry a vysok\u00fd tlak<\/strong>.<\/p>\n<p><strong>Orienta\u010dn\u00ed maxim\u00e1ln\u00ed d\u00e9lky odtahu:<\/strong><\/p>\n<ul>\n<li>max. 12 m pro radi\u00e1ln\u00ed ventil\u00e1tory o pr\u016fm\u011bru 10 cm<\/li>\n<li>max. 23 m pro radi\u00e1ln\u00ed ventil\u00e1tory o pr\u016fm\u011bru 12,5 cm<\/li>\n<li>max. 35 m pro radi\u00e1ln\u00ed ventil\u00e1tory o pr\u016fm\u011bru 15 cm<\/li>\n<\/ul>\n<\/div><\/div>\n<\/p><\/div>\n<\/p><\/div>\n<\/p><\/div>\n<\/p><\/div>\n","protected":false},"excerpt":{"rendered":"<p>Popis produktu Sapho EIRA koupelnov\u00fd ventil\u00e1tor 100 mm v\u010detn\u011b zp\u011btn\u00e9 klapky, b\u00edl\u00e1 Barva: B\u00edl\u00e1Balen\u00ed: 1 ksPr\u016fm\u011br potrub\u00ed: 100 mmV\u00fdkon: 80 m3\/hodHluk: 30 dBRozm\u011br: 150&#215;150 mmMateri\u00e1l: PlastP\u0159\u00edkon: 15 WZ\u00e1ruka: 2 roky Koupelnov\u00fd axi\u00e1ln\u00ed ventil\u00e1tor s v\u00fdbavou STANDARD Spou\u0161t\u00ed se samostatn\u00fdm vyp\u00edna\u010dem nebo vyp\u00edna\u010dem ovl\u00e1daj\u00edc\u00edm osv\u011btlen\u00ed V\u00fdkon 80 m3\/h Nap\u00e1jen\u00ed 220-240 V\/50 Hz Popis s\u00e9rie V nab\u00eddce [&hellip;]<\/p>\n","protected":false},"featured_media":20848,"template":"","meta":[],"product_brand":[],"product_cat":[93],"product_tag":[],"class_list":{"0":"post-20748","1":"product","2":"type-product","3":"status-publish","4":"has-post-thumbnail","6":"product_cat-rekuperace-vzduchu-a-vody-vetrani","8":"first","9":"instock","10":"sale","11":"shipping-taxable","12":"purchasable","13":"product-type-simple"},"yoast_head":"<!-- This site is optimized with the Yoast SEO plugin v26.8 - https:\/\/yoast.com\/product\/yoast-seo-wordpress\/ -->\n<title>Origin\u00e1ln\u00ed Sapho EIRA koupelnov\u00fd ventil\u00e1tor 100 mm v\u010detn\u011b zp\u011btn\u00e9 klapky, b\u00edl\u00e1 - Koupelna &amp; N\u00e1\u0159ad\u00ed &amp; Osv\u011btlen\u00ed a Stavebn\u00ed pot\u0159by<\/title>\n<meta name=\"robots\" content=\"index, follow, max-snippet:-1, max-image-preview:large, max-video-preview:-1\" \/>\n<link rel=\"canonical\" href=\"https:\/\/www.domkraftpro.com\/index.php\/produkt\/originalni-sapho-eira-koupelnovy-ventilator-100-mm-vcetne-zpetne-klapky-bila-20748\/\" \/>\n<meta property=\"og:locale\" content=\"cs_CZ\" \/>\n<meta property=\"og:type\" content=\"article\" \/>\n<meta property=\"og:title\" content=\"Origin\u00e1ln\u00ed Sapho EIRA koupelnov\u00fd ventil\u00e1tor 100 mm v\u010detn\u011b zp\u011btn\u00e9 klapky, b\u00edl\u00e1 - Koupelna &amp; N\u00e1\u0159ad\u00ed &amp; Osv\u011btlen\u00ed a Stavebn\u00ed pot\u0159by\" \/>\n<meta property=\"og:description\" content=\"Popis produktu Sapho EIRA koupelnov\u00fd ventil\u00e1tor 100 mm v\u010detn\u011b zp\u011btn\u00e9 klapky, b\u00edl\u00e1 Barva: B\u00edl\u00e1Balen\u00ed: 1 ksPr\u016fm\u011br potrub\u00ed: 100 mmV\u00fdkon: 80 m3\/hodHluk: 30 dBRozm\u011br: 150&#215;150 mmMateri\u00e1l: PlastP\u0159\u00edkon: 15 WZ\u00e1ruka: 2 roky Koupelnov\u00fd axi\u00e1ln\u00ed ventil\u00e1tor s v\u00fdbavou STANDARD Spou\u0161t\u00ed se samostatn\u00fdm vyp\u00edna\u010dem nebo vyp\u00edna\u010dem ovl\u00e1daj\u00edc\u00edm osv\u011btlen\u00ed V\u00fdkon 80 m3\/h Nap\u00e1jen\u00ed 220-240 V\/50 Hz Popis s\u00e9rie V nab\u00eddce [&hellip;]\" \/>\n<meta property=\"og:url\" content=\"https:\/\/www.domkraftpro.com\/index.php\/produkt\/originalni-sapho-eira-koupelnovy-ventilator-100-mm-vcetne-zpetne-klapky-bila-20748\/\" \/>\n<meta property=\"og:site_name\" content=\"Koupelna &amp; N\u00e1\u0159ad\u00ed &amp; Osv\u011btlen\u00ed a Stavebn\u00ed pot\u0159by\" \/>\n<meta property=\"og:image\" content=\"https:\/\/www.domkraftpro.com\/wp-content\/uploads\/2026\/SK0007641-CZ20260425-092632-0-1777080397-sapho-eira-koupelnovy-ventilator-100-mm-vcetne-zpetne-klapk.webp\" \/>\n\t<meta property=\"og:image:width\" content=\"600\" \/>\n\t<meta property=\"og:image:height\" content=\"571\" \/>\n\t<meta property=\"og:image:type\" content=\"image\/webp\" \/>\n<meta name=\"twitter:card\" content=\"summary_large_image\" \/>\n<meta name=\"twitter:label1\" content=\"Odhadovan\u00e1 doba \u010dten\u00ed\" \/>\n\t<meta name=\"twitter:data1\" content=\"2 minuty\" \/>\n<script type=\"application\/ld+json\" class=\"yoast-schema-graph\">{\"@context\":\"https:\/\/schema.org\",\"@graph\":[{\"@type\":\"WebPage\",\"@id\":\"https:\/\/www.domkraftpro.com\/index.php\/produkt\/originalni-sapho-eira-koupelnovy-ventilator-100-mm-vcetne-zpetne-klapky-bila-20748\/\",\"url\":\"https:\/\/www.domkraftpro.com\/index.php\/produkt\/originalni-sapho-eira-koupelnovy-ventilator-100-mm-vcetne-zpetne-klapky-bila-20748\/\",\"name\":\"Origin\u00e1ln\u00ed Sapho EIRA koupelnov\u00fd ventil\u00e1tor 100 mm v\u010detn\u011b zp\u011btn\u00e9 klapky, b\u00edl\u00e1 - Koupelna &amp; N\u00e1\u0159ad\u00ed &amp; Osv\u011btlen\u00ed a Stavebn\u00ed pot\u0159by\",\"isPartOf\":{\"@id\":\"https:\/\/www.domkraftpro.com\/#website\"},\"primaryImageOfPage\":{\"@id\":\"https:\/\/www.domkraftpro.com\/index.php\/produkt\/originalni-sapho-eira-koupelnovy-ventilator-100-mm-vcetne-zpetne-klapky-bila-20748\/#primaryimage\"},\"image\":{\"@id\":\"https:\/\/www.domkraftpro.com\/index.php\/produkt\/originalni-sapho-eira-koupelnovy-ventilator-100-mm-vcetne-zpetne-klapky-bila-20748\/#primaryimage\"},\"thumbnailUrl\":\"https:\/\/www.domkraftpro.com\/wp-content\/uploads\/2026\/SK0007641-CZ20260425-092632-0-1777080397-sapho-eira-koupelnovy-ventilator-100-mm-vcetne-zpetne-klapk.webp\",\"datePublished\":\"2026-04-27T04:41:15+00:00\",\"breadcrumb\":{\"@id\":\"https:\/\/www.domkraftpro.com\/index.php\/produkt\/originalni-sapho-eira-koupelnovy-ventilator-100-mm-vcetne-zpetne-klapky-bila-20748\/#breadcrumb\"},\"inLanguage\":\"cs\",\"potentialAction\":[{\"@type\":\"ReadAction\",\"target\":[\"https:\/\/www.domkraftpro.com\/index.php\/produkt\/originalni-sapho-eira-koupelnovy-ventilator-100-mm-vcetne-zpetne-klapky-bila-20748\/\"]}]},{\"@type\":\"ImageObject\",\"inLanguage\":\"cs\",\"@id\":\"https:\/\/www.domkraftpro.com\/index.php\/produkt\/originalni-sapho-eira-koupelnovy-ventilator-100-mm-vcetne-zpetne-klapky-bila-20748\/#primaryimage\",\"url\":\"https:\/\/www.domkraftpro.com\/wp-content\/uploads\/2026\/SK0007641-CZ20260425-092632-0-1777080397-sapho-eira-koupelnovy-ventilator-100-mm-vcetne-zpetne-klapk.webp\",\"contentUrl\":\"https:\/\/www.domkraftpro.com\/wp-content\/uploads\/2026\/SK0007641-CZ20260425-092632-0-1777080397-sapho-eira-koupelnovy-ventilator-100-mm-vcetne-zpetne-klapk.webp\",\"width\":600,\"height\":571},{\"@type\":\"BreadcrumbList\",\"@id\":\"https:\/\/www.domkraftpro.com\/index.php\/produkt\/originalni-sapho-eira-koupelnovy-ventilator-100-mm-vcetne-zpetne-klapky-bila-20748\/#breadcrumb\",\"itemListElement\":[{\"@type\":\"ListItem\",\"position\":1,\"name\":\"Home\",\"item\":\"https:\/\/www.domkraftpro.com\/\"},{\"@type\":\"ListItem\",\"position\":2,\"name\":\"Products\",\"item\":\"https:\/\/www.domkraftpro.com\/products\/\"},{\"@type\":\"ListItem\",\"position\":3,\"name\":\"Origin\u00e1ln\u00ed Sapho EIRA koupelnov\u00fd ventil\u00e1tor 100 mm v\u010detn\u011b zp\u011btn\u00e9 klapky, b\u00edl\u00e1\"}]},{\"@type\":\"WebSite\",\"@id\":\"https:\/\/www.domkraftpro.com\/#website\",\"url\":\"https:\/\/www.domkraftpro.com\/\",\"name\":\"Koupelna &amp; N\u00e1\u0159ad\u00ed &amp; Osv\u011btlen\u00ed a Stavebn\u00ed pot\u0159by\",\"description\":\"Koupelna &amp; N\u00e1\u0159ad\u00ed &amp; Osv\u011btlen\u00ed a Stavebn\u00ed pot\u0159by\",\"publisher\":{\"@id\":\"https:\/\/www.domkraftpro.com\/#organization\"},\"potentialAction\":[{\"@type\":\"SearchAction\",\"target\":{\"@type\":\"EntryPoint\",\"urlTemplate\":\"https:\/\/www.domkraftpro.com\/?s={search_term_string}\"},\"query-input\":{\"@type\":\"PropertyValueSpecification\",\"valueRequired\":true,\"valueName\":\"search_term_string\"}}],\"inLanguage\":\"cs\"},{\"@type\":\"Organization\",\"@id\":\"https:\/\/www.domkraftpro.com\/#organization\",\"name\":\"Koupelna &amp; N\u00e1\u0159ad\u00ed &amp; Osv\u011btlen\u00ed a Stavebn\u00ed pot\u0159by\",\"url\":\"https:\/\/www.domkraftpro.com\/\",\"logo\":{\"@type\":\"ImageObject\",\"inLanguage\":\"cs\",\"@id\":\"https:\/\/www.domkraftpro.com\/#\/schema\/logo\/image\/\",\"url\":\"https:\/\/www.domkraftpro.com\/wp-content\/uploads\/2026\/04\/domkraftpro_logo.svg\",\"contentUrl\":\"https:\/\/www.domkraftpro.com\/wp-content\/uploads\/2026\/04\/domkraftpro_logo.svg\",\"width\":760,\"height\":180,\"caption\":\"Koupelna &amp; N\u00e1\u0159ad\u00ed &amp; Osv\u011btlen\u00ed a Stavebn\u00ed pot\u0159by\"},\"image\":{\"@id\":\"https:\/\/www.domkraftpro.com\/#\/schema\/logo\/image\/\"}}]}<\/script>\n<!-- \/ Yoast SEO plugin. -->","yoast_head_json":{"title":"Origin\u00e1ln\u00ed Sapho EIRA koupelnov\u00fd ventil\u00e1tor 100 mm v\u010detn\u011b zp\u011btn\u00e9 klapky, b\u00edl\u00e1 - Koupelna &amp; N\u00e1\u0159ad\u00ed &amp; Osv\u011btlen\u00ed a Stavebn\u00ed pot\u0159by","robots":{"index":"index","follow":"follow","max-snippet":"max-snippet:-1","max-image-preview":"max-image-preview:large","max-video-preview":"max-video-preview:-1"},"canonical":"https:\/\/www.domkraftpro.com\/index.php\/produkt\/originalni-sapho-eira-koupelnovy-ventilator-100-mm-vcetne-zpetne-klapky-bila-20748\/","og_locale":"cs_CZ","og_type":"article","og_title":"Origin\u00e1ln\u00ed Sapho EIRA koupelnov\u00fd ventil\u00e1tor 100 mm v\u010detn\u011b zp\u011btn\u00e9 klapky, b\u00edl\u00e1 - Koupelna &amp; N\u00e1\u0159ad\u00ed &amp; Osv\u011btlen\u00ed a Stavebn\u00ed pot\u0159by","og_description":"Popis produktu Sapho EIRA koupelnov\u00fd ventil\u00e1tor 100 mm v\u010detn\u011b zp\u011btn\u00e9 klapky, b\u00edl\u00e1 Barva: B\u00edl\u00e1Balen\u00ed: 1 ksPr\u016fm\u011br potrub\u00ed: 100 mmV\u00fdkon: 80 m3\/hodHluk: 30 dBRozm\u011br: 150&#215;150 mmMateri\u00e1l: PlastP\u0159\u00edkon: 15 WZ\u00e1ruka: 2 roky Koupelnov\u00fd axi\u00e1ln\u00ed ventil\u00e1tor s v\u00fdbavou STANDARD Spou\u0161t\u00ed se samostatn\u00fdm vyp\u00edna\u010dem nebo vyp\u00edna\u010dem ovl\u00e1daj\u00edc\u00edm osv\u011btlen\u00ed V\u00fdkon 80 m3\/h Nap\u00e1jen\u00ed 220-240 V\/50 Hz Popis s\u00e9rie V nab\u00eddce [&hellip;]","og_url":"https:\/\/www.domkraftpro.com\/index.php\/produkt\/originalni-sapho-eira-koupelnovy-ventilator-100-mm-vcetne-zpetne-klapky-bila-20748\/","og_site_name":"Koupelna &amp; N\u00e1\u0159ad\u00ed &amp; Osv\u011btlen\u00ed a Stavebn\u00ed pot\u0159by","og_image":[{"width":600,"height":571,"url":"https:\/\/www.domkraftpro.com\/wp-content\/uploads\/2026\/SK0007641-CZ20260425-092632-0-1777080397-sapho-eira-koupelnovy-ventilator-100-mm-vcetne-zpetne-klapk.webp","type":"image\/webp"}],"twitter_card":"summary_large_image","twitter_misc":{"Odhadovan\u00e1 doba \u010dten\u00ed":"2 minuty"},"schema":{"@context":"https:\/\/schema.org","@graph":[{"@type":"WebPage","@id":"https:\/\/www.domkraftpro.com\/index.php\/produkt\/originalni-sapho-eira-koupelnovy-ventilator-100-mm-vcetne-zpetne-klapky-bila-20748\/","url":"https:\/\/www.domkraftpro.com\/index.php\/produkt\/originalni-sapho-eira-koupelnovy-ventilator-100-mm-vcetne-zpetne-klapky-bila-20748\/","name":"Origin\u00e1ln\u00ed Sapho EIRA koupelnov\u00fd ventil\u00e1tor 100 mm v\u010detn\u011b zp\u011btn\u00e9 klapky, b\u00edl\u00e1 - Koupelna &amp; N\u00e1\u0159ad\u00ed &amp; Osv\u011btlen\u00ed a Stavebn\u00ed pot\u0159by","isPartOf":{"@id":"https:\/\/www.domkraftpro.com\/#website"},"primaryImageOfPage":{"@id":"https:\/\/www.domkraftpro.com\/index.php\/produkt\/originalni-sapho-eira-koupelnovy-ventilator-100-mm-vcetne-zpetne-klapky-bila-20748\/#primaryimage"},"image":{"@id":"https:\/\/www.domkraftpro.com\/index.php\/produkt\/originalni-sapho-eira-koupelnovy-ventilator-100-mm-vcetne-zpetne-klapky-bila-20748\/#primaryimage"},"thumbnailUrl":"https:\/\/www.domkraftpro.com\/wp-content\/uploads\/2026\/SK0007641-CZ20260425-092632-0-1777080397-sapho-eira-koupelnovy-ventilator-100-mm-vcetne-zpetne-klapk.webp","datePublished":"2026-04-27T04:41:15+00:00","breadcrumb":{"@id":"https:\/\/www.domkraftpro.com\/index.php\/produkt\/originalni-sapho-eira-koupelnovy-ventilator-100-mm-vcetne-zpetne-klapky-bila-20748\/#breadcrumb"},"inLanguage":"cs","potentialAction":[{"@type":"ReadAction","target":["https:\/\/www.domkraftpro.com\/index.php\/produkt\/originalni-sapho-eira-koupelnovy-ventilator-100-mm-vcetne-zpetne-klapky-bila-20748\/"]}]},{"@type":"ImageObject","inLanguage":"cs","@id":"https:\/\/www.domkraftpro.com\/index.php\/produkt\/originalni-sapho-eira-koupelnovy-ventilator-100-mm-vcetne-zpetne-klapky-bila-20748\/#primaryimage","url":"https:\/\/www.domkraftpro.com\/wp-content\/uploads\/2026\/SK0007641-CZ20260425-092632-0-1777080397-sapho-eira-koupelnovy-ventilator-100-mm-vcetne-zpetne-klapk.webp","contentUrl":"https:\/\/www.domkraftpro.com\/wp-content\/uploads\/2026\/SK0007641-CZ20260425-092632-0-1777080397-sapho-eira-koupelnovy-ventilator-100-mm-vcetne-zpetne-klapk.webp","width":600,"height":571},{"@type":"BreadcrumbList","@id":"https:\/\/www.domkraftpro.com\/index.php\/produkt\/originalni-sapho-eira-koupelnovy-ventilator-100-mm-vcetne-zpetne-klapky-bila-20748\/#breadcrumb","itemListElement":[{"@type":"ListItem","position":1,"name":"Home","item":"https:\/\/www.domkraftpro.com\/"},{"@type":"ListItem","position":2,"name":"Products","item":"https:\/\/www.domkraftpro.com\/products\/"},{"@type":"ListItem","position":3,"name":"Origin\u00e1ln\u00ed Sapho EIRA koupelnov\u00fd ventil\u00e1tor 100 mm v\u010detn\u011b zp\u011btn\u00e9 klapky, b\u00edl\u00e1"}]},{"@type":"WebSite","@id":"https:\/\/www.domkraftpro.com\/#website","url":"https:\/\/www.domkraftpro.com\/","name":"Koupelna &amp; N\u00e1\u0159ad\u00ed &amp; Osv\u011btlen\u00ed a Stavebn\u00ed pot\u0159by","description":"Koupelna &amp; N\u00e1\u0159ad\u00ed &amp; Osv\u011btlen\u00ed a Stavebn\u00ed pot\u0159by","publisher":{"@id":"https:\/\/www.domkraftpro.com\/#organization"},"potentialAction":[{"@type":"SearchAction","target":{"@type":"EntryPoint","urlTemplate":"https:\/\/www.domkraftpro.com\/?s={search_term_string}"},"query-input":{"@type":"PropertyValueSpecification","valueRequired":true,"valueName":"search_term_string"}}],"inLanguage":"cs"},{"@type":"Organization","@id":"https:\/\/www.domkraftpro.com\/#organization","name":"Koupelna &amp; N\u00e1\u0159ad\u00ed &amp; Osv\u011btlen\u00ed a Stavebn\u00ed pot\u0159by","url":"https:\/\/www.domkraftpro.com\/","logo":{"@type":"ImageObject","inLanguage":"cs","@id":"https:\/\/www.domkraftpro.com\/#\/schema\/logo\/image\/","url":"https:\/\/www.domkraftpro.com\/wp-content\/uploads\/2026\/04\/domkraftpro_logo.svg","contentUrl":"https:\/\/www.domkraftpro.com\/wp-content\/uploads\/2026\/04\/domkraftpro_logo.svg","width":760,"height":180,"caption":"Koupelna &amp; N\u00e1\u0159ad\u00ed &amp; Osv\u011btlen\u00ed a Stavebn\u00ed pot\u0159by"},"image":{"@id":"https:\/\/www.domkraftpro.com\/#\/schema\/logo\/image\/"}}]}},"_links":{"self":[{"href":"https:\/\/www.domkraftpro.com\/wp-json\/wp\/v2\/product\/20748","targetHints":{"allow":["GET"]}}],"collection":[{"href":"https:\/\/www.domkraftpro.com\/wp-json\/wp\/v2\/product"}],"about":[{"href":"https:\/\/www.domkraftpro.com\/wp-json\/wp\/v2\/types\/product"}],"wp:featuredmedia":[{"embeddable":true,"href":"https:\/\/www.domkraftpro.com\/wp-json\/wp\/v2\/media\/20848"}],"wp:attachment":[{"href":"https:\/\/www.domkraftpro.com\/wp-json\/wp\/v2\/media?parent=20748"}],"wp:term":[{"taxonomy":"product_brand","embeddable":true,"href":"https:\/\/www.domkraftpro.com\/wp-json\/wp\/v2\/product_brand?post=20748"},{"taxonomy":"product_cat","embeddable":true,"href":"https:\/\/www.domkraftpro.com\/wp-json\/wp\/v2\/product_cat?post=20748"},{"taxonomy":"product_tag","embeddable":true,"href":"https:\/\/www.domkraftpro.com\/wp-json\/wp\/v2\/product_tag?post=20748"}],"curies":[{"name":"wp","href":"https:\/\/api.w.org\/{rel}","templated":true}]}}