{"id":19696,"date":"2026-04-27T04:41:12","date_gmt":"2026-04-27T04:41:12","guid":{"rendered":""},"modified":"2026-04-27T04:41:12","modified_gmt":"2026-04-27T04:41:12","slug":"nizka-cena-hlavova-sprcha-vesuv-plus-o-250-mm-19696","status":"publish","type":"product","link":"https:\/\/www.domkraftpro.com\/index.php\/produkt\/nizka-cena-hlavova-sprcha-vesuv-plus-o-250-mm-19696\/","title":{"rendered":"N\u00edzk\u00e1 Cena Hlavov\u00e1 sprcha VESUV PLUS, O 250 mm"},"content":{"rendered":"<div class=\"basic-description\">\n<h3>Detailn\u00ed popis produktu<\/h3>\n<p>Pro vytvo\u0159en\u00ed velmi obl\u00edben\u00e9 kombinace se pod\u00edvejte se na nab\u00eddku\u00a0podom\u00edtkov\u00fdch bateri\u00ed, kter\u00e9 skv\u011ble dopln\u00ed tuto hlavovou sprchu. Pro instalaci je nezbytn\u00e9 pou\u017e\u00edt\u00a0dr\u017e\u00e1k hlavov\u00e9 sprchy, ten si m\u016f\u017eete vybrat s instalac\u00ed ze stropu, nebo z bo\u010dn\u00ed st\u011bny.\u00a0<\/p>\n<p>Nab\u00eddka\u00a0<strong>hlavov\u00fdch sprch<\/strong>\u00a0obsahuje opravdu velk\u00fd v\u00fdb\u011br tvar\u016f i\u00a0velikost\u00ed t\u011bchto kr\u00e1sn\u00fdch\u00a0<strong>hlavov\u00fdch sprch.<\/strong>\u00a0Z\u00a0na\u0161\u00ed nab\u00eddky si zaru\u010den\u011b vyberou milovn\u00edci moderny i\u00a0zast\u00e1nci klasiky.\u00a0<strong>Hlavov\u00e1 sprcha<\/strong>\u00a0je opat\u0159ena povrchovou \u00fapravou\u00a0<strong>EASY CLEAN<\/strong> pro snadn\u00e9 \u010di\u0161t\u011bn\u00ed vodn\u00edho kamene.<\/p>\n<p>Vyberte si z\u00a0r\u016fznych rozm\u011br\u016f <strong>hlavov\u00fdch sprch<\/strong>. Jsou extra tenk\u00e9, a\u00a0to pouh\u00e9 2 mm. Nejenom, \u017ee p\u016fsob\u00ed velmi lehce a\u00a0elegantn\u011b, ale jsou tak\u00e9 praktick\u00e9 v\u00a0tom, \u017ee p\u0159i uzav\u0159en\u00ed vody, ihned vodu zastav\u00ed a\u00a0nedoch\u00e1z\u00ed k\u00a0dot\u00e9k\u00e1n\u00ed zbyl\u00e9 vody z\u00a0hlavice.\u00a0<\/p>\n<h3><strong>Rozm\u011bry hlavov\u00e9 sprchy:\u00a0<\/strong><\/h3>\n<ul>\n<li>\u00d8 150 mm<\/li>\n<li>\u00d8 200 mm<\/li>\n<li>\u00d8 250 mm<\/li>\n<li>\u00d8 300 mm<\/li>\n<li>\u00d8 400 mm<\/li>\n<li>\u00d8 500 mm<\/li>\n<\/ul>\n<p><strong>Materi\u00e1l:<\/strong>\u00a0nerez<\/p>\n<p><strong>Tlou\u0161\u0165ka:<\/strong>\u00a02 mm\u00a0<\/p>\n<p><strong>Pr\u016fm\u011br kloubov\u00e9ho p\u0159ipojen\u00ed:<\/strong>\u00a01\/2&#8243;<\/p>\n<h3><strong>Z\u00c1RUKA 2 ROKY<\/strong><\/h3>\n<\/p><\/div>\n<div class=\"extended-description\">\n<h3>Dopl\u0148kov\u00e9 parametry<\/h3>\n<table class=\"detail-parameters\">\n<tbody>\n<tr>\n<th>        <span class=\"row-header-label\">            Kategorie<span class=\"row-header-label-colon\">:<\/span>        <\/span>    <\/th>\n<td>            <\/td>\n<\/tr>\n<tr>\n<th>            <span class=\"row-header-label\">                Z\u00e1ruka<span class=\"row-header-label-colon\">:<\/span>            <\/span>        <\/th>\n<td>            2 roky        <\/td>\n<\/tr>\n<tr>\n<th>            <span class=\"row-header-label\">                Hmotnost<span class=\"row-header-label-colon\">:<\/span>            <\/span>        <\/th>\n<td>            1 kg        <\/td>\n<\/tr>\n<tr class=\"productEan\">\n<th>          <span class=\"row-header-label productEan__label\">              EAN<span class=\"row-header-label-colon\">:<\/span>          <\/span>      <\/th>\n<td>          <span class=\"productEan__value\">8595141930153<\/span>      <\/td>\n<\/tr>\n<tr>\n<th>                <span class=\"row-header-label\">                                            Barva<span class=\"row-header-label-colon\">:<\/span>                                    <\/span>            <\/th>\n<td>                                                            Chrom                                                <\/td>\n<\/tr>\n<tr>\n<th>                <span class=\"row-header-label\">                                            Katalog<span class=\"row-header-label-colon\">:<\/span>                                    <\/span>            <\/th>\n<td>                                                            Olsen-Spa,HOPA Koupelny                                                <\/td>\n<\/tr>\n<tr>\n<th>                <span class=\"row-header-label\">                                            Materi\u00e1l<span class=\"row-header-label-colon\">:<\/span>                                    <\/span>            <\/th>\n<td>                                                            Nerez                                                <\/td>\n<\/tr>\n<tr>\n<th>                <span class=\"row-header-label\">                                            Rozm\u011br hlavov\u00e9 sprchy<span class=\"row-header-label-colon\">:<\/span>                                    <\/span>            <\/th>\n<td>                                                            \u00d8 250 mm                                                <\/td>\n<\/tr>\n<tr>\n<th>                <span class=\"row-header-label\">                                            S\u00e9rie<span class=\"row-header-label-colon\">:<\/span>                                    <\/span>            <\/th>\n<td>                                                            HOPA                                                <\/td>\n<\/tr>\n<tr>\n<th>                <span class=\"row-header-label\">                                            Skupina artiklu<span class=\"row-header-label-colon\">:<\/span>                                    <\/span>            <\/th>\n<td>                                                            S09                                                <\/td>\n<\/tr>\n<tr>\n<th>                <span class=\"row-header-label\">                                            Top Produkt<span class=\"row-header-label-colon\">:<\/span>                                    <\/span>            <\/th>\n<td>                                                            Ano                                                <\/td>\n<\/tr>\n<tr>\n<th>                <span class=\"row-header-label\">                                            Typ<span class=\"row-header-label-colon\">:<\/span>                                    <\/span>            <\/th>\n<td>                                                            Hlavov\u00e1                                                <\/td>\n<\/tr>\n<tr>\n<th>                <span class=\"row-header-label\">                                            Typ p\u0159ipojen\u00ed<span class=\"row-header-label-colon\">:<\/span>                                    <\/span>            <\/th>\n<td>                                                            G 1\/2                                                <\/td>\n<\/tr>\n<tr>\n<th>                <span class=\"row-header-label\">                                            Z\u00e1ruka<span class=\"row-header-label-colon\">:<\/span>                                    <\/span>            <\/th>\n<td>                                                            2 roky                                                <\/td>\n<\/tr>\n<\/tbody>\n<\/table><\/div>\n<\/p><\/div>\n<\/p><\/div>\n","protected":false},"excerpt":{"rendered":"<p>Detailn\u00ed popis produktu Pro vytvo\u0159en\u00ed velmi obl\u00edben\u00e9 kombinace se pod\u00edvejte se na nab\u00eddku\u00a0podom\u00edtkov\u00fdch bateri\u00ed, kter\u00e9 skv\u011ble dopln\u00ed tuto hlavovou sprchu. Pro instalaci je nezbytn\u00e9 pou\u017e\u00edt\u00a0dr\u017e\u00e1k hlavov\u00e9 sprchy, ten si m\u016f\u017eete vybrat s instalac\u00ed ze stropu, nebo z bo\u010dn\u00ed st\u011bny.\u00a0 Nab\u00eddka\u00a0hlavov\u00fdch sprch\u00a0obsahuje opravdu velk\u00fd v\u00fdb\u011br tvar\u016f i\u00a0velikost\u00ed t\u011bchto kr\u00e1sn\u00fdch\u00a0hlavov\u00fdch sprch.\u00a0Z\u00a0na\u0161\u00ed nab\u00eddky si zaru\u010den\u011b vyberou milovn\u00edci moderny [&hellip;]<\/p>\n","protected":false},"featured_media":19796,"comment_status":"open","ping_status":"open","template":"","meta":[],"product_brand":[],"product_cat":[65],"product_tag":[],"class_list":{"0":"post-19696","1":"product","2":"type-product","3":"status-publish","4":"has-post-thumbnail","6":"product_cat-prislusenstvi-do-sprch","8":"first","9":"instock","10":"sale","11":"shipping-taxable","12":"purchasable","13":"product-type-simple"},"yoast_head":"<!-- This site is optimized with the Yoast SEO plugin v26.8 - https:\/\/yoast.com\/product\/yoast-seo-wordpress\/ -->\n<title>N\u00edzk\u00e1 Cena Hlavov\u00e1 sprcha VESUV PLUS, O 250 mm -<\/title>\n<meta name=\"robots\" content=\"index, follow, max-snippet:-1, max-image-preview:large, max-video-preview:-1\" \/>\n<link rel=\"canonical\" href=\"https:\/\/www.domkraftpro.com\/index.php\/produkt\/nizka-cena-hlavova-sprcha-vesuv-plus-o-250-mm-19696\/\" \/>\n<meta property=\"og:locale\" content=\"cs_CZ\" \/>\n<meta property=\"og:type\" content=\"article\" \/>\n<meta property=\"og:title\" content=\"N\u00edzk\u00e1 Cena Hlavov\u00e1 sprcha VESUV PLUS, O 250 mm -\" \/>\n<meta property=\"og:description\" content=\"Detailn\u00ed popis produktu Pro vytvo\u0159en\u00ed velmi obl\u00edben\u00e9 kombinace se pod\u00edvejte se na nab\u00eddku\u00a0podom\u00edtkov\u00fdch bateri\u00ed, kter\u00e9 skv\u011ble dopln\u00ed tuto hlavovou sprchu. Pro instalaci je nezbytn\u00e9 pou\u017e\u00edt\u00a0dr\u017e\u00e1k hlavov\u00e9 sprchy, ten si m\u016f\u017eete vybrat s instalac\u00ed ze stropu, nebo z bo\u010dn\u00ed st\u011bny.\u00a0 Nab\u00eddka\u00a0hlavov\u00fdch sprch\u00a0obsahuje opravdu velk\u00fd v\u00fdb\u011br tvar\u016f i\u00a0velikost\u00ed t\u011bchto kr\u00e1sn\u00fdch\u00a0hlavov\u00fdch sprch.\u00a0Z\u00a0na\u0161\u00ed nab\u00eddky si zaru\u010den\u011b vyberou milovn\u00edci moderny [&hellip;]\" \/>\n<meta property=\"og:url\" content=\"https:\/\/www.domkraftpro.com\/index.php\/produkt\/nizka-cena-hlavova-sprcha-vesuv-plus-o-250-mm-19696\/\" \/>\n<meta property=\"og:image\" content=\"https:\/\/www.domkraftpro.com\/wp-content\/uploads\/2026\/SK0008415-CZ20260425-092556-0-1777080363-822411_hlavova-sprcha-vesuv-plus.webp\" \/>\n\t<meta property=\"og:image:width\" content=\"1000\" \/>\n\t<meta property=\"og:image:height\" content=\"750\" \/>\n\t<meta property=\"og:image:type\" content=\"image\/webp\" \/>\n<meta name=\"twitter:card\" content=\"summary_large_image\" \/>\n<meta name=\"twitter:label1\" content=\"Odhadovan\u00e1 doba \u010dten\u00ed\" \/>\n\t<meta name=\"twitter:data1\" content=\"1 minuta\" \/>\n<script type=\"application\/ld+json\" class=\"yoast-schema-graph\">{\"@context\":\"https:\/\/schema.org\",\"@graph\":[{\"@type\":\"WebPage\",\"@id\":\"https:\/\/www.domkraftpro.com\/index.php\/produkt\/nizka-cena-hlavova-sprcha-vesuv-plus-o-250-mm-19696\/\",\"url\":\"https:\/\/www.domkraftpro.com\/index.php\/produkt\/nizka-cena-hlavova-sprcha-vesuv-plus-o-250-mm-19696\/\",\"name\":\"N\u00edzk\u00e1 Cena Hlavov\u00e1 sprcha VESUV PLUS, O 250 mm -\",\"isPartOf\":{\"@id\":\"https:\/\/www.domkraftpro.com\/#website\"},\"primaryImageOfPage\":{\"@id\":\"https:\/\/www.domkraftpro.com\/index.php\/produkt\/nizka-cena-hlavova-sprcha-vesuv-plus-o-250-mm-19696\/#primaryimage\"},\"image\":{\"@id\":\"https:\/\/www.domkraftpro.com\/index.php\/produkt\/nizka-cena-hlavova-sprcha-vesuv-plus-o-250-mm-19696\/#primaryimage\"},\"thumbnailUrl\":\"https:\/\/www.domkraftpro.com\/wp-content\/uploads\/2026\/SK0008415-CZ20260425-092556-0-1777080363-822411_hlavova-sprcha-vesuv-plus.webp\",\"datePublished\":\"2026-04-27T04:41:12+00:00\",\"breadcrumb\":{\"@id\":\"https:\/\/www.domkraftpro.com\/index.php\/produkt\/nizka-cena-hlavova-sprcha-vesuv-plus-o-250-mm-19696\/#breadcrumb\"},\"inLanguage\":\"cs\",\"potentialAction\":[{\"@type\":\"ReadAction\",\"target\":[\"https:\/\/www.domkraftpro.com\/index.php\/produkt\/nizka-cena-hlavova-sprcha-vesuv-plus-o-250-mm-19696\/\"]}]},{\"@type\":\"ImageObject\",\"inLanguage\":\"cs\",\"@id\":\"https:\/\/www.domkraftpro.com\/index.php\/produkt\/nizka-cena-hlavova-sprcha-vesuv-plus-o-250-mm-19696\/#primaryimage\",\"url\":\"https:\/\/www.domkraftpro.com\/wp-content\/uploads\/2026\/SK0008415-CZ20260425-092556-0-1777080363-822411_hlavova-sprcha-vesuv-plus.webp\",\"contentUrl\":\"https:\/\/www.domkraftpro.com\/wp-content\/uploads\/2026\/SK0008415-CZ20260425-092556-0-1777080363-822411_hlavova-sprcha-vesuv-plus.webp\",\"width\":1000,\"height\":750},{\"@type\":\"BreadcrumbList\",\"@id\":\"https:\/\/www.domkraftpro.com\/index.php\/produkt\/nizka-cena-hlavova-sprcha-vesuv-plus-o-250-mm-19696\/#breadcrumb\",\"itemListElement\":[{\"@type\":\"ListItem\",\"position\":1,\"name\":\"Home\",\"item\":\"https:\/\/www.domkraftpro.com\/\"},{\"@type\":\"ListItem\",\"position\":2,\"name\":\"Products\",\"item\":\"https:\/\/www.domkraftpro.com\/index.php\/products\/\"},{\"@type\":\"ListItem\",\"position\":3,\"name\":\"N\u00edzk\u00e1 Cena Hlavov\u00e1 sprcha VESUV PLUS, O 250 mm\"}]},{\"@type\":\"WebSite\",\"@id\":\"https:\/\/www.domkraftpro.com\/#website\",\"url\":\"https:\/\/www.domkraftpro.com\/\",\"name\":\"\",\"description\":\"\",\"potentialAction\":[{\"@type\":\"SearchAction\",\"target\":{\"@type\":\"EntryPoint\",\"urlTemplate\":\"https:\/\/www.domkraftpro.com\/?s={search_term_string}\"},\"query-input\":{\"@type\":\"PropertyValueSpecification\",\"valueRequired\":true,\"valueName\":\"search_term_string\"}}],\"inLanguage\":\"cs\"}]}<\/script>\n<!-- \/ Yoast SEO plugin. -->","yoast_head_json":{"title":"N\u00edzk\u00e1 Cena Hlavov\u00e1 sprcha VESUV PLUS, O 250 mm -","robots":{"index":"index","follow":"follow","max-snippet":"max-snippet:-1","max-image-preview":"max-image-preview:large","max-video-preview":"max-video-preview:-1"},"canonical":"https:\/\/www.domkraftpro.com\/index.php\/produkt\/nizka-cena-hlavova-sprcha-vesuv-plus-o-250-mm-19696\/","og_locale":"cs_CZ","og_type":"article","og_title":"N\u00edzk\u00e1 Cena Hlavov\u00e1 sprcha VESUV PLUS, O 250 mm -","og_description":"Detailn\u00ed popis produktu Pro vytvo\u0159en\u00ed velmi obl\u00edben\u00e9 kombinace se pod\u00edvejte se na nab\u00eddku\u00a0podom\u00edtkov\u00fdch bateri\u00ed, kter\u00e9 skv\u011ble dopln\u00ed tuto hlavovou sprchu. Pro instalaci je nezbytn\u00e9 pou\u017e\u00edt\u00a0dr\u017e\u00e1k hlavov\u00e9 sprchy, ten si m\u016f\u017eete vybrat s instalac\u00ed ze stropu, nebo z bo\u010dn\u00ed st\u011bny.\u00a0 Nab\u00eddka\u00a0hlavov\u00fdch sprch\u00a0obsahuje opravdu velk\u00fd v\u00fdb\u011br tvar\u016f i\u00a0velikost\u00ed t\u011bchto kr\u00e1sn\u00fdch\u00a0hlavov\u00fdch sprch.\u00a0Z\u00a0na\u0161\u00ed nab\u00eddky si zaru\u010den\u011b vyberou milovn\u00edci moderny [&hellip;]","og_url":"https:\/\/www.domkraftpro.com\/index.php\/produkt\/nizka-cena-hlavova-sprcha-vesuv-plus-o-250-mm-19696\/","og_image":[{"width":1000,"height":750,"url":"https:\/\/www.domkraftpro.com\/wp-content\/uploads\/2026\/SK0008415-CZ20260425-092556-0-1777080363-822411_hlavova-sprcha-vesuv-plus.webp","type":"image\/webp"}],"twitter_card":"summary_large_image","twitter_misc":{"Odhadovan\u00e1 doba \u010dten\u00ed":"1 minuta"},"schema":{"@context":"https:\/\/schema.org","@graph":[{"@type":"WebPage","@id":"https:\/\/www.domkraftpro.com\/index.php\/produkt\/nizka-cena-hlavova-sprcha-vesuv-plus-o-250-mm-19696\/","url":"https:\/\/www.domkraftpro.com\/index.php\/produkt\/nizka-cena-hlavova-sprcha-vesuv-plus-o-250-mm-19696\/","name":"N\u00edzk\u00e1 Cena Hlavov\u00e1 sprcha VESUV PLUS, O 250 mm -","isPartOf":{"@id":"https:\/\/www.domkraftpro.com\/#website"},"primaryImageOfPage":{"@id":"https:\/\/www.domkraftpro.com\/index.php\/produkt\/nizka-cena-hlavova-sprcha-vesuv-plus-o-250-mm-19696\/#primaryimage"},"image":{"@id":"https:\/\/www.domkraftpro.com\/index.php\/produkt\/nizka-cena-hlavova-sprcha-vesuv-plus-o-250-mm-19696\/#primaryimage"},"thumbnailUrl":"https:\/\/www.domkraftpro.com\/wp-content\/uploads\/2026\/SK0008415-CZ20260425-092556-0-1777080363-822411_hlavova-sprcha-vesuv-plus.webp","datePublished":"2026-04-27T04:41:12+00:00","breadcrumb":{"@id":"https:\/\/www.domkraftpro.com\/index.php\/produkt\/nizka-cena-hlavova-sprcha-vesuv-plus-o-250-mm-19696\/#breadcrumb"},"inLanguage":"cs","potentialAction":[{"@type":"ReadAction","target":["https:\/\/www.domkraftpro.com\/index.php\/produkt\/nizka-cena-hlavova-sprcha-vesuv-plus-o-250-mm-19696\/"]}]},{"@type":"ImageObject","inLanguage":"cs","@id":"https:\/\/www.domkraftpro.com\/index.php\/produkt\/nizka-cena-hlavova-sprcha-vesuv-plus-o-250-mm-19696\/#primaryimage","url":"https:\/\/www.domkraftpro.com\/wp-content\/uploads\/2026\/SK0008415-CZ20260425-092556-0-1777080363-822411_hlavova-sprcha-vesuv-plus.webp","contentUrl":"https:\/\/www.domkraftpro.com\/wp-content\/uploads\/2026\/SK0008415-CZ20260425-092556-0-1777080363-822411_hlavova-sprcha-vesuv-plus.webp","width":1000,"height":750},{"@type":"BreadcrumbList","@id":"https:\/\/www.domkraftpro.com\/index.php\/produkt\/nizka-cena-hlavova-sprcha-vesuv-plus-o-250-mm-19696\/#breadcrumb","itemListElement":[{"@type":"ListItem","position":1,"name":"Home","item":"https:\/\/www.domkraftpro.com\/"},{"@type":"ListItem","position":2,"name":"Products","item":"https:\/\/www.domkraftpro.com\/index.php\/products\/"},{"@type":"ListItem","position":3,"name":"N\u00edzk\u00e1 Cena Hlavov\u00e1 sprcha VESUV PLUS, O 250 mm"}]},{"@type":"WebSite","@id":"https:\/\/www.domkraftpro.com\/#website","url":"https:\/\/www.domkraftpro.com\/","name":"","description":"","potentialAction":[{"@type":"SearchAction","target":{"@type":"EntryPoint","urlTemplate":"https:\/\/www.domkraftpro.com\/?s={search_term_string}"},"query-input":{"@type":"PropertyValueSpecification","valueRequired":true,"valueName":"search_term_string"}}],"inLanguage":"cs"}]}},"_links":{"self":[{"href":"https:\/\/www.domkraftpro.com\/index.php\/wp-json\/wp\/v2\/product\/19696","targetHints":{"allow":["GET"]}}],"collection":[{"href":"https:\/\/www.domkraftpro.com\/index.php\/wp-json\/wp\/v2\/product"}],"about":[{"href":"https:\/\/www.domkraftpro.com\/index.php\/wp-json\/wp\/v2\/types\/product"}],"replies":[{"embeddable":true,"href":"https:\/\/www.domkraftpro.com\/index.php\/wp-json\/wp\/v2\/comments?post=19696"}],"wp:featuredmedia":[{"embeddable":true,"href":"https:\/\/www.domkraftpro.com\/index.php\/wp-json\/wp\/v2\/media\/19796"}],"wp:attachment":[{"href":"https:\/\/www.domkraftpro.com\/index.php\/wp-json\/wp\/v2\/media?parent=19696"}],"wp:term":[{"taxonomy":"product_brand","embeddable":true,"href":"https:\/\/www.domkraftpro.com\/index.php\/wp-json\/wp\/v2\/product_brand?post=19696"},{"taxonomy":"product_cat","embeddable":true,"href":"https:\/\/www.domkraftpro.com\/index.php\/wp-json\/wp\/v2\/product_cat?post=19696"},{"taxonomy":"product_tag","embeddable":true,"href":"https:\/\/www.domkraftpro.com\/index.php\/wp-json\/wp\/v2\/product_tag?post=19696"}],"curies":[{"name":"wp","href":"https:\/\/api.w.org\/{rel}","templated":true}]}}