{"id":19348,"date":"2026-04-27T04:41:11","date_gmt":"2026-04-27T04:41:11","guid":{"rendered":""},"modified":"2026-04-27T04:41:11","modified_gmt":"2026-04-27T04:41:11","slug":"jen-po-omezenou-doba-obdelnikova-vana-termi-bez-nozicek-150-x-70-cm-19348","status":"publish","type":"product","link":"https:\/\/www.domkraftpro.com\/index.php\/produkt\/jen-po-omezenou-doba-obdelnikova-vana-termi-bez-nozicek-150-x-70-cm-19348\/","title":{"rendered":"Jen Po Omezenou Doba Obd\u00e9ln\u00edkov\u00e1 vana TERMI, Bez no\u017ei\u010dek, 150 \u00d7 70 cm"},"content":{"rendered":"<div class=\"basic-description\">\n<h3>Detailn\u00ed popis produktu<\/h3>\n<p><strong>Obd\u00e9ln\u00edkov\u00e1 vana\u00a0TERMI\u00a0vynik\u00e1 vysoce kvalitn\u00edm zpracov\u00e1n\u00edm a spolehlivou funk\u010dnost\u00ed v\u0161ech sou\u010d\u00e1st\u00ed a materi\u00e1l\u016f.\u00a0<\/strong><\/p>\n<p><strong><span style=\"background-color:#ffffff;font-family:'Noto Sans', sans-serif;font-size:13.4px;letter-spacing:1px;\">No\u017ei\u010dky k van\u011b\u00a0je nutn\u00e9 dokoupit.<\/span><\/strong><\/p>\n<p><span style=\"font-weight:bolder;font-family:'Noto Sans', sans-serif;font-size:13.4px;letter-spacing:1px;background-color:#ffffff;\">Fotky jsou pouze ilustra\u010dn\u00ed. Uveden\u00e1 cena je pouze za holou vanu, NEOBSAHUJE\u00a0panel.<\/span><strong><span style=\"background-color:#ffffff;font-family:'Noto Sans', sans-serif;font-size:13.4px;letter-spacing:1px;\"><\/span><\/strong><\/p>\n<p><span style=\"font-weight:bolder;font-family:'Noto Sans', sans-serif;font-size:13.4px;letter-spacing:1px;background-color:#ffffff;\"><b style=\"font-family:Verdana, Arial, Helvetica, sans-serif;font-size:11px;letter-spacing:normal;background-color:#fafbfc;\">Set \u010deln\u00edho a bo\u010dn\u00edho panelu m\u016f\u017eete zakoupit  zde .<\/b><\/span><\/p>\n<p><b>Vana neobsahuje madla, ty lze samostatn\u011b doobjednat.<\/b><\/p>\n<p>U\u017e\u00edv\u00e1te si r\u00e1di komfort a pohodu spojenou s vanou a tak\u00e9 rychlost a prakti\u010dnost sprchov\u00e9ho koutu? Rozm\u011bry Va\u0161\u00ed koupelny v\u0161ak nedovoluj\u00ed ob\u011b varianty? Pod\u00edvejte se na nab\u00eddku vanov\u00fdch z\u00e1st\u011bn a u\u017e\u00edvejte si jen v\u00fdhody.<\/p>\n<p>Pod\u00edvejte se na bohatou nab\u00eddku dopl\u0148k\u016f pro vany, kter\u00e9 podtrhnou modern\u00ed design Va\u0161\u00ed koupelny. Vyberte si z nab\u00eddky vanov\u00fdch bateri\u00ed, madel\u00a0a ostatn\u00edch dopl\u0148k\u016f\u00a0pro v\u00e1\u0161 maxim\u00e1ln\u00ed komfort. \u00a0<\/p>\n<p><strong>P\u0159ednosti obd\u00e9ln\u00edkov\u00e9 vany\u00a0TERMI<\/strong><\/p>\n<ul>\n<li><strong>hloubka<\/strong>\u00a0vany\u00a0<strong>38 a\u017e 39,5 cm<\/strong><\/li>\n<li>materi\u00e1l:\u00a0<strong>sanit\u00e1rn\u00ed akryl\u00e1t<\/strong><\/li>\n<li><strong>hranat\u00fd styl<\/strong>\u00a0vnit\u0159n\u00edho prostoru<\/li>\n<li><strong>odtok a p\u0159epad<\/strong>\u00a0situov\u00e1n klasicky v no\u017en\u00ed partii<\/li>\n<li>okraje vany umo\u017e\u0148uj\u00ed instalaci vanov\u00e9 z\u00e1st\u011bny\u00a0<\/li>\n<\/ul>\n<p><strong>Rozm\u011bry vany:<\/strong><\/p>\n<ol>\n<li>120 \u00d7 70 cm\u00a0(126 l)<\/li>\n<li>130\u00a0\u00d7 70 cm\u00a0(130 l)<\/li>\n<li>140 \u00d7 70 cm\u00a0(136 l)<\/li>\n<li>150\u00a0\u00d7 70 cm (149 l)<\/li>\n<li>160 \u00d7 70 cm (162 l)<\/li>\n<li>170\u00a0\u00d7 70 cm (168 l)<\/li>\n<li>180 x 80 cm (180 l)<\/li>\n<\/ol>\n<ul style=\"margin-bottom:1rem;margin-top:0px;list-style:none;padding-left:0px;margin-left:1rem;font-family:'Noto Sans', sans-serif;font-size:13.4px;background-color:#ffffff;\">\n<li>\n<ul style=\"margin-bottom:1rem;margin-top:0px;list-style:none;padding-left:0px;margin-left:1rem;font-family:'Noto Sans', sans-serif;font-size:13.4px;background-color:#ffffff;\">\n<li style=\"font-size:0.8375rem;list-style:square;margin-bottom:0.4em;\"><span style=\"font-weight:bolder;\">Z\u00c1RUKA 10 LET<\/span><\/li>\n<\/ul>\n<\/li>\n<\/ul>\n<p>*BESAFE:<\/p>\n<p>Povlak BeSafe je speci\u00e1ln\u011b vyvinut\u00e1 protiskluzov\u00e1 vrstva nanesen\u00e1 na povrch vany nebo sprchov\u00e9 vani\u010dky. Poskytuje maxim\u00e1ln\u00ed pohodl\u00ed a bezpe\u010dnost koup\u00e1n\u00ed. Jemn\u00e1 struktura BeSafe zaru\u010duje bezprobl\u00e9movou \u00fadr\u017ebu vany nebo sprchov\u00e9 vani\u010dky.<b><\/b><\/p>\n<p><b>\u0160V\u00ddCARSK\u00c1 KVALITA<\/b><\/p>\n<p><strong>Videon\u00e1vod na mont\u00e1\u017e akryl\u00e1tov\u00e9 vany<\/strong><b><\/b><\/p>\n<p><strong><\/strong><\/p>\n<\/p>\n<\/p>\n<p><video width=\"300\" height=\"150\" controls=\"\"><strong><\/strong><source src=\"\/img\/cms\/VIDEO\/N%C3%A1vod%20na%20mont%C3%A1%C5%BE_akryl%C3%A1tov%C3%A1%20vana_%C4%8Deln%C3%AD%20panel_1%20(2).mp4\" type=\"video\/mp4\"><strong><\/strong><\/source><strong><\/strong><\/video><strong><\/strong>                            <\/div>\n<div class=\"extended-description\">\n<h3>Dopl\u0148kov\u00e9 parametry<\/h3>\n<table class=\"detail-parameters\">\n<tbody>\n<tr>\n<th>        <span class=\"row-header-label\">            Kategorie<span class=\"row-header-label-colon\">:<\/span>        <\/span>    <\/th>\n<td>            <\/td>\n<\/tr>\n<tr>\n<th>            <span class=\"row-header-label\">                Z\u00e1ruka<span class=\"row-header-label-colon\">:<\/span>            <\/span>        <\/th>\n<td>            10 let        <\/td>\n<\/tr>\n<tr>\n<th>            <span class=\"row-header-label\">                Hmotnost<span class=\"row-header-label-colon\">:<\/span>            <\/span>        <\/th>\n<td>            17.3 kg        <\/td>\n<\/tr>\n<tr class=\"productEan\">\n<th>          <span class=\"row-header-label productEan__label\">              EAN<span class=\"row-header-label-colon\">:<\/span>          <\/span>      <\/th>\n<td>          <span class=\"productEan__value\">5908239684266<\/span>      <\/td>\n<\/tr>\n<tr>\n<th>                <span class=\"row-header-label\">                                            Barva<span class=\"row-header-label-colon\">:<\/span>                                    <\/span>            <\/th>\n<td>                                                            B\u00edl\u00e1 leskl\u00e1                                                <\/td>\n<\/tr>\n<tr>\n<th>                <span class=\"row-header-label\">                                            Druh vany<span class=\"row-header-label-colon\">:<\/span>                                    <\/span>            <\/th>\n<td>                                                            Klasik                                                <\/td>\n<\/tr>\n<tr>\n<th>                <span class=\"row-header-label\">                                            Katalog<span class=\"row-header-label-colon\">:<\/span>                                    <\/span>            <\/th>\n<td>                                                            Olsen-Spa                                                <\/td>\n<\/tr>\n<tr>\n<th>                <span class=\"row-header-label\">                                            Materi\u00e1l<span class=\"row-header-label-colon\">:<\/span>                                    <\/span>            <\/th>\n<td>                                                            Sanit\u00e1rn\u00ed akryl\u00e1t                                                <\/td>\n<\/tr>\n<tr>\n<th>                <span class=\"row-header-label\">                                            No\u017ei\u010dky k van\u011b<span class=\"row-header-label-colon\">:<\/span>                                    <\/span>            <\/th>\n<td>                                                            Bez no\u017ei\u010dek                                                <\/td>\n<\/tr>\n<tr>\n<th>                <span class=\"row-header-label\">                                            Objem<span class=\"row-header-label-colon\">:<\/span>                                    <\/span>            <\/th>\n<td>                                                            168 l,180 l,126 l,130 l,136 l,149 l,162 l                                                <\/td>\n<\/tr>\n<tr>\n<th>                <span class=\"row-header-label\">                                            Rozm\u011br A<span class=\"row-header-label-colon\">:<\/span>                                    <\/span>            <\/th>\n<td>                                                            150 cm,170 cm,120 cm,140 cm,160 cm,180 cm,130 cm                                                <\/td>\n<\/tr>\n<tr>\n<th>                <span class=\"row-header-label\">                                            Rozm\u011br B<span class=\"row-header-label-colon\">:<\/span>                                    <\/span>            <\/th>\n<td>                                                            70 cm,80 cm                                                <\/td>\n<\/tr>\n<tr>\n<th>                <span class=\"row-header-label\">                                            Rozm\u011br C<span class=\"row-header-label-colon\">:<\/span>                                    <\/span>            <\/th>\n<td>                                                            55.5 cm                                                <\/td>\n<\/tr>\n<tr>\n<th>                <span class=\"row-header-label\">                                            Rozm\u011br vany<span class=\"row-header-label-colon\">:<\/span>                                    <\/span>            <\/th>\n<td>                                                            150 \u00d7 70 cm                                                <\/td>\n<\/tr>\n<tr>\n<th>                <span class=\"row-header-label\">                                            S\u00e9rie<span class=\"row-header-label-colon\">:<\/span>                                    <\/span>            <\/th>\n<td>                                                            TERMI                                                <\/td>\n<\/tr>\n<tr>\n<th>                <span class=\"row-header-label\">                                            Skupina artiklu<span class=\"row-header-label-colon\">:<\/span>                                    <\/span>            <\/th>\n<td>                                                            S23V                                                <\/td>\n<\/tr>\n<tr>\n<th>                <span class=\"row-header-label\">                                            Top Produkt<span class=\"row-header-label-colon\">:<\/span>                                    <\/span>            <\/th>\n<td>                                                            Ano                                                <\/td>\n<\/tr>\n<tr>\n<th>                <span class=\"row-header-label\">                                            Vybaven\u00ed<span class=\"row-header-label-colon\">:<\/span>                                    <\/span>            <\/th>\n<td>                                                            Bez no\u017ei\u010dek,S no\u017ei\u010dkami                                                <\/td>\n<\/tr>\n<tr>\n<th>                <span class=\"row-header-label\">                                            Z\u00e1ruka<span class=\"row-header-label-colon\">:<\/span>                                    <\/span>            <\/th>\n<td>                                                            10 let                                                <\/td>\n<\/tr>\n<\/tbody>\n<\/table><\/div>\n<\/p><\/div>\n<\/p><\/div>\n","protected":false},"excerpt":{"rendered":"<p>Detailn\u00ed popis produktu Obd\u00e9ln\u00edkov\u00e1 vana\u00a0TERMI\u00a0vynik\u00e1 vysoce kvalitn\u00edm zpracov\u00e1n\u00edm a spolehlivou funk\u010dnost\u00ed v\u0161ech sou\u010d\u00e1st\u00ed a materi\u00e1l\u016f.\u00a0 No\u017ei\u010dky k van\u011b\u00a0je nutn\u00e9 dokoupit. Fotky jsou pouze ilustra\u010dn\u00ed. Uveden\u00e1 cena je pouze za holou vanu, NEOBSAHUJE\u00a0panel. Set \u010deln\u00edho a bo\u010dn\u00edho panelu m\u016f\u017eete zakoupit zde . Vana neobsahuje madla, ty lze samostatn\u011b doobjednat. U\u017e\u00edv\u00e1te si r\u00e1di komfort a pohodu spojenou [&hellip;]<\/p>\n","protected":false},"featured_media":19448,"comment_status":"open","ping_status":"open","template":"","meta":[],"product_brand":[],"product_cat":[81],"product_tag":[],"class_list":{"0":"post-19348","1":"product","2":"type-product","3":"status-publish","4":"has-post-thumbnail","6":"product_cat-vany","8":"first","9":"instock","10":"sale","11":"shipping-taxable","12":"purchasable","13":"product-type-simple"},"yoast_head":"<!-- This site is optimized with the Yoast SEO plugin v26.8 - https:\/\/yoast.com\/product\/yoast-seo-wordpress\/ -->\n<title>Jen Po Omezenou Doba Obd\u00e9ln\u00edkov\u00e1 vana TERMI, Bez no\u017ei\u010dek, 150 \u00d7 70 cm -<\/title>\n<meta name=\"robots\" content=\"index, follow, max-snippet:-1, max-image-preview:large, max-video-preview:-1\" \/>\n<link rel=\"canonical\" href=\"https:\/\/www.domkraftpro.com\/index.php\/produkt\/jen-po-omezenou-doba-obdelnikova-vana-termi-bez-nozicek-150-x-70-cm-19348\/\" \/>\n<meta property=\"og:locale\" content=\"cs_CZ\" \/>\n<meta property=\"og:type\" content=\"article\" \/>\n<meta property=\"og:title\" content=\"Jen Po Omezenou Doba Obd\u00e9ln\u00edkov\u00e1 vana TERMI, Bez no\u017ei\u010dek, 150 \u00d7 70 cm -\" \/>\n<meta property=\"og:description\" content=\"Detailn\u00ed popis produktu Obd\u00e9ln\u00edkov\u00e1 vana\u00a0TERMI\u00a0vynik\u00e1 vysoce kvalitn\u00edm zpracov\u00e1n\u00edm a spolehlivou funk\u010dnost\u00ed v\u0161ech sou\u010d\u00e1st\u00ed a materi\u00e1l\u016f.\u00a0 No\u017ei\u010dky k van\u011b\u00a0je nutn\u00e9 dokoupit. Fotky jsou pouze ilustra\u010dn\u00ed. Uveden\u00e1 cena je pouze za holou vanu, NEOBSAHUJE\u00a0panel. Set \u010deln\u00edho a bo\u010dn\u00edho panelu m\u016f\u017eete zakoupit zde . Vana neobsahuje madla, ty lze samostatn\u011b doobjednat. U\u017e\u00edv\u00e1te si r\u00e1di komfort a pohodu spojenou [&hellip;]\" \/>\n<meta property=\"og:url\" content=\"https:\/\/www.domkraftpro.com\/index.php\/produkt\/jen-po-omezenou-doba-obdelnikova-vana-termi-bez-nozicek-150-x-70-cm-19348\/\" \/>\n<meta property=\"og:image\" content=\"https:\/\/www.domkraftpro.com\/wp-content\/uploads\/2026\/SK0008267-CZ20260425-092556-0-1777080363-821703_obdelnikova-vana-termi.webp\" \/>\n\t<meta property=\"og:image:width\" content=\"1000\" \/>\n\t<meta property=\"og:image:height\" content=\"750\" \/>\n\t<meta property=\"og:image:type\" content=\"image\/webp\" \/>\n<meta name=\"twitter:card\" content=\"summary_large_image\" \/>\n<meta name=\"twitter:label1\" content=\"Odhadovan\u00e1 doba \u010dten\u00ed\" \/>\n\t<meta name=\"twitter:data1\" content=\"2 minuty\" \/>\n<script type=\"application\/ld+json\" class=\"yoast-schema-graph\">{\"@context\":\"https:\/\/schema.org\",\"@graph\":[{\"@type\":\"WebPage\",\"@id\":\"https:\/\/www.domkraftpro.com\/index.php\/produkt\/jen-po-omezenou-doba-obdelnikova-vana-termi-bez-nozicek-150-x-70-cm-19348\/\",\"url\":\"https:\/\/www.domkraftpro.com\/index.php\/produkt\/jen-po-omezenou-doba-obdelnikova-vana-termi-bez-nozicek-150-x-70-cm-19348\/\",\"name\":\"Jen Po Omezenou Doba Obd\u00e9ln\u00edkov\u00e1 vana TERMI, Bez no\u017ei\u010dek, 150 \u00d7 70 cm -\",\"isPartOf\":{\"@id\":\"https:\/\/www.domkraftpro.com\/#website\"},\"primaryImageOfPage\":{\"@id\":\"https:\/\/www.domkraftpro.com\/index.php\/produkt\/jen-po-omezenou-doba-obdelnikova-vana-termi-bez-nozicek-150-x-70-cm-19348\/#primaryimage\"},\"image\":{\"@id\":\"https:\/\/www.domkraftpro.com\/index.php\/produkt\/jen-po-omezenou-doba-obdelnikova-vana-termi-bez-nozicek-150-x-70-cm-19348\/#primaryimage\"},\"thumbnailUrl\":\"https:\/\/www.domkraftpro.com\/wp-content\/uploads\/2026\/SK0008267-CZ20260425-092556-0-1777080363-821703_obdelnikova-vana-termi.webp\",\"datePublished\":\"2026-04-27T04:41:11+00:00\",\"breadcrumb\":{\"@id\":\"https:\/\/www.domkraftpro.com\/index.php\/produkt\/jen-po-omezenou-doba-obdelnikova-vana-termi-bez-nozicek-150-x-70-cm-19348\/#breadcrumb\"},\"inLanguage\":\"cs\",\"potentialAction\":[{\"@type\":\"ReadAction\",\"target\":[\"https:\/\/www.domkraftpro.com\/index.php\/produkt\/jen-po-omezenou-doba-obdelnikova-vana-termi-bez-nozicek-150-x-70-cm-19348\/\"]}]},{\"@type\":\"ImageObject\",\"inLanguage\":\"cs\",\"@id\":\"https:\/\/www.domkraftpro.com\/index.php\/produkt\/jen-po-omezenou-doba-obdelnikova-vana-termi-bez-nozicek-150-x-70-cm-19348\/#primaryimage\",\"url\":\"https:\/\/www.domkraftpro.com\/wp-content\/uploads\/2026\/SK0008267-CZ20260425-092556-0-1777080363-821703_obdelnikova-vana-termi.webp\",\"contentUrl\":\"https:\/\/www.domkraftpro.com\/wp-content\/uploads\/2026\/SK0008267-CZ20260425-092556-0-1777080363-821703_obdelnikova-vana-termi.webp\",\"width\":1000,\"height\":750},{\"@type\":\"BreadcrumbList\",\"@id\":\"https:\/\/www.domkraftpro.com\/index.php\/produkt\/jen-po-omezenou-doba-obdelnikova-vana-termi-bez-nozicek-150-x-70-cm-19348\/#breadcrumb\",\"itemListElement\":[{\"@type\":\"ListItem\",\"position\":1,\"name\":\"Home\",\"item\":\"https:\/\/www.domkraftpro.com\/\"},{\"@type\":\"ListItem\",\"position\":2,\"name\":\"Products\",\"item\":\"https:\/\/www.domkraftpro.com\/index.php\/products\/\"},{\"@type\":\"ListItem\",\"position\":3,\"name\":\"Jen Po Omezenou Doba Obd\u00e9ln\u00edkov\u00e1 vana TERMI, Bez no\u017ei\u010dek, 150 \u00d7 70 cm\"}]},{\"@type\":\"WebSite\",\"@id\":\"https:\/\/www.domkraftpro.com\/#website\",\"url\":\"https:\/\/www.domkraftpro.com\/\",\"name\":\"\",\"description\":\"\",\"potentialAction\":[{\"@type\":\"SearchAction\",\"target\":{\"@type\":\"EntryPoint\",\"urlTemplate\":\"https:\/\/www.domkraftpro.com\/?s={search_term_string}\"},\"query-input\":{\"@type\":\"PropertyValueSpecification\",\"valueRequired\":true,\"valueName\":\"search_term_string\"}}],\"inLanguage\":\"cs\"}]}<\/script>\n<!-- \/ Yoast SEO plugin. -->","yoast_head_json":{"title":"Jen Po Omezenou Doba Obd\u00e9ln\u00edkov\u00e1 vana TERMI, Bez no\u017ei\u010dek, 150 \u00d7 70 cm -","robots":{"index":"index","follow":"follow","max-snippet":"max-snippet:-1","max-image-preview":"max-image-preview:large","max-video-preview":"max-video-preview:-1"},"canonical":"https:\/\/www.domkraftpro.com\/index.php\/produkt\/jen-po-omezenou-doba-obdelnikova-vana-termi-bez-nozicek-150-x-70-cm-19348\/","og_locale":"cs_CZ","og_type":"article","og_title":"Jen Po Omezenou Doba Obd\u00e9ln\u00edkov\u00e1 vana TERMI, Bez no\u017ei\u010dek, 150 \u00d7 70 cm -","og_description":"Detailn\u00ed popis produktu Obd\u00e9ln\u00edkov\u00e1 vana\u00a0TERMI\u00a0vynik\u00e1 vysoce kvalitn\u00edm zpracov\u00e1n\u00edm a spolehlivou funk\u010dnost\u00ed v\u0161ech sou\u010d\u00e1st\u00ed a materi\u00e1l\u016f.\u00a0 No\u017ei\u010dky k van\u011b\u00a0je nutn\u00e9 dokoupit. Fotky jsou pouze ilustra\u010dn\u00ed. Uveden\u00e1 cena je pouze za holou vanu, NEOBSAHUJE\u00a0panel. Set \u010deln\u00edho a bo\u010dn\u00edho panelu m\u016f\u017eete zakoupit zde . Vana neobsahuje madla, ty lze samostatn\u011b doobjednat. U\u017e\u00edv\u00e1te si r\u00e1di komfort a pohodu spojenou [&hellip;]","og_url":"https:\/\/www.domkraftpro.com\/index.php\/produkt\/jen-po-omezenou-doba-obdelnikova-vana-termi-bez-nozicek-150-x-70-cm-19348\/","og_image":[{"width":1000,"height":750,"url":"https:\/\/www.domkraftpro.com\/wp-content\/uploads\/2026\/SK0008267-CZ20260425-092556-0-1777080363-821703_obdelnikova-vana-termi.webp","type":"image\/webp"}],"twitter_card":"summary_large_image","twitter_misc":{"Odhadovan\u00e1 doba \u010dten\u00ed":"2 minuty"},"schema":{"@context":"https:\/\/schema.org","@graph":[{"@type":"WebPage","@id":"https:\/\/www.domkraftpro.com\/index.php\/produkt\/jen-po-omezenou-doba-obdelnikova-vana-termi-bez-nozicek-150-x-70-cm-19348\/","url":"https:\/\/www.domkraftpro.com\/index.php\/produkt\/jen-po-omezenou-doba-obdelnikova-vana-termi-bez-nozicek-150-x-70-cm-19348\/","name":"Jen Po Omezenou Doba Obd\u00e9ln\u00edkov\u00e1 vana TERMI, Bez no\u017ei\u010dek, 150 \u00d7 70 cm -","isPartOf":{"@id":"https:\/\/www.domkraftpro.com\/#website"},"primaryImageOfPage":{"@id":"https:\/\/www.domkraftpro.com\/index.php\/produkt\/jen-po-omezenou-doba-obdelnikova-vana-termi-bez-nozicek-150-x-70-cm-19348\/#primaryimage"},"image":{"@id":"https:\/\/www.domkraftpro.com\/index.php\/produkt\/jen-po-omezenou-doba-obdelnikova-vana-termi-bez-nozicek-150-x-70-cm-19348\/#primaryimage"},"thumbnailUrl":"https:\/\/www.domkraftpro.com\/wp-content\/uploads\/2026\/SK0008267-CZ20260425-092556-0-1777080363-821703_obdelnikova-vana-termi.webp","datePublished":"2026-04-27T04:41:11+00:00","breadcrumb":{"@id":"https:\/\/www.domkraftpro.com\/index.php\/produkt\/jen-po-omezenou-doba-obdelnikova-vana-termi-bez-nozicek-150-x-70-cm-19348\/#breadcrumb"},"inLanguage":"cs","potentialAction":[{"@type":"ReadAction","target":["https:\/\/www.domkraftpro.com\/index.php\/produkt\/jen-po-omezenou-doba-obdelnikova-vana-termi-bez-nozicek-150-x-70-cm-19348\/"]}]},{"@type":"ImageObject","inLanguage":"cs","@id":"https:\/\/www.domkraftpro.com\/index.php\/produkt\/jen-po-omezenou-doba-obdelnikova-vana-termi-bez-nozicek-150-x-70-cm-19348\/#primaryimage","url":"https:\/\/www.domkraftpro.com\/wp-content\/uploads\/2026\/SK0008267-CZ20260425-092556-0-1777080363-821703_obdelnikova-vana-termi.webp","contentUrl":"https:\/\/www.domkraftpro.com\/wp-content\/uploads\/2026\/SK0008267-CZ20260425-092556-0-1777080363-821703_obdelnikova-vana-termi.webp","width":1000,"height":750},{"@type":"BreadcrumbList","@id":"https:\/\/www.domkraftpro.com\/index.php\/produkt\/jen-po-omezenou-doba-obdelnikova-vana-termi-bez-nozicek-150-x-70-cm-19348\/#breadcrumb","itemListElement":[{"@type":"ListItem","position":1,"name":"Home","item":"https:\/\/www.domkraftpro.com\/"},{"@type":"ListItem","position":2,"name":"Products","item":"https:\/\/www.domkraftpro.com\/index.php\/products\/"},{"@type":"ListItem","position":3,"name":"Jen Po Omezenou Doba Obd\u00e9ln\u00edkov\u00e1 vana TERMI, Bez no\u017ei\u010dek, 150 \u00d7 70 cm"}]},{"@type":"WebSite","@id":"https:\/\/www.domkraftpro.com\/#website","url":"https:\/\/www.domkraftpro.com\/","name":"","description":"","potentialAction":[{"@type":"SearchAction","target":{"@type":"EntryPoint","urlTemplate":"https:\/\/www.domkraftpro.com\/?s={search_term_string}"},"query-input":{"@type":"PropertyValueSpecification","valueRequired":true,"valueName":"search_term_string"}}],"inLanguage":"cs"}]}},"_links":{"self":[{"href":"https:\/\/www.domkraftpro.com\/index.php\/wp-json\/wp\/v2\/product\/19348","targetHints":{"allow":["GET"]}}],"collection":[{"href":"https:\/\/www.domkraftpro.com\/index.php\/wp-json\/wp\/v2\/product"}],"about":[{"href":"https:\/\/www.domkraftpro.com\/index.php\/wp-json\/wp\/v2\/types\/product"}],"replies":[{"embeddable":true,"href":"https:\/\/www.domkraftpro.com\/index.php\/wp-json\/wp\/v2\/comments?post=19348"}],"wp:featuredmedia":[{"embeddable":true,"href":"https:\/\/www.domkraftpro.com\/index.php\/wp-json\/wp\/v2\/media\/19448"}],"wp:attachment":[{"href":"https:\/\/www.domkraftpro.com\/index.php\/wp-json\/wp\/v2\/media?parent=19348"}],"wp:term":[{"taxonomy":"product_brand","embeddable":true,"href":"https:\/\/www.domkraftpro.com\/index.php\/wp-json\/wp\/v2\/product_brand?post=19348"},{"taxonomy":"product_cat","embeddable":true,"href":"https:\/\/www.domkraftpro.com\/index.php\/wp-json\/wp\/v2\/product_cat?post=19348"},{"taxonomy":"product_tag","embeddable":true,"href":"https:\/\/www.domkraftpro.com\/index.php\/wp-json\/wp\/v2\/product_tag?post=19348"}],"curies":[{"name":"wp","href":"https:\/\/api.w.org\/{rel}","templated":true}]}}