{"id":19323,"date":"2026-04-27T04:41:11","date_gmt":"2026-04-27T04:41:11","guid":{"rendered":""},"modified":"2026-04-27T04:41:11","modified_gmt":"2026-04-27T04:41:11","slug":"doprava-zdarma-asymetricka-vana-fondi-s-nozickami-140-x-70-cm-leve-19323","status":"publish","type":"product","link":"https:\/\/www.domkraftpro.com\/index.php\/produkt\/doprava-zdarma-asymetricka-vana-fondi-s-nozickami-140-x-70-cm-leve-19323\/","title":{"rendered":"Doprava Zdarma Asymetrick\u00e1 vana FONDI, S no\u017ei\u010dkami, 140 \u00d7 70 cm, Lev\u00e9"},"content":{"rendered":"<div class=\"basic-description\">\n<h3>Detailn\u00ed popis produktu<\/h3>\n<p><strong>Asymetrick\u00e1 vana FONDI<\/strong>\u00a0vynik\u00e1 vysoce kvalitn\u00edm zpracov\u00e1n\u00edm a spolehlivou funk\u010dnost\u00ed v\u0161ech sou\u010d\u00e1st\u00ed a materi\u00e1l\u016f.\u00a0<\/p>\n<p style=\"margin-top:0px;margin-bottom:1rem;font-size:13.4px;letter-spacing:1px;font-family:'Noto Sans', sans-serif;background-color:#ffffff;\"><span style=\"font-weight:bolder;\">Nutno specifikovat pravou \u010di levou variantu.<\/span><\/p>\n<p style=\"margin-top:0px;margin-bottom:1rem;font-size:13.4px;letter-spacing:1px;font-family:'Noto Sans', sans-serif;background-color:#ffffff;\"><span style=\"font-weight:bolder;\"><span style=\"font-weight:bolder;\">No\u017ei\u010dky k van\u011b\u00a0je nutn\u00e9 dokoupit.<\/span><\/span><\/p>\n<p style=\"margin-top:0px;margin-bottom:1rem;font-size:13.4px;letter-spacing:1px;font-family:'Noto Sans', sans-serif;background-color:#ffffff;\"><strong>\u010celn\u00ed panel m\u016f\u017eete zakoupit zde.<\/strong><\/p>\n<p style=\"margin-top:0px;margin-bottom:1rem;font-size:13.4px;letter-spacing:1px;font-family:'Noto Sans', sans-serif;background-color:#ffffff;\">U\u017e\u00edv\u00e1te si r\u00e1di komfort a pohodu spojenou s vanou a tak\u00e9 rychlost a prakti\u010dnost sprchov\u00e9ho koutu? Rozm\u011bry Va\u0161\u00ed koupelny v\u0161ak nedovoluj\u00ed ob\u011b varianty? Pod\u00edvejte se na nab\u00eddku\u00a0vanov\u00fdch z\u00e1st\u011bn\u00a0a u\u017e\u00edvejte si jen v\u00fdhody.<\/p>\n<p>Pod\u00edvejte se na bohatou nab\u00eddku dopl\u0148k\u016f pro vany, kter\u00e9 podtrhnou modern\u00ed design Va\u0161\u00ed koupelny. Vyberte si z nab\u00eddky\u00a0vanov\u00fdch bateri\u00ed,\u00a0sprchov\u00fdch r\u016f\u017eic,\u00a0dr\u017e\u00e1k\u016f ru\u010dn\u00edch sprch,madel\u00a0a\u00a0ostatn\u00edch dopl\u0148k\u016f\u00a0pro v\u00e1\u0161 maxim\u00e1ln\u00ed komfort.\u00a0\u00a0<\/p>\n<p><strong>P\u0159ednosti asymetrick\u00e9<strong>\u00a0vany Fondi<\/strong>\u00a0<\/strong><\/p>\n<ul>\n<li><strong>antibakteri\u00e1ln\u00ed \u00faprava povrchu<\/strong>-snadn\u00e1 \u00fadr\u017eba<\/li>\n<li><strong>diagon\u00e1ln\u011b<\/strong>\u00a0\u0159e\u0161en\u00fd vnit\u0159n\u00ed prostor<\/li>\n<li><strong>odtok <\/strong>situov\u00e1n klasicky v no\u017en\u00ed partii<\/li>\n<li><strong>p\u0159epad\u00a0<\/strong>situov\u00e1n do rovn\u00e9 strany p\u0159il\u00e9haj\u00edc\u00ed ke st\u011bn\u011b<\/li>\n<\/ul>\n<p><strong>Rozm\u011bry van:<\/strong><\/p>\n<ol>\n<li>140 x 70 cm (132 l)<\/li>\n<li>150 x 70 cm (142 l)<\/li>\n<\/ol>\n<ul style=\"margin-bottom:1rem;margin-top:0px;list-style:none;padding-left:0px;margin-left:1rem;font-family:'Noto Sans', sans-serif;font-size:13.4px;background-color:#ffffff;\">\n<li style=\"font-size:0.8375rem;list-style:square;margin-bottom:0.4em;\"><span style=\"font-weight:bolder;\">Z\u00c1RUKA 10 LET<\/span><\/li>\n<\/ul>\n<p style=\"font-family:'Segoe UI', '-apple-system', BlinkMacSystemFont, Roboto, 'Helvetica Neue', sans-serif;font-size:15px;background-color:#ffffff;margin-top:0cm;\"><b><span style=\"border:0px;font-style:inherit;font-variant:inherit;font-weight:inherit;font-size:10pt;line-height:inherit;font-family:Verdana, sans-serif;margin:0px;padding:0px;vertical-align:baseline;letter-spacing:0.75pt;\">*BESAFE:<\/span><\/b><span style=\"border:0px;font-style:inherit;font-variant:inherit;font-weight:inherit;font-size:10pt;line-height:inherit;font-family:Verdana, sans-serif;margin:0px;padding:0px;vertical-align:baseline;letter-spacing:0.75pt;\"><\/span><\/p>\n<p style=\"font-family:'Segoe UI', '-apple-system', BlinkMacSystemFont, Roboto, 'Helvetica Neue', sans-serif;font-size:15px;background-color:#ffffff;margin-top:0cm;margin-bottom:1rem;\"><span style=\"border:0px;font-style:inherit;font-variant:inherit;font-weight:inherit;font-size:10pt;line-height:inherit;font-family:Verdana, sans-serif;margin:0px;padding:0px;vertical-align:baseline;letter-spacing:0.75pt;\">Povlak BeSafe je speci\u00e1ln\u011b vyvinut\u00e1 protiskluzov\u00e1 vrstva nanesen\u00e1 na povrch vany nebo sprchov\u00e9 vani\u010dky. Poskytuje maxim\u00e1ln\u00ed pohodl\u00ed a bezpe\u010dnost koup\u00e1n\u00ed. Jemn\u00e1 struktura BeSafe zaru\u010duje bezprobl\u00e9movou \u00fadr\u017ebu vany nebo sprchov\u00e9 vani\u010dky.<b>\u0160V\u00ddCARSK\u00c1 KVALITA<\/b><\/span><\/p>\n<p style=\"font-family:'Segoe UI', '-apple-system', BlinkMacSystemFont, Roboto, 'Helvetica Neue', sans-serif;font-size:15px;background-color:#ffffff;margin-top:0cm;margin-bottom:1rem;\"><span style=\"border:0px;font-style:inherit;font-variant:inherit;font-weight:inherit;font-size:10pt;line-height:inherit;font-family:Verdana, sans-serif;margin:0px;padding:0px;vertical-align:baseline;letter-spacing:0.75pt;\"><b style=\"font-family:'Noto Sans', sans-serif;font-size:13.4px;\">Videon\u00e1vod na mont\u00e1\u017e akryl\u00e1tov\u00e9 vany<\/b><b><\/b><\/span><\/p>\n<p style=\"font-family:'Segoe UI', '-apple-system', BlinkMacSystemFont, Roboto, 'Helvetica Neue', sans-serif;font-size:15px;background-color:#ffffff;margin-top:0cm;margin-bottom:1rem;\"><span style=\"border:0px;font-style:inherit;font-variant:inherit;font-weight:inherit;font-size:10pt;line-height:inherit;font-family:Verdana, sans-serif;margin:0px;padding:0px;vertical-align:baseline;letter-spacing:0.75pt;\"><b style=\"font-family:'Noto Sans', sans-serif;font-size:13.4px;\"><\/b><\/span><\/p>\n<\/p>\n<p><video width=\"300\" height=\"150\" controls=\"\"><b style=\"font-family:'Noto Sans', sans-serif;font-size:13.4px;\"><\/b><source src=\"\/img\/cms\/VIDEO\/N%C3%A1vod%20na%20mont%C3%A1%C5%BE_asymetrick%C3%A1%20vana%20(2).mp4\" type=\"video\/mp4\"><b style=\"font-family:'Noto Sans', sans-serif;font-size:13.4px;\"><\/b><\/source><b style=\"font-family:'Noto Sans', sans-serif;font-size:13.4px;\"><\/b><\/video><b style=\"font-family:'Noto Sans', sans-serif;font-size:13.4px;\"><\/b>                            <\/div>\n<div class=\"extended-description\">\n<h3>Dopl\u0148kov\u00e9 parametry<\/h3>\n<table class=\"detail-parameters\">\n<tbody>\n<tr>\n<th>        <span class=\"row-header-label\">            Kategorie<span class=\"row-header-label-colon\">:<\/span>        <\/span>    <\/th>\n<td>            <\/td>\n<\/tr>\n<tr>\n<th>            <span class=\"row-header-label\">                Z\u00e1ruka<span class=\"row-header-label-colon\">:<\/span>            <\/span>        <\/th>\n<td>            10 let        <\/td>\n<\/tr>\n<tr>\n<th>            <span class=\"row-header-label\">                Hmotnost<span class=\"row-header-label-colon\">:<\/span>            <\/span>        <\/th>\n<td>            10 kg        <\/td>\n<\/tr>\n<tr class=\"productEan\">\n<th>          <span class=\"row-header-label productEan__label\">              EAN<span class=\"row-header-label-colon\">:<\/span>          <\/span>      <\/th>\n<td>          <span class=\"productEan__value\">5908239685119<\/span>      <\/td>\n<\/tr>\n<tr>\n<th>                <span class=\"row-header-label\">                                            Barva<span class=\"row-header-label-colon\">:<\/span>                                    <\/span>            <\/th>\n<td>                                                            B\u00edl\u00e1 leskl\u00e1                                                <\/td>\n<\/tr>\n<tr>\n<th>                <span class=\"row-header-label\">                                            Druh vany<span class=\"row-header-label-colon\">:<\/span>                                    <\/span>            <\/th>\n<td>                                                            Voln\u011b stoj\u00edc\u00ed                                                <\/td>\n<\/tr>\n<tr>\n<th>                <span class=\"row-header-label\">                                            Katalog<span class=\"row-header-label-colon\">:<\/span>                                    <\/span>            <\/th>\n<td>                                                            Olsen-Spa                                                <\/td>\n<\/tr>\n<tr>\n<th>                <span class=\"row-header-label\">                                            Materi\u00e1l<span class=\"row-header-label-colon\">:<\/span>                                    <\/span>            <\/th>\n<td>                                                            Sanit\u00e1rn\u00ed akryl\u00e1t                                                <\/td>\n<\/tr>\n<tr>\n<th>                <span class=\"row-header-label\">                                            No\u017ei\u010dky k van\u011b<span class=\"row-header-label-colon\">:<\/span>                                    <\/span>            <\/th>\n<td>                                                            S no\u017ei\u010dkami                                                <\/td>\n<\/tr>\n<tr>\n<th>                <span class=\"row-header-label\">                                            Objem<span class=\"row-header-label-colon\">:<\/span>                                    <\/span>            <\/th>\n<td>                                                            132 l,142 l                                                <\/td>\n<\/tr>\n<tr>\n<th>                <span class=\"row-header-label\">                                            Rozm\u011br A<span class=\"row-header-label-colon\">:<\/span>                                    <\/span>            <\/th>\n<td>                                                            150 cm,140 cm                                                <\/td>\n<\/tr>\n<tr>\n<th>                <span class=\"row-header-label\">                                            Rozm\u011br B<span class=\"row-header-label-colon\">:<\/span>                                    <\/span>            <\/th>\n<td>                                                            70 cm                                                <\/td>\n<\/tr>\n<tr>\n<th>                <span class=\"row-header-label\">                                            Rozm\u011br C<span class=\"row-header-label-colon\">:<\/span>                                    <\/span>            <\/th>\n<td>                                                            58.5 cm                                                <\/td>\n<\/tr>\n<tr>\n<th>                <span class=\"row-header-label\">                                            Rozm\u011br vany<span class=\"row-header-label-colon\">:<\/span>                                    <\/span>            <\/th>\n<td>                                                            140 \u00d7 70 cm                                                <\/td>\n<\/tr>\n<tr>\n<th>                <span class=\"row-header-label\">                                            S\u00e9rie<span class=\"row-header-label-colon\">:<\/span>                                    <\/span>            <\/th>\n<td>                                                            FONDI                                                <\/td>\n<\/tr>\n<tr>\n<th>                <span class=\"row-header-label\">                                            Skupina artiklu<span class=\"row-header-label-colon\">:<\/span>                                    <\/span>            <\/th>\n<td>                                                            S23V                                                <\/td>\n<\/tr>\n<tr>\n<th>                <span class=\"row-header-label\">                                            Vybaven\u00ed<span class=\"row-header-label-colon\">:<\/span>                                    <\/span>            <\/th>\n<td>                                                            S no\u017ei\u010dkami,Bez no\u017ei\u010dek                                                <\/td>\n<\/tr>\n<tr>\n<th>                <span class=\"row-header-label\">                                            Z\u00e1ruka<span class=\"row-header-label-colon\">:<\/span>                                    <\/span>            <\/th>\n<td>                                                            10 let                                                <\/td>\n<\/tr>\n<tr>\n<th>                <span class=\"row-header-label\">                                            Zp\u016fsob proveden\u00ed<span class=\"row-header-label-colon\">:<\/span>                                    <\/span>            <\/th>\n<td>                                                            Lev\u00e9                                                <\/td>\n<\/tr>\n<\/tbody>\n<\/table><\/div>\n<\/p><\/div>\n<\/p><\/div>\n","protected":false},"excerpt":{"rendered":"<p>Detailn\u00ed popis produktu Asymetrick\u00e1 vana FONDI\u00a0vynik\u00e1 vysoce kvalitn\u00edm zpracov\u00e1n\u00edm a spolehlivou funk\u010dnost\u00ed v\u0161ech sou\u010d\u00e1st\u00ed a materi\u00e1l\u016f.\u00a0 Nutno specifikovat pravou \u010di levou variantu. No\u017ei\u010dky k van\u011b\u00a0je nutn\u00e9 dokoupit. \u010celn\u00ed panel m\u016f\u017eete zakoupit zde. U\u017e\u00edv\u00e1te si r\u00e1di komfort a pohodu spojenou s vanou a tak\u00e9 rychlost a prakti\u010dnost sprchov\u00e9ho koutu? Rozm\u011bry Va\u0161\u00ed koupelny v\u0161ak nedovoluj\u00ed ob\u011b varianty? [&hellip;]<\/p>\n","protected":false},"featured_media":19423,"comment_status":"open","ping_status":"open","template":"","meta":[],"product_brand":[],"product_cat":[81],"product_tag":[],"class_list":{"0":"post-19323","1":"product","2":"type-product","3":"status-publish","4":"has-post-thumbnail","6":"product_cat-vany","8":"first","9":"instock","10":"sale","11":"shipping-taxable","12":"purchasable","13":"product-type-simple"},"yoast_head":"<!-- This site is optimized with the Yoast SEO plugin v26.8 - https:\/\/yoast.com\/product\/yoast-seo-wordpress\/ -->\n<title>Doprava Zdarma Asymetrick\u00e1 vana FONDI, S no\u017ei\u010dkami, 140 \u00d7 70 cm, Lev\u00e9 -<\/title>\n<meta name=\"robots\" content=\"index, follow, max-snippet:-1, max-image-preview:large, max-video-preview:-1\" \/>\n<link rel=\"canonical\" href=\"https:\/\/www.domkraftpro.com\/index.php\/produkt\/doprava-zdarma-asymetricka-vana-fondi-s-nozickami-140-x-70-cm-leve-19323\/\" \/>\n<meta property=\"og:locale\" content=\"cs_CZ\" \/>\n<meta property=\"og:type\" content=\"article\" \/>\n<meta property=\"og:title\" content=\"Doprava Zdarma Asymetrick\u00e1 vana FONDI, S no\u017ei\u010dkami, 140 \u00d7 70 cm, Lev\u00e9 -\" \/>\n<meta property=\"og:description\" content=\"Detailn\u00ed popis produktu Asymetrick\u00e1 vana FONDI\u00a0vynik\u00e1 vysoce kvalitn\u00edm zpracov\u00e1n\u00edm a spolehlivou funk\u010dnost\u00ed v\u0161ech sou\u010d\u00e1st\u00ed a materi\u00e1l\u016f.\u00a0 Nutno specifikovat pravou \u010di levou variantu. No\u017ei\u010dky k van\u011b\u00a0je nutn\u00e9 dokoupit. \u010celn\u00ed panel m\u016f\u017eete zakoupit zde. U\u017e\u00edv\u00e1te si r\u00e1di komfort a pohodu spojenou s vanou a tak\u00e9 rychlost a prakti\u010dnost sprchov\u00e9ho koutu? Rozm\u011bry Va\u0161\u00ed koupelny v\u0161ak nedovoluj\u00ed ob\u011b varianty? [&hellip;]\" \/>\n<meta property=\"og:url\" content=\"https:\/\/www.domkraftpro.com\/index.php\/produkt\/doprava-zdarma-asymetricka-vana-fondi-s-nozickami-140-x-70-cm-leve-19323\/\" \/>\n<meta property=\"og:image\" content=\"https:\/\/www.domkraftpro.com\/wp-content\/uploads\/2026\/SK0008242-CZ20260425-092556-0-1777080363-821604_asymetricka-vana-fondi.webp\" \/>\n\t<meta property=\"og:image:width\" content=\"1000\" \/>\n\t<meta property=\"og:image:height\" content=\"750\" \/>\n\t<meta property=\"og:image:type\" content=\"image\/webp\" \/>\n<meta name=\"twitter:card\" content=\"summary_large_image\" \/>\n<meta name=\"twitter:label1\" content=\"Odhadovan\u00e1 doba \u010dten\u00ed\" \/>\n\t<meta name=\"twitter:data1\" content=\"2 minuty\" \/>\n<script type=\"application\/ld+json\" class=\"yoast-schema-graph\">{\"@context\":\"https:\/\/schema.org\",\"@graph\":[{\"@type\":\"WebPage\",\"@id\":\"https:\/\/www.domkraftpro.com\/index.php\/produkt\/doprava-zdarma-asymetricka-vana-fondi-s-nozickami-140-x-70-cm-leve-19323\/\",\"url\":\"https:\/\/www.domkraftpro.com\/index.php\/produkt\/doprava-zdarma-asymetricka-vana-fondi-s-nozickami-140-x-70-cm-leve-19323\/\",\"name\":\"Doprava Zdarma Asymetrick\u00e1 vana FONDI, S no\u017ei\u010dkami, 140 \u00d7 70 cm, Lev\u00e9 -\",\"isPartOf\":{\"@id\":\"https:\/\/www.domkraftpro.com\/#website\"},\"primaryImageOfPage\":{\"@id\":\"https:\/\/www.domkraftpro.com\/index.php\/produkt\/doprava-zdarma-asymetricka-vana-fondi-s-nozickami-140-x-70-cm-leve-19323\/#primaryimage\"},\"image\":{\"@id\":\"https:\/\/www.domkraftpro.com\/index.php\/produkt\/doprava-zdarma-asymetricka-vana-fondi-s-nozickami-140-x-70-cm-leve-19323\/#primaryimage\"},\"thumbnailUrl\":\"https:\/\/www.domkraftpro.com\/wp-content\/uploads\/2026\/SK0008242-CZ20260425-092556-0-1777080363-821604_asymetricka-vana-fondi.webp\",\"datePublished\":\"2026-04-27T04:41:11+00:00\",\"breadcrumb\":{\"@id\":\"https:\/\/www.domkraftpro.com\/index.php\/produkt\/doprava-zdarma-asymetricka-vana-fondi-s-nozickami-140-x-70-cm-leve-19323\/#breadcrumb\"},\"inLanguage\":\"cs\",\"potentialAction\":[{\"@type\":\"ReadAction\",\"target\":[\"https:\/\/www.domkraftpro.com\/index.php\/produkt\/doprava-zdarma-asymetricka-vana-fondi-s-nozickami-140-x-70-cm-leve-19323\/\"]}]},{\"@type\":\"ImageObject\",\"inLanguage\":\"cs\",\"@id\":\"https:\/\/www.domkraftpro.com\/index.php\/produkt\/doprava-zdarma-asymetricka-vana-fondi-s-nozickami-140-x-70-cm-leve-19323\/#primaryimage\",\"url\":\"https:\/\/www.domkraftpro.com\/wp-content\/uploads\/2026\/SK0008242-CZ20260425-092556-0-1777080363-821604_asymetricka-vana-fondi.webp\",\"contentUrl\":\"https:\/\/www.domkraftpro.com\/wp-content\/uploads\/2026\/SK0008242-CZ20260425-092556-0-1777080363-821604_asymetricka-vana-fondi.webp\",\"width\":1000,\"height\":750},{\"@type\":\"BreadcrumbList\",\"@id\":\"https:\/\/www.domkraftpro.com\/index.php\/produkt\/doprava-zdarma-asymetricka-vana-fondi-s-nozickami-140-x-70-cm-leve-19323\/#breadcrumb\",\"itemListElement\":[{\"@type\":\"ListItem\",\"position\":1,\"name\":\"Home\",\"item\":\"https:\/\/www.domkraftpro.com\/\"},{\"@type\":\"ListItem\",\"position\":2,\"name\":\"Products\",\"item\":\"https:\/\/www.domkraftpro.com\/index.php\/products\/\"},{\"@type\":\"ListItem\",\"position\":3,\"name\":\"Doprava Zdarma Asymetrick\u00e1 vana FONDI, S no\u017ei\u010dkami, 140 \u00d7 70 cm, Lev\u00e9\"}]},{\"@type\":\"WebSite\",\"@id\":\"https:\/\/www.domkraftpro.com\/#website\",\"url\":\"https:\/\/www.domkraftpro.com\/\",\"name\":\"\",\"description\":\"\",\"potentialAction\":[{\"@type\":\"SearchAction\",\"target\":{\"@type\":\"EntryPoint\",\"urlTemplate\":\"https:\/\/www.domkraftpro.com\/?s={search_term_string}\"},\"query-input\":{\"@type\":\"PropertyValueSpecification\",\"valueRequired\":true,\"valueName\":\"search_term_string\"}}],\"inLanguage\":\"cs\"}]}<\/script>\n<!-- \/ Yoast SEO plugin. -->","yoast_head_json":{"title":"Doprava Zdarma Asymetrick\u00e1 vana FONDI, S no\u017ei\u010dkami, 140 \u00d7 70 cm, Lev\u00e9 -","robots":{"index":"index","follow":"follow","max-snippet":"max-snippet:-1","max-image-preview":"max-image-preview:large","max-video-preview":"max-video-preview:-1"},"canonical":"https:\/\/www.domkraftpro.com\/index.php\/produkt\/doprava-zdarma-asymetricka-vana-fondi-s-nozickami-140-x-70-cm-leve-19323\/","og_locale":"cs_CZ","og_type":"article","og_title":"Doprava Zdarma Asymetrick\u00e1 vana FONDI, S no\u017ei\u010dkami, 140 \u00d7 70 cm, Lev\u00e9 -","og_description":"Detailn\u00ed popis produktu Asymetrick\u00e1 vana FONDI\u00a0vynik\u00e1 vysoce kvalitn\u00edm zpracov\u00e1n\u00edm a spolehlivou funk\u010dnost\u00ed v\u0161ech sou\u010d\u00e1st\u00ed a materi\u00e1l\u016f.\u00a0 Nutno specifikovat pravou \u010di levou variantu. No\u017ei\u010dky k van\u011b\u00a0je nutn\u00e9 dokoupit. \u010celn\u00ed panel m\u016f\u017eete zakoupit zde. U\u017e\u00edv\u00e1te si r\u00e1di komfort a pohodu spojenou s vanou a tak\u00e9 rychlost a prakti\u010dnost sprchov\u00e9ho koutu? Rozm\u011bry Va\u0161\u00ed koupelny v\u0161ak nedovoluj\u00ed ob\u011b varianty? [&hellip;]","og_url":"https:\/\/www.domkraftpro.com\/index.php\/produkt\/doprava-zdarma-asymetricka-vana-fondi-s-nozickami-140-x-70-cm-leve-19323\/","og_image":[{"width":1000,"height":750,"url":"https:\/\/www.domkraftpro.com\/wp-content\/uploads\/2026\/SK0008242-CZ20260425-092556-0-1777080363-821604_asymetricka-vana-fondi.webp","type":"image\/webp"}],"twitter_card":"summary_large_image","twitter_misc":{"Odhadovan\u00e1 doba \u010dten\u00ed":"2 minuty"},"schema":{"@context":"https:\/\/schema.org","@graph":[{"@type":"WebPage","@id":"https:\/\/www.domkraftpro.com\/index.php\/produkt\/doprava-zdarma-asymetricka-vana-fondi-s-nozickami-140-x-70-cm-leve-19323\/","url":"https:\/\/www.domkraftpro.com\/index.php\/produkt\/doprava-zdarma-asymetricka-vana-fondi-s-nozickami-140-x-70-cm-leve-19323\/","name":"Doprava Zdarma Asymetrick\u00e1 vana FONDI, S no\u017ei\u010dkami, 140 \u00d7 70 cm, Lev\u00e9 -","isPartOf":{"@id":"https:\/\/www.domkraftpro.com\/#website"},"primaryImageOfPage":{"@id":"https:\/\/www.domkraftpro.com\/index.php\/produkt\/doprava-zdarma-asymetricka-vana-fondi-s-nozickami-140-x-70-cm-leve-19323\/#primaryimage"},"image":{"@id":"https:\/\/www.domkraftpro.com\/index.php\/produkt\/doprava-zdarma-asymetricka-vana-fondi-s-nozickami-140-x-70-cm-leve-19323\/#primaryimage"},"thumbnailUrl":"https:\/\/www.domkraftpro.com\/wp-content\/uploads\/2026\/SK0008242-CZ20260425-092556-0-1777080363-821604_asymetricka-vana-fondi.webp","datePublished":"2026-04-27T04:41:11+00:00","breadcrumb":{"@id":"https:\/\/www.domkraftpro.com\/index.php\/produkt\/doprava-zdarma-asymetricka-vana-fondi-s-nozickami-140-x-70-cm-leve-19323\/#breadcrumb"},"inLanguage":"cs","potentialAction":[{"@type":"ReadAction","target":["https:\/\/www.domkraftpro.com\/index.php\/produkt\/doprava-zdarma-asymetricka-vana-fondi-s-nozickami-140-x-70-cm-leve-19323\/"]}]},{"@type":"ImageObject","inLanguage":"cs","@id":"https:\/\/www.domkraftpro.com\/index.php\/produkt\/doprava-zdarma-asymetricka-vana-fondi-s-nozickami-140-x-70-cm-leve-19323\/#primaryimage","url":"https:\/\/www.domkraftpro.com\/wp-content\/uploads\/2026\/SK0008242-CZ20260425-092556-0-1777080363-821604_asymetricka-vana-fondi.webp","contentUrl":"https:\/\/www.domkraftpro.com\/wp-content\/uploads\/2026\/SK0008242-CZ20260425-092556-0-1777080363-821604_asymetricka-vana-fondi.webp","width":1000,"height":750},{"@type":"BreadcrumbList","@id":"https:\/\/www.domkraftpro.com\/index.php\/produkt\/doprava-zdarma-asymetricka-vana-fondi-s-nozickami-140-x-70-cm-leve-19323\/#breadcrumb","itemListElement":[{"@type":"ListItem","position":1,"name":"Home","item":"https:\/\/www.domkraftpro.com\/"},{"@type":"ListItem","position":2,"name":"Products","item":"https:\/\/www.domkraftpro.com\/index.php\/products\/"},{"@type":"ListItem","position":3,"name":"Doprava Zdarma Asymetrick\u00e1 vana FONDI, S no\u017ei\u010dkami, 140 \u00d7 70 cm, Lev\u00e9"}]},{"@type":"WebSite","@id":"https:\/\/www.domkraftpro.com\/#website","url":"https:\/\/www.domkraftpro.com\/","name":"","description":"","potentialAction":[{"@type":"SearchAction","target":{"@type":"EntryPoint","urlTemplate":"https:\/\/www.domkraftpro.com\/?s={search_term_string}"},"query-input":{"@type":"PropertyValueSpecification","valueRequired":true,"valueName":"search_term_string"}}],"inLanguage":"cs"}]}},"_links":{"self":[{"href":"https:\/\/www.domkraftpro.com\/index.php\/wp-json\/wp\/v2\/product\/19323","targetHints":{"allow":["GET"]}}],"collection":[{"href":"https:\/\/www.domkraftpro.com\/index.php\/wp-json\/wp\/v2\/product"}],"about":[{"href":"https:\/\/www.domkraftpro.com\/index.php\/wp-json\/wp\/v2\/types\/product"}],"replies":[{"embeddable":true,"href":"https:\/\/www.domkraftpro.com\/index.php\/wp-json\/wp\/v2\/comments?post=19323"}],"wp:featuredmedia":[{"embeddable":true,"href":"https:\/\/www.domkraftpro.com\/index.php\/wp-json\/wp\/v2\/media\/19423"}],"wp:attachment":[{"href":"https:\/\/www.domkraftpro.com\/index.php\/wp-json\/wp\/v2\/media?parent=19323"}],"wp:term":[{"taxonomy":"product_brand","embeddable":true,"href":"https:\/\/www.domkraftpro.com\/index.php\/wp-json\/wp\/v2\/product_brand?post=19323"},{"taxonomy":"product_cat","embeddable":true,"href":"https:\/\/www.domkraftpro.com\/index.php\/wp-json\/wp\/v2\/product_cat?post=19323"},{"taxonomy":"product_tag","embeddable":true,"href":"https:\/\/www.domkraftpro.com\/index.php\/wp-json\/wp\/v2\/product_tag?post=19323"}],"curies":[{"name":"wp","href":"https:\/\/api.w.org\/{rel}","templated":true}]}}