{"id":18509,"date":"2026-04-27T04:41:09","date_gmt":"2026-04-27T04:41:09","guid":{"rendered":""},"modified":"2026-04-27T04:41:09","modified_gmt":"2026-04-27T04:41:09","slug":"akce-keramicka-sprchova-vanicka-obdelnik-100x70x4cm-bila-extraglaze-18509","status":"publish","type":"product","link":"https:\/\/www.domkraftpro.com\/index.php\/produkt\/akce-keramicka-sprchova-vanicka-obdelnik-100x70x4cm-bila-extraglaze-18509\/","title":{"rendered":"Akce Keramick\u00e1 sprchov\u00e1 vani\u010dka, obd\u00e9ln\u00edk 100x70x4cm, b\u00edl\u00e1 ExtraGlaze"},"content":{"rendered":"<div class=\"basic-description\">\n<h3>Detailn\u00ed popis produktu<\/h3>\n<p style=\"text-align: justify;\">Keramick\u00e9 vani\u010dky EXTRA FLAT v&nbsp;modern\u00edm designu a n\u00edzk\u00e9 v\u00fd\u0161ce jsou obl\u00edben\u00e9 pro sv\u00e9 praktick\u00e9 vlastnosti &#8211; stoprocentn\u00ed tvarovou st\u00e1lost, odolnost proti po\u0161kr\u00e1b\u00e1n\u00ed, snadnou \u00fadr\u017ebu a neomezenou \u017eivotnost. Nav\u00edc jsou opat\u0159eny protiskluzovou keramickou strukturou.<\/p>\n<p style=\"text-align: justify;\"><strong>Vani\u010dky umo\u017e\u0148uj\u00ed instalaci na podlahu nebo s \u00farovn\u00ed podlahy se zapu\u0161t\u011bn\u00fdm sifonem i&nbsp;klasick\u00e9 podezd\u011bn\u00ed vani\u010dky.<\/strong><\/p>\n<p><strong>Boky vani\u010dek, kter\u00e9 jsou neglazovan\u00e9 (ur\u010den\u00e9 k&nbsp;zazd\u011bn\u00ed do zdi, \u010di pod obklad), jsou na technick\u00e9m v\u00fdkresu ozna\u010deny &#8222;not glazed side&#8220;.<\/strong><\/p>\n<ul>\n<li>Rozm\u011brov\u00e1 tolerance u&nbsp;sanit\u00e1rn\u00ed keramiky:&nbsp; +1 %<\/li>\n<\/ul>\n<p><span>P\u0159i instalaci vani\u010dek je nutn\u00e9 nechat mezi vani\u010dkou a obklady dilata\u010dn\u00ed sp\u00e1ru, kterou vypln\u00edte pru\u017en\u00fdm tmelem (silikonem). Vani\u010dka nesm\u00ed b\u00fdt zabudov\u00e1na \u00fapln\u011b napevno kv\u016fli mo\u017en\u00fdm pohyb\u016fm stavby. T\u00edmto postupem p\u0159edejdete jej\u00edmu mo\u017en\u00e9mu po\u0161kozen\u00ed. Podrobn\u00e9 instrukce viz n\u00e1vod.<\/span><\/p>\n<div class=\"product-explanation-item\">\n<h3><strong>Keramick\u00e1 glazura ExtraGlaze&reg; Antibacterial<\/strong><\/h3>\n<div style=\"float: left;\"><\/div>\n<p style=\"text-align: justify;\">Antibakteri\u00e1ln\u00ed glazura Extraglaze&reg; Antibacterial, je obohacen\u00e1 o ionty st\u0159\u00edbra a titanu. Aplikuje se na produkty ji\u017e b\u011bhem v\u00fdrobn\u00edho procesu p\u0159ed vyp\u00e1len\u00edm, \u010d\u00edm\u017e je zaru\u010den jej\u00ed trval\u00fd \u00fa\u010dinek. Extraglaze&reg; Antibacterial dod\u00e1v\u00e1 keramice dokonale hladk\u00fd povrch, vysok\u00fd lesk, antibakteri\u00e1ln\u00ed \u00fa\u010dinek a ochranu proti v\u00e1penn\u00fdm usazenin\u00e1m. Povrch Extraglaze&reg; Antibacterial je standardn\u011b aplikov\u00e1n na v\u0161echny v\u00fdrobky spole\u010dnosti GSI.<\/p>\n<div style=\"float: left; width: 30%; text-align: center;\">B\u011b\u017en\u00e1 glazura<\/div>\n<div style=\"float: left; width: 30%; text-align: center;\">Extraglaze&reg; Antibacterial<\/div>\n<div style=\"clear: both;\"><\/div>\n<\/div>\n<p><b>Video ke shl\u00e9dnut\u00ed<\/b><video width=\"640\" height=\"480\" controls><source src=\"https:\/\/ubc.k2.cz\/K2FTPdata\/UBC\/video\/produkt_ostatne\/gsi-extraglaze.mp4\" type=\"video\/mp4\">V\u00e1\u0161 prohl\u00ed\u017ee\u010d nepodporuje video tag.<\/video>                            <\/div>\n<div class=\"extended-description\">\n<h3>Dopl\u0148kov\u00e9 parametry<\/h3>\n<table class=\"detail-parameters\">\n<tbody>\n<tr>\n<th>        <span class=\"row-header-label\">            Kategorie<span class=\"row-header-label-colon\">:<\/span>        <\/span>    <\/th>\n<td>            <\/td>\n<\/tr>\n<tr>\n<th>            <span class=\"row-header-label\">                Z\u00e1ruka<span class=\"row-header-label-colon\">:<\/span>            <\/span>        <\/th>\n<td>            24        <\/td>\n<\/tr>\n<tr>\n<th>            <span class=\"row-header-label\">                Hmotnost<span class=\"row-header-label-colon\">:<\/span>            <\/span>        <\/th>\n<td>            30.1 kg        <\/td>\n<\/tr>\n<tr class=\"productEan\">\n<th>          <span class=\"row-header-label productEan__label\">              EAN<span class=\"row-header-label-colon\">:<\/span>          <\/span>      <\/th>\n<td>          <span class=\"productEan__value\">8052015168376<\/span>      <\/td>\n<\/tr>\n<tr>\n<th>                <span class=\"row-header-label\">                                            Balen\u00ed<span class=\"row-header-label-colon\">:<\/span>                                    <\/span>            <\/th>\n<td>                                                            1 ks                                                <\/td>\n<\/tr>\n<tr>\n<th>                <span class=\"row-header-label\">                                            Barva<span class=\"row-header-label-colon\">:<\/span>                                    <\/span>            <\/th>\n<td>                                                            B\u00edl\u00e1                                                <\/td>\n<\/tr>\n<tr>\n<th>                <span class=\"row-header-label\">                                            D\u00e9lka<span class=\"row-header-label-colon\">:<\/span>                                    <\/span>            <\/th>\n<td>                                                            1000 mm                                                <\/td>\n<\/tr>\n<tr>\n<th>                <span class=\"row-header-label\">                                            Dostupnost<span class=\"row-header-label-colon\">:<\/span>                                    <\/span>            <\/th>\n<td>                                                            Skladem                                                <\/td>\n<\/tr>\n<tr>\n<th>                <span class=\"row-header-label\">                                            Materi\u00e1l<span class=\"row-header-label-colon\">:<\/span>                                    <\/span>            <\/th>\n<td>                                                            Keramika                                                <\/td>\n<\/tr>\n<tr>\n<th>                <span class=\"row-header-label\">                                            Nosnost<span class=\"row-header-label-colon\">:<\/span>                                    <\/span>            <\/th>\n<td>                                                            150 kg                                                <\/td>\n<\/tr>\n<tr>\n<th>                <span class=\"row-header-label\">                                            Pr\u016fm\u011br odpadu<span class=\"row-header-label-colon\">:<\/span>                                    <\/span>            <\/th>\n<td>                                                            90 mm                                                <\/td>\n<\/tr>\n<tr>\n<th>                <span class=\"row-header-label\">                                            Reli\u00e9f (povrch) dna<span class=\"row-header-label-colon\">:<\/span>                                    <\/span>            <\/th>\n<td>                                                            Profilovan\u00fd                                                <\/td>\n<\/tr>\n<tr>\n<th>                <span class=\"row-header-label\">                                            Rozm\u011br<span class=\"row-header-label-colon\">:<\/span>                                    <\/span>            <\/th>\n<td>                                                            100x70x4 cm                                                <\/td>\n<\/tr>\n<tr>\n<th>                <span class=\"row-header-label\">                                            \u0160\u00ed\u0159ka<span class=\"row-header-label-colon\">:<\/span>                                    <\/span>            <\/th>\n<td>                                                            700 mm                                                <\/td>\n<\/tr>\n<tr>\n<th>                <span class=\"row-header-label\">                                            Tvar<span class=\"row-header-label-colon\">:<\/span>                                    <\/span>            <\/th>\n<td>                                                            Obd\u00e9ln\u00edkov\u00e9                                                <\/td>\n<\/tr>\n<tr>\n<th>                <span class=\"row-header-label\">                                            Vlastnosti<span class=\"row-header-label-colon\">:<\/span>                                    <\/span>            <\/th>\n<td>                                                            ExtraGlaze                                                <\/td>\n<\/tr>\n<tr>\n<th>                <span class=\"row-header-label\">                                            V\u00fd\u0161ka<span class=\"row-header-label-colon\">:<\/span>                                    <\/span>            <\/th>\n<td>                                                            40 mm                                                <\/td>\n<\/tr>\n<tr>\n<th>                <span class=\"row-header-label\">                                            Z\u00e1ruka<span class=\"row-header-label-colon\">:<\/span>                                    <\/span>            <\/th>\n<td>                                                            2 roky                                                <\/td>\n<\/tr>\n<\/tbody>\n<\/table><\/div>\n<\/p><\/div>\n<\/p><\/div>\n","protected":false},"excerpt":{"rendered":"<p>Detailn\u00ed popis produktu Keramick\u00e9 vani\u010dky EXTRA FLAT v&nbsp;modern\u00edm designu a n\u00edzk\u00e9 v\u00fd\u0161ce jsou obl\u00edben\u00e9 pro sv\u00e9 praktick\u00e9 vlastnosti &#8211; stoprocentn\u00ed tvarovou st\u00e1lost, odolnost proti po\u0161kr\u00e1b\u00e1n\u00ed, snadnou \u00fadr\u017ebu a neomezenou \u017eivotnost. Nav\u00edc jsou opat\u0159eny protiskluzovou keramickou strukturou. Vani\u010dky umo\u017e\u0148uj\u00ed instalaci na podlahu nebo s \u00farovn\u00ed podlahy se zapu\u0161t\u011bn\u00fdm sifonem i&nbsp;klasick\u00e9 podezd\u011bn\u00ed vani\u010dky. Boky vani\u010dek, kter\u00e9 jsou [&hellip;]<\/p>\n","protected":false},"featured_media":18609,"comment_status":"open","ping_status":"open","template":"","meta":[],"product_brand":[],"product_cat":[79],"product_tag":[],"class_list":{"0":"post-18509","1":"product","2":"type-product","3":"status-publish","4":"has-post-thumbnail","6":"product_cat-sprchove-vanicky","8":"first","9":"instock","10":"sale","11":"shipping-taxable","12":"purchasable","13":"product-type-simple"},"yoast_head":"<!-- This site is optimized with the Yoast SEO plugin v26.8 - https:\/\/yoast.com\/product\/yoast-seo-wordpress\/ -->\n<title>Akce Keramick\u00e1 sprchov\u00e1 vani\u010dka, obd\u00e9ln\u00edk 100x70x4cm, b\u00edl\u00e1 ExtraGlaze -<\/title>\n<meta name=\"robots\" content=\"index, follow, max-snippet:-1, max-image-preview:large, max-video-preview:-1\" \/>\n<link rel=\"canonical\" href=\"https:\/\/www.domkraftpro.com\/index.php\/produkt\/akce-keramicka-sprchova-vanicka-obdelnik-100x70x4cm-bila-extraglaze-18509\/\" \/>\n<meta property=\"og:locale\" content=\"cs_CZ\" \/>\n<meta property=\"og:type\" content=\"article\" \/>\n<meta property=\"og:title\" content=\"Akce Keramick\u00e1 sprchov\u00e1 vani\u010dka, obd\u00e9ln\u00edk 100x70x4cm, b\u00edl\u00e1 ExtraGlaze -\" \/>\n<meta property=\"og:description\" content=\"Detailn\u00ed popis produktu Keramick\u00e9 vani\u010dky EXTRA FLAT v&nbsp;modern\u00edm designu a n\u00edzk\u00e9 v\u00fd\u0161ce jsou obl\u00edben\u00e9 pro sv\u00e9 praktick\u00e9 vlastnosti &#8211; stoprocentn\u00ed tvarovou st\u00e1lost, odolnost proti po\u0161kr\u00e1b\u00e1n\u00ed, snadnou \u00fadr\u017ebu a neomezenou \u017eivotnost. Nav\u00edc jsou opat\u0159eny protiskluzovou keramickou strukturou. Vani\u010dky umo\u017e\u0148uj\u00ed instalaci na podlahu nebo s \u00farovn\u00ed podlahy se zapu\u0161t\u011bn\u00fdm sifonem i&nbsp;klasick\u00e9 podezd\u011bn\u00ed vani\u010dky. Boky vani\u010dek, kter\u00e9 jsou [&hellip;]\" \/>\n<meta property=\"og:url\" content=\"https:\/\/www.domkraftpro.com\/index.php\/produkt\/akce-keramicka-sprchova-vanicka-obdelnik-100x70x4cm-bila-extraglaze-18509\/\" \/>\n<meta property=\"og:image\" content=\"https:\/\/www.domkraftpro.com\/wp-content\/uploads\/2026\/SK0007813-CZ20260425-092556-0-1777080363-696202_keramicka-sprchova-vanicka--obdelnik-100x70x4cm--bil.webp\" \/>\n\t<meta property=\"og:image:width\" content=\"1000\" \/>\n\t<meta property=\"og:image:height\" content=\"750\" \/>\n\t<meta property=\"og:image:type\" content=\"image\/webp\" \/>\n<meta name=\"twitter:card\" content=\"summary_large_image\" \/>\n<meta name=\"twitter:label1\" content=\"Odhadovan\u00e1 doba \u010dten\u00ed\" \/>\n\t<meta name=\"twitter:data1\" content=\"2 minuty\" \/>\n<script type=\"application\/ld+json\" class=\"yoast-schema-graph\">{\"@context\":\"https:\/\/schema.org\",\"@graph\":[{\"@type\":\"WebPage\",\"@id\":\"https:\/\/www.domkraftpro.com\/index.php\/produkt\/akce-keramicka-sprchova-vanicka-obdelnik-100x70x4cm-bila-extraglaze-18509\/\",\"url\":\"https:\/\/www.domkraftpro.com\/index.php\/produkt\/akce-keramicka-sprchova-vanicka-obdelnik-100x70x4cm-bila-extraglaze-18509\/\",\"name\":\"Akce Keramick\u00e1 sprchov\u00e1 vani\u010dka, obd\u00e9ln\u00edk 100x70x4cm, b\u00edl\u00e1 ExtraGlaze -\",\"isPartOf\":{\"@id\":\"https:\/\/www.domkraftpro.com\/#website\"},\"primaryImageOfPage\":{\"@id\":\"https:\/\/www.domkraftpro.com\/index.php\/produkt\/akce-keramicka-sprchova-vanicka-obdelnik-100x70x4cm-bila-extraglaze-18509\/#primaryimage\"},\"image\":{\"@id\":\"https:\/\/www.domkraftpro.com\/index.php\/produkt\/akce-keramicka-sprchova-vanicka-obdelnik-100x70x4cm-bila-extraglaze-18509\/#primaryimage\"},\"thumbnailUrl\":\"https:\/\/www.domkraftpro.com\/wp-content\/uploads\/2026\/SK0007813-CZ20260425-092556-0-1777080363-696202_keramicka-sprchova-vanicka--obdelnik-100x70x4cm--bil.webp\",\"datePublished\":\"2026-04-27T04:41:09+00:00\",\"breadcrumb\":{\"@id\":\"https:\/\/www.domkraftpro.com\/index.php\/produkt\/akce-keramicka-sprchova-vanicka-obdelnik-100x70x4cm-bila-extraglaze-18509\/#breadcrumb\"},\"inLanguage\":\"cs\",\"potentialAction\":[{\"@type\":\"ReadAction\",\"target\":[\"https:\/\/www.domkraftpro.com\/index.php\/produkt\/akce-keramicka-sprchova-vanicka-obdelnik-100x70x4cm-bila-extraglaze-18509\/\"]}]},{\"@type\":\"ImageObject\",\"inLanguage\":\"cs\",\"@id\":\"https:\/\/www.domkraftpro.com\/index.php\/produkt\/akce-keramicka-sprchova-vanicka-obdelnik-100x70x4cm-bila-extraglaze-18509\/#primaryimage\",\"url\":\"https:\/\/www.domkraftpro.com\/wp-content\/uploads\/2026\/SK0007813-CZ20260425-092556-0-1777080363-696202_keramicka-sprchova-vanicka--obdelnik-100x70x4cm--bil.webp\",\"contentUrl\":\"https:\/\/www.domkraftpro.com\/wp-content\/uploads\/2026\/SK0007813-CZ20260425-092556-0-1777080363-696202_keramicka-sprchova-vanicka--obdelnik-100x70x4cm--bil.webp\",\"width\":1000,\"height\":750},{\"@type\":\"BreadcrumbList\",\"@id\":\"https:\/\/www.domkraftpro.com\/index.php\/produkt\/akce-keramicka-sprchova-vanicka-obdelnik-100x70x4cm-bila-extraglaze-18509\/#breadcrumb\",\"itemListElement\":[{\"@type\":\"ListItem\",\"position\":1,\"name\":\"Home\",\"item\":\"https:\/\/www.domkraftpro.com\/\"},{\"@type\":\"ListItem\",\"position\":2,\"name\":\"Products\",\"item\":\"https:\/\/www.domkraftpro.com\/index.php\/products\/\"},{\"@type\":\"ListItem\",\"position\":3,\"name\":\"Akce Keramick\u00e1 sprchov\u00e1 vani\u010dka, obd\u00e9ln\u00edk 100x70x4cm, b\u00edl\u00e1 ExtraGlaze\"}]},{\"@type\":\"WebSite\",\"@id\":\"https:\/\/www.domkraftpro.com\/#website\",\"url\":\"https:\/\/www.domkraftpro.com\/\",\"name\":\"\",\"description\":\"\",\"potentialAction\":[{\"@type\":\"SearchAction\",\"target\":{\"@type\":\"EntryPoint\",\"urlTemplate\":\"https:\/\/www.domkraftpro.com\/?s={search_term_string}\"},\"query-input\":{\"@type\":\"PropertyValueSpecification\",\"valueRequired\":true,\"valueName\":\"search_term_string\"}}],\"inLanguage\":\"cs\"}]}<\/script>\n<!-- \/ Yoast SEO plugin. -->","yoast_head_json":{"title":"Akce Keramick\u00e1 sprchov\u00e1 vani\u010dka, obd\u00e9ln\u00edk 100x70x4cm, b\u00edl\u00e1 ExtraGlaze -","robots":{"index":"index","follow":"follow","max-snippet":"max-snippet:-1","max-image-preview":"max-image-preview:large","max-video-preview":"max-video-preview:-1"},"canonical":"https:\/\/www.domkraftpro.com\/index.php\/produkt\/akce-keramicka-sprchova-vanicka-obdelnik-100x70x4cm-bila-extraglaze-18509\/","og_locale":"cs_CZ","og_type":"article","og_title":"Akce Keramick\u00e1 sprchov\u00e1 vani\u010dka, obd\u00e9ln\u00edk 100x70x4cm, b\u00edl\u00e1 ExtraGlaze -","og_description":"Detailn\u00ed popis produktu Keramick\u00e9 vani\u010dky EXTRA FLAT v&nbsp;modern\u00edm designu a n\u00edzk\u00e9 v\u00fd\u0161ce jsou obl\u00edben\u00e9 pro sv\u00e9 praktick\u00e9 vlastnosti &#8211; stoprocentn\u00ed tvarovou st\u00e1lost, odolnost proti po\u0161kr\u00e1b\u00e1n\u00ed, snadnou \u00fadr\u017ebu a neomezenou \u017eivotnost. Nav\u00edc jsou opat\u0159eny protiskluzovou keramickou strukturou. Vani\u010dky umo\u017e\u0148uj\u00ed instalaci na podlahu nebo s \u00farovn\u00ed podlahy se zapu\u0161t\u011bn\u00fdm sifonem i&nbsp;klasick\u00e9 podezd\u011bn\u00ed vani\u010dky. Boky vani\u010dek, kter\u00e9 jsou [&hellip;]","og_url":"https:\/\/www.domkraftpro.com\/index.php\/produkt\/akce-keramicka-sprchova-vanicka-obdelnik-100x70x4cm-bila-extraglaze-18509\/","og_image":[{"width":1000,"height":750,"url":"https:\/\/www.domkraftpro.com\/wp-content\/uploads\/2026\/SK0007813-CZ20260425-092556-0-1777080363-696202_keramicka-sprchova-vanicka--obdelnik-100x70x4cm--bil.webp","type":"image\/webp"}],"twitter_card":"summary_large_image","twitter_misc":{"Odhadovan\u00e1 doba \u010dten\u00ed":"2 minuty"},"schema":{"@context":"https:\/\/schema.org","@graph":[{"@type":"WebPage","@id":"https:\/\/www.domkraftpro.com\/index.php\/produkt\/akce-keramicka-sprchova-vanicka-obdelnik-100x70x4cm-bila-extraglaze-18509\/","url":"https:\/\/www.domkraftpro.com\/index.php\/produkt\/akce-keramicka-sprchova-vanicka-obdelnik-100x70x4cm-bila-extraglaze-18509\/","name":"Akce Keramick\u00e1 sprchov\u00e1 vani\u010dka, obd\u00e9ln\u00edk 100x70x4cm, b\u00edl\u00e1 ExtraGlaze -","isPartOf":{"@id":"https:\/\/www.domkraftpro.com\/#website"},"primaryImageOfPage":{"@id":"https:\/\/www.domkraftpro.com\/index.php\/produkt\/akce-keramicka-sprchova-vanicka-obdelnik-100x70x4cm-bila-extraglaze-18509\/#primaryimage"},"image":{"@id":"https:\/\/www.domkraftpro.com\/index.php\/produkt\/akce-keramicka-sprchova-vanicka-obdelnik-100x70x4cm-bila-extraglaze-18509\/#primaryimage"},"thumbnailUrl":"https:\/\/www.domkraftpro.com\/wp-content\/uploads\/2026\/SK0007813-CZ20260425-092556-0-1777080363-696202_keramicka-sprchova-vanicka--obdelnik-100x70x4cm--bil.webp","datePublished":"2026-04-27T04:41:09+00:00","breadcrumb":{"@id":"https:\/\/www.domkraftpro.com\/index.php\/produkt\/akce-keramicka-sprchova-vanicka-obdelnik-100x70x4cm-bila-extraglaze-18509\/#breadcrumb"},"inLanguage":"cs","potentialAction":[{"@type":"ReadAction","target":["https:\/\/www.domkraftpro.com\/index.php\/produkt\/akce-keramicka-sprchova-vanicka-obdelnik-100x70x4cm-bila-extraglaze-18509\/"]}]},{"@type":"ImageObject","inLanguage":"cs","@id":"https:\/\/www.domkraftpro.com\/index.php\/produkt\/akce-keramicka-sprchova-vanicka-obdelnik-100x70x4cm-bila-extraglaze-18509\/#primaryimage","url":"https:\/\/www.domkraftpro.com\/wp-content\/uploads\/2026\/SK0007813-CZ20260425-092556-0-1777080363-696202_keramicka-sprchova-vanicka--obdelnik-100x70x4cm--bil.webp","contentUrl":"https:\/\/www.domkraftpro.com\/wp-content\/uploads\/2026\/SK0007813-CZ20260425-092556-0-1777080363-696202_keramicka-sprchova-vanicka--obdelnik-100x70x4cm--bil.webp","width":1000,"height":750},{"@type":"BreadcrumbList","@id":"https:\/\/www.domkraftpro.com\/index.php\/produkt\/akce-keramicka-sprchova-vanicka-obdelnik-100x70x4cm-bila-extraglaze-18509\/#breadcrumb","itemListElement":[{"@type":"ListItem","position":1,"name":"Home","item":"https:\/\/www.domkraftpro.com\/"},{"@type":"ListItem","position":2,"name":"Products","item":"https:\/\/www.domkraftpro.com\/index.php\/products\/"},{"@type":"ListItem","position":3,"name":"Akce Keramick\u00e1 sprchov\u00e1 vani\u010dka, obd\u00e9ln\u00edk 100x70x4cm, b\u00edl\u00e1 ExtraGlaze"}]},{"@type":"WebSite","@id":"https:\/\/www.domkraftpro.com\/#website","url":"https:\/\/www.domkraftpro.com\/","name":"","description":"","potentialAction":[{"@type":"SearchAction","target":{"@type":"EntryPoint","urlTemplate":"https:\/\/www.domkraftpro.com\/?s={search_term_string}"},"query-input":{"@type":"PropertyValueSpecification","valueRequired":true,"valueName":"search_term_string"}}],"inLanguage":"cs"}]}},"_links":{"self":[{"href":"https:\/\/www.domkraftpro.com\/index.php\/wp-json\/wp\/v2\/product\/18509","targetHints":{"allow":["GET"]}}],"collection":[{"href":"https:\/\/www.domkraftpro.com\/index.php\/wp-json\/wp\/v2\/product"}],"about":[{"href":"https:\/\/www.domkraftpro.com\/index.php\/wp-json\/wp\/v2\/types\/product"}],"replies":[{"embeddable":true,"href":"https:\/\/www.domkraftpro.com\/index.php\/wp-json\/wp\/v2\/comments?post=18509"}],"wp:featuredmedia":[{"embeddable":true,"href":"https:\/\/www.domkraftpro.com\/index.php\/wp-json\/wp\/v2\/media\/18609"}],"wp:attachment":[{"href":"https:\/\/www.domkraftpro.com\/index.php\/wp-json\/wp\/v2\/media?parent=18509"}],"wp:term":[{"taxonomy":"product_brand","embeddable":true,"href":"https:\/\/www.domkraftpro.com\/index.php\/wp-json\/wp\/v2\/product_brand?post=18509"},{"taxonomy":"product_cat","embeddable":true,"href":"https:\/\/www.domkraftpro.com\/index.php\/wp-json\/wp\/v2\/product_cat?post=18509"},{"taxonomy":"product_tag","embeddable":true,"href":"https:\/\/www.domkraftpro.com\/index.php\/wp-json\/wp\/v2\/product_tag?post=18509"}],"curies":[{"name":"wp","href":"https:\/\/api.w.org\/{rel}","templated":true}]}}