{"id":17955,"date":"2026-04-27T04:41:07","date_gmt":"2026-04-27T04:41:07","guid":{"rendered":""},"modified":"2026-04-27T04:41:07","modified_gmt":"2026-04-27T04:41:07","slug":"cleo-obdelnikova-vana-150x75x48cm-bila-mat-ihned-k-objednani-17955","status":"publish","type":"product","link":"https:\/\/www.domkraftpro.com\/index.php\/produkt\/cleo-obdelnikova-vana-150x75x48cm-bila-mat-ihned-k-objednani-17955\/","title":{"rendered":"CLEO obd\u00e9ln\u00edkov\u00e1 vana 150x75x48cm, b\u00edl\u00e1 mat Ihned K Objedn\u00e1n\u00ed"},"content":{"rendered":"<div class=\"basic-description\">\n<h3>Detailn\u00ed popis produktu<\/h3>\n<div>\n<p>D\u00edky jednoduch\u00fdm a modern\u00edm tvar\u016fm je kolekce van CLEO od \u010desk\u00e9ho v\u00fdrobce Polysan jednou z nejobl\u00edben\u011bj\u0161\u00edch a nejprod\u00e1van\u011bj\u0161\u00edch. Pro svoji \u0161irokou \u0159adu rozm\u011br\u016f jsou vany CLEO vhodn\u00e9 prakticky do ka\u017ed\u00e9ho interi\u00e9ru. Velmi poveden\u00fd vnit\u0159n\u00ed prostor (hloubka vany 48 cm) umo\u017e\u0148uje pohodlnou koupel pro v\u0161echny, kte\u0159\u00ed si r\u00e1di ve van\u011b pole\u017e\u00ed del\u0161\u00ed dobu. V kombinaci s vanovou z\u00e1st\u011bnou z\u00edsk\u00e1te pohodln\u00fd sprchovac\u00ed kout. Na \u0161irok\u00fd rovn\u00fd okraj vany je mo\u017eno instalovat v\u011bt\u0161inu komponent\u016f jak pro napou\u0161t\u011bn\u00ed, tak i pro p\u0159\u00edpadn\u00e9 ovl\u00e1d\u00e1n\u00ed hydromas\u00e1\u017en\u00edho syst\u00e9mu.<\/p>\n<ul>\n<li>Podm\u00ednkou z\u00e1ruky na produkt je pou\u017eit\u00ed doporu\u010den\u00e9ho typu podstavce.   <\/li>\n<li>S ohledem na strukturu barevn\u00e9ho proveden\u00ed akryl\u00e1tu je v p\u0159\u00edpad\u011b po\u0161kozen\u00ed   tento materi\u00e1l neopraviteln\u00fd. <\/li>\n<\/ul>\n<\/div>\n<div class=\"product-explanation-item\">\n<h3>Akryl\u00e1t<\/h3>\n<p style=\"text-align: justify;\">Akryl\u00e1tov\u00e9 vany a vani\u010dky jsou vyr\u00e1b\u011bny ze zna\u010dkov\u00e9ho akryl\u00e1tu. Na rozd\u00edl od koextrudovan\u00fdch akryl\u00e1tov\u00fdch desek, kter\u00e9 maj\u00ed m\u011bk\u010d\u00ed povrch a men\u0161\u00ed chemickou odolnost, se vyr\u00e1b\u00ed lit\u00edm. To mj. znamen\u00e1, \u017ee je probarven\u00fd v cel\u00e9 tlou\u0161\u0165ce, pln\u011b st\u00e1lobarevn\u00fd, nepor\u00e9zn\u00ed a s vysokou povrchovou pevnost\u00ed. M\u00e1 hladk\u00fd povrch s minim\u00e1ln\u00ed mo\u017enost\u00ed uklouznut\u00ed a dob\u0159e tlum\u00ed hluk dopadaj\u00edc\u00ed vody.<\/p>\n<\/div><\/div>\n<div class=\"extended-description\">\n<h3>Dopl\u0148kov\u00e9 parametry<\/h3>\n<table class=\"detail-parameters\">\n<tbody>\n<tr>\n<th>        <span class=\"row-header-label\">            Kategorie<span class=\"row-header-label-colon\">:<\/span>        <\/span>    <\/th>\n<td>            <\/td>\n<\/tr>\n<tr>\n<th>            <span class=\"row-header-label\">                Z\u00e1ruka<span class=\"row-header-label-colon\">:<\/span>            <\/span>        <\/th>\n<td>            120        <\/td>\n<\/tr>\n<tr>\n<th>            <span class=\"row-header-label\">                Hmotnost<span class=\"row-header-label-colon\">:<\/span>            <\/span>        <\/th>\n<td>            18.676 kg        <\/td>\n<\/tr>\n<tr class=\"productEan\">\n<th>          <span class=\"row-header-label productEan__label\">              EAN<span class=\"row-header-label-colon\">:<\/span>          <\/span>      <\/th>\n<td>          <span class=\"productEan__value\">8590729083313<\/span>      <\/td>\n<\/tr>\n<tr>\n<th>                <span class=\"row-header-label\">                                            3D model<span class=\"row-header-label-colon\">:<\/span>                                    <\/span>            <\/th>\n<td>                                                            ANO                                                <\/td>\n<\/tr>\n<tr>\n<th>                <span class=\"row-header-label\">                                            Balen\u00ed<span class=\"row-header-label-colon\">:<\/span>                                    <\/span>            <\/th>\n<td>                                                            1 ks                                                <\/td>\n<\/tr>\n<tr>\n<th>                <span class=\"row-header-label\">                                            Balen\u00ed neobsahuje<span class=\"row-header-label-colon\">:<\/span>                                    <\/span>            <\/th>\n<td>                                                            Sifon;Vanov\u00e1 souprava                                                <\/td>\n<\/tr>\n<tr>\n<th>                <span class=\"row-header-label\">                                            Barva<span class=\"row-header-label-colon\">:<\/span>                                    <\/span>            <\/th>\n<td>                                                            B\u00edl\u00e1 mat                                                <\/td>\n<\/tr>\n<tr>\n<th>                <span class=\"row-header-label\">                                            D\u00e9lka<span class=\"row-header-label-colon\">:<\/span>                                    <\/span>            <\/th>\n<td>                                                            1500 mm                                                <\/td>\n<\/tr>\n<tr>\n<th>                <span class=\"row-header-label\">                                            Dostupnost<span class=\"row-header-label-colon\">:<\/span>                                    <\/span>            <\/th>\n<td>                                                            Dod\u00e1n\u00ed do 6ti t\u00fddn\u016f                                                <\/td>\n<\/tr>\n<tr>\n<th>                <span class=\"row-header-label\">                                            Instalace<span class=\"row-header-label-colon\">:<\/span>                                    <\/span>            <\/th>\n<td>                                                            Vestavn\u00e1 (k obezd\u011bn\u00ed)                                                <\/td>\n<\/tr>\n<tr>\n<th>                <span class=\"row-header-label\">                                            Materi\u00e1l<span class=\"row-header-label-colon\">:<\/span>                                    <\/span>            <\/th>\n<td>                                                            Akryl\u00e1t                                                <\/td>\n<\/tr>\n<tr>\n<th>                <span class=\"row-header-label\">                                            Objem<span class=\"row-header-label-colon\">:<\/span>                                    <\/span>            <\/th>\n<td>                                                            220 l                                                <\/td>\n<\/tr>\n<tr>\n<th>                <span class=\"row-header-label\">                                            Pr\u016fm\u011br odpadu<span class=\"row-header-label-colon\">:<\/span>                                    <\/span>            <\/th>\n<td>                                                            52 mm                                                <\/td>\n<\/tr>\n<tr>\n<th>                <span class=\"row-header-label\">                                            Rozm\u011br<span class=\"row-header-label-colon\">:<\/span>                                    <\/span>            <\/th>\n<td>                                                            150x75x48 cm                                                <\/td>\n<\/tr>\n<tr>\n<th>                <span class=\"row-header-label\">                                            \u0160\u00ed\u0159ka<span class=\"row-header-label-colon\">:<\/span>                                    <\/span>            <\/th>\n<td>                                                            750 mm                                                <\/td>\n<\/tr>\n<tr>\n<th>                <span class=\"row-header-label\">                                            Tvar<span class=\"row-header-label-colon\">:<\/span>                                    <\/span>            <\/th>\n<td>                                                            Obd\u00e9ln\u00edkov\u00e9                                                <\/td>\n<\/tr>\n<tr>\n<th>                <span class=\"row-header-label\">                                            Vlastnosti<span class=\"row-header-label-colon\">:<\/span>                                    <\/span>            <\/th>\n<td>                                                            V\u00fd\u0161ka okraje 40 mm (Standard)                                                <\/td>\n<\/tr>\n<tr>\n<th>                <span class=\"row-header-label\">                                            V\u00fd\u0161ka<span class=\"row-header-label-colon\">:<\/span>                                    <\/span>            <\/th>\n<td>                                                            480 mm                                                <\/td>\n<\/tr>\n<tr>\n<th>                <span class=\"row-header-label\">                                            Z\u00e1ruka<span class=\"row-header-label-colon\">:<\/span>                                    <\/span>            <\/th>\n<td>                                                            10 let                                                <\/td>\n<\/tr>\n<\/tbody>\n<\/table><\/div>\n<\/p><\/div>\n<\/p><\/div>\n","protected":false},"excerpt":{"rendered":"<p>Detailn\u00ed popis produktu D\u00edky jednoduch\u00fdm a modern\u00edm tvar\u016fm je kolekce van CLEO od \u010desk\u00e9ho v\u00fdrobce Polysan jednou z nejobl\u00edben\u011bj\u0161\u00edch a nejprod\u00e1van\u011bj\u0161\u00edch. Pro svoji \u0161irokou \u0159adu rozm\u011br\u016f jsou vany CLEO vhodn\u00e9 prakticky do ka\u017ed\u00e9ho interi\u00e9ru. Velmi poveden\u00fd vnit\u0159n\u00ed prostor (hloubka vany 48 cm) umo\u017e\u0148uje pohodlnou koupel pro v\u0161echny, kte\u0159\u00ed si r\u00e1di ve van\u011b pole\u017e\u00ed del\u0161\u00ed dobu. [&hellip;]<\/p>\n","protected":false},"featured_media":18055,"comment_status":"open","ping_status":"open","template":"","meta":[],"product_brand":[],"product_cat":[81],"product_tag":[],"class_list":{"0":"post-17955","1":"product","2":"type-product","3":"status-publish","4":"has-post-thumbnail","6":"product_cat-vany","8":"first","9":"instock","10":"sale","11":"shipping-taxable","12":"purchasable","13":"product-type-simple"},"yoast_head":"<!-- This site is optimized with the Yoast SEO plugin v26.8 - https:\/\/yoast.com\/product\/yoast-seo-wordpress\/ -->\n<title>CLEO obd\u00e9ln\u00edkov\u00e1 vana 150x75x48cm, b\u00edl\u00e1 mat Ihned K Objedn\u00e1n\u00ed -<\/title>\n<meta name=\"robots\" content=\"index, follow, max-snippet:-1, max-image-preview:large, max-video-preview:-1\" \/>\n<link rel=\"canonical\" href=\"https:\/\/www.domkraftpro.com\/index.php\/produkt\/cleo-obdelnikova-vana-150x75x48cm-bila-mat-ihned-k-objednani-17955\/\" \/>\n<meta property=\"og:locale\" content=\"cs_CZ\" \/>\n<meta property=\"og:type\" content=\"article\" \/>\n<meta property=\"og:title\" content=\"CLEO obd\u00e9ln\u00edkov\u00e1 vana 150x75x48cm, b\u00edl\u00e1 mat Ihned K Objedn\u00e1n\u00ed -\" \/>\n<meta property=\"og:description\" content=\"Detailn\u00ed popis produktu D\u00edky jednoduch\u00fdm a modern\u00edm tvar\u016fm je kolekce van CLEO od \u010desk\u00e9ho v\u00fdrobce Polysan jednou z nejobl\u00edben\u011bj\u0161\u00edch a nejprod\u00e1van\u011bj\u0161\u00edch. Pro svoji \u0161irokou \u0159adu rozm\u011br\u016f jsou vany CLEO vhodn\u00e9 prakticky do ka\u017ed\u00e9ho interi\u00e9ru. Velmi poveden\u00fd vnit\u0159n\u00ed prostor (hloubka vany 48 cm) umo\u017e\u0148uje pohodlnou koupel pro v\u0161echny, kte\u0159\u00ed si r\u00e1di ve van\u011b pole\u017e\u00ed del\u0161\u00ed dobu. [&hellip;]\" \/>\n<meta property=\"og:url\" content=\"https:\/\/www.domkraftpro.com\/index.php\/produkt\/cleo-obdelnikova-vana-150x75x48cm-bila-mat-ihned-k-objednani-17955\/\" \/>\n<meta property=\"og:image\" content=\"https:\/\/www.domkraftpro.com\/wp-content\/uploads\/2026\/SK0007544-CZ20260425-092556-0-1777080363-674901_cleo-obdelnikova-vana-150x75x48cm--bila-mat.webp\" \/>\n\t<meta property=\"og:image:width\" content=\"1000\" \/>\n\t<meta property=\"og:image:height\" content=\"750\" \/>\n\t<meta property=\"og:image:type\" content=\"image\/webp\" \/>\n<meta name=\"twitter:card\" content=\"summary_large_image\" \/>\n<meta name=\"twitter:label1\" content=\"Odhadovan\u00e1 doba \u010dten\u00ed\" \/>\n\t<meta name=\"twitter:data1\" content=\"2 minuty\" \/>\n<script type=\"application\/ld+json\" class=\"yoast-schema-graph\">{\"@context\":\"https:\/\/schema.org\",\"@graph\":[{\"@type\":\"WebPage\",\"@id\":\"https:\/\/www.domkraftpro.com\/index.php\/produkt\/cleo-obdelnikova-vana-150x75x48cm-bila-mat-ihned-k-objednani-17955\/\",\"url\":\"https:\/\/www.domkraftpro.com\/index.php\/produkt\/cleo-obdelnikova-vana-150x75x48cm-bila-mat-ihned-k-objednani-17955\/\",\"name\":\"CLEO obd\u00e9ln\u00edkov\u00e1 vana 150x75x48cm, b\u00edl\u00e1 mat Ihned K Objedn\u00e1n\u00ed -\",\"isPartOf\":{\"@id\":\"https:\/\/www.domkraftpro.com\/#website\"},\"primaryImageOfPage\":{\"@id\":\"https:\/\/www.domkraftpro.com\/index.php\/produkt\/cleo-obdelnikova-vana-150x75x48cm-bila-mat-ihned-k-objednani-17955\/#primaryimage\"},\"image\":{\"@id\":\"https:\/\/www.domkraftpro.com\/index.php\/produkt\/cleo-obdelnikova-vana-150x75x48cm-bila-mat-ihned-k-objednani-17955\/#primaryimage\"},\"thumbnailUrl\":\"https:\/\/www.domkraftpro.com\/wp-content\/uploads\/2026\/SK0007544-CZ20260425-092556-0-1777080363-674901_cleo-obdelnikova-vana-150x75x48cm--bila-mat.webp\",\"datePublished\":\"2026-04-27T04:41:07+00:00\",\"breadcrumb\":{\"@id\":\"https:\/\/www.domkraftpro.com\/index.php\/produkt\/cleo-obdelnikova-vana-150x75x48cm-bila-mat-ihned-k-objednani-17955\/#breadcrumb\"},\"inLanguage\":\"cs\",\"potentialAction\":[{\"@type\":\"ReadAction\",\"target\":[\"https:\/\/www.domkraftpro.com\/index.php\/produkt\/cleo-obdelnikova-vana-150x75x48cm-bila-mat-ihned-k-objednani-17955\/\"]}]},{\"@type\":\"ImageObject\",\"inLanguage\":\"cs\",\"@id\":\"https:\/\/www.domkraftpro.com\/index.php\/produkt\/cleo-obdelnikova-vana-150x75x48cm-bila-mat-ihned-k-objednani-17955\/#primaryimage\",\"url\":\"https:\/\/www.domkraftpro.com\/wp-content\/uploads\/2026\/SK0007544-CZ20260425-092556-0-1777080363-674901_cleo-obdelnikova-vana-150x75x48cm--bila-mat.webp\",\"contentUrl\":\"https:\/\/www.domkraftpro.com\/wp-content\/uploads\/2026\/SK0007544-CZ20260425-092556-0-1777080363-674901_cleo-obdelnikova-vana-150x75x48cm--bila-mat.webp\",\"width\":1000,\"height\":750},{\"@type\":\"BreadcrumbList\",\"@id\":\"https:\/\/www.domkraftpro.com\/index.php\/produkt\/cleo-obdelnikova-vana-150x75x48cm-bila-mat-ihned-k-objednani-17955\/#breadcrumb\",\"itemListElement\":[{\"@type\":\"ListItem\",\"position\":1,\"name\":\"Home\",\"item\":\"https:\/\/www.domkraftpro.com\/\"},{\"@type\":\"ListItem\",\"position\":2,\"name\":\"Products\",\"item\":\"https:\/\/www.domkraftpro.com\/index.php\/products\/\"},{\"@type\":\"ListItem\",\"position\":3,\"name\":\"CLEO obd\u00e9ln\u00edkov\u00e1 vana 150x75x48cm, b\u00edl\u00e1 mat Ihned K Objedn\u00e1n\u00ed\"}]},{\"@type\":\"WebSite\",\"@id\":\"https:\/\/www.domkraftpro.com\/#website\",\"url\":\"https:\/\/www.domkraftpro.com\/\",\"name\":\"\",\"description\":\"\",\"potentialAction\":[{\"@type\":\"SearchAction\",\"target\":{\"@type\":\"EntryPoint\",\"urlTemplate\":\"https:\/\/www.domkraftpro.com\/?s={search_term_string}\"},\"query-input\":{\"@type\":\"PropertyValueSpecification\",\"valueRequired\":true,\"valueName\":\"search_term_string\"}}],\"inLanguage\":\"cs\"}]}<\/script>\n<!-- \/ Yoast SEO plugin. -->","yoast_head_json":{"title":"CLEO obd\u00e9ln\u00edkov\u00e1 vana 150x75x48cm, b\u00edl\u00e1 mat Ihned K Objedn\u00e1n\u00ed -","robots":{"index":"index","follow":"follow","max-snippet":"max-snippet:-1","max-image-preview":"max-image-preview:large","max-video-preview":"max-video-preview:-1"},"canonical":"https:\/\/www.domkraftpro.com\/index.php\/produkt\/cleo-obdelnikova-vana-150x75x48cm-bila-mat-ihned-k-objednani-17955\/","og_locale":"cs_CZ","og_type":"article","og_title":"CLEO obd\u00e9ln\u00edkov\u00e1 vana 150x75x48cm, b\u00edl\u00e1 mat Ihned K Objedn\u00e1n\u00ed -","og_description":"Detailn\u00ed popis produktu D\u00edky jednoduch\u00fdm a modern\u00edm tvar\u016fm je kolekce van CLEO od \u010desk\u00e9ho v\u00fdrobce Polysan jednou z nejobl\u00edben\u011bj\u0161\u00edch a nejprod\u00e1van\u011bj\u0161\u00edch. Pro svoji \u0161irokou \u0159adu rozm\u011br\u016f jsou vany CLEO vhodn\u00e9 prakticky do ka\u017ed\u00e9ho interi\u00e9ru. Velmi poveden\u00fd vnit\u0159n\u00ed prostor (hloubka vany 48 cm) umo\u017e\u0148uje pohodlnou koupel pro v\u0161echny, kte\u0159\u00ed si r\u00e1di ve van\u011b pole\u017e\u00ed del\u0161\u00ed dobu. [&hellip;]","og_url":"https:\/\/www.domkraftpro.com\/index.php\/produkt\/cleo-obdelnikova-vana-150x75x48cm-bila-mat-ihned-k-objednani-17955\/","og_image":[{"width":1000,"height":750,"url":"https:\/\/www.domkraftpro.com\/wp-content\/uploads\/2026\/SK0007544-CZ20260425-092556-0-1777080363-674901_cleo-obdelnikova-vana-150x75x48cm--bila-mat.webp","type":"image\/webp"}],"twitter_card":"summary_large_image","twitter_misc":{"Odhadovan\u00e1 doba \u010dten\u00ed":"2 minuty"},"schema":{"@context":"https:\/\/schema.org","@graph":[{"@type":"WebPage","@id":"https:\/\/www.domkraftpro.com\/index.php\/produkt\/cleo-obdelnikova-vana-150x75x48cm-bila-mat-ihned-k-objednani-17955\/","url":"https:\/\/www.domkraftpro.com\/index.php\/produkt\/cleo-obdelnikova-vana-150x75x48cm-bila-mat-ihned-k-objednani-17955\/","name":"CLEO obd\u00e9ln\u00edkov\u00e1 vana 150x75x48cm, b\u00edl\u00e1 mat Ihned K Objedn\u00e1n\u00ed -","isPartOf":{"@id":"https:\/\/www.domkraftpro.com\/#website"},"primaryImageOfPage":{"@id":"https:\/\/www.domkraftpro.com\/index.php\/produkt\/cleo-obdelnikova-vana-150x75x48cm-bila-mat-ihned-k-objednani-17955\/#primaryimage"},"image":{"@id":"https:\/\/www.domkraftpro.com\/index.php\/produkt\/cleo-obdelnikova-vana-150x75x48cm-bila-mat-ihned-k-objednani-17955\/#primaryimage"},"thumbnailUrl":"https:\/\/www.domkraftpro.com\/wp-content\/uploads\/2026\/SK0007544-CZ20260425-092556-0-1777080363-674901_cleo-obdelnikova-vana-150x75x48cm--bila-mat.webp","datePublished":"2026-04-27T04:41:07+00:00","breadcrumb":{"@id":"https:\/\/www.domkraftpro.com\/index.php\/produkt\/cleo-obdelnikova-vana-150x75x48cm-bila-mat-ihned-k-objednani-17955\/#breadcrumb"},"inLanguage":"cs","potentialAction":[{"@type":"ReadAction","target":["https:\/\/www.domkraftpro.com\/index.php\/produkt\/cleo-obdelnikova-vana-150x75x48cm-bila-mat-ihned-k-objednani-17955\/"]}]},{"@type":"ImageObject","inLanguage":"cs","@id":"https:\/\/www.domkraftpro.com\/index.php\/produkt\/cleo-obdelnikova-vana-150x75x48cm-bila-mat-ihned-k-objednani-17955\/#primaryimage","url":"https:\/\/www.domkraftpro.com\/wp-content\/uploads\/2026\/SK0007544-CZ20260425-092556-0-1777080363-674901_cleo-obdelnikova-vana-150x75x48cm--bila-mat.webp","contentUrl":"https:\/\/www.domkraftpro.com\/wp-content\/uploads\/2026\/SK0007544-CZ20260425-092556-0-1777080363-674901_cleo-obdelnikova-vana-150x75x48cm--bila-mat.webp","width":1000,"height":750},{"@type":"BreadcrumbList","@id":"https:\/\/www.domkraftpro.com\/index.php\/produkt\/cleo-obdelnikova-vana-150x75x48cm-bila-mat-ihned-k-objednani-17955\/#breadcrumb","itemListElement":[{"@type":"ListItem","position":1,"name":"Home","item":"https:\/\/www.domkraftpro.com\/"},{"@type":"ListItem","position":2,"name":"Products","item":"https:\/\/www.domkraftpro.com\/index.php\/products\/"},{"@type":"ListItem","position":3,"name":"CLEO obd\u00e9ln\u00edkov\u00e1 vana 150x75x48cm, b\u00edl\u00e1 mat Ihned K Objedn\u00e1n\u00ed"}]},{"@type":"WebSite","@id":"https:\/\/www.domkraftpro.com\/#website","url":"https:\/\/www.domkraftpro.com\/","name":"","description":"","potentialAction":[{"@type":"SearchAction","target":{"@type":"EntryPoint","urlTemplate":"https:\/\/www.domkraftpro.com\/?s={search_term_string}"},"query-input":{"@type":"PropertyValueSpecification","valueRequired":true,"valueName":"search_term_string"}}],"inLanguage":"cs"}]}},"_links":{"self":[{"href":"https:\/\/www.domkraftpro.com\/index.php\/wp-json\/wp\/v2\/product\/17955","targetHints":{"allow":["GET"]}}],"collection":[{"href":"https:\/\/www.domkraftpro.com\/index.php\/wp-json\/wp\/v2\/product"}],"about":[{"href":"https:\/\/www.domkraftpro.com\/index.php\/wp-json\/wp\/v2\/types\/product"}],"replies":[{"embeddable":true,"href":"https:\/\/www.domkraftpro.com\/index.php\/wp-json\/wp\/v2\/comments?post=17955"}],"wp:featuredmedia":[{"embeddable":true,"href":"https:\/\/www.domkraftpro.com\/index.php\/wp-json\/wp\/v2\/media\/18055"}],"wp:attachment":[{"href":"https:\/\/www.domkraftpro.com\/index.php\/wp-json\/wp\/v2\/media?parent=17955"}],"wp:term":[{"taxonomy":"product_brand","embeddable":true,"href":"https:\/\/www.domkraftpro.com\/index.php\/wp-json\/wp\/v2\/product_brand?post=17955"},{"taxonomy":"product_cat","embeddable":true,"href":"https:\/\/www.domkraftpro.com\/index.php\/wp-json\/wp\/v2\/product_cat?post=17955"},{"taxonomy":"product_tag","embeddable":true,"href":"https:\/\/www.domkraftpro.com\/index.php\/wp-json\/wp\/v2\/product_tag?post=17955"}],"curies":[{"name":"wp","href":"https:\/\/api.w.org\/{rel}","templated":true}]}}