{"id":17189,"date":"2026-04-27T04:41:05","date_gmt":"2026-04-27T04:41:05","guid":{"rendered":""},"modified":"2026-04-27T04:41:05","modified_gmt":"2026-04-27T04:41:05","slug":"objednat-nyni-waldorf-keramicke-umyvadlo-80x55cm-cerna-mat-17189","status":"publish","type":"product","link":"https:\/\/www.domkraftpro.com\/index.php\/produkt\/objednat-nyni-waldorf-keramicke-umyvadlo-80x55cm-cerna-mat-17189\/","title":{"rendered":"Objednat Nyn\u00ed WALDORF keramick\u00e9 umyvadlo 80x55cm, \u010dern\u00e1 mat"},"content":{"rendered":"<div class=\"basic-description\">\n<h3>Detailn\u00ed popis produktu<\/h3>\n<p style=\"text-align: justify;\">Luxus po\u010d\u00e1tku dvac\u00e1t\u00e9ho stolet\u00ed, novogotick\u00e1 architektura v&nbsp;Americe, vzne\u0161en\u00e9 a elegantn\u00ed linie: to je pouze p\u00e1r z&nbsp;mnoha asociac\u00ed, kter\u00e9 n\u00e1zev WALDORF vyvol\u00e1v\u00e1. Kerasan znovu zpracoval tyto inspirace a vytvo\u0159il luxusn\u00ed kolekci sanit\u00e1rn\u00ed keramiky vysok\u00e9 kvality, kterou je ide\u00e1ln\u00ed kombinovat v&nbsp;modern\u00edm i&nbsp;klasick\u00e9m stylu. Charakteristick\u00fdmi prvky jsou obd\u00e9ln\u00edkov\u00fd tvar, kter\u00fd je zm\u011bk\u010den zaoblen\u00fdmi rohy a nav\u00edc hrany s&nbsp;dvojitou tlou\u0161\u0165kou, kter\u00e9 p\u0159ipom\u00ednaj\u00ed klasick\u00fd a monument\u00e1ln\u00ed styl. S\u00e9rie WALDORF zahrnuje prvky pro kompletn\u00ed koupelnu. Stylovou zaj\u00edmavost\u00ed je u umyvadel vodorovn\u011b um\u00edst\u011bn\u00fd p\u0159epadov\u00fd otvor s ozdobn\u00fdm zakon\u010den\u00edm.<\/p>\n<p><b>Video ke shl\u00e9dnut\u00ed<\/b><video width=\"640\" height=\"480\" controls><source src=\"https:\/\/ubc.k2.cz\/K2FTPdata\/UBC\/video\/produkt_ostatne\/sanitarni-keramika-kerasan-waldorf.mp4\" type=\"video\/mp4\">V\u00e1\u0161 prohl\u00ed\u017ee\u010d nepodporuje video tag.<\/video>                            <\/div>\n<div class=\"extended-description\">\n<h3>Dopl\u0148kov\u00e9 parametry<\/h3>\n<table class=\"detail-parameters\">\n<tbody>\n<tr>\n<th>        <span class=\"row-header-label\">            Kategorie<span class=\"row-header-label-colon\">:<\/span>        <\/span>    <\/th>\n<td>            <\/td>\n<\/tr>\n<tr>\n<th>            <span class=\"row-header-label\">                Z\u00e1ruka<span class=\"row-header-label-colon\">:<\/span>            <\/span>        <\/th>\n<td>            24        <\/td>\n<\/tr>\n<tr>\n<th>            <span class=\"row-header-label\">                Hmotnost<span class=\"row-header-label-colon\">:<\/span>            <\/span>        <\/th>\n<td>            24.46 kg        <\/td>\n<\/tr>\n<tr class=\"productEan\">\n<th>          <span class=\"row-header-label productEan__label\">              EAN<span class=\"row-header-label-colon\">:<\/span>          <\/span>      <\/th>\n<td>          <span class=\"productEan__value\">8388777318804<\/span>      <\/td>\n<\/tr>\n<tr>\n<th>                <span class=\"row-header-label\">                                            Balen\u00ed<span class=\"row-header-label-colon\">:<\/span>                                    <\/span>            <\/th>\n<td>                                                            1 ks                                                <\/td>\n<\/tr>\n<tr>\n<th>                <span class=\"row-header-label\">                                            Barva<span class=\"row-header-label-colon\">:<\/span>                                    <\/span>            <\/th>\n<td>                                                            \u010cern\u00e1                                                <\/td>\n<\/tr>\n<tr>\n<th>                <span class=\"row-header-label\">                                            Dostupnost<span class=\"row-header-label-colon\">:<\/span>                                    <\/span>            <\/th>\n<td>                                                            Skladem                                                <\/td>\n<\/tr>\n<tr>\n<th>                <span class=\"row-header-label\">                                            Hloubka<span class=\"row-header-label-colon\">:<\/span>                                    <\/span>            <\/th>\n<td>                                                            550 mm                                                <\/td>\n<\/tr>\n<tr>\n<th>                <span class=\"row-header-label\">                                            Instalace<span class=\"row-header-label-colon\">:<\/span>                                    <\/span>            <\/th>\n<td>                                                            N\u00e1st\u011bnn\u00e1-\u0161rouby                                                <\/td>\n<\/tr>\n<tr>\n<th>                <span class=\"row-header-label\">                                            Materi\u00e1l<span class=\"row-header-label-colon\">:<\/span>                                    <\/span>            <\/th>\n<td>                                                            Keramika                                                <\/td>\n<\/tr>\n<tr>\n<th>                <span class=\"row-header-label\">                                            Otvor pro baterii<span class=\"row-header-label-colon\">:<\/span>                                    <\/span>            <\/th>\n<td>                                                            1 otvor                                                <\/td>\n<\/tr>\n<tr>\n<th>                <span class=\"row-header-label\">                                            P\u0159epad<span class=\"row-header-label-colon\">:<\/span>                                    <\/span>            <\/th>\n<td>                                                            Ano                                                <\/td>\n<\/tr>\n<tr>\n<th>                <span class=\"row-header-label\">                                            Rozm\u011br<span class=\"row-header-label-colon\">:<\/span>                                    <\/span>            <\/th>\n<td>                                                            80&#215;55 cm                                                <\/td>\n<\/tr>\n<tr>\n<th>                <span class=\"row-header-label\">                                            \u0160\u00ed\u0159ka<span class=\"row-header-label-colon\">:<\/span>                                    <\/span>            <\/th>\n<td>                                                            800 mm                                                <\/td>\n<\/tr>\n<tr>\n<th>                <span class=\"row-header-label\">                                            Tvar<span class=\"row-header-label-colon\">:<\/span>                                    <\/span>            <\/th>\n<td>                                                            Retro                                                <\/td>\n<\/tr>\n<tr>\n<th>                <span class=\"row-header-label\">                                            Typ umyvadla<span class=\"row-header-label-colon\">:<\/span>                                    <\/span>            <\/th>\n<td>                                                            Klasick\u00e9 umyvadlo                                                <\/td>\n<\/tr>\n<tr>\n<th>                <span class=\"row-header-label\">                                            Z\u00e1ruka<span class=\"row-header-label-colon\">:<\/span>                                    <\/span>            <\/th>\n<td>                                                            2 roky                                                <\/td>\n<\/tr>\n<\/tbody>\n<\/table><\/div>\n<\/p><\/div>\n<\/p><\/div>\n","protected":false},"excerpt":{"rendered":"<p>Detailn\u00ed popis produktu Luxus po\u010d\u00e1tku dvac\u00e1t\u00e9ho stolet\u00ed, novogotick\u00e1 architektura v&nbsp;Americe, vzne\u0161en\u00e9 a elegantn\u00ed linie: to je pouze p\u00e1r z&nbsp;mnoha asociac\u00ed, kter\u00e9 n\u00e1zev WALDORF vyvol\u00e1v\u00e1. Kerasan znovu zpracoval tyto inspirace a vytvo\u0159il luxusn\u00ed kolekci sanit\u00e1rn\u00ed keramiky vysok\u00e9 kvality, kterou je ide\u00e1ln\u00ed kombinovat v&nbsp;modern\u00edm i&nbsp;klasick\u00e9m stylu. Charakteristick\u00fdmi prvky jsou obd\u00e9ln\u00edkov\u00fd tvar, kter\u00fd je zm\u011bk\u010den zaoblen\u00fdmi rohy a [&hellip;]<\/p>\n","protected":false},"featured_media":17289,"comment_status":"open","ping_status":"open","template":"","meta":[],"product_brand":[],"product_cat":[69],"product_tag":[],"class_list":{"0":"post-17189","1":"product","2":"type-product","3":"status-publish","4":"has-post-thumbnail","6":"product_cat-umyvadla","8":"first","9":"instock","10":"sale","11":"shipping-taxable","12":"purchasable","13":"product-type-simple"},"yoast_head":"<!-- This site is optimized with the Yoast SEO plugin v26.8 - https:\/\/yoast.com\/product\/yoast-seo-wordpress\/ -->\n<title>Objednat Nyn\u00ed WALDORF keramick\u00e9 umyvadlo 80x55cm, \u010dern\u00e1 mat -<\/title>\n<meta name=\"robots\" content=\"index, follow, max-snippet:-1, max-image-preview:large, max-video-preview:-1\" \/>\n<link rel=\"canonical\" href=\"https:\/\/www.domkraftpro.com\/index.php\/produkt\/objednat-nyni-waldorf-keramicke-umyvadlo-80x55cm-cerna-mat-17189\/\" \/>\n<meta property=\"og:locale\" content=\"cs_CZ\" \/>\n<meta property=\"og:type\" content=\"article\" \/>\n<meta property=\"og:title\" content=\"Objednat Nyn\u00ed WALDORF keramick\u00e9 umyvadlo 80x55cm, \u010dern\u00e1 mat -\" \/>\n<meta property=\"og:description\" content=\"Detailn\u00ed popis produktu Luxus po\u010d\u00e1tku dvac\u00e1t\u00e9ho stolet\u00ed, novogotick\u00e1 architektura v&nbsp;Americe, vzne\u0161en\u00e9 a elegantn\u00ed linie: to je pouze p\u00e1r z&nbsp;mnoha asociac\u00ed, kter\u00e9 n\u00e1zev WALDORF vyvol\u00e1v\u00e1. Kerasan znovu zpracoval tyto inspirace a vytvo\u0159il luxusn\u00ed kolekci sanit\u00e1rn\u00ed keramiky vysok\u00e9 kvality, kterou je ide\u00e1ln\u00ed kombinovat v&nbsp;modern\u00edm i&nbsp;klasick\u00e9m stylu. Charakteristick\u00fdmi prvky jsou obd\u00e9ln\u00edkov\u00fd tvar, kter\u00fd je zm\u011bk\u010den zaoblen\u00fdmi rohy a [&hellip;]\" \/>\n<meta property=\"og:url\" content=\"https:\/\/www.domkraftpro.com\/index.php\/produkt\/objednat-nyni-waldorf-keramicke-umyvadlo-80x55cm-cerna-mat-17189\/\" \/>\n<meta property=\"og:image\" content=\"https:\/\/www.domkraftpro.com\/wp-content\/uploads\/2026\/SK0007176-CZ20260425-092556-0-1777080363-652041_4141k7-222981817107831.webp\" \/>\n\t<meta property=\"og:image:width\" content=\"1000\" \/>\n\t<meta property=\"og:image:height\" content=\"750\" \/>\n\t<meta property=\"og:image:type\" content=\"image\/webp\" \/>\n<meta name=\"twitter:card\" content=\"summary_large_image\" \/>\n<meta name=\"twitter:label1\" content=\"Odhadovan\u00e1 doba \u010dten\u00ed\" \/>\n\t<meta name=\"twitter:data1\" content=\"1 minuta\" \/>\n<script type=\"application\/ld+json\" class=\"yoast-schema-graph\">{\"@context\":\"https:\/\/schema.org\",\"@graph\":[{\"@type\":\"WebPage\",\"@id\":\"https:\/\/www.domkraftpro.com\/index.php\/produkt\/objednat-nyni-waldorf-keramicke-umyvadlo-80x55cm-cerna-mat-17189\/\",\"url\":\"https:\/\/www.domkraftpro.com\/index.php\/produkt\/objednat-nyni-waldorf-keramicke-umyvadlo-80x55cm-cerna-mat-17189\/\",\"name\":\"Objednat Nyn\u00ed WALDORF keramick\u00e9 umyvadlo 80x55cm, \u010dern\u00e1 mat -\",\"isPartOf\":{\"@id\":\"https:\/\/www.domkraftpro.com\/#website\"},\"primaryImageOfPage\":{\"@id\":\"https:\/\/www.domkraftpro.com\/index.php\/produkt\/objednat-nyni-waldorf-keramicke-umyvadlo-80x55cm-cerna-mat-17189\/#primaryimage\"},\"image\":{\"@id\":\"https:\/\/www.domkraftpro.com\/index.php\/produkt\/objednat-nyni-waldorf-keramicke-umyvadlo-80x55cm-cerna-mat-17189\/#primaryimage\"},\"thumbnailUrl\":\"https:\/\/www.domkraftpro.com\/wp-content\/uploads\/2026\/SK0007176-CZ20260425-092556-0-1777080363-652041_4141k7-222981817107831.webp\",\"datePublished\":\"2026-04-27T04:41:05+00:00\",\"breadcrumb\":{\"@id\":\"https:\/\/www.domkraftpro.com\/index.php\/produkt\/objednat-nyni-waldorf-keramicke-umyvadlo-80x55cm-cerna-mat-17189\/#breadcrumb\"},\"inLanguage\":\"cs\",\"potentialAction\":[{\"@type\":\"ReadAction\",\"target\":[\"https:\/\/www.domkraftpro.com\/index.php\/produkt\/objednat-nyni-waldorf-keramicke-umyvadlo-80x55cm-cerna-mat-17189\/\"]}]},{\"@type\":\"ImageObject\",\"inLanguage\":\"cs\",\"@id\":\"https:\/\/www.domkraftpro.com\/index.php\/produkt\/objednat-nyni-waldorf-keramicke-umyvadlo-80x55cm-cerna-mat-17189\/#primaryimage\",\"url\":\"https:\/\/www.domkraftpro.com\/wp-content\/uploads\/2026\/SK0007176-CZ20260425-092556-0-1777080363-652041_4141k7-222981817107831.webp\",\"contentUrl\":\"https:\/\/www.domkraftpro.com\/wp-content\/uploads\/2026\/SK0007176-CZ20260425-092556-0-1777080363-652041_4141k7-222981817107831.webp\",\"width\":1000,\"height\":750},{\"@type\":\"BreadcrumbList\",\"@id\":\"https:\/\/www.domkraftpro.com\/index.php\/produkt\/objednat-nyni-waldorf-keramicke-umyvadlo-80x55cm-cerna-mat-17189\/#breadcrumb\",\"itemListElement\":[{\"@type\":\"ListItem\",\"position\":1,\"name\":\"Home\",\"item\":\"https:\/\/www.domkraftpro.com\/\"},{\"@type\":\"ListItem\",\"position\":2,\"name\":\"Products\",\"item\":\"https:\/\/www.domkraftpro.com\/index.php\/products\/\"},{\"@type\":\"ListItem\",\"position\":3,\"name\":\"Objednat Nyn\u00ed WALDORF keramick\u00e9 umyvadlo 80x55cm, \u010dern\u00e1 mat\"}]},{\"@type\":\"WebSite\",\"@id\":\"https:\/\/www.domkraftpro.com\/#website\",\"url\":\"https:\/\/www.domkraftpro.com\/\",\"name\":\"\",\"description\":\"\",\"potentialAction\":[{\"@type\":\"SearchAction\",\"target\":{\"@type\":\"EntryPoint\",\"urlTemplate\":\"https:\/\/www.domkraftpro.com\/?s={search_term_string}\"},\"query-input\":{\"@type\":\"PropertyValueSpecification\",\"valueRequired\":true,\"valueName\":\"search_term_string\"}}],\"inLanguage\":\"cs\"}]}<\/script>\n<!-- \/ Yoast SEO plugin. -->","yoast_head_json":{"title":"Objednat Nyn\u00ed WALDORF keramick\u00e9 umyvadlo 80x55cm, \u010dern\u00e1 mat -","robots":{"index":"index","follow":"follow","max-snippet":"max-snippet:-1","max-image-preview":"max-image-preview:large","max-video-preview":"max-video-preview:-1"},"canonical":"https:\/\/www.domkraftpro.com\/index.php\/produkt\/objednat-nyni-waldorf-keramicke-umyvadlo-80x55cm-cerna-mat-17189\/","og_locale":"cs_CZ","og_type":"article","og_title":"Objednat Nyn\u00ed WALDORF keramick\u00e9 umyvadlo 80x55cm, \u010dern\u00e1 mat -","og_description":"Detailn\u00ed popis produktu Luxus po\u010d\u00e1tku dvac\u00e1t\u00e9ho stolet\u00ed, novogotick\u00e1 architektura v&nbsp;Americe, vzne\u0161en\u00e9 a elegantn\u00ed linie: to je pouze p\u00e1r z&nbsp;mnoha asociac\u00ed, kter\u00e9 n\u00e1zev WALDORF vyvol\u00e1v\u00e1. Kerasan znovu zpracoval tyto inspirace a vytvo\u0159il luxusn\u00ed kolekci sanit\u00e1rn\u00ed keramiky vysok\u00e9 kvality, kterou je ide\u00e1ln\u00ed kombinovat v&nbsp;modern\u00edm i&nbsp;klasick\u00e9m stylu. Charakteristick\u00fdmi prvky jsou obd\u00e9ln\u00edkov\u00fd tvar, kter\u00fd je zm\u011bk\u010den zaoblen\u00fdmi rohy a [&hellip;]","og_url":"https:\/\/www.domkraftpro.com\/index.php\/produkt\/objednat-nyni-waldorf-keramicke-umyvadlo-80x55cm-cerna-mat-17189\/","og_image":[{"width":1000,"height":750,"url":"https:\/\/www.domkraftpro.com\/wp-content\/uploads\/2026\/SK0007176-CZ20260425-092556-0-1777080363-652041_4141k7-222981817107831.webp","type":"image\/webp"}],"twitter_card":"summary_large_image","twitter_misc":{"Odhadovan\u00e1 doba \u010dten\u00ed":"1 minuta"},"schema":{"@context":"https:\/\/schema.org","@graph":[{"@type":"WebPage","@id":"https:\/\/www.domkraftpro.com\/index.php\/produkt\/objednat-nyni-waldorf-keramicke-umyvadlo-80x55cm-cerna-mat-17189\/","url":"https:\/\/www.domkraftpro.com\/index.php\/produkt\/objednat-nyni-waldorf-keramicke-umyvadlo-80x55cm-cerna-mat-17189\/","name":"Objednat Nyn\u00ed WALDORF keramick\u00e9 umyvadlo 80x55cm, \u010dern\u00e1 mat -","isPartOf":{"@id":"https:\/\/www.domkraftpro.com\/#website"},"primaryImageOfPage":{"@id":"https:\/\/www.domkraftpro.com\/index.php\/produkt\/objednat-nyni-waldorf-keramicke-umyvadlo-80x55cm-cerna-mat-17189\/#primaryimage"},"image":{"@id":"https:\/\/www.domkraftpro.com\/index.php\/produkt\/objednat-nyni-waldorf-keramicke-umyvadlo-80x55cm-cerna-mat-17189\/#primaryimage"},"thumbnailUrl":"https:\/\/www.domkraftpro.com\/wp-content\/uploads\/2026\/SK0007176-CZ20260425-092556-0-1777080363-652041_4141k7-222981817107831.webp","datePublished":"2026-04-27T04:41:05+00:00","breadcrumb":{"@id":"https:\/\/www.domkraftpro.com\/index.php\/produkt\/objednat-nyni-waldorf-keramicke-umyvadlo-80x55cm-cerna-mat-17189\/#breadcrumb"},"inLanguage":"cs","potentialAction":[{"@type":"ReadAction","target":["https:\/\/www.domkraftpro.com\/index.php\/produkt\/objednat-nyni-waldorf-keramicke-umyvadlo-80x55cm-cerna-mat-17189\/"]}]},{"@type":"ImageObject","inLanguage":"cs","@id":"https:\/\/www.domkraftpro.com\/index.php\/produkt\/objednat-nyni-waldorf-keramicke-umyvadlo-80x55cm-cerna-mat-17189\/#primaryimage","url":"https:\/\/www.domkraftpro.com\/wp-content\/uploads\/2026\/SK0007176-CZ20260425-092556-0-1777080363-652041_4141k7-222981817107831.webp","contentUrl":"https:\/\/www.domkraftpro.com\/wp-content\/uploads\/2026\/SK0007176-CZ20260425-092556-0-1777080363-652041_4141k7-222981817107831.webp","width":1000,"height":750},{"@type":"BreadcrumbList","@id":"https:\/\/www.domkraftpro.com\/index.php\/produkt\/objednat-nyni-waldorf-keramicke-umyvadlo-80x55cm-cerna-mat-17189\/#breadcrumb","itemListElement":[{"@type":"ListItem","position":1,"name":"Home","item":"https:\/\/www.domkraftpro.com\/"},{"@type":"ListItem","position":2,"name":"Products","item":"https:\/\/www.domkraftpro.com\/index.php\/products\/"},{"@type":"ListItem","position":3,"name":"Objednat Nyn\u00ed WALDORF keramick\u00e9 umyvadlo 80x55cm, \u010dern\u00e1 mat"}]},{"@type":"WebSite","@id":"https:\/\/www.domkraftpro.com\/#website","url":"https:\/\/www.domkraftpro.com\/","name":"","description":"","potentialAction":[{"@type":"SearchAction","target":{"@type":"EntryPoint","urlTemplate":"https:\/\/www.domkraftpro.com\/?s={search_term_string}"},"query-input":{"@type":"PropertyValueSpecification","valueRequired":true,"valueName":"search_term_string"}}],"inLanguage":"cs"}]}},"_links":{"self":[{"href":"https:\/\/www.domkraftpro.com\/index.php\/wp-json\/wp\/v2\/product\/17189","targetHints":{"allow":["GET"]}}],"collection":[{"href":"https:\/\/www.domkraftpro.com\/index.php\/wp-json\/wp\/v2\/product"}],"about":[{"href":"https:\/\/www.domkraftpro.com\/index.php\/wp-json\/wp\/v2\/types\/product"}],"replies":[{"embeddable":true,"href":"https:\/\/www.domkraftpro.com\/index.php\/wp-json\/wp\/v2\/comments?post=17189"}],"wp:featuredmedia":[{"embeddable":true,"href":"https:\/\/www.domkraftpro.com\/index.php\/wp-json\/wp\/v2\/media\/17289"}],"wp:attachment":[{"href":"https:\/\/www.domkraftpro.com\/index.php\/wp-json\/wp\/v2\/media?parent=17189"}],"wp:term":[{"taxonomy":"product_brand","embeddable":true,"href":"https:\/\/www.domkraftpro.com\/index.php\/wp-json\/wp\/v2\/product_brand?post=17189"},{"taxonomy":"product_cat","embeddable":true,"href":"https:\/\/www.domkraftpro.com\/index.php\/wp-json\/wp\/v2\/product_cat?post=17189"},{"taxonomy":"product_tag","embeddable":true,"href":"https:\/\/www.domkraftpro.com\/index.php\/wp-json\/wp\/v2\/product_tag?post=17189"}],"curies":[{"name":"wp","href":"https:\/\/api.w.org\/{rel}","templated":true}]}}