{"id":16716,"date":"2026-04-27T04:41:04","date_gmt":"2026-04-27T04:41:04","guid":{"rendered":""},"modified":"2026-04-27T04:41:04","modified_gmt":"2026-04-27T04:41:04","slug":"adler-r-5in1-color-tovarni-cena-16716","status":"publish","type":"product","link":"https:\/\/www.domkraftpro.com\/index.php\/produkt\/adler-r-5in1-color-tovarni-cena-16716\/","title":{"rendered":"ADLER\u00ae 5in1 COLOR Tov\u00e1rn\u00ed Cena"},"content":{"rendered":"<div class=\"basic-description\">\n<h3>Detailn\u00ed popis produktu<\/h3>\n<table width=\"100%\">\n<tbody>\n<tr>\n<td style=\"width: 100%; padding-left: 15px;\">\n<h2><span style=\"font-family: Nunito; font-size: 26pt; font-weight: 900; color: #e8bb25;\">ADLER\u00ae 5in1 COLOR<\/span><br \/> <span style=\"font-family: Nunito; font-size: 18pt; font-weight: 900; color: #e8bb25;\">Barva na v\u0161echno a pro v\u0161echny<\/span><\/h2>\n<\/td>\n<\/tr>\n<tr>\n<td style=\"width: 100%; padding-left: 15px;\">\n<hr \/>\n<div><span style=\"font-size: 12pt;\"><strong><span class=\"show-tooltip\" title=\"Voda,&amp;nbsp;chemick\u00fdm vzorcem&amp;nbsp;H2O,&amp;nbsp;systematick\u00fd n\u00e1zev&amp;nbsp;oxidan, je&amp;nbsp;chemick\u00e1 slou\u010denina&amp;nbsp;vod\u00edku&amp;nbsp;a&amp;nbsp;kysl\u00edku. Spolu se&amp;nbsp;vzduchem, resp.&amp;nbsp;zemskou atmosf\u00e9rou, tvo\u0159\u00ed z\u00e1kladn\u00ed podm\u00ednky pro&amp;hellip;\">Vodou<\/span> \u0159editeln\u00e1, velmi v\u0161estrann\u00e1 matn\u00e1&nbsp;vrchn\u00ed barva na r\u016fzn\u00e9 vnit\u0159n\u00ed i venkovn\u00ed podklady, jej\u00ed\u017e snadn\u00e9 nan\u00e1\u0161en\u00ed si zamilujete. M<\/strong><strong>\u00e1 neutr\u00e1ln\u00ed aroma, je ekologick\u00e1, ne\u017eloutne a p\u0159i stohov\u00e1n\u00ed nep\u0159ilep\u00ed va\u0161e \u017eidle k sob\u011b navz\u00e1jem.&nbsp;<\/strong><strong>Odol\u00e1v\u00e1 pov\u011btrnostn\u00edm vliv\u016fm a udr\u017euje si trvalou elasticitu, tak\u017ee se neloupe ani neprask\u00e1 a d\u00edky bohat\u00e9mu <span class=\"show-tooltip\" title=\"&amp;nbsp;Obsah je fyzik\u00e1ln\u00ed veli\u010dina, kter\u00e1 vyjad\u0159uje plochu n\u011bjak\u00e9ho geometrick\u00e9ho tvaru. Obsah se zpravidla m\u011b\u0159\u00ed v \u010dtvere\u010dn\u00fdch jednotk\u00e1ch, nap\u0159\u00edklad \u010dtvere\u010dn\u00fdch metrech (m\u00b2) nebo \u010dtvere\u010dn\u00fdch centimetrech (cm\u00b2).Zde jsou vzorce pro v\u00fdpo\u010det&amp;hellip;\">obsahu<\/span> pigment\u016f m\u00e1 <span class=\"show-tooltip\" title=\"Trvanlivost je schopnost materi\u00e1lu, v\u00fdrobku nebo syst\u00e9mu zachovat sv\u00e9 fyzik\u00e1ln\u00ed, chemick\u00e9 nebo mechanick\u00e9 vlastnosti a plnit svou funkci po ur\u010ditou dobu nebo za ur\u010dit\u00fdch podm\u00ednek. Tento term\u00edn se \u010dasto pou\u017e\u00edv\u00e1 v r\u016fzn\u00fdch odv\u011btv\u00edch a kontextech k&amp;hellip;\">trvanliv\u00fd<\/span> \u0161t\u00edt zabra\u0148uj\u00edc\u00ed ztr\u00e1t\u011b sytosti odst\u00ednu vlivem UV z\u00e1\u0159en\u00ed.&nbsp;Tato barva tak\u00e9 dok\u00e1\u017ee izolovat extraktivn\u00ed l\u00e1tky obsa\u017een\u00e9 ve d\u0159ev\u011b a bez probl\u00e9m\u016f ji m\u016f\u017eete pou\u017e\u00edt i jako antikorozn\u00ed n\u00e1t\u011br na <span class=\"show-tooltip\" title=\"Kovy&amp;nbsp;tvo\u0159\u00ed spole\u010dn\u011b s&amp;nbsp;polokovy&amp;nbsp;a&amp;nbsp;nekovy&amp;nbsp;t\u0159i hlavn\u00ed skupiny&amp;nbsp;chemick\u00fdch prvk\u016f. Rozd\u011blen\u00ed je prov\u00e1d\u011bno s ohledem na&amp;nbsp;vazebn\u00e9&amp;nbsp;a&amp;nbsp;ioniza\u010dn\u00ed&amp;nbsp;vlastnosti prvk\u016f. Kovy jsou charakterizovan\u00e9&amp;hellip;\">kovy<\/span>.<\/strong><\/span><strong><\/strong><\/div>\n<div>\n<hr \/>\n<p><strong><\/strong><\/div>\n<\/td>\n<\/tr>\n<\/tbody>\n<\/table>\n<table width=\"100%\">\n<tbody>\n<tr style=\"height: 321px;\">\n<td style=\"width: 150%; padding-left: 15px; height: 321px;\" colspan=\"2\">\n<table style=\"width: 100%;\">\n<tbody>\n<tr>\n<td style=\"width: 49.4637%;\"><\/td>\n<td style=\"text-align: right; padding-left: 30px; width: 50.4371%;\"><\/td>\n<\/tr>\n<\/tbody>\n<\/table>\n<div>\n<hr \/>\n<\/div>\n<\/td>\n<\/tr>\n<tr style=\"height: 198.25px;\">\n<td style=\"width: 50%; padding-left: 15px; height: 198.25px;\">\n<h2><span style=\"font-size: 16pt; color: #e8bb25;\"><b>Kl\u00ed\u010dov\u00e9 <span style=\"color: #e8bb25;\">vlastnosti<\/span><\/b><\/span><\/h2>\n<div><strong>Univerz\u00e1ln\u00ed barva pou\u017eiteln\u00e1 uvnit\u0159 i venku<\/strong><\/div>\n<div><strong>Extr\u00e9mn\u011b dob\u0159e p\u0159ilne&nbsp;<\/strong>k \u0161irok\u00e9 \u0161k\u00e1le podklad\u016f<\/div>\n<div><strong>Dokonale ochra\u0148uje povrchy proti UV z\u00e1\u0159en\u00ed a pov\u011btrnostn\u00edm vliv\u016fm <\/strong><\/div>\n<div><strong>Ne\u017eloutne a perfektn\u011b dr\u017e\u00ed odst\u00edn&nbsp;<\/strong>po dlouh\u00e1 l\u00e9ta<\/div>\n<div><strong>Prysky\u0159ici ve d\u0159ev\u011b dok\u00e1\u017ee izolovat<\/strong>, aby nevystoupila na povrch<\/div>\n<div><strong>Zastavuje proces <span class=\"show-tooltip\" title=\"Oxidace je chemick\u00e1 reakce, b\u011bhem n\u00ed\u017e atom nebo ion ztr\u00e1c\u00ed elektrony. D\u016fsledkem toho doch\u00e1z\u00ed ke zv\u00fd\u0161en\u00ed oxida\u010dn\u00edho \u010d\u00edsla prvku nebo iontu. Oxidace je opa\u010dn\u00fd proces ne\u017e redukce, kter\u00e1 byla pops\u00e1na v p\u0159edchoz\u00ed odpov\u011bdi.Oxida\u010dn\u00ed \u010d\u00edslo atomu nebo iontu&amp;hellip;\">oxidace<\/span> kov\u016f a zabra\u0148uje dal\u0161\u00edmu zreziv\u011bn\u00ed.<\/strong><\/div>\n<div><strong>Z\u016fst\u00e1v\u00e1 trvale <span class=\"show-tooltip\" title=\"Pru\u017enost je vlastnost materi\u00e1l\u016f, kter\u00e1 se projevuje jejich schopnost\u00ed vracet se do p\u016fvodn\u00edho tvaru po odstran\u011bn\u00ed vn\u011bj\u0161\u00edch sil, kter\u00e9 na n\u011b p\u016fsobily. Pru\u017en\u00e9 materi\u00e1ly se deformuj\u00ed, kdy\u017e jsou vystaveny zat\u00ed\u017een\u00ed, a po odstran\u011bn\u00ed tohoto zat\u00ed\u017een\u00ed se op\u011bt&amp;hellip;\">pru\u017en\u00e1<\/span><\/strong>, tak\u017ee ji vyu\u017eijete i<strong> na&nbsp;rozm\u011brov\u011b nest<\/strong><strong>\u00e1l\u00e9 <span class=\"show-tooltip\" title=\"D\u0159evo&amp;nbsp;je tvrd\u00e9 a p\u00f3rovit\u00e9&amp;nbsp;rostlinn\u00e9 pletivo&amp;nbsp;(tk\u00e1\u0148), je\u017e tvo\u0159\u00ed kmeny, ko\u0159eny a v\u011btve strom\u016f, ke\u0159\u016f a dal\u0161\u00edch&amp;nbsp;d\u0159evin. Skl\u00e1d\u00e1 se z&amp;nbsp;celul\u00f3zov\u00fdch&amp;nbsp;vl\u00e1ken s vysokou pevnost\u00ed v tahu a&amp;nbsp;ligninov\u00e9&amp;nbsp;v\u00fdpln\u011b, kter\u00e1&amp;hellip;\">d\u0159ev\u011bn\u00e9<\/span> d\u00edly<\/strong><strong style=\"font-family: inherit;\"><\/strong><\/div>\n<div><strong style=\"font-family: inherit;\">Odol\u00e1v\u00e1 teplot\u011b<\/strong><span style=\"font-family: inherit;\">&nbsp;<\/span><strong style=\"font-family: inherit;\">do 100 \u00b0C<\/strong><span style=\"font-family: inherit;\">, hod\u00ed se<\/span><strong style=\"font-family: inherit;\"> i na radi\u00e1tory.<\/strong><\/div>\n<\/td>\n<td style=\"width: 53.657%; padding-left: 15px; height: 198.25px;\">\n<div><span style=\"color: #e8bb25; font-size: 14pt;\"><strong>CERTIFIK\u00c1TY<\/strong><\/span><\/div>\n<div>&nbsp;<\/div>\n<div><strong>Vhodn\u00e1 na&nbsp;d\u011btsk\u00e9 hra\u010dky&nbsp;<\/strong>(odpov\u00edd\u00e1 norm\u00e1m<strong> EN 71-3a&nbsp;\u00b7&nbsp;\u00d6NORM S 1555<\/strong><\/div>\n<div><strong>Odoln\u00e1 v\u016f\u010di potu a slin\u00e1m <\/strong>(odpov\u00edd\u00e1 norm\u00e1m<strong>&nbsp; DIN 53160-1 a DIN 53160<\/strong><\/div>\n<div>&nbsp;<\/div>\n<div><strong><\/strong><strong><\/strong><strong>Vydatnost v jedn\u00e9 vrstv\u011b:&nbsp;&nbsp;<\/strong>8-10 m\u00b2\/l<\/div>\n<div><strong><span class=\"show-tooltip\" title=\"\u0158edidlo&amp;nbsp;neboli&amp;nbsp;rozpou\u0161t\u011bdlo&amp;nbsp;se pou\u017e\u00edv\u00e1 ke zlep\u0161en\u00ed rozt\u00edratelnosti lak\u016f, k \u010di\u0161t\u011bn\u00ed \u0161t\u011btc\u016f a k odstran\u011bn\u00ed star\u00fdch n\u00e1t\u011br\u016f.&amp;nbsp;Technick\u00e1 \u0159edidlaC 6000 - speci\u00e1ln\u00ed&amp;hellip;\">\u0158edidlo<\/span>: <\/strong>voda<\/div>\n<div><strong>Velikosti balen\u00ed:&nbsp;<\/strong><span>0,75 l, 2,5 l<\/span><\/div>\n<div>\n<div><strong>V\u00fdrobce<\/strong>: Adler Lacke, Rakousko<\/div>\n<\/div>\n<\/td>\n<\/tr>\n<tr style=\"height: 18px;\">\n<td style=\"width: 150%; height: 18px;\" colspan=\"2\">\n<hr style=\"padding-left: 30px;\" \/>\n<div style=\"padding-left: 30px;\">&nbsp;<\/div>\n<div style=\"padding-left: 30px;\"><span><strong>Barva je dostupn\u00e1 ve 13 p\u0159edem nam\u00edchan\u00fdch odst\u00ednech. <\/strong><\/span><\/div>\n<div style=\"padding-left: 30px;\"><span><strong>Lze ji tak\u00e9 nat\u00f3novat do jak\u00e9hokoliv odst\u00ednu RAL Classic.<\/strong><\/span><\/div>\n<p><\/p>\n<hr \/>\n<\/td>\n<\/tr>\n<\/tbody>\n<\/table>\n<\/p><\/div>\n","protected":false},"excerpt":{"rendered":"<p>Detailn\u00ed popis produktu ADLER\u00ae 5in1 COLOR Barva na v\u0161echno a pro v\u0161echny Vodou \u0159editeln\u00e1, velmi v\u0161estrann\u00e1 matn\u00e1&nbsp;vrchn\u00ed barva na r\u016fzn\u00e9 vnit\u0159n\u00ed i venkovn\u00ed podklady, jej\u00ed\u017e snadn\u00e9 nan\u00e1\u0161en\u00ed si zamilujete. M\u00e1 neutr\u00e1ln\u00ed aroma, je ekologick\u00e1, ne\u017eloutne a p\u0159i stohov\u00e1n\u00ed nep\u0159ilep\u00ed va\u0161e \u017eidle k sob\u011b navz\u00e1jem.&nbsp;Odol\u00e1v\u00e1 pov\u011btrnostn\u00edm vliv\u016fm a udr\u017euje si trvalou elasticitu, tak\u017ee se neloupe ani [&hellip;]<\/p>\n","protected":false},"featured_media":16816,"comment_status":"open","ping_status":"open","template":"","meta":[],"product_brand":[],"product_cat":[62],"product_tag":[],"class_list":{"0":"post-16716","1":"product","2":"type-product","3":"status-publish","4":"has-post-thumbnail","6":"product_cat-barvy-amp-laky","8":"first","9":"instock","10":"sale","11":"shipping-taxable","12":"purchasable","13":"product-type-simple"},"yoast_head":"<!-- This site is optimized with the Yoast SEO plugin v26.8 - https:\/\/yoast.com\/product\/yoast-seo-wordpress\/ -->\n<title>ADLER\u00ae 5in1 COLOR Tov\u00e1rn\u00ed Cena -<\/title>\n<meta name=\"robots\" content=\"index, follow, max-snippet:-1, max-image-preview:large, max-video-preview:-1\" \/>\n<link rel=\"canonical\" href=\"https:\/\/www.domkraftpro.com\/index.php\/produkt\/adler-r-5in1-color-tovarni-cena-16716\/\" \/>\n<meta property=\"og:locale\" content=\"cs_CZ\" \/>\n<meta property=\"og:type\" content=\"article\" \/>\n<meta property=\"og:title\" content=\"ADLER\u00ae 5in1 COLOR Tov\u00e1rn\u00ed Cena -\" \/>\n<meta property=\"og:description\" content=\"Detailn\u00ed popis produktu ADLER\u00ae 5in1 COLOR Barva na v\u0161echno a pro v\u0161echny Vodou \u0159editeln\u00e1, velmi v\u0161estrann\u00e1 matn\u00e1&nbsp;vrchn\u00ed barva na r\u016fzn\u00e9 vnit\u0159n\u00ed i venkovn\u00ed podklady, jej\u00ed\u017e snadn\u00e9 nan\u00e1\u0161en\u00ed si zamilujete. M\u00e1 neutr\u00e1ln\u00ed aroma, je ekologick\u00e1, ne\u017eloutne a p\u0159i stohov\u00e1n\u00ed nep\u0159ilep\u00ed va\u0161e \u017eidle k sob\u011b navz\u00e1jem.&nbsp;Odol\u00e1v\u00e1 pov\u011btrnostn\u00edm vliv\u016fm a udr\u017euje si trvalou elasticitu, tak\u017ee se neloupe ani [&hellip;]\" \/>\n<meta property=\"og:url\" content=\"https:\/\/www.domkraftpro.com\/index.php\/produkt\/adler-r-5in1-color-tovarni-cena-16716\/\" \/>\n<meta property=\"og:image\" content=\"https:\/\/www.domkraftpro.com\/wp-content\/uploads\/2026\/SK0007823-CZ20260425-092522-0-1777080324-120766_5in1-color.webp\" \/>\n\t<meta property=\"og:image:width\" content=\"1000\" \/>\n\t<meta property=\"og:image:height\" content=\"750\" \/>\n\t<meta property=\"og:image:type\" content=\"image\/webp\" \/>\n<meta name=\"twitter:card\" content=\"summary_large_image\" \/>\n<meta name=\"twitter:label1\" content=\"Odhadovan\u00e1 doba \u010dten\u00ed\" \/>\n\t<meta name=\"twitter:data1\" content=\"2 minuty\" \/>\n<script type=\"application\/ld+json\" class=\"yoast-schema-graph\">{\"@context\":\"https:\/\/schema.org\",\"@graph\":[{\"@type\":\"WebPage\",\"@id\":\"https:\/\/www.domkraftpro.com\/index.php\/produkt\/adler-r-5in1-color-tovarni-cena-16716\/\",\"url\":\"https:\/\/www.domkraftpro.com\/index.php\/produkt\/adler-r-5in1-color-tovarni-cena-16716\/\",\"name\":\"ADLER\u00ae 5in1 COLOR Tov\u00e1rn\u00ed Cena -\",\"isPartOf\":{\"@id\":\"https:\/\/www.domkraftpro.com\/#website\"},\"primaryImageOfPage\":{\"@id\":\"https:\/\/www.domkraftpro.com\/index.php\/produkt\/adler-r-5in1-color-tovarni-cena-16716\/#primaryimage\"},\"image\":{\"@id\":\"https:\/\/www.domkraftpro.com\/index.php\/produkt\/adler-r-5in1-color-tovarni-cena-16716\/#primaryimage\"},\"thumbnailUrl\":\"https:\/\/www.domkraftpro.com\/wp-content\/uploads\/2026\/SK0007823-CZ20260425-092522-0-1777080324-120766_5in1-color.webp\",\"datePublished\":\"2026-04-27T04:41:04+00:00\",\"breadcrumb\":{\"@id\":\"https:\/\/www.domkraftpro.com\/index.php\/produkt\/adler-r-5in1-color-tovarni-cena-16716\/#breadcrumb\"},\"inLanguage\":\"cs\",\"potentialAction\":[{\"@type\":\"ReadAction\",\"target\":[\"https:\/\/www.domkraftpro.com\/index.php\/produkt\/adler-r-5in1-color-tovarni-cena-16716\/\"]}]},{\"@type\":\"ImageObject\",\"inLanguage\":\"cs\",\"@id\":\"https:\/\/www.domkraftpro.com\/index.php\/produkt\/adler-r-5in1-color-tovarni-cena-16716\/#primaryimage\",\"url\":\"https:\/\/www.domkraftpro.com\/wp-content\/uploads\/2026\/SK0007823-CZ20260425-092522-0-1777080324-120766_5in1-color.webp\",\"contentUrl\":\"https:\/\/www.domkraftpro.com\/wp-content\/uploads\/2026\/SK0007823-CZ20260425-092522-0-1777080324-120766_5in1-color.webp\",\"width\":1000,\"height\":750},{\"@type\":\"BreadcrumbList\",\"@id\":\"https:\/\/www.domkraftpro.com\/index.php\/produkt\/adler-r-5in1-color-tovarni-cena-16716\/#breadcrumb\",\"itemListElement\":[{\"@type\":\"ListItem\",\"position\":1,\"name\":\"Home\",\"item\":\"https:\/\/www.domkraftpro.com\/\"},{\"@type\":\"ListItem\",\"position\":2,\"name\":\"Products\",\"item\":\"https:\/\/www.domkraftpro.com\/index.php\/products\/\"},{\"@type\":\"ListItem\",\"position\":3,\"name\":\"ADLER\u00ae 5in1 COLOR Tov\u00e1rn\u00ed Cena\"}]},{\"@type\":\"WebSite\",\"@id\":\"https:\/\/www.domkraftpro.com\/#website\",\"url\":\"https:\/\/www.domkraftpro.com\/\",\"name\":\"\",\"description\":\"\",\"potentialAction\":[{\"@type\":\"SearchAction\",\"target\":{\"@type\":\"EntryPoint\",\"urlTemplate\":\"https:\/\/www.domkraftpro.com\/?s={search_term_string}\"},\"query-input\":{\"@type\":\"PropertyValueSpecification\",\"valueRequired\":true,\"valueName\":\"search_term_string\"}}],\"inLanguage\":\"cs\"}]}<\/script>\n<!-- \/ Yoast SEO plugin. -->","yoast_head_json":{"title":"ADLER\u00ae 5in1 COLOR Tov\u00e1rn\u00ed Cena -","robots":{"index":"index","follow":"follow","max-snippet":"max-snippet:-1","max-image-preview":"max-image-preview:large","max-video-preview":"max-video-preview:-1"},"canonical":"https:\/\/www.domkraftpro.com\/index.php\/produkt\/adler-r-5in1-color-tovarni-cena-16716\/","og_locale":"cs_CZ","og_type":"article","og_title":"ADLER\u00ae 5in1 COLOR Tov\u00e1rn\u00ed Cena -","og_description":"Detailn\u00ed popis produktu ADLER\u00ae 5in1 COLOR Barva na v\u0161echno a pro v\u0161echny Vodou \u0159editeln\u00e1, velmi v\u0161estrann\u00e1 matn\u00e1&nbsp;vrchn\u00ed barva na r\u016fzn\u00e9 vnit\u0159n\u00ed i venkovn\u00ed podklady, jej\u00ed\u017e snadn\u00e9 nan\u00e1\u0161en\u00ed si zamilujete. M\u00e1 neutr\u00e1ln\u00ed aroma, je ekologick\u00e1, ne\u017eloutne a p\u0159i stohov\u00e1n\u00ed nep\u0159ilep\u00ed va\u0161e \u017eidle k sob\u011b navz\u00e1jem.&nbsp;Odol\u00e1v\u00e1 pov\u011btrnostn\u00edm vliv\u016fm a udr\u017euje si trvalou elasticitu, tak\u017ee se neloupe ani [&hellip;]","og_url":"https:\/\/www.domkraftpro.com\/index.php\/produkt\/adler-r-5in1-color-tovarni-cena-16716\/","og_image":[{"width":1000,"height":750,"url":"https:\/\/www.domkraftpro.com\/wp-content\/uploads\/2026\/SK0007823-CZ20260425-092522-0-1777080324-120766_5in1-color.webp","type":"image\/webp"}],"twitter_card":"summary_large_image","twitter_misc":{"Odhadovan\u00e1 doba \u010dten\u00ed":"2 minuty"},"schema":{"@context":"https:\/\/schema.org","@graph":[{"@type":"WebPage","@id":"https:\/\/www.domkraftpro.com\/index.php\/produkt\/adler-r-5in1-color-tovarni-cena-16716\/","url":"https:\/\/www.domkraftpro.com\/index.php\/produkt\/adler-r-5in1-color-tovarni-cena-16716\/","name":"ADLER\u00ae 5in1 COLOR Tov\u00e1rn\u00ed Cena -","isPartOf":{"@id":"https:\/\/www.domkraftpro.com\/#website"},"primaryImageOfPage":{"@id":"https:\/\/www.domkraftpro.com\/index.php\/produkt\/adler-r-5in1-color-tovarni-cena-16716\/#primaryimage"},"image":{"@id":"https:\/\/www.domkraftpro.com\/index.php\/produkt\/adler-r-5in1-color-tovarni-cena-16716\/#primaryimage"},"thumbnailUrl":"https:\/\/www.domkraftpro.com\/wp-content\/uploads\/2026\/SK0007823-CZ20260425-092522-0-1777080324-120766_5in1-color.webp","datePublished":"2026-04-27T04:41:04+00:00","breadcrumb":{"@id":"https:\/\/www.domkraftpro.com\/index.php\/produkt\/adler-r-5in1-color-tovarni-cena-16716\/#breadcrumb"},"inLanguage":"cs","potentialAction":[{"@type":"ReadAction","target":["https:\/\/www.domkraftpro.com\/index.php\/produkt\/adler-r-5in1-color-tovarni-cena-16716\/"]}]},{"@type":"ImageObject","inLanguage":"cs","@id":"https:\/\/www.domkraftpro.com\/index.php\/produkt\/adler-r-5in1-color-tovarni-cena-16716\/#primaryimage","url":"https:\/\/www.domkraftpro.com\/wp-content\/uploads\/2026\/SK0007823-CZ20260425-092522-0-1777080324-120766_5in1-color.webp","contentUrl":"https:\/\/www.domkraftpro.com\/wp-content\/uploads\/2026\/SK0007823-CZ20260425-092522-0-1777080324-120766_5in1-color.webp","width":1000,"height":750},{"@type":"BreadcrumbList","@id":"https:\/\/www.domkraftpro.com\/index.php\/produkt\/adler-r-5in1-color-tovarni-cena-16716\/#breadcrumb","itemListElement":[{"@type":"ListItem","position":1,"name":"Home","item":"https:\/\/www.domkraftpro.com\/"},{"@type":"ListItem","position":2,"name":"Products","item":"https:\/\/www.domkraftpro.com\/index.php\/products\/"},{"@type":"ListItem","position":3,"name":"ADLER\u00ae 5in1 COLOR Tov\u00e1rn\u00ed Cena"}]},{"@type":"WebSite","@id":"https:\/\/www.domkraftpro.com\/#website","url":"https:\/\/www.domkraftpro.com\/","name":"","description":"","potentialAction":[{"@type":"SearchAction","target":{"@type":"EntryPoint","urlTemplate":"https:\/\/www.domkraftpro.com\/?s={search_term_string}"},"query-input":{"@type":"PropertyValueSpecification","valueRequired":true,"valueName":"search_term_string"}}],"inLanguage":"cs"}]}},"_links":{"self":[{"href":"https:\/\/www.domkraftpro.com\/index.php\/wp-json\/wp\/v2\/product\/16716","targetHints":{"allow":["GET"]}}],"collection":[{"href":"https:\/\/www.domkraftpro.com\/index.php\/wp-json\/wp\/v2\/product"}],"about":[{"href":"https:\/\/www.domkraftpro.com\/index.php\/wp-json\/wp\/v2\/types\/product"}],"replies":[{"embeddable":true,"href":"https:\/\/www.domkraftpro.com\/index.php\/wp-json\/wp\/v2\/comments?post=16716"}],"wp:featuredmedia":[{"embeddable":true,"href":"https:\/\/www.domkraftpro.com\/index.php\/wp-json\/wp\/v2\/media\/16816"}],"wp:attachment":[{"href":"https:\/\/www.domkraftpro.com\/index.php\/wp-json\/wp\/v2\/media?parent=16716"}],"wp:term":[{"taxonomy":"product_brand","embeddable":true,"href":"https:\/\/www.domkraftpro.com\/index.php\/wp-json\/wp\/v2\/product_brand?post=16716"},{"taxonomy":"product_cat","embeddable":true,"href":"https:\/\/www.domkraftpro.com\/index.php\/wp-json\/wp\/v2\/product_cat?post=16716"},{"taxonomy":"product_tag","embeddable":true,"href":"https:\/\/www.domkraftpro.com\/index.php\/wp-json\/wp\/v2\/product_tag?post=16716"}],"curies":[{"name":"wp","href":"https:\/\/api.w.org\/{rel}","templated":true}]}}