{"id":14516,"date":"2026-04-27T04:40:58","date_gmt":"2026-04-27T04:40:58","guid":{"rendered":""},"modified":"2026-04-27T04:40:58","modified_gmt":"2026-04-27T04:40:58","slug":"nasada-na-smetak-drevo-pp-130-cm-jemny-zavit-kup-ted-14516","status":"publish","type":"product","link":"https:\/\/www.domkraftpro.com\/index.php\/produkt\/nasada-na-smetak-drevo-pp-130-cm-jemny-zavit-kup-ted-14516\/","title":{"rendered":"N\u00e1sada na smet\u00e1k d\u0159evo\/PP 130 cm jemn\u00fd z\u00e1vit Kup Te\u010f"},"content":{"rendered":"<div class=\"basic-description\">\n<h3>Detailn\u00ed popis produktu<\/h3>\n<p>                                    N\u00e1sada na <span class=\"show-tooltip\" title=\"Smet\u00e1k je n\u00e1stroj pou\u017e\u00edvan\u00fd k zamet\u00e1n\u00ed a \u010di\u0161t\u011bn\u00ed povrch\u016f od prachu, ne\u010distot a odpadk\u016f.Smet\u00e1k m\u016f\u017ee b\u00fdt vyroben z r\u016fzn\u00fdch materi\u00e1l\u016f, v\u010detn\u011b plastu, d\u0159eva nebo kovu, a jeho konstrukce z\u00e1vis\u00ed na \u00fa\u010delu a prost\u0159ed\u00ed, ve kter\u00e9m bude&amp;hellip;\">smet\u00e1k<\/span> ur\u010den\u00e1 pro smet\u00e1ky a ko\u0161\u0165ata se z\u00e1vitem. N\u00e1sada je vytvo\u0159ena z m\u011bkk\u00e9ho <span class=\"show-tooltip\" title=\"D\u0159evo&amp;nbsp;je tvrd\u00e9 a p\u00f3rovit\u00e9&amp;nbsp;rostlinn\u00e9 pletivo&amp;nbsp;(tk\u00e1\u0148), je\u017e tvo\u0159\u00ed kmeny, ko\u0159eny a v\u011btve strom\u016f, ke\u0159\u016f a dal\u0161\u00edch&amp;nbsp;d\u0159evin. Skl\u00e1d\u00e1 se z&amp;nbsp;celul\u00f3zov\u00fdch&amp;nbsp;vl\u00e1ken s vysokou pevnost\u00ed v tahu a&amp;nbsp;ligninov\u00e9&amp;nbsp;v\u00fdpln\u011b, kter\u00e1&amp;hellip;\">d\u0159eva<\/span> a je opat\u0159ena <span class=\"show-tooltip\" title=\"Plastyn\u011bkdy tak\u00e9 naz\u00fdvan\u00e9 plastick\u00e9 \u010di um\u011bl\u00e9 hmoty, p\u0159edstavuj\u00ed \u0161irokou \u0161k\u00e1lu syntetick\u00fdch nebo \u010d\u00e1ste\u010dn\u011b syntetick\u00fdch organick\u00fdch slou\u010denin a polymern\u00edch materi\u00e1l\u016f. \u010casto obsahuj\u00ed p\u0159\u00edsady zlep\u0161uj\u00edc\u00ed jejich funk\u010dn\u00ed vlastnosti, nap\u0159\u00edklad&amp;hellip;\">plastovou<\/span> koncovkou se z\u00e1vitem.<span class=\"show-tooltip\" title=\"D\u00e9lka&amp;nbsp;je jedna ze z\u00e1kladn\u00edch&amp;nbsp;fyzik\u00e1ln\u00edch veli\u010din. Pomoc\u00ed d\u00e9lky se vyjad\u0159uje vz\u00e1jemn\u00e1 poloha a rozprostran\u011bnost objekt\u016f v prostoru. D\u00e9lka jako fyzik\u00e1ln\u00ed veli\u010dina vych\u00e1z\u00ed z geometrick\u00e9ho pojmu&amp;nbsp;d\u00e9lky&amp;nbsp;jako&amp;nbsp;m\u00edry&amp;nbsp;ohrani\u010den\u00e9&amp;hellip;\">D\u00e9lka<\/span>: 130 cmMont\u00e1\u017e n\u00e1sady: z\u00e1vit &#8211; jemn\u00fdMateri\u00e1l: d\u0159evo + plast                            <\/div>\n","protected":false},"excerpt":{"rendered":"<p>Detailn\u00ed popis produktu N\u00e1sada na smet\u00e1k ur\u010den\u00e1 pro smet\u00e1ky a ko\u0161\u0165ata se z\u00e1vitem. N\u00e1sada je vytvo\u0159ena z m\u011bkk\u00e9ho d\u0159eva a je opat\u0159ena plastovou koncovkou se z\u00e1vitem.D\u00e9lka: 130 cmMont\u00e1\u017e n\u00e1sady: z\u00e1vit &#8211; jemn\u00fdMateri\u00e1l: d\u0159evo + plast<\/p>\n","protected":false},"featured_media":14616,"comment_status":"open","ping_status":"open","template":"","meta":[],"product_brand":[],"product_cat":[58],"product_tag":[],"class_list":{"0":"post-14516","1":"product","2":"type-product","3":"status-publish","4":"has-post-thumbnail","6":"product_cat-dum-a-zahrada","8":"first","9":"instock","10":"sale","11":"shipping-taxable","12":"purchasable","13":"product-type-simple"},"yoast_head":"<!-- This site is optimized with the Yoast SEO plugin v26.8 - https:\/\/yoast.com\/product\/yoast-seo-wordpress\/ -->\n<title>N\u00e1sada na smet\u00e1k d\u0159evo\/PP 130 cm jemn\u00fd z\u00e1vit Kup Te\u010f -<\/title>\n<meta name=\"robots\" content=\"index, follow, max-snippet:-1, max-image-preview:large, max-video-preview:-1\" \/>\n<link rel=\"canonical\" href=\"https:\/\/www.domkraftpro.com\/index.php\/produkt\/nasada-na-smetak-drevo-pp-130-cm-jemny-zavit-kup-ted-14516\/\" \/>\n<meta property=\"og:locale\" content=\"cs_CZ\" \/>\n<meta property=\"og:type\" content=\"article\" \/>\n<meta property=\"og:title\" content=\"N\u00e1sada na smet\u00e1k d\u0159evo\/PP 130 cm jemn\u00fd z\u00e1vit Kup Te\u010f -\" \/>\n<meta property=\"og:description\" content=\"Detailn\u00ed popis produktu N\u00e1sada na smet\u00e1k ur\u010den\u00e1 pro smet\u00e1ky a ko\u0161\u0165ata se z\u00e1vitem. N\u00e1sada je vytvo\u0159ena z m\u011bkk\u00e9ho d\u0159eva a je opat\u0159ena plastovou koncovkou se z\u00e1vitem.D\u00e9lka: 130 cmMont\u00e1\u017e n\u00e1sady: z\u00e1vit &#8211; jemn\u00fdMateri\u00e1l: d\u0159evo + plast\" \/>\n<meta property=\"og:url\" content=\"https:\/\/www.domkraftpro.com\/index.php\/produkt\/nasada-na-smetak-drevo-pp-130-cm-jemny-zavit-kup-ted-14516\/\" \/>\n<meta property=\"og:image\" content=\"https:\/\/www.domkraftpro.com\/wp-content\/uploads\/2026\/SK0006721-CZ20260425-092522-0-1777080324-114420_rewrite-38994-8901120.webp\" \/>\n\t<meta property=\"og:image:width\" content=\"1000\" \/>\n\t<meta property=\"og:image:height\" content=\"750\" \/>\n\t<meta property=\"og:image:type\" content=\"image\/webp\" \/>\n<meta name=\"twitter:card\" content=\"summary_large_image\" \/>\n<script type=\"application\/ld+json\" class=\"yoast-schema-graph\">{\"@context\":\"https:\/\/schema.org\",\"@graph\":[{\"@type\":\"WebPage\",\"@id\":\"https:\/\/www.domkraftpro.com\/index.php\/produkt\/nasada-na-smetak-drevo-pp-130-cm-jemny-zavit-kup-ted-14516\/\",\"url\":\"https:\/\/www.domkraftpro.com\/index.php\/produkt\/nasada-na-smetak-drevo-pp-130-cm-jemny-zavit-kup-ted-14516\/\",\"name\":\"N\u00e1sada na smet\u00e1k d\u0159evo\/PP 130 cm jemn\u00fd z\u00e1vit Kup Te\u010f -\",\"isPartOf\":{\"@id\":\"https:\/\/www.domkraftpro.com\/#website\"},\"primaryImageOfPage\":{\"@id\":\"https:\/\/www.domkraftpro.com\/index.php\/produkt\/nasada-na-smetak-drevo-pp-130-cm-jemny-zavit-kup-ted-14516\/#primaryimage\"},\"image\":{\"@id\":\"https:\/\/www.domkraftpro.com\/index.php\/produkt\/nasada-na-smetak-drevo-pp-130-cm-jemny-zavit-kup-ted-14516\/#primaryimage\"},\"thumbnailUrl\":\"https:\/\/www.domkraftpro.com\/wp-content\/uploads\/2026\/SK0006721-CZ20260425-092522-0-1777080324-114420_rewrite-38994-8901120.webp\",\"datePublished\":\"2026-04-27T04:40:58+00:00\",\"breadcrumb\":{\"@id\":\"https:\/\/www.domkraftpro.com\/index.php\/produkt\/nasada-na-smetak-drevo-pp-130-cm-jemny-zavit-kup-ted-14516\/#breadcrumb\"},\"inLanguage\":\"cs\",\"potentialAction\":[{\"@type\":\"ReadAction\",\"target\":[\"https:\/\/www.domkraftpro.com\/index.php\/produkt\/nasada-na-smetak-drevo-pp-130-cm-jemny-zavit-kup-ted-14516\/\"]}]},{\"@type\":\"ImageObject\",\"inLanguage\":\"cs\",\"@id\":\"https:\/\/www.domkraftpro.com\/index.php\/produkt\/nasada-na-smetak-drevo-pp-130-cm-jemny-zavit-kup-ted-14516\/#primaryimage\",\"url\":\"https:\/\/www.domkraftpro.com\/wp-content\/uploads\/2026\/SK0006721-CZ20260425-092522-0-1777080324-114420_rewrite-38994-8901120.webp\",\"contentUrl\":\"https:\/\/www.domkraftpro.com\/wp-content\/uploads\/2026\/SK0006721-CZ20260425-092522-0-1777080324-114420_rewrite-38994-8901120.webp\",\"width\":1000,\"height\":750},{\"@type\":\"BreadcrumbList\",\"@id\":\"https:\/\/www.domkraftpro.com\/index.php\/produkt\/nasada-na-smetak-drevo-pp-130-cm-jemny-zavit-kup-ted-14516\/#breadcrumb\",\"itemListElement\":[{\"@type\":\"ListItem\",\"position\":1,\"name\":\"Home\",\"item\":\"https:\/\/www.domkraftpro.com\/\"},{\"@type\":\"ListItem\",\"position\":2,\"name\":\"Products\",\"item\":\"https:\/\/www.domkraftpro.com\/index.php\/products\/\"},{\"@type\":\"ListItem\",\"position\":3,\"name\":\"N\u00e1sada na smet\u00e1k d\u0159evo\/PP 130 cm jemn\u00fd z\u00e1vit Kup Te\u010f\"}]},{\"@type\":\"WebSite\",\"@id\":\"https:\/\/www.domkraftpro.com\/#website\",\"url\":\"https:\/\/www.domkraftpro.com\/\",\"name\":\"\",\"description\":\"\",\"potentialAction\":[{\"@type\":\"SearchAction\",\"target\":{\"@type\":\"EntryPoint\",\"urlTemplate\":\"https:\/\/www.domkraftpro.com\/?s={search_term_string}\"},\"query-input\":{\"@type\":\"PropertyValueSpecification\",\"valueRequired\":true,\"valueName\":\"search_term_string\"}}],\"inLanguage\":\"cs\"}]}<\/script>\n<!-- \/ Yoast SEO plugin. -->","yoast_head_json":{"title":"N\u00e1sada na smet\u00e1k d\u0159evo\/PP 130 cm jemn\u00fd z\u00e1vit Kup Te\u010f -","robots":{"index":"index","follow":"follow","max-snippet":"max-snippet:-1","max-image-preview":"max-image-preview:large","max-video-preview":"max-video-preview:-1"},"canonical":"https:\/\/www.domkraftpro.com\/index.php\/produkt\/nasada-na-smetak-drevo-pp-130-cm-jemny-zavit-kup-ted-14516\/","og_locale":"cs_CZ","og_type":"article","og_title":"N\u00e1sada na smet\u00e1k d\u0159evo\/PP 130 cm jemn\u00fd z\u00e1vit Kup Te\u010f -","og_description":"Detailn\u00ed popis produktu N\u00e1sada na smet\u00e1k ur\u010den\u00e1 pro smet\u00e1ky a ko\u0161\u0165ata se z\u00e1vitem. N\u00e1sada je vytvo\u0159ena z m\u011bkk\u00e9ho d\u0159eva a je opat\u0159ena plastovou koncovkou se z\u00e1vitem.D\u00e9lka: 130 cmMont\u00e1\u017e n\u00e1sady: z\u00e1vit &#8211; jemn\u00fdMateri\u00e1l: d\u0159evo + plast","og_url":"https:\/\/www.domkraftpro.com\/index.php\/produkt\/nasada-na-smetak-drevo-pp-130-cm-jemny-zavit-kup-ted-14516\/","og_image":[{"width":1000,"height":750,"url":"https:\/\/www.domkraftpro.com\/wp-content\/uploads\/2026\/SK0006721-CZ20260425-092522-0-1777080324-114420_rewrite-38994-8901120.webp","type":"image\/webp"}],"twitter_card":"summary_large_image","schema":{"@context":"https:\/\/schema.org","@graph":[{"@type":"WebPage","@id":"https:\/\/www.domkraftpro.com\/index.php\/produkt\/nasada-na-smetak-drevo-pp-130-cm-jemny-zavit-kup-ted-14516\/","url":"https:\/\/www.domkraftpro.com\/index.php\/produkt\/nasada-na-smetak-drevo-pp-130-cm-jemny-zavit-kup-ted-14516\/","name":"N\u00e1sada na smet\u00e1k d\u0159evo\/PP 130 cm jemn\u00fd z\u00e1vit Kup Te\u010f -","isPartOf":{"@id":"https:\/\/www.domkraftpro.com\/#website"},"primaryImageOfPage":{"@id":"https:\/\/www.domkraftpro.com\/index.php\/produkt\/nasada-na-smetak-drevo-pp-130-cm-jemny-zavit-kup-ted-14516\/#primaryimage"},"image":{"@id":"https:\/\/www.domkraftpro.com\/index.php\/produkt\/nasada-na-smetak-drevo-pp-130-cm-jemny-zavit-kup-ted-14516\/#primaryimage"},"thumbnailUrl":"https:\/\/www.domkraftpro.com\/wp-content\/uploads\/2026\/SK0006721-CZ20260425-092522-0-1777080324-114420_rewrite-38994-8901120.webp","datePublished":"2026-04-27T04:40:58+00:00","breadcrumb":{"@id":"https:\/\/www.domkraftpro.com\/index.php\/produkt\/nasada-na-smetak-drevo-pp-130-cm-jemny-zavit-kup-ted-14516\/#breadcrumb"},"inLanguage":"cs","potentialAction":[{"@type":"ReadAction","target":["https:\/\/www.domkraftpro.com\/index.php\/produkt\/nasada-na-smetak-drevo-pp-130-cm-jemny-zavit-kup-ted-14516\/"]}]},{"@type":"ImageObject","inLanguage":"cs","@id":"https:\/\/www.domkraftpro.com\/index.php\/produkt\/nasada-na-smetak-drevo-pp-130-cm-jemny-zavit-kup-ted-14516\/#primaryimage","url":"https:\/\/www.domkraftpro.com\/wp-content\/uploads\/2026\/SK0006721-CZ20260425-092522-0-1777080324-114420_rewrite-38994-8901120.webp","contentUrl":"https:\/\/www.domkraftpro.com\/wp-content\/uploads\/2026\/SK0006721-CZ20260425-092522-0-1777080324-114420_rewrite-38994-8901120.webp","width":1000,"height":750},{"@type":"BreadcrumbList","@id":"https:\/\/www.domkraftpro.com\/index.php\/produkt\/nasada-na-smetak-drevo-pp-130-cm-jemny-zavit-kup-ted-14516\/#breadcrumb","itemListElement":[{"@type":"ListItem","position":1,"name":"Home","item":"https:\/\/www.domkraftpro.com\/"},{"@type":"ListItem","position":2,"name":"Products","item":"https:\/\/www.domkraftpro.com\/index.php\/products\/"},{"@type":"ListItem","position":3,"name":"N\u00e1sada na smet\u00e1k d\u0159evo\/PP 130 cm jemn\u00fd z\u00e1vit Kup Te\u010f"}]},{"@type":"WebSite","@id":"https:\/\/www.domkraftpro.com\/#website","url":"https:\/\/www.domkraftpro.com\/","name":"","description":"","potentialAction":[{"@type":"SearchAction","target":{"@type":"EntryPoint","urlTemplate":"https:\/\/www.domkraftpro.com\/?s={search_term_string}"},"query-input":{"@type":"PropertyValueSpecification","valueRequired":true,"valueName":"search_term_string"}}],"inLanguage":"cs"}]}},"_links":{"self":[{"href":"https:\/\/www.domkraftpro.com\/index.php\/wp-json\/wp\/v2\/product\/14516","targetHints":{"allow":["GET"]}}],"collection":[{"href":"https:\/\/www.domkraftpro.com\/index.php\/wp-json\/wp\/v2\/product"}],"about":[{"href":"https:\/\/www.domkraftpro.com\/index.php\/wp-json\/wp\/v2\/types\/product"}],"replies":[{"embeddable":true,"href":"https:\/\/www.domkraftpro.com\/index.php\/wp-json\/wp\/v2\/comments?post=14516"}],"wp:featuredmedia":[{"embeddable":true,"href":"https:\/\/www.domkraftpro.com\/index.php\/wp-json\/wp\/v2\/media\/14616"}],"wp:attachment":[{"href":"https:\/\/www.domkraftpro.com\/index.php\/wp-json\/wp\/v2\/media?parent=14516"}],"wp:term":[{"taxonomy":"product_brand","embeddable":true,"href":"https:\/\/www.domkraftpro.com\/index.php\/wp-json\/wp\/v2\/product_brand?post=14516"},{"taxonomy":"product_cat","embeddable":true,"href":"https:\/\/www.domkraftpro.com\/index.php\/wp-json\/wp\/v2\/product_cat?post=14516"},{"taxonomy":"product_tag","embeddable":true,"href":"https:\/\/www.domkraftpro.com\/index.php\/wp-json\/wp\/v2\/product_tag?post=14516"}],"curies":[{"name":"wp","href":"https:\/\/api.w.org\/{rel}","templated":true}]}}