{"id":14371,"date":"2026-04-27T04:40:58","date_gmt":"2026-04-27T04:40:58","guid":{"rendered":""},"modified":"2026-04-27T04:40:58","modified_gmt":"2026-04-27T04:40:58","slug":"omezena-nabidka-levior-r-drat-ocelovy-zn-pvc-2-6-mm-x-78-m-zeleny-14371","status":"publish","type":"product","link":"https:\/\/www.domkraftpro.com\/index.php\/produkt\/omezena-nabidka-levior-r-drat-ocelovy-zn-pvc-2-6-mm-x-78-m-zeleny-14371\/","title":{"rendered":"Omezen\u00e1 Nab\u00eddka LEVIOR\u00ae Dr\u00e1t ocelov\u00fd Zn\/PVC 2,6 mm \u00d7 78 m, zelen\u00fd"},"content":{"rendered":"<div class=\"basic-description\">\n<h3>Detailn\u00ed popis produktu<\/h3>\n<p>                                    Ta\u017een\u00fd <span class=\"show-tooltip\" title=\"Ocel je slitina \u017eeleza s mal\u00fdm obsahem uhl\u00edku a dal\u0161\u00edmi p\u0159\u00edm\u011bsemi. Je to jeden z nejb\u011b\u017en\u011bji pou\u017e\u00edvan\u00fdch materi\u00e1l\u016f v pr\u016fmyslu a&amp;nbsp;stavebnictv\u00ed d\u00edky sv\u00fdm vlastnostem, kter\u00e9 zahrnuj\u00ed pevnost, tv\u00e1rnost a odolnost.&amp;nbsp;Z\u00e1kladn\u00ed slo\u017ekou&amp;hellip;\">ocelov\u00fd<\/span> <span class=\"show-tooltip\" title=\"Dr\u00e1t je dlouh\u00e9, tenk\u00e9, pru\u017en\u00e9 kovov\u00e9 vl\u00e1kno vyr\u00e1b\u011bn\u00e9 ta\u017een\u00edm nebo v\u00e1lcov\u00e1n\u00edm. Dr\u00e1t je univerz\u00e1ln\u00ed materi\u00e1l s \u0161irok\u00fdm vyu\u017eit\u00edm. Pou\u017e\u00edv\u00e1 se v pr\u016fmyslu, stavebnictv\u00ed, elektronice, um\u011bn\u00ed a dal\u0161\u00edch oborech. Jeho vlastnosti z\u00e1vis\u00ed na materi\u00e1lu,&amp;hellip;\">dr\u00e1t<\/span> v mal\u00e9m n\u00e1vinu. Dr\u00e1t je mo\u017en\u00e9 vyu\u017e\u00edt k r\u016fzn\u00fdm pracem na stavb\u011b, k v\u00e1z\u00e1n\u00ed plotu, v zahradnictv\u00ed a mnoho dal\u0161\u00edch. Celkov\u00fd <span class=\"show-tooltip\" title=\"Pr\u016fm\u011br kruhu a kru\u017enice je d\u00e9lka \u00fase\u010dky, kter\u00e1 proch\u00e1z\u00ed st\u0159edem kruhu a spojuje dva body na jeho obvodu. Zkr\u00e1cen\u011b se pr\u016fm\u011br kruhu ozna\u010duje symbolem &quot;d&quot;.Vztah mezi pr\u016fm\u011brem kruhu a jeho polom\u011brem &quot;r&quot; je n\u00e1sleduj\u00edc\u00ed: d = 2 * rKde &quot;d&quot; je&amp;hellip;\">pr\u016fm\u011br<\/span>: 2,6 mmMno\u017estv\u00ed v balen\u00ed: 78 mMateri\u00e1l: ocelPovrchov\u00e1 \u00faprava: <span class=\"show-tooltip\" title=\"Pozinkov\u00e1n\u00ed je proces ochrany kovov\u00fdch povrch\u016f p\u0159ed korozi, co\u017e je destruktivn\u00ed \u00fa\u010dinek zp\u016fsoben\u00fd reakc\u00ed kovu s okoln\u00edm prost\u0159ed\u00edm, zejm\u00e9na s vodou a kysl\u00edkem. Hlavn\u00edm c\u00edlem pozinkov\u00e1n\u00ed je zabr\u00e1nit nebo minimalizovat tvorbu&amp;hellip;\">pozink<\/span>Obal: PVC <span class=\"show-tooltip\" title=\"Zelen\u00e1 je barva, kter\u00e1 se nach\u00e1z\u00ed mezi modrou a \u017elutou v barevn\u00e9m spektru. Vlnov\u00e1 d\u00e9lka zelen\u00e9ho sv\u011btla se pohybuje mezi 520\u2013570 nm. Zelen\u00e1 je pova\u017eov\u00e1na za uklid\u0148uj\u00edc\u00ed a harmonizuj\u00edc\u00ed barvu, kter\u00e1 vyvol\u00e1v\u00e1 pocit rovnov\u00e1hy a sv\u011b\u017eesti.&amp;nbsp;Je to&amp;hellip;\">zelen\u00fd<\/span>                            <\/div>\n","protected":false},"excerpt":{"rendered":"<p>Detailn\u00ed popis produktu Ta\u017een\u00fd ocelov\u00fd dr\u00e1t v mal\u00e9m n\u00e1vinu. Dr\u00e1t je mo\u017en\u00e9 vyu\u017e\u00edt k r\u016fzn\u00fdm pracem na stavb\u011b, k v\u00e1z\u00e1n\u00ed plotu, v zahradnictv\u00ed a mnoho dal\u0161\u00edch. Celkov\u00fd pr\u016fm\u011br: 2,6 mmMno\u017estv\u00ed v balen\u00ed: 78 mMateri\u00e1l: ocelPovrchov\u00e1 \u00faprava: pozinkObal: PVC zelen\u00fd<\/p>\n","protected":false},"featured_media":14471,"comment_status":"open","ping_status":"open","template":"","meta":[],"product_brand":[],"product_cat":[58],"product_tag":[],"class_list":{"0":"post-14371","1":"product","2":"type-product","3":"status-publish","4":"has-post-thumbnail","6":"product_cat-dum-a-zahrada","8":"first","9":"instock","10":"sale","11":"shipping-taxable","12":"purchasable","13":"product-type-simple"},"yoast_head":"<!-- This site is optimized with the Yoast SEO plugin v26.8 - https:\/\/yoast.com\/product\/yoast-seo-wordpress\/ -->\n<title>Omezen\u00e1 Nab\u00eddka LEVIOR\u00ae Dr\u00e1t ocelov\u00fd Zn\/PVC 2,6 mm \u00d7 78 m, zelen\u00fd -<\/title>\n<meta name=\"robots\" content=\"index, follow, max-snippet:-1, max-image-preview:large, max-video-preview:-1\" \/>\n<link rel=\"canonical\" href=\"https:\/\/www.domkraftpro.com\/index.php\/produkt\/omezena-nabidka-levior-r-drat-ocelovy-zn-pvc-2-6-mm-x-78-m-zeleny-14371\/\" \/>\n<meta property=\"og:locale\" content=\"cs_CZ\" \/>\n<meta property=\"og:type\" content=\"article\" \/>\n<meta property=\"og:title\" content=\"Omezen\u00e1 Nab\u00eddka LEVIOR\u00ae Dr\u00e1t ocelov\u00fd Zn\/PVC 2,6 mm \u00d7 78 m, zelen\u00fd -\" \/>\n<meta property=\"og:description\" content=\"Detailn\u00ed popis produktu Ta\u017een\u00fd ocelov\u00fd dr\u00e1t v mal\u00e9m n\u00e1vinu. Dr\u00e1t je mo\u017en\u00e9 vyu\u017e\u00edt k r\u016fzn\u00fdm pracem na stavb\u011b, k v\u00e1z\u00e1n\u00ed plotu, v zahradnictv\u00ed a mnoho dal\u0161\u00edch. Celkov\u00fd pr\u016fm\u011br: 2,6 mmMno\u017estv\u00ed v balen\u00ed: 78 mMateri\u00e1l: ocelPovrchov\u00e1 \u00faprava: pozinkObal: PVC zelen\u00fd\" \/>\n<meta property=\"og:url\" content=\"https:\/\/www.domkraftpro.com\/index.php\/produkt\/omezena-nabidka-levior-r-drat-ocelovy-zn-pvc-2-6-mm-x-78-m-zeleny-14371\/\" \/>\n<meta property=\"og:image\" content=\"https:\/\/www.domkraftpro.com\/wp-content\/uploads\/2026\/SK0006676-CZ20260425-092522-0-1777080324-114172_rewrite-126688-42253.webp\" \/>\n\t<meta property=\"og:image:width\" content=\"1000\" \/>\n\t<meta property=\"og:image:height\" content=\"750\" \/>\n\t<meta property=\"og:image:type\" content=\"image\/webp\" \/>\n<meta name=\"twitter:card\" content=\"summary_large_image\" \/>\n<script type=\"application\/ld+json\" class=\"yoast-schema-graph\">{\"@context\":\"https:\/\/schema.org\",\"@graph\":[{\"@type\":\"WebPage\",\"@id\":\"https:\/\/www.domkraftpro.com\/index.php\/produkt\/omezena-nabidka-levior-r-drat-ocelovy-zn-pvc-2-6-mm-x-78-m-zeleny-14371\/\",\"url\":\"https:\/\/www.domkraftpro.com\/index.php\/produkt\/omezena-nabidka-levior-r-drat-ocelovy-zn-pvc-2-6-mm-x-78-m-zeleny-14371\/\",\"name\":\"Omezen\u00e1 Nab\u00eddka LEVIOR\u00ae Dr\u00e1t ocelov\u00fd Zn\/PVC 2,6 mm \u00d7 78 m, zelen\u00fd -\",\"isPartOf\":{\"@id\":\"https:\/\/www.domkraftpro.com\/#website\"},\"primaryImageOfPage\":{\"@id\":\"https:\/\/www.domkraftpro.com\/index.php\/produkt\/omezena-nabidka-levior-r-drat-ocelovy-zn-pvc-2-6-mm-x-78-m-zeleny-14371\/#primaryimage\"},\"image\":{\"@id\":\"https:\/\/www.domkraftpro.com\/index.php\/produkt\/omezena-nabidka-levior-r-drat-ocelovy-zn-pvc-2-6-mm-x-78-m-zeleny-14371\/#primaryimage\"},\"thumbnailUrl\":\"https:\/\/www.domkraftpro.com\/wp-content\/uploads\/2026\/SK0006676-CZ20260425-092522-0-1777080324-114172_rewrite-126688-42253.webp\",\"datePublished\":\"2026-04-27T04:40:58+00:00\",\"breadcrumb\":{\"@id\":\"https:\/\/www.domkraftpro.com\/index.php\/produkt\/omezena-nabidka-levior-r-drat-ocelovy-zn-pvc-2-6-mm-x-78-m-zeleny-14371\/#breadcrumb\"},\"inLanguage\":\"cs\",\"potentialAction\":[{\"@type\":\"ReadAction\",\"target\":[\"https:\/\/www.domkraftpro.com\/index.php\/produkt\/omezena-nabidka-levior-r-drat-ocelovy-zn-pvc-2-6-mm-x-78-m-zeleny-14371\/\"]}]},{\"@type\":\"ImageObject\",\"inLanguage\":\"cs\",\"@id\":\"https:\/\/www.domkraftpro.com\/index.php\/produkt\/omezena-nabidka-levior-r-drat-ocelovy-zn-pvc-2-6-mm-x-78-m-zeleny-14371\/#primaryimage\",\"url\":\"https:\/\/www.domkraftpro.com\/wp-content\/uploads\/2026\/SK0006676-CZ20260425-092522-0-1777080324-114172_rewrite-126688-42253.webp\",\"contentUrl\":\"https:\/\/www.domkraftpro.com\/wp-content\/uploads\/2026\/SK0006676-CZ20260425-092522-0-1777080324-114172_rewrite-126688-42253.webp\",\"width\":1000,\"height\":750},{\"@type\":\"BreadcrumbList\",\"@id\":\"https:\/\/www.domkraftpro.com\/index.php\/produkt\/omezena-nabidka-levior-r-drat-ocelovy-zn-pvc-2-6-mm-x-78-m-zeleny-14371\/#breadcrumb\",\"itemListElement\":[{\"@type\":\"ListItem\",\"position\":1,\"name\":\"Home\",\"item\":\"https:\/\/www.domkraftpro.com\/\"},{\"@type\":\"ListItem\",\"position\":2,\"name\":\"Products\",\"item\":\"https:\/\/www.domkraftpro.com\/index.php\/products\/\"},{\"@type\":\"ListItem\",\"position\":3,\"name\":\"Omezen\u00e1 Nab\u00eddka LEVIOR\u00ae Dr\u00e1t ocelov\u00fd Zn\/PVC 2,6 mm \u00d7 78 m, zelen\u00fd\"}]},{\"@type\":\"WebSite\",\"@id\":\"https:\/\/www.domkraftpro.com\/#website\",\"url\":\"https:\/\/www.domkraftpro.com\/\",\"name\":\"\",\"description\":\"\",\"potentialAction\":[{\"@type\":\"SearchAction\",\"target\":{\"@type\":\"EntryPoint\",\"urlTemplate\":\"https:\/\/www.domkraftpro.com\/?s={search_term_string}\"},\"query-input\":{\"@type\":\"PropertyValueSpecification\",\"valueRequired\":true,\"valueName\":\"search_term_string\"}}],\"inLanguage\":\"cs\"}]}<\/script>\n<!-- \/ Yoast SEO plugin. -->","yoast_head_json":{"title":"Omezen\u00e1 Nab\u00eddka LEVIOR\u00ae Dr\u00e1t ocelov\u00fd Zn\/PVC 2,6 mm \u00d7 78 m, zelen\u00fd -","robots":{"index":"index","follow":"follow","max-snippet":"max-snippet:-1","max-image-preview":"max-image-preview:large","max-video-preview":"max-video-preview:-1"},"canonical":"https:\/\/www.domkraftpro.com\/index.php\/produkt\/omezena-nabidka-levior-r-drat-ocelovy-zn-pvc-2-6-mm-x-78-m-zeleny-14371\/","og_locale":"cs_CZ","og_type":"article","og_title":"Omezen\u00e1 Nab\u00eddka LEVIOR\u00ae Dr\u00e1t ocelov\u00fd Zn\/PVC 2,6 mm \u00d7 78 m, zelen\u00fd -","og_description":"Detailn\u00ed popis produktu Ta\u017een\u00fd ocelov\u00fd dr\u00e1t v mal\u00e9m n\u00e1vinu. Dr\u00e1t je mo\u017en\u00e9 vyu\u017e\u00edt k r\u016fzn\u00fdm pracem na stavb\u011b, k v\u00e1z\u00e1n\u00ed plotu, v zahradnictv\u00ed a mnoho dal\u0161\u00edch. Celkov\u00fd pr\u016fm\u011br: 2,6 mmMno\u017estv\u00ed v balen\u00ed: 78 mMateri\u00e1l: ocelPovrchov\u00e1 \u00faprava: pozinkObal: PVC zelen\u00fd","og_url":"https:\/\/www.domkraftpro.com\/index.php\/produkt\/omezena-nabidka-levior-r-drat-ocelovy-zn-pvc-2-6-mm-x-78-m-zeleny-14371\/","og_image":[{"width":1000,"height":750,"url":"https:\/\/www.domkraftpro.com\/wp-content\/uploads\/2026\/SK0006676-CZ20260425-092522-0-1777080324-114172_rewrite-126688-42253.webp","type":"image\/webp"}],"twitter_card":"summary_large_image","schema":{"@context":"https:\/\/schema.org","@graph":[{"@type":"WebPage","@id":"https:\/\/www.domkraftpro.com\/index.php\/produkt\/omezena-nabidka-levior-r-drat-ocelovy-zn-pvc-2-6-mm-x-78-m-zeleny-14371\/","url":"https:\/\/www.domkraftpro.com\/index.php\/produkt\/omezena-nabidka-levior-r-drat-ocelovy-zn-pvc-2-6-mm-x-78-m-zeleny-14371\/","name":"Omezen\u00e1 Nab\u00eddka LEVIOR\u00ae Dr\u00e1t ocelov\u00fd Zn\/PVC 2,6 mm \u00d7 78 m, zelen\u00fd -","isPartOf":{"@id":"https:\/\/www.domkraftpro.com\/#website"},"primaryImageOfPage":{"@id":"https:\/\/www.domkraftpro.com\/index.php\/produkt\/omezena-nabidka-levior-r-drat-ocelovy-zn-pvc-2-6-mm-x-78-m-zeleny-14371\/#primaryimage"},"image":{"@id":"https:\/\/www.domkraftpro.com\/index.php\/produkt\/omezena-nabidka-levior-r-drat-ocelovy-zn-pvc-2-6-mm-x-78-m-zeleny-14371\/#primaryimage"},"thumbnailUrl":"https:\/\/www.domkraftpro.com\/wp-content\/uploads\/2026\/SK0006676-CZ20260425-092522-0-1777080324-114172_rewrite-126688-42253.webp","datePublished":"2026-04-27T04:40:58+00:00","breadcrumb":{"@id":"https:\/\/www.domkraftpro.com\/index.php\/produkt\/omezena-nabidka-levior-r-drat-ocelovy-zn-pvc-2-6-mm-x-78-m-zeleny-14371\/#breadcrumb"},"inLanguage":"cs","potentialAction":[{"@type":"ReadAction","target":["https:\/\/www.domkraftpro.com\/index.php\/produkt\/omezena-nabidka-levior-r-drat-ocelovy-zn-pvc-2-6-mm-x-78-m-zeleny-14371\/"]}]},{"@type":"ImageObject","inLanguage":"cs","@id":"https:\/\/www.domkraftpro.com\/index.php\/produkt\/omezena-nabidka-levior-r-drat-ocelovy-zn-pvc-2-6-mm-x-78-m-zeleny-14371\/#primaryimage","url":"https:\/\/www.domkraftpro.com\/wp-content\/uploads\/2026\/SK0006676-CZ20260425-092522-0-1777080324-114172_rewrite-126688-42253.webp","contentUrl":"https:\/\/www.domkraftpro.com\/wp-content\/uploads\/2026\/SK0006676-CZ20260425-092522-0-1777080324-114172_rewrite-126688-42253.webp","width":1000,"height":750},{"@type":"BreadcrumbList","@id":"https:\/\/www.domkraftpro.com\/index.php\/produkt\/omezena-nabidka-levior-r-drat-ocelovy-zn-pvc-2-6-mm-x-78-m-zeleny-14371\/#breadcrumb","itemListElement":[{"@type":"ListItem","position":1,"name":"Home","item":"https:\/\/www.domkraftpro.com\/"},{"@type":"ListItem","position":2,"name":"Products","item":"https:\/\/www.domkraftpro.com\/index.php\/products\/"},{"@type":"ListItem","position":3,"name":"Omezen\u00e1 Nab\u00eddka LEVIOR\u00ae Dr\u00e1t ocelov\u00fd Zn\/PVC 2,6 mm \u00d7 78 m, zelen\u00fd"}]},{"@type":"WebSite","@id":"https:\/\/www.domkraftpro.com\/#website","url":"https:\/\/www.domkraftpro.com\/","name":"","description":"","potentialAction":[{"@type":"SearchAction","target":{"@type":"EntryPoint","urlTemplate":"https:\/\/www.domkraftpro.com\/?s={search_term_string}"},"query-input":{"@type":"PropertyValueSpecification","valueRequired":true,"valueName":"search_term_string"}}],"inLanguage":"cs"}]}},"_links":{"self":[{"href":"https:\/\/www.domkraftpro.com\/index.php\/wp-json\/wp\/v2\/product\/14371","targetHints":{"allow":["GET"]}}],"collection":[{"href":"https:\/\/www.domkraftpro.com\/index.php\/wp-json\/wp\/v2\/product"}],"about":[{"href":"https:\/\/www.domkraftpro.com\/index.php\/wp-json\/wp\/v2\/types\/product"}],"replies":[{"embeddable":true,"href":"https:\/\/www.domkraftpro.com\/index.php\/wp-json\/wp\/v2\/comments?post=14371"}],"wp:featuredmedia":[{"embeddable":true,"href":"https:\/\/www.domkraftpro.com\/index.php\/wp-json\/wp\/v2\/media\/14471"}],"wp:attachment":[{"href":"https:\/\/www.domkraftpro.com\/index.php\/wp-json\/wp\/v2\/media?parent=14371"}],"wp:term":[{"taxonomy":"product_brand","embeddable":true,"href":"https:\/\/www.domkraftpro.com\/index.php\/wp-json\/wp\/v2\/product_brand?post=14371"},{"taxonomy":"product_cat","embeddable":true,"href":"https:\/\/www.domkraftpro.com\/index.php\/wp-json\/wp\/v2\/product_cat?post=14371"},{"taxonomy":"product_tag","embeddable":true,"href":"https:\/\/www.domkraftpro.com\/index.php\/wp-json\/wp\/v2\/product_tag?post=14371"}],"curies":[{"name":"wp","href":"https:\/\/api.w.org\/{rel}","templated":true}]}}